{"id":6,"date":"2018-01-17T13:11:14","date_gmt":"2018-01-17T11:11:14","guid":{"rendered":"http:\/\/animaweb.blog.pangea.org\/?page_id=6"},"modified":"2022-12-16T19:55:32","modified_gmt":"2022-12-16T17:55:32","slug":"brian-weiss-som-animes-i-anem-de-cos-en-cos","status":"publish","type":"page","link":"https:\/\/animaweb.blog.pangea.org\/ro\/brian-weiss-som-animes-i-anem-de-cos-en-cos\/","title":{"rendered":"Brian Weiss: \u201eSuntem suflete \u0219i mergem din trup \u00een trup\u201d."},"content":{"rendered":"<p class=\"western\" align=\"center\"><span style=\"font-family: Times New Roman, serif\"><span style=\"font-size: x-large\"><span lang=\"ro-RO\"><b>Brian Weiss: \u201e<\/b><\/span><\/span><\/span><span style=\"font-family: Times New Roman, serif\"><span style=\"font-size: x-large\"><span lang=\"ro-RO\"><b>Suntem suflete \u0219i mergem din trup \u00een trup<\/b><\/span><\/span><\/span><span style=\"font-family: Times New Roman, serif\"><span style=\"font-size: x-large\"><span lang=\"ro-RO\"><b>\u201d.<\/b><\/span><\/span><\/span><\/p>\n<p class=\"western\" align=\"justify\"><strong><span style=\"font-family: Times New Roman, serif\"><span style=\"font-size: large\"><span lang=\"ca-ES\"><b><img loading=\"lazy\" decoding=\"async\" class=\"alignright wp-image-773 size-full\" title=\"El Peri\u00f3dico de Catalunya (Ziarul Cataloniei). Sigl\u0103.\" src=\"https:\/\/animaweb.cat\/files\/2020\/01\/El_Periodico_de_Catalunya_Logotip_72ppp_200x39px.png\" alt=\"El Peri\u00f3dico de Catalunya (Ziarul Cataloniei). Sigl\u0103.\" width=\"200\" height=\"39\" \/><\/b>El Peri\u00f3dico de Catalunya<\/span><\/span><\/span><\/strong><strong><span style=\"font-family: Times New Roman, serif\"><span style=\"font-size: large\"><span lang=\"ro-RO\"> (<\/span><\/span><\/span><\/strong><span style=\"font-family: Times New Roman, serif\"><span style=\"font-size: large\"><span lang=\"ro-RO\"><b>Ziarul Cataloniei). Miercuri, 21 ianuarie 2009. Opinie. Pagina 80.<\/b><\/span><\/span><\/span><\/p>\n<p class=\"western\" lang=\"ro-RO\" align=\"justify\"><span style=\"font-family: Times New Roman, serif\"><span style=\"font-size: large\"><i>Interviul cu Brian Weiss, Psihiatru specializat \u00een terapie regresiv\u0103.<\/i><\/span><\/span><\/p>\n<p class=\"western\" lang=\"ro-RO\" align=\"justify\"><span style=\"font-family: Times New Roman, serif\"><span style=\"font-size: large\"><i>\u00cen Statele Unite, el a tratat aproape 4.000 de pacien\u021bi care au amintiri din vie\u021bile lor anterioare.<\/i><\/span><\/span><\/p>\n<p class=\"western\" lang=\"ro-RO\" align=\"justify\"><span style=\"font-family: Times New Roman, serif\"><span style=\"font-size: large\"><b>Brian Weiss: \u201eSuntem suflete \u0219i mergem din trup \u00een trup\u201d.<\/b><\/span><\/span><\/p>\n<p class=\"western\" lang=\"ro-RO\" align=\"justify\"><span style=\"font-family: Times New Roman, serif\"><span style=\"font-size: large\">Gaspar Hernandez.<\/span><\/span><\/p>\n<p><img loading=\"lazy\" decoding=\"async\" class=\"aligncenter wp-image-163 size-full\" title=\"Brian Weiss. Foto: Joan Cortadellas.\" src=\"https:\/\/animaweb.cat\/files\/2018\/02\/Brian_Weiss_a_Barcelona_400x360px.png\" alt=\"Brian Weiss. Foto: Joan Cortadellas.\" width=\"400\" height=\"360\" srcset=\"https:\/\/animaweb.blog.pangea.org\/files\/2018\/02\/Brian_Weiss_a_Barcelona_400x360px.png 400w, https:\/\/animaweb.blog.pangea.org\/files\/2018\/02\/Brian_Weiss_a_Barcelona_400x360px-300x270.png 300w\" sizes=\"auto, (max-width: 400px) 85vw, 400px\" \/><\/p>\n<p class=\"western\" lang=\"ro-RO\" align=\"center\"><span style=\"font-family: Times New Roman, serif\"><span style=\"font-size: large\"><b>Brian Weiss. Foto: Joan Cortadellas.<\/b><\/span><\/span><\/p>\n<p class=\"western\" align=\"justify\">\u2013<span style=\"font-family: Times New Roman, serif\"><span style=\"font-size: large\"><span lang=\"ro-RO\"><b>Mul\u021bi oameni din comunitatea \u0219tiin\u021bific\u0103 resping teoriile sale.\u2013<\/b><\/span><\/span><\/span><\/p>\n<p class=\"western\" align=\"justify\">\u2013<span style=\"font-family: Times New Roman, serif\"><span style=\"font-size: large\"><span lang=\"ro-RO\">Da, iar acea respingere a fost o provocare pentru mine \u00eenc\u0103 din anii 80. Oamenii de \u0219tiin\u021b\u0103 vor studii \u0219i eu lucrez de la un caz la altul.\u2013<\/span><\/span><\/span><\/p>\n<p class=\"western\" align=\"justify\">\u2013<span style=\"font-family: Times New Roman, serif\"><span style=\"font-size: large\"><span lang=\"ro-RO\"><b>Cum poate fi dovedit\u0103 \u0219tiin\u021bific re\u00eencarnarea?\u2013<\/b><\/span><\/span><\/span><\/p>\n<p class=\"western\" align=\"justify\">\u2013 <span style=\"font-family: Times New Roman, serif\"><span style=\"font-size: large\"><span lang=\"ro-RO\">\u00cen primul r\u00e2nd, p\u0103str\u00e2nd mintea deschis\u0103. Este vorba despre a analiza caz dup\u0103 caz \u0219i elaborarea unei ipoteze. Sunt mul\u021bi oameni de \u0219tiin\u021b\u0103 care au uitat c\u0103 baza \u0219tiin\u021bei este s\u0103 aib\u0103 o minte deschis\u0103 \u0219i s\u0103 nu str\u0103bat\u0103 lumea cu idei preconcepute. Recomand colegilor mei medici s\u0103 \u00eencerce terapia regresiv\u0103 \u0219i vor vedea.\u2013<\/span><\/span><\/span><\/p>\n<p class=\"western\" align=\"justify\">\u2013<span style=\"font-family: Times New Roman, serif\"><span style=\"font-size: large\"><span lang=\"ro-RO\"><b>Cum nume\u0219ti \u201e<\/b><\/span><\/span><\/span><span style=\"font-family: Times New Roman, serif\"><span style=\"font-size: large\"><span lang=\"ro-RO\"><i><b>via\u021ba trecut\u0103<\/b><\/i><\/span><\/span><\/span><span style=\"font-family: Times New Roman, serif\"><span style=\"font-size: large\"><span lang=\"ro-RO\"><b>\u201d?\u2013<\/b><\/span><\/span><\/span><\/p>\n<p class=\"western\" align=\"justify\">\u2013<span style=\"font-family: Times New Roman, serif\"><span style=\"font-size: large\"><span lang=\"ro-RO\">La o amintire pe care o ai despre tine, \u00een care te recuno\u0219ti cu un alt corp, \u00een alt timp, dar \u0219tiind f\u0103r\u0103 \u00eendoial\u0103 c\u0103 e\u0219ti tu. Po\u021bi avea aceast\u0103 amintire \u00een multe feluri, chiar \u0219i \u00een vise, \u0219i poate explica o fric\u0103 de prezent.\u2013<\/span><\/span><\/span><\/p>\n<p class=\"western\" align=\"justify\">\u2013<span style=\"font-family: Times New Roman, serif\"><span style=\"font-size: large\"><span lang=\"ro-RO\"><b>De exemplu?\u2013<\/b><\/span><\/span><\/span><\/p>\n<p class=\"western\" align=\"justify\">\u2013<span style=\"font-family: Times New Roman, serif\"><span style=\"font-size: large\"><span lang=\"ro-RO\">Dac\u0103 \u00eentr-o via\u021b\u0103 trecut\u0103 te-ai \u00eenecat, s-ar putea ca acum s\u0103 sim\u021bi o fric\u0103 teribil\u0103 de ap\u0103.\u2013<\/span><\/span><\/span><\/p>\n<p class=\"western\" align=\"justify\">\u2013<span style=\"font-family: Times New Roman, serif\"><span style=\"font-size: large\"><span lang=\"ro-RO\"><b>\u0218i dac\u0103 mi-e fric\u0103 de \u00een\u0103l\u021bimi?\u2013<\/b><\/span><\/span><\/span><\/p>\n<p class=\"western\" align=\"justify\">\u2013<span style=\"font-family: Times New Roman, serif\"><span style=\"font-size: large\"><span lang=\"ro-RO\">Se poate ca \u00eentr-o via\u021b\u0103 trecut\u0103 s\u0103 fi fost \u00eempins de pe acoperi\u0219ul unei cladiri. De obicei lucrez cu pacien\u021bi care vin la mine cu simptome similare.\u2013<\/span><\/span><\/span><\/p>\n<p class=\"western\" align=\"justify\">\u2013<span style=\"font-family: Times New Roman, serif\"><span style=\"font-size: large\"><span lang=\"ro-RO\"><b>Dac\u0103 nu am traume, nici temeri mari?\u2013<\/b><\/span><\/span><\/span><\/p>\n<p class=\"western\" align=\"justify\">\u2013<span style=\"font-family: Times New Roman, serif\"><span style=\"font-size: large\"><span lang=\"ro-RO\">So\u021bia mea lucreaz\u0103 cu oameni ca tine, oameni care au amintiri din vie\u021bile trecute care nu sunt traumatizante \u0219i care sunt doar curio\u0219i. \u00cen celelalte vie\u021bi, ace\u0219ti oameni nu au suferit nicio traum\u0103. Ea se refer\u0103 la ei drept \u201e<\/span><\/span><\/span><span style=\"font-family: Times New Roman, serif\"><span style=\"font-size: large\"><span lang=\"ro-RO\"><i>turi\u0219ti din vie\u021bile trecute<\/i><\/span><\/span><\/span><span style=\"font-family: Times New Roman, serif\"><span style=\"font-size: large\"><span lang=\"ro-RO\">\u201d.\u2013<\/span><\/span><\/span><\/p>\n<p class=\"western\" align=\"justify\">\u2013<span style=\"font-family: Times New Roman, serif\"><span style=\"font-size: large\"><span lang=\"ro-RO\"><b>Numai turi\u015fti? Nu au f\u0103cut nimic util?\u2013<\/b><\/span><\/span><\/span><\/p>\n<p class=\"western\" align=\"justify\">\u2013<span style=\"font-family: Times New Roman, serif\"><span style=\"font-size: large\"><span lang=\"ro-RO\">Chiar \u0219i pentru un turist, este foarte important s\u0103 aib\u0103 o amintire a vie\u021bii trecute. \u00censeamn\u0103 c\u0103 nu suntem doar un corp fizic, ci un suflet care merge din trup \u00een trup.\u2013<\/span><\/span><\/span><\/p>\n<p class=\"western\" align=\"justify\">\u2013<span style=\"font-family: Times New Roman, serif\"><span style=\"font-size: large\"><span lang=\"ro-RO\"><b>\u0218i moartea?\u2013<\/b><\/span><\/span><\/span><\/p>\n<p class=\"western\" align=\"justify\">\u2013<span style=\"font-family: Times New Roman, serif\"><span style=\"font-size: large\"><span lang=\"ro-RO\">Faptul c\u0103 suntem suflete \u00eenseamn\u0103 c\u0103 nu trebuie s\u0103 ne fie fric\u0103 de moarte \u0219i nu ar trebui s\u0103 suferim perioade de doliu , cele pe care le p\u0103str\u0103m \u00een societatea noastr\u0103, pentru c\u0103 \u00een realitate suntem nemuritori \u0219i vom fi mereu reuni\u021bi cu cei dragi.\u2013<\/span><\/span><\/span><\/p>\n<p class=\"western\" align=\"justify\">\u2013<span style=\"font-family: Times New Roman, serif\"><span style=\"font-size: large\"><span lang=\"ro-RO\"><b>Ce dr\u0103gu\u021b. Pare o poveste.\u2013<\/b><\/span><\/span><\/span><\/p>\n<p class=\"western\" align=\"justify\">\u2013<span style=\"font-family: Times New Roman, serif\"><span style=\"font-size: large\"><span lang=\"ro-RO\">E frumos, da. Cu toate acestea, doar pentru c\u0103 o idee este reconfortant\u0103 nu \u00eenseamn\u0103 c\u0103 este adev\u0103rat\u0103. Dar v\u0103 asigur c\u0103 este. Majoritatea tradi\u021biilor religioase cred \u00een re\u00eencarnare. Chiar \u0219i cre\u0219tinismul a acceptat re\u00eencarnarea mult dup\u0103 Hristos. \u00cen Biblie existau, \u00een trecut, multe referiri la ea.\u2013<\/span><\/span><\/span><\/p>\n<p class=\"western\" align=\"justify\">\u2013<span style=\"font-family: Times New Roman, serif\"><span style=\"font-size: large\"><span lang=\"ro-RO\"><b>Spune\u021bi c\u0103 suntem un suflet care se re\u00eencarneaz\u0103 \u00een corpuri diferite. Dar popula\u021bia mondial\u0103 cre\u0219te. Deci sufletele lipsesc, nu?\u2013<\/b><\/span><\/span><\/span><\/p>\n<p class=\"western\" align=\"justify\">\u2013<span style=\"font-family: Times New Roman, serif\"><span style=\"font-size: large\"><span lang=\"ro-RO\">De ce ar trebui s\u0103 consider\u0103m de la sine \u00een\u021beles c\u0103 P\u0103m\u00e2ntul este singurul loc \u00een care exist\u0103 suflete?\u2013<\/span><\/span><\/span><\/p>\n<p class=\"western\" align=\"justify\">\u2013<span style=\"font-family: Times New Roman, serif\"><span style=\"font-size: large\"><span lang=\"ro-RO\"><b>Ah, ei bine, nu c\u0103zuse&#8230;\u2013<\/b><\/span><\/span><\/span><\/p>\n<p class=\"western\" align=\"justify\">\u2013<span style=\"font-family: Times New Roman, serif\"><span style=\"font-size: large\"><span lang=\"ro-RO\">Sufletele exist\u0103 \u00een multe dimensiuni \u0219i \u00een multe universuri. P\u0103m\u00e2ntul este doar o mic\u0103 planet\u0103 printre milioane de universuri.\u2013<\/span><\/span><\/span><\/p>\n<p class=\"western\" align=\"justify\">\u2013<span style=\"font-family: Times New Roman, serif\"><span style=\"font-size: large\"><span lang=\"ro-RO\"><b>\u0218i de ce vin sufletele aici?\u2013<\/b><\/span><\/span><\/span><\/p>\n<p class=\"western\" align=\"justify\">\u2013<span style=\"font-family: Times New Roman, serif\"><span style=\"font-size: large\"><span lang=\"ro-RO\">Sunt atra\u0219i aici pentru c\u0103 tr\u0103im \u00een corpuri fizice \u0219i sim\u021bim \u0219i tr\u0103im \u00eentr-un anumit fel prin sim\u021burile noastre ,dar num\u0103rul de suflete de pe P\u0103m\u00e2nt este minuscul \u00een compara\u021bie cu num\u0103rul de pe tot universul.Exist\u0103 \u0219i suflete care sunt \u00eemp\u0103r\u021bite \u0219i au mai mult de o experien\u021b\u0103 in acelasi moment (spatiu-timp)\u2013<\/span><\/span><\/span><\/p>\n<p class=\"western\" align=\"justify\">\u2013<span style=\"font-family: Times New Roman, serif\"><span style=\"font-size: large\"><span lang=\"ro-RO\"><b>Faci terapie regresiv\u0103 prin hipnoz\u0103, dar exist\u0103 \u0219i alte metode.\u2013<\/b><\/span><\/span><\/span><\/p>\n<p class=\"western\" align=\"justify\">\u2013<span style=\"font-family: Times New Roman, serif\"><span style=\"font-size: large\"><span lang=\"ro-RO\">Exist\u0103 multe alte c\u0103i, precum medita\u021bia, yoga sau visele.\u2013<\/span><\/span><\/span><\/p>\n<p class=\"western\" align=\"justify\">\u2013<span style=\"font-family: Times New Roman, serif\"><span style=\"font-size: large\"><span lang=\"ro-RO\"><b>\u0218i deja vu&#8230;\u2013<\/b><\/span><\/span><\/span><\/p>\n<p class=\"western\" align=\"justify\">\u2013<span style=\"font-family: Times New Roman, serif\"><span style=\"font-size: large\"><span lang=\"ro-RO\">Da, sunt oameni care au un deja vu \u0219i au de fapt o amintire a vie\u021bii anterioare. Ei merg pentru prima dat\u0103 \u00eentr-un ora\u0219 \u0219i \u00ee\u0219i dau seama c\u0103 \u0219tiu s\u0103 g\u0103seasc\u0103 str\u0103zile: au fost acolo \u00eentr-o via\u021b\u0103 trecut\u0103. Mul\u021bi oameni au avut o experien\u021b\u0103 de via\u021b\u0103 trecut\u0103 sau o experien\u021b\u0103 \u00een afara corpului \u0219i da, nu sunt nebuni. Dar, din moment ce nu a citit nimic, nu \u0219tie ce este \u00een neregul\u0103 cu el. Raportarea prin ziarul t\u0103u poate ajuta mul\u021bi oameni s\u0103 nu se simt\u0103 ciuda\u021bi.\u2013<\/span><\/span><\/span><\/p>\n<p class=\"western\" align=\"justify\">\u2013<span style=\"font-family: Times New Roman, serif\"><span style=\"font-size: large\"><span lang=\"ro-RO\"><b>Ce \u00ee\u021bi spun profesorii t\u0103i de dincolo?\u2013<\/b><\/span><\/span><\/span><\/p>\n<p class=\"western\" align=\"justify\">\u2013<span style=\"font-family: Times New Roman, serif\"><span style=\"font-size: large\"><span lang=\"ro-RO\">De obicei, pentru c\u0103 este \u00een\u021belepciune str\u0103veche. Am dou\u0103 surse pentru a primi informa\u021bii de la profesorii mei: prin intermediul pacien\u021bilor mei hipnotiza\u021bi \u0219i prin medita\u021bie. Mesajele sunt legate de dorin\u021ba de mai mult\u0103 pace \u0219i mai pu\u021bin\u0103 violen\u021b\u0103 pe aceast\u0103 planet\u0103. Trebuie s\u0103 ne amintim c\u0103 suntem fiin\u021be spirituale, c\u0103 aceasta este adev\u0103rata noastr\u0103 natur\u0103. Suntem aici pentru a \u00eenv\u0103\u021ba despre iubire \u0219i compasiune. Suntem cu to\u021bii interconecta\u021bi. C\u00e2nd r\u0103nim pe cineva, ne r\u0103nim pe noi \u00een\u0219ine.\u2013<\/span><\/span><\/span><\/p>\n<p class=\"western\" lang=\"ro-RO\" align=\"justify\"><span style=\"font-family: Times New Roman, serif\"><span style=\"font-size: large\"><b>\u00cen primul r\u00e2nd, mediteaz\u0103.<\/b><\/span><\/span><\/p>\n<p class=\"western\" align=\"justify\"><span style=\"font-family: Times New Roman, serif\"><span style=\"font-size: large\"><span lang=\"ro-RO\">Dr. Brian Weiss (New York, 1944) a condus Departamentul de Psihiatrie de la Yale Medical School \u0219i acum este pre\u0219edinte de onoare al Departamentului de Psihiatrie de la Mount Sinai din Miami. Prin consulta\u021bia lui au trecut 4.000 de pacien\u021bi care cred c\u0103 s-au re\u00eencarnat. El este invitat la Barcelona de c\u0103tre Forumul de Excelen\u021b\u0103. Este un b\u0103rbat cu aspect fragil, vis\u0103tor, cu sindromul \u201ejet lag\u201d. Primul lucru pe care l-a f\u0103cut \u00een hotel este s\u0103 mediteze. Pentru el, a medita este \u201e<\/span><\/span><\/span><span style=\"font-family: Times New Roman, serif\"><span style=\"font-size: large\"><span lang=\"ro-RO\"><i>ca dormitul sau m\u00e2ncatul<\/i><\/span><\/span><\/span><span style=\"font-family: Times New Roman, serif\"><span style=\"font-size: large\"><span lang=\"ro-RO\">\u201d.<\/span><\/span><\/span><\/p>\n<p class=\"western\" align=\"right\"><span style=\"font-family: Times New Roman, serif\"><span style=\"font-size: large\"><span lang=\"es-ES\"><b>Traducere: Govor Marian Cosmin.<\/b><\/span><\/span><\/span><\/p>","protected":false},"excerpt":{"rendered":"<p>Brian Weiss: \u201eSuntem suflete \u0219i mergem din trup \u00een trup\u201d. El Peri\u00f3dico de Catalunya (Ziarul Cataloniei). Miercuri, 21 ianuarie 2009. Opinie. Pagina 80. Interviul cu Brian Weiss, Psihiatru specializat \u00een &hellip; <a href=\"https:\/\/animaweb.blog.pangea.org\/ro\/brian-weiss-som-animes-i-anem-de-cos-en-cos\/\" class=\"more-link\">Continu\u0103 lectura<span class=\"screen-reader-text\"> \u201eBrian Weiss: \u201eSuntem suflete \u0219i mergem din trup \u00een trup\u201d.\u201d<\/span><\/a><\/p>\n","protected":false},"author":12345698,"featured_media":0,"parent":0,"menu_order":0,"comment_status":"closed","ping_status":"closed","template":"","meta":{"ngg_post_thumbnail":0,"footnotes":""},"class_list":["post-6","page","type-page","status-publish","hentry"],"_links":{"self":[{"href":"https:\/\/animaweb.blog.pangea.org\/ro\/wp-json\/wp\/v2\/pages\/6","targetHints":{"allow":["GET"]}}],"collection":[{"href":"https:\/\/animaweb.blog.pangea.org\/ro\/wp-json\/wp\/v2\/pages"}],"about":[{"href":"https:\/\/animaweb.blog.pangea.org\/ro\/wp-json\/wp\/v2\/types\/page"}],"author":[{"embeddable":true,"href":"https:\/\/animaweb.blog.pangea.org\/ro\/wp-json\/wp\/v2\/users\/12345698"}],"replies":[{"embeddable":true,"href":"https:\/\/animaweb.blog.pangea.org\/ro\/wp-json\/wp\/v2\/comments?post=6"}],"version-history":[{"count":27,"href":"https:\/\/animaweb.blog.pangea.org\/ro\/wp-json\/wp\/v2\/pages\/6\/revisions"}],"predecessor-version":[{"id":2236,"href":"https:\/\/animaweb.blog.pangea.org\/ro\/wp-json\/wp\/v2\/pages\/6\/revisions\/2236"}],"wp:attachment":[{"href":"https:\/\/animaweb.blog.pangea.org\/ro\/wp-json\/wp\/v2\/media?parent=6"}],"curies":[{"name":"wp","href":"https:\/\/api.w.org\/{rel}","templated":true}]}}