{"id":26,"date":"2018-01-17T20:47:37","date_gmt":"2018-01-17T18:47:37","guid":{"rendered":"http:\/\/animaweb.blog.pangea.org\/?page_id=26"},"modified":"2023-01-19T06:53:01","modified_gmt":"2023-01-19T04:53:01","slug":"jose-luis-cabouli-lanima-es-el-xofer-el-cos-el-vehicle","status":"publish","type":"page","link":"https:\/\/animaweb.blog.pangea.org\/ro\/jose-luis-cabouli-lanima-es-el-xofer-el-cos-el-vehicle\/","title":{"rendered":"Jos\u00e9 Luis Cabouli: &#8222;Sufletul este \u0219oferul; corpul, vehiculul&#8221;."},"content":{"rendered":"<p class=\"western\" lang=\"ro-RO\" align=\"center\"><span style=\"font-family: Times New Roman, serif\"><span style=\"font-size: x-large\"><b>Jos\u00e9 Luis Cabouli: &#8222;Sufletul este \u0219oferul; corpul, vehiculul&#8221;.<\/b><\/span><\/span><\/p>\n<p class=\"western\" lang=\"ro-RO\" align=\"justify\"><span style=\"font-family: Times New Roman, serif\"><span style=\"font-size: large\"><b><img loading=\"lazy\" decoding=\"async\" class=\"alignright wp-image-773 size-full\" title=\"El Peri\u00f3dico de Catalunya. Sigl\u0103.\" src=\"https:\/\/animaweb.cat\/files\/2020\/01\/El_Periodico_de_Catalunya_Logotip_72ppp_200x39px.png\" alt=\"El Peri\u00f3dico de Catalunya. Sigl\u0103.\" width=\"200\" height=\"39\" \/>El Peri\u00f3dico de Catalunya. Miercuri, 8 octombrie 2008.<\/b><\/span><\/span><\/p>\n<p class=\"western\" lang=\"ro-RO\" align=\"justify\"><span style=\"font-family: Times New Roman, serif\"><span style=\"font-size: large\"><i>Jos\u00e9 Luis Cabouli practic\u0103 <\/i><i>Terapia Vie\u021bilor T<\/i><i>recute. El este un doctor \u0219i chirurg al sufletului. El presupune c\u0103 re\u00eencarnarea exist\u0103 \u0219i lucreaz\u0103 cu pacien\u021bi care poart\u0103 cu ei traume din alte vie\u021bi.<\/i><\/span><\/span><\/p>\n<p class=\"western\" lang=\"ro-RO\" align=\"justify\"><span style=\"font-family: Times New Roman, serif\"><span style=\"font-size: large\"><b>Jos\u00e9 Luis Cabouli: &#8222;Sufletul este \u0219oferul; corpul, vehiculul&#8221;.<\/b><\/span><\/span><\/p>\n<p class=\"western\" lang=\"ro-RO\" align=\"justify\"><span style=\"font-family: Times New Roman, serif\"><span style=\"font-size: large\">Gaspar Hern\u00e0ndez.<\/span><\/span><\/p>\n<p><img loading=\"lazy\" decoding=\"async\" class=\"alignnone wp-image-27 size-full\" title=\"Jose Luis Cabouli. Foto: Elisenda Pons.\" src=\"https:\/\/animaweb.cat\/files\/2018\/01\/Jose_Luis_Cabouli_-_Foto_1_400x358px.png\" alt=\"Jose Luis Cabouli. Foto: Elisenda Pons.\" width=\"400\" height=\"358\" srcset=\"https:\/\/animaweb.blog.pangea.org\/files\/2018\/01\/Jose_Luis_Cabouli_-_Foto_1_400x358px.png 400w, https:\/\/animaweb.blog.pangea.org\/files\/2018\/01\/Jose_Luis_Cabouli_-_Foto_1_400x358px-300x269.png 300w\" sizes=\"auto, (max-width: 400px) 85vw, 400px\" \/><\/p>\n<p class=\"western\" lang=\"ro-RO\" align=\"justify\"><span style=\"font-family: Times New Roman, serif\"><span style=\"font-size: large\"><b>Jos\u00e9 Luis Cabouli. Foto: Elisenda Pons.<\/b><\/span><\/span><\/p>\n<p class=\"western\" lang=\"ro-RO\" align=\"justify\"><span style=\"font-family: Times New Roman, serif\"><span style=\"font-size: large\">Miercuri, 8-10-2008 la ora 0. <\/span><\/span><\/p>\n<p class=\"western\" lang=\"ro-RO\" align=\"justify\">\u2013<span style=\"font-family: Times New Roman, serif\"><span style=\"font-size: large\"><b>Ai renun\u021bat la medicin\u0103. De ce?\u2013<\/b><\/span><\/span><\/p>\n<p class=\"western\" lang=\"ro-RO\" align=\"justify\">\u2013<span style=\"font-family: Times New Roman, serif\"><span style=\"font-size: large\">A fost soarta. Am fost chirurg plastician \u0219i \u00een 1988 mi-am luat o vacan\u021b\u0103. \u00centr-o noapte, \u00een timp ce meditam pe o plaj\u0103, via\u021ba mea s-a schimbat. Mi-a devenit clar c\u0103 trebuia s\u0103 renun\u021b la chirurgie \u0219i s\u0103 m\u0103 dedic chirurgiei sufletului.\u2013<\/span><\/span><\/p>\n<p class=\"western\" lang=\"ro-RO\" align=\"justify\">\u2013<span style=\"font-family: Times New Roman, serif\"><span style=\"font-size: large\"><b>Ini\u021bial, nu aveam de g\u00e2nd s\u0103 o fac.\u2013<\/b><\/span><\/span><\/p>\n<p class=\"western\" lang=\"ro-RO\" align=\"justify\">\u2013<span style=\"font-family: Times New Roman, serif\"><span style=\"font-size: large\">Dar am \u00eenv\u0103\u021bat c\u0103 atunci c\u00e2nd nu faci ceea ce trebuie s\u0103 faci, via\u021ba te oblig\u0103 s\u0103 o faci.\u2013<\/span><\/span><\/p>\n<p class=\"western\" lang=\"ro-RO\" align=\"justify\">\u2013<span style=\"font-family: Times New Roman, serif\"><span style=\"font-size: large\"><b>Ce este terapia vie\u021bilor trecute?\u2013<\/b><\/span><\/span><\/p>\n<p class=\"western\" lang=\"ro-RO\" align=\"justify\">\u2013<span style=\"font-family: Times New Roman, serif\"><span style=\"font-size: large\">Const\u0103 \u00een aducerea \u00een con\u0219tiin\u021ba fizic\u0103 a unor episoade \u0219i evenimente traumatice reprimate \u00een incon\u0219tient \u0219i care, din acest motiv, provoac\u0103 tulbur\u0103ri \u00een via\u021ba de zi cu zi.\u2013<\/span><\/span><\/p>\n<p class=\"western\" lang=\"ro-RO\" align=\"justify\">\u2013<span style=\"font-family: Times New Roman, serif\"><span style=\"font-size: large\"><b>Sunt evenimente pe care cineva le-a tr\u0103it?\u2013<\/b><\/span><\/span><\/p>\n<p class=\"western\" lang=\"ro-RO\" align=\"justify\">\u2013<span style=\"font-family: Times New Roman, serif\"><span style=\"font-size: large\">Da, le-am tr\u0103it, dar \u00een alte vie\u021bi. Exist\u0103 rela\u021bii directe \u00eentre traumele din vie\u021bile anterioare \u0219i conflictul emo\u021bional actual al unei persoane.\u2013<\/span><\/span><\/p>\n<p class=\"western\" lang=\"ro-RO\" align=\"justify\">\u2013<span style=\"font-family: Times New Roman, serif\"><span style=\"font-size: large\"><b>\u0218i de unde \u0219tii c\u0103 ele apar\u021bin unei vie\u021bi trecute \u0219i nu incon\u0219tientului colectiv?\u2013<\/b><\/span><\/span><\/p>\n<p class=\"western\" lang=\"ro-RO\" align=\"justify\">\u2013<span style=\"font-family: Times New Roman, serif\"><span style=\"font-size: large\">\u00cen primul r\u00e2nd, nu \u0219tim exact ce este incon\u0219tientul colectiv. \u0218i, dac\u0103 ar fi at\u00e2t de u\u0219or s\u0103 ob\u021binem informa\u021bii din incon\u0219tientul colectiv, atunci am face examenele conect\u00e2ndu-ne cu incon\u0219tientul colectiv.\u2013<\/span><\/span><\/p>\n<p class=\"western\" lang=\"ro-RO\" align=\"justify\">\u2013<span style=\"font-family: Times New Roman, serif\"><span style=\"font-size: large\"><b>Pacien\u021bii care nu cred \u00een vie\u021bile anterioare se vindec\u0103?\u2013<\/b><\/span><\/span><\/p>\n<p class=\"western\" lang=\"ro-RO\" align=\"justify\">\u2013<span style=\"font-family: Times New Roman, serif\"><span style=\"font-size: large\">Din punct de vedere terapeutic, nu conteaz\u0103 dac\u0103 exist\u0103 sau nu vie\u021bi trecute. Cu to\u021bii avem experien\u021be \u00een subcon\u0219tient care nu fac parte din cadrul acestei vie\u021bi. Ernesto S\u00e1bato a definit incon\u0219tientul ca fiind cea mai adev\u0103rat\u0103 realitate care exist\u0103. Tot ceea ce avem \u00een incon\u0219tient va ie\u0219i la iveal\u0103 \u00een via\u021ba de zi cu zi.\u2013<\/span><\/span><\/p>\n<p class=\"western\" lang=\"ro-RO\" align=\"justify\">\u2013<span style=\"font-family: Times New Roman, serif\"><span style=\"font-size: large\"><b>Dumneavoastr\u0103 crede\u021bi \u00een re\u00eencarnare.\u2013<\/b><\/span><\/span><\/p>\n<p class=\"western\" lang=\"ro-RO\" align=\"justify\">\u2013<span style=\"font-family: Times New Roman, serif\"><span style=\"font-size: large\">Am crezut \u00een ea, p\u00e2n\u0103 c\u00e2nd am \u00eenceput s\u0103 lucrez cu vie\u021bile anterioare. C\u00e2nd am \u00eenceput s\u0103 experimentez episoade ale unor vie\u021bi trecute \u00een mine \u00eensumi, am \u00eencetat s\u0103 mai cred \u00een re\u00eencarnare \u0219i am luat-o ca pe o realitate, ca pe o experien\u021b\u0103.\u2013<\/span><\/span><\/p>\n<p class=\"western\" lang=\"ro-RO\" align=\"justify\">\u2013<span style=\"font-family: Times New Roman, serif\"><span style=\"font-size: large\"><b>C\u00e2te vie\u021bi anterioare ai avut?\u2013<\/b><\/span><\/span><\/p>\n<p class=\"western\" lang=\"ro-RO\" align=\"justify\">\u2013<span style=\"font-family: Times New Roman, serif\"><span style=\"font-size: large\">Imposibil de \u0219tiut. \u00cen cursul unei activit\u0103\u021bi terapeutice po\u021bi lucra 12 sau 20 de vie\u021bi. Buddha a avut 500 de vie\u021bi negative \u0219i 500 de vie\u021bi pozitive \u00eenainte de a atinge iluminarea. Singurul lucru care apare atunci c\u00e2nd cineva lucreaz\u0103 este ceea ce este cu adev\u0103rat transcendent pentru suflet.\u2013<\/span><\/span><\/p>\n<p class=\"western\" lang=\"ro-RO\" align=\"justify\">\u2013<span style=\"font-family: Times New Roman, serif\"><span style=\"font-size: large\"><b>C\u00e2te vie\u021bi are sufletul?\u2013<\/b><\/span><\/span><\/p>\n<p class=\"western\" lang=\"ro-RO\" align=\"justify\">\u2013<span style=\"font-family: Times New Roman, serif\"><span style=\"font-size: large\">O via\u021b\u0103. Corpurile sunt instrumente \u0219i vehicule pentru a realiza experien\u021bele de care sufletul are nevoie pentru a evolua. Sufletul este o entitate care \u00ee\u0219i p\u0103streaz\u0103 permanent individualitatea sau esen\u021ba. Ai fost tu \u0219i vei fi mereu tu.\u2013<\/span><\/span><\/p>\n<p class=\"western\" lang=\"ro-RO\" align=\"justify\">\u2013<span style=\"font-family: Times New Roman, serif\"><span style=\"font-size: large\"><b>Chiar dac\u0103 voi m<\/b><b>uri.\u2013<\/b><\/span><\/span><\/p>\n<p class=\"western\" lang=\"ro-RO\" align=\"justify\">\u2013<span style=\"font-family: Times New Roman, serif\"><span style=\"font-size: large\">Trupul t\u0103u moare, nu \u0219i sufletul. Ave\u021bi nevoie de un vehicul \u00een aceast\u0103 lume, care este corpul. Dar trupul nu dureaz\u0103 o ve\u0219nicie, iar sufletul va avea nevoie de alte trupuri pentru a-\u0219i \u00eendeplini planul.\u2013<\/span><\/span><\/p>\n<p class=\"western\" lang=\"ro-RO\" align=\"justify\">\u2013<span style=\"font-family: Times New Roman, serif\"><span style=\"font-size: large\"><b>Are sufletul un plan?\u2013<\/b><\/span><\/span><\/p>\n<p class=\"western\" lang=\"ro-RO\" align=\"justify\">\u2013<span style=\"font-family: Times New Roman, serif\"><span style=\"font-size: large\">Da, o c\u0103l\u0103torie. Sufletul este \u0219oferul, iar corpul este vehiculul. \u0218i folosim acest vehicul pentru a \u00eencheia cu experien\u021bele de care avem nevoie pentru a cre\u0219te, pentru a evolua, cine \u0219tie c\u00e2t de departe.\u2013<\/span><\/span><\/p>\n<p class=\"western\" lang=\"ro-RO\" align=\"justify\">\u2013<span style=\"font-family: Times New Roman, serif\"><span style=\"font-size: large\"><b>\u00cen conformitate cu planurile a ceva superior?\u2013<\/b><\/span><\/span><\/p>\n<p class=\"western\" lang=\"ro-RO\" align=\"justify\">\u2013<span style=\"font-family: Times New Roman, serif\"><span style=\"font-size: large\">Cred c\u0103 este un efort de echip\u0103. Exist\u0103 un arhitect care conduce planul universului \u0219i, \u00een cadrul acestui plan, fiecare suflet are o func\u021bie de \u00eendeplinit. Ne afl\u0103m aici pentru a realiza c\u0103 suntem una: apar\u021binem unui \u00eentreg. Dar iluzia de a fi \u00eentr-un corp ne face s\u0103 credem c\u0103 suntem entit\u0103\u021bi separate \u0219i individuale. Dar, \u00een realitate, atunci c\u00e2nd transcendem acest lucru, vedem c\u0103 facem parte dintr-o singur\u0103 fiin\u021b\u0103.\u2013<\/span><\/span><\/p>\n<p class=\"western\" lang=\"ro-RO\" align=\"justify\">\u2013<span style=\"font-family: Times New Roman, serif\"><span style=\"font-size: large\"><b>Cum pot s\u0103 m\u0103 conectez cu memoria unei vie\u021bi anterioare?\u2013<\/b><\/span><\/span><\/p>\n<p class=\"western\" lang=\"ro-RO\" align=\"justify\">\u2013<span style=\"font-family: Times New Roman, serif\"><span style=\"font-size: large\">Conectarea cu vie\u021bile anterioare este destul de simpl\u0103. \u00cen primul r\u00e2nd, se poate \u00eent\u00e2mpla spontan sau poate fi declan\u0219at\u0103. \u00cen mod spontan se \u00eent\u00e2mpl\u0103 de obicei \u00een medita\u021bie, \u00een vise, c\u00e2nd citim o carte, vizion\u0103m un film sau vizit\u0103m un anumit loc, atunci primim cunoa\u0219tere instantanee. Este obi\u0219nuit ca \u00een cazul copiilor cu v\u00e2rste cuprinse \u00eentre 2 \u0219i 6 ani s\u0103 aib\u0103 amintiri spontane ale vie\u021bilor lor anterioare, deoarece mecanismele de cenzur\u0103 ale intelectualit\u0103\u021bii nu au ac\u021bionat \u00eenc\u0103. Cu toate acestea, p\u0103rin\u021bii o iau ca pe o fantezie.\u2013<\/span><\/span><\/p>\n<p class=\"western\" lang=\"ro-RO\" align=\"justify\">\u2013<span style=\"font-family: Times New Roman, serif\"><span style=\"font-size: large\"><b>E\u0219ti medic, ai o preg\u0103tire \u0219tiin\u021bific\u0103, ce le-ai spune colegilor t\u0103i care cred c\u0103 ai \u00eennebunit?\u2013<\/b><\/span><\/span><\/p>\n<p class=\"western\" lang=\"ro-RO\" align=\"justify\">\u2013<span style=\"font-family: Times New Roman, serif\"><span style=\"font-size: large\">Simplu, s\u0103 urmeze pilonii metodei \u0219tiin\u021bifice: observa\u021bia, experimentarea \u0219i testarea. Observa\u021bi fenomenul, experimenta\u021bi-l \u0219i testa\u021bi-l \u0218i p\u0103stra\u021bi-v\u0103 o minte deschis\u0103, f\u0103r\u0103 a prejudeca pe nimeni. Dac\u0103 \u00eemi p\u0103strez mintea deschis\u0103, orice se poate \u00eent\u00e2mpla \u00een fa\u021ba mea; dar dac\u0103 m\u0103 \u00eenchid, se \u00eenchide \u0219i incon\u0219tientul din fa\u021ba mea.\u2013<\/span><\/span><\/p>\n<p class=\"western\" lang=\"ro-RO\" align=\"justify\"><span style=\"font-family: Times New Roman, serif\"><span style=\"font-size: large\"><b>O alt\u0103 via\u021b\u0103 \u00een Girona<\/b>. Dr. Jos\u00e9 Luis Cabouli (Buenos Aires, 1950) a lucrat ca chirurg plastician \u00een capitala argentinian\u0103, p\u00e2n\u0103 c\u00e2nd, \u00eentr-o zi, a decis s\u0103 p\u0103r\u0103seasc\u0103 profesia de medic \u0219i s\u0103 se dedice <i>Terapiei Vie\u021bilor Trecute (TVT)<\/i>. Din 1992, dirijeaz\u0103 <i>Centrul de Studii TVT<\/i> \u0219i \u00een prezent sus\u021bine un seminar \u00een Catalonia, la invita\u021bia libr\u0103riei Epsilon. El este convins c\u0103 \u00eentr-o alt\u0103 via\u021b\u0103 a tr\u0103it \u00een districtele din Girona. \u00cen aceast\u0103 zon\u0103, spune el, se simte ca acas\u0103.<\/span><\/span><\/p>\n<p class=\"western\" lang=\"ro-RO\" align=\"justify\"><span style=\"font-family: Times New Roman, serif\"><span style=\"font-size: large\">Link c\u0103tre interviul original \u00een limba spaniol\u0103:<\/span><\/span><\/p>\n<p class=\"western\" lang=\"ro-RO\" align=\"justify\"><span style=\"color: #000080\"><span lang=\"zxx\"><u><a class=\"western\" href=\"http:\/\/www.elperiodico.com\/es\/opinion\/20081008\/jose-luis-cabouli-el-alma-es-el-chofer-el-cuerpo-el-vehiculo-24269\"><span style=\"font-family: Times New Roman, serif\"><span style=\"font-size: large\"><span lang=\"ro-RO\">http:\/\/www.elperiodico.com\/es\/opinion\/20081008\/jose-luis-cabouli-el-alma-es-el-chofer-el-cuerpo-el-vehiculo-24269<\/span><\/span><\/span><\/a><\/u><\/span><\/span><\/p>\n<p class=\"western\" lang=\"ro-RO\" align=\"justify\"><span style=\"font-family: Times New Roman, serif\"><span style=\"font-size: large\"><b>Traducere: Govor Marian Cosmin.<\/b><\/span><\/span><\/p>","protected":false},"excerpt":{"rendered":"<p>Jos\u00e9 Luis Cabouli: &#8222;Sufletul este \u0219oferul; corpul, vehiculul&#8221;. El Peri\u00f3dico de Catalunya. Miercuri, 8 octombrie 2008. Jos\u00e9 Luis Cabouli practic\u0103 Terapia Vie\u021bilor Trecute. El este un doctor \u0219i chirurg al &hellip; <a href=\"https:\/\/animaweb.blog.pangea.org\/ro\/jose-luis-cabouli-lanima-es-el-xofer-el-cos-el-vehicle\/\" class=\"more-link\">Continu\u0103 lectura<span class=\"screen-reader-text\"> \u201eJos\u00e9 Luis Cabouli: &#8222;Sufletul este \u0219oferul; corpul, vehiculul&#8221;.\u201d<\/span><\/a><\/p>\n","protected":false},"author":12345698,"featured_media":0,"parent":0,"menu_order":0,"comment_status":"closed","ping_status":"closed","template":"","meta":{"ngg_post_thumbnail":0,"footnotes":""},"class_list":["post-26","page","type-page","status-publish","hentry"],"_links":{"self":[{"href":"https:\/\/animaweb.blog.pangea.org\/ro\/wp-json\/wp\/v2\/pages\/26","targetHints":{"allow":["GET"]}}],"collection":[{"href":"https:\/\/animaweb.blog.pangea.org\/ro\/wp-json\/wp\/v2\/pages"}],"about":[{"href":"https:\/\/animaweb.blog.pangea.org\/ro\/wp-json\/wp\/v2\/types\/page"}],"author":[{"embeddable":true,"href":"https:\/\/animaweb.blog.pangea.org\/ro\/wp-json\/wp\/v2\/users\/12345698"}],"replies":[{"embeddable":true,"href":"https:\/\/animaweb.blog.pangea.org\/ro\/wp-json\/wp\/v2\/comments?post=26"}],"version-history":[{"count":12,"href":"https:\/\/animaweb.blog.pangea.org\/ro\/wp-json\/wp\/v2\/pages\/26\/revisions"}],"predecessor-version":[{"id":2366,"href":"https:\/\/animaweb.blog.pangea.org\/ro\/wp-json\/wp\/v2\/pages\/26\/revisions\/2366"}],"wp:attachment":[{"href":"https:\/\/animaweb.blog.pangea.org\/ro\/wp-json\/wp\/v2\/media?parent=26"}],"curies":[{"name":"wp","href":"https:\/\/api.w.org\/{rel}","templated":true}]}}