{"id":6,"date":"2018-01-17T13:11:14","date_gmt":"2018-01-17T11:11:14","guid":{"rendered":"http:\/\/animaweb.blog.pangea.org\/?page_id=6"},"modified":"2022-12-16T19:55:32","modified_gmt":"2022-12-16T17:55:32","slug":"brian-weiss-som-animes-i-anem-de-cos-en-cos","status":"publish","type":"page","link":"https:\/\/animaweb.blog.pangea.org\/pt\/brian-weiss-som-animes-i-anem-de-cos-en-cos\/","title":{"rendered":"Brian Weiss: \u00abSomos almas e vamos de corpo em corpo\u00bb."},"content":{"rendered":"<p class=\"western\" align=\"center\"><span style=\"font-family: Times New Roman, serif\"><span style=\"font-size: x-large\"><span lang=\"es-ES\"><b>Brian Weiss: <\/b><\/span><\/span><\/span><span style=\"font-family: Times New Roman, serif\"><span style=\"font-size: x-large\"><span lang=\"es-ES\"><b>\u00ab<\/b><\/span><\/span><\/span><span style=\"font-family: Times New Roman, serif\"><span style=\"font-size: x-large\"><span lang=\"es-ES\"><b>Somos almas e vamos de corpo em corpo<\/b><\/span><\/span><\/span><span style=\"font-family: Times New Roman, serif\"><span style=\"font-size: x-large\"><span lang=\"es-ES\"><b>\u00bb<\/b><\/span><\/span><\/span><span style=\"font-family: Times New Roman, serif\"><span style=\"font-size: x-large\"><span lang=\"es-ES\"><b>.<\/b><\/span><\/span><\/span><\/p>\n<p class=\"western\" lang=\"es-ES\" align=\"justify\"><span style=\"font-family: Times New Roman, serif\"><span style=\"font-size: large\"><b>Tradu\u00e7\u00e3o: Adriana Grosso.<\/b><\/span><\/span><\/p>\n<p class=\"western\" align=\"justify\"><strong><span style=\"font-family: Times New Roman, serif\"><span style=\"font-size: large\"><span lang=\"es-ES\"><img loading=\"lazy\" decoding=\"async\" class=\"alignright wp-image-773 size-full\" title=\"El Peri\u00f3dico de Catalunya. Logo.\" src=\"https:\/\/animaweb.cat\/files\/2020\/01\/El_Periodico_de_Catalunya_Logotip_72ppp_200x39px.png\" alt=\"El Peri\u00f3dico de Catalunya. Logo.\" width=\"200\" height=\"39\" \/>El Peri\u00f3dico de Catalunya (<\/span><\/span><\/span><\/strong><span style=\"font-family: Times New Roman, serif\"><span style=\"font-size: large\"><span lang=\"es-ES\"><b>O jornal da Catalunha). Quarta-feira, 21 de janeiro de 2009. Opini\u00e3o. Page 80.<\/b><\/span><\/span><\/span><\/p>\n<p class=\"western\" lang=\"es-ES\" align=\"justify\"><span style=\"font-family: Times New Roman, serif\"><span style=\"font-size: large\"><i>A entrevista com Brian Weiss, um psiquiatra especializado em terapia regressiva.<\/i><\/span><\/span><\/p>\n<p class=\"western\" lang=\"es-ES\" align=\"justify\"><span style=\"font-family: Times New Roman, serif\"><span style=\"font-size: large\"><i>Nos Estados Unidos, tratou quase 4.000 pacientes que t\u00eam lembran\u00e7as de suas vidas passadas.<\/i><\/span><\/span><\/p>\n<p class=\"western\" lang=\"es-ES\" style=\"text-align: left\" align=\"justify\"><span style=\"font-family: Times New Roman, serif\"><span style=\"font-size: large\"><b>Brian Weiss: \u00abSomos almas e vamos de corpo em corpo\u00bb.<br \/>\n<\/b><\/span><\/span><span style=\"font-family: Times New Roman, serif\"><span style=\"font-size: large\">Gaspar Hern\u00e1ndez.<\/span><\/span><\/p>\n<figure id=\"attachment_163\" aria-describedby=\"caption-attachment-163\" style=\"width: 400px\" class=\"wp-caption aligncenter\"><img loading=\"lazy\" decoding=\"async\" class=\"wp-image-163 size-full\" title=\"Brian Weiss. Foto: Joan Cortadellas.\" src=\"https:\/\/animaweb.cat\/files\/2018\/02\/Brian_Weiss_a_Barcelona_400x360px.png\" alt=\"Brian Weiss. Argazkia: Joan Cortadellas.\" width=\"400\" height=\"360\" srcset=\"https:\/\/animaweb.blog.pangea.org\/files\/2018\/02\/Brian_Weiss_a_Barcelona_400x360px.png 400w, https:\/\/animaweb.blog.pangea.org\/files\/2018\/02\/Brian_Weiss_a_Barcelona_400x360px-300x270.png 300w\" sizes=\"auto, (max-width: 400px) 85vw, 400px\" \/><figcaption id=\"caption-attachment-163\" class=\"wp-caption-text\">Brian Weiss. Argazkia: Joan Cortadellas.<\/figcaption><\/figure>\n<p class=\"western\" lang=\"en-US\" align=\"justify\"><span style=\"font-family: Times New Roman, serif\"><span style=\"font-size: large\"><b>Brian Weiss. Foto: Joan Cortadellas.<\/b><\/span><\/span><\/p>\n<p class=\"western\" align=\"justify\"><strong>\u2013<\/strong><span style=\"font-family: Times New Roman, serif\"><span style=\"font-size: large\"><span lang=\"es-ES\"><b>Muitas pessoas na comunidade cient\u00edfica rejeitam suas teorias.\u2013<\/b><\/span><\/span><\/span><\/p>\n<p class=\"western\" align=\"justify\"><strong>\u2013<\/strong><span style=\"font-family: Times New Roman, serif\"><span style=\"font-size: large\"><span lang=\"es-ES\">Sim, e essa rejei\u00e7\u00e3o \u00e9 um desafio para mim desde os anos 80. Os cientistas querem estudos e eu trabalho com um caso ap\u00f3s o outro.\u2013<\/span><\/span><\/span><\/p>\n<p class=\"western\" align=\"justify\"><strong>\u2013<\/strong><span style=\"font-family: Times New Roman, serif\"><span style=\"font-size: large\"><span lang=\"es-ES\"><b>Como a reencarna\u00e7\u00e3o pode ser demonstrada cientificamente?\u2013<\/b><\/span><\/span><\/span><\/p>\n<p class=\"western\" align=\"justify\">\u2013<span style=\"font-family: Times New Roman, serif\"><span style=\"font-size: large\"><span lang=\"it-IT\">Primeiro, mantendo a mente aberta. <\/span><\/span><\/span><span style=\"font-family: Times New Roman, serif\"><span style=\"font-size: large\"><span lang=\"es-ES\">Envolve analisar caso ap\u00f3s caso e desenvolver uma hip\u00f3tese. Muitos cientistas esqueceram que a base da ci\u00eancia \u00e9 ter uma mente aberta e n\u00e3o dar a volta ao mundo com id\u00e9ias preconcebidas. Eu recomendo aos meus colegas m\u00e9dicos que tentem a terapia regressiva, e eles ver\u00e3o.\u2013<\/span><\/span><\/span><\/p>\n<p class=\"western\" align=\"justify\"><strong>\u2013<\/strong><span style=\"font-family: Times New Roman, serif\"><span style=\"font-size: large\"><span lang=\"es-ES\"><b>O qu\u00e9 voc\u00ea chama \u00abvidas passadas\u00bb?\u2013<\/b><\/span><\/span><\/span><\/p>\n<p class=\"western\" align=\"justify\"><strong>\u2013<\/strong><span style=\"font-family: Times New Roman, serif\"><span style=\"font-size: large\"><span lang=\"es-ES\">Para uma mem\u00f3ria que voc\u00ea tem de si mesmo, onde se reconhece com outro corpo, em outro momento, mas sabendo sem d\u00favida que \u00e9 voc\u00ea. Voc\u00ea pode ter essa mem\u00f3ria de v\u00e1rias maneiras, mesmo em sonhos, e isso pode explicar o medo do presente.\u2013<\/span><\/span><\/span><\/p>\n<p class=\"western\" align=\"justify\"><strong>\u2013<\/strong><span style=\"font-family: Times New Roman, serif\"><span style=\"font-size: large\"><span lang=\"es-ES\"><b>Por exemplo?\u2013<\/b><\/span><\/span><\/span><\/p>\n<p class=\"western\" align=\"justify\"><strong>\u2013<\/strong><span style=\"font-family: Times New Roman, serif\"><span style=\"font-size: large\"><span lang=\"es-ES\">Se voc\u00ea se afogou em uma vida passada, agora pode sentir um medo terr\u00edvel da \u00e1gua.\u2013<\/span><\/span><\/span><\/p>\n<p class=\"western\" align=\"justify\"><strong>\u2013<\/strong><span style=\"font-family: Times New Roman, serif\"><span style=\"font-size: large\"><span lang=\"es-ES\"><b>E se eu tiver medo de altura?\u2013<\/b><\/span><\/span><\/span><\/p>\n<p class=\"western\" align=\"justify\"><strong>\u2013<\/strong><span style=\"font-family: Times New Roman, serif\"><span style=\"font-size: large\"><span lang=\"es-ES\">Pode ser que em uma vida passada voc\u00ea tenha sido empurrado do topo de um castelo. Normalmente trabalho com pacientes que me procuram com sintomas semelhantes.\u2013<\/span><\/span><\/span><\/p>\n<p class=\"western\" align=\"justify\"><strong>\u2013<\/strong><span style=\"font-family: Times New Roman, serif\"><span style=\"font-size: large\"><span lang=\"es-ES\"><b>E se eu n\u00e3o tiver traumas, nem grandes medos?\u2013<\/b><\/span><\/span><\/span><\/p>\n<p class=\"western\" align=\"justify\">\u2013<span style=\"font-family: Times New Roman, serif\"><span style=\"font-size: large\"><span lang=\"es-ES\">Minha mulher trabalha com pessoas como voc\u00ea, pessoas que t\u00eam lembran\u00e7as de vidas passadas que n\u00e3o s\u00e3o traum\u00e1ticas e s\u00e3o apenas curiosas. Em suas outras vidas, essas pessoas n\u00e3o sofreram nenhum trauma. Ela se refere a eles como \u00abos turistas de vidas passadas\u00bb.\u2013<\/span><\/span><\/span><\/p>\n<p class=\"western\" align=\"justify\"><strong>\u2013<\/strong><span style=\"font-family: Times New Roman, serif\"><span style=\"font-size: large\"><span lang=\"es-ES\"><b>Somente turistas? Eles n\u00e3o fizeram nada por lucro?\u2013<\/b><\/span><\/span><\/span><\/p>\n<p class=\"western\" align=\"justify\"><strong>\u2013<\/strong><span style=\"font-family: Times New Roman, serif\"><span style=\"font-size: large\"><span lang=\"es-ES\">Mesmo para turistas, \u00e9 muito importante ter lembran\u00e7as de vidas passadas. Isso significa que n\u00e3o somos apenas um corpo f\u00edsico, mas uma alma que passa de corpo em corpo.\u2013<\/span><\/span><\/span><\/p>\n<p class=\"western\" align=\"justify\">\u2013<span style=\"font-family: Times New Roman, serif\"><span style=\"font-size: large\"><span lang=\"es-ES\"><b>E morte?\u2013<\/b><\/span><\/span><\/span><\/p>\n<p class=\"western\" align=\"justify\"><strong>\u2013<\/strong><span style=\"font-family: Times New Roman, serif\"><span style=\"font-size: large\"><span lang=\"es-ES\">O fato de sermos almas implica que n\u00e3o devemos ter tanto medo da morte. E n\u00e3o ter\u00edamos que sofrer um per\u00edodo de luto enquanto permanecermos em nossa sociedade, porque, na realidade, somos imortais e sempre estaremos reunidos com nossos entes queridos.\u2013<\/span><\/span><\/span><\/p>\n<p class=\"western\" align=\"justify\"><strong>\u2013<\/strong><span style=\"font-family: Times New Roman, serif\"><span style=\"font-size: large\"><span lang=\"es-ES\"><b>Que bonito. Parece uma hist\u00f3ria.\u2013<\/b><\/span><\/span><\/span><\/p>\n<p class=\"western\" align=\"justify\">\u2013<span style=\"font-family: Times New Roman, serif\"><span style=\"font-size: large\"><span lang=\"es-ES\">\u00c9 bonito, sim. No entanto, que uma ideia seja reconfortante n\u00e3o significa que seja verdadeira. Mas isso eu garanto que \u00e9. A maioria das tradi\u00e7\u00f5es religiosas acredita em reencarna\u00e7\u00e3o. At\u00e9 o cristianismo aceitou a reencarna\u00e7\u00e3o at\u00e9 bem depois de Cristo. Na B\u00edblia havia, no passado, muitas refer\u00eancias a ela.\u2013<\/span><\/span><\/span><\/p>\n<p class=\"western\" align=\"justify\"><strong>\u2013<\/strong><span style=\"font-family: Times New Roman, serif\"><span style=\"font-size: large\"><span lang=\"es-ES\"><b>Voc\u00ea diz que somos uma alma que reencarnou em diferentes corpos. Mas a popula\u00e7\u00e3o mundial aumenta. Ent\u00e3o h\u00e1 almas desaparecidas, certo?\u2013<\/b><\/span><\/span><\/span><\/p>\n<p class=\"western\" align=\"justify\"><strong>\u2013<\/strong><span style=\"font-family: Times New Roman, serif\"><span style=\"font-size: large\"><span lang=\"es-ES\">Por que dever\u00edamos assumir que a Terra \u00e9 o \u00fanico lugar onde h\u00e1 almas?\u2013<\/span><\/span><\/span><\/p>\n<p class=\"western\" align=\"justify\"><strong>\u2013<span style=\"font-family: Times New Roman, serif\"><span style=\"font-size: large\"><span lang=\"es-ES\"><b>\u00ab<\/b><\/span><\/span><\/span><\/strong><span style=\"font-family: Times New Roman, serif\"><span style=\"font-size: large\"><span lang=\"es-ES\"><b>Oh, n\u00e3o tinha ca\u00eddo&#8230;\u00bb\u2013<\/b><\/span><\/span><\/span><\/p>\n<p class=\"western\" align=\"justify\"><strong>\u2013<\/strong><span style=\"font-family: Times New Roman, serif\"><span style=\"font-size: large\"><span lang=\"es-ES\">As almas existem em muitas dimens\u00f5es e em muitos universos. A Terra \u00e9 apenas um pequeno planeta entre milh\u00f5es de universos.\u2013<\/span><\/span><\/span><\/p>\n<p class=\"western\" align=\"justify\">\u2013<span style=\"font-family: Times New Roman, serif\"><span style=\"font-size: large\"><span lang=\"es-ES\"><b>E por que as almas v\u00eam aqui?\u2013<\/b><\/span><\/span><\/span><\/p>\n<p class=\"western\" align=\"justify\"><strong>\u2013<\/strong><span style=\"font-family: Times New Roman, serif\"><span style=\"font-size: large\"><span lang=\"es-ES\">Eles s\u00e3o atra\u00eddos por aqui porque vivemos em corpos f\u00edsicos, e sentimos e vivemos de uma certa maneira atrav\u00e9s de nossos sentidos. Mas a quantidade de almas na Terra \u00e9 pequena se comparada com a de todo o universo. E tamb\u00e9m existem almas que se dividem e t\u00eam mais de uma experi\u00eancia por vez.\u2013<\/span><\/span><\/span><\/p>\n<p class=\"western\" align=\"justify\"><strong>\u2013<\/strong><span style=\"font-family: Times New Roman, serif\"><span style=\"font-size: large\"><span lang=\"es-ES\"><b>Voc\u00ea faz terapia regressiva atrav\u00e9s da hipnose, mas existem outras maneiras.\u2013<\/b><\/span><\/span><\/span><\/p>\n<p class=\"western\" align=\"justify\">\u2013<span style=\"font-family: Times New Roman, serif\"><span style=\"font-size: large\"><span lang=\"es-ES\">Existem muitos outros caminhos, como medita\u00e7\u00e3o, ioga ou sonhos.\u2013<\/span><\/span><\/span><\/p>\n<p class=\"western\" align=\"justify\">\u2013<span style=\"font-family: Times New Roman, serif\"><span style=\"font-size: large\"><span lang=\"es-ES\"><b>E o d\u00e9j\u00e0 vu&#8230;\u2013<\/b><\/span><\/span><\/span><\/p>\n<p class=\"western\" align=\"justify\"><strong>\u2013<\/strong><span style=\"font-family: Times New Roman, serif\"><span style=\"font-size: large\"><span lang=\"es-ES\">Sim, existem pessoas que t\u00eam um d\u00e9j\u00e0 vu e est\u00e3o realmente tendo uma mem\u00f3ria da vida passada. Eles v\u00e3o a uma cidade pela primeira vez e percebem que sabem encontrar as ruas: estavam l\u00e1 por uma vida passada. Muitas pessoas tiveram uma experi\u00eancia de vida passada, ou extracorp\u00f3rea, e n\u00e3o s\u00e3o loucas. Mas, como ele n\u00e3o leu nada, ele n\u00e3o sabe o que h\u00e1 de errado com ele. Os relat\u00f3rios atrav\u00e9s do jornal podem ajudar muitas pessoas a n\u00e3o se sentirem estranhas.\u2013<\/span><\/span><\/span><\/p>\n<p class=\"western\" align=\"justify\"><strong>\u2013<\/strong><span style=\"font-family: Times New Roman, serif\"><span style=\"font-size: large\"><span lang=\"es-ES\"><b>O que seus professores dizem do al\u00e9m?\u2013<\/b><\/span><\/span><\/span><\/p>\n<p class=\"western\" align=\"justify\"><strong>\u2013<\/strong><span style=\"font-family: Times New Roman, serif\"><span style=\"font-size: large\"><span lang=\"es-ES\">O de sempre, porque \u00e9 uma sabedoria antiga. Eu tenho duas fontes para receber informa\u00e7\u00f5es dos meus professores: atrav\u00e9s dos meus pacientes hipnotizados e da minha medita\u00e7\u00e3o. As mensagens est\u00e3o relacionadas ao desejo de mais paz e menos viol\u00eancia neste planeta. Temos que lembrar que somos seres espirituais, que essa \u00e9 a nossa verdadeira natureza. Estamos aqui para aprender sobre amor e compaix\u00e3o. Estamos todos interligados. Quando machucamos algu\u00e9m, nos machucamos.\u2013<\/span><\/span><\/span><\/p>\n<p class=\"western\" lang=\"es-ES\" align=\"justify\"><span style=\"font-family: Times New Roman, serif\"><span style=\"font-size: large\"><b>Antes de tudo, medite.<\/b><\/span><\/span><\/p>\n<p class=\"western\" lang=\"es-ES\" align=\"justify\"><span style=\"font-family: Times New Roman, serif\"><span style=\"font-size: large\">O Dr. Brian Weiss (Nova York, 1944) dirigiu o Departamento de Psiquiatria da Escola de Medicina de Yale e agora \u00e9 presidente honor\u00e1rio do Departamento de Psiquiatria do Monte Sinai em Miami. Atrav\u00e9s de sua consulta tem pasado 4.000 pacientes que acreditam ter sido reencarnados. Ele est\u00e1 em Barcelona, convidado pelo F\u00f3rum de Excel\u00eancia. Ele \u00e9 um homem de apar\u00eancia fr\u00e1gil, sonhador, com jet lag. A primeira coisa que ele fez no hotel \u00e9 meditar. Para ele, a medita\u00e7\u00e3o \u00e9 \u00abcomo dormir ou comer\u00bb.<\/span><\/span><\/p>","protected":false},"excerpt":{"rendered":"<p>Brian Weiss: \u00abSomos almas e vamos de corpo em corpo\u00bb. Tradu\u00e7\u00e3o: Adriana Grosso. El Peri\u00f3dico de Catalunya (O jornal da Catalunha). Quarta-feira, 21 de janeiro de 2009. Opini\u00e3o. Page 80. &hellip; <a href=\"https:\/\/animaweb.blog.pangea.org\/pt\/brian-weiss-som-animes-i-anem-de-cos-en-cos\/\" class=\"more-link\">Continuar a ler<span class=\"screen-reader-text\"> &#8220;Brian Weiss: \u00abSomos almas e vamos de corpo em corpo\u00bb.&#8221;<\/span><\/a><\/p>\n","protected":false},"author":12345698,"featured_media":0,"parent":0,"menu_order":0,"comment_status":"closed","ping_status":"closed","template":"","meta":{"ngg_post_thumbnail":0,"footnotes":""},"class_list":["post-6","page","type-page","status-publish","hentry"],"_links":{"self":[{"href":"https:\/\/animaweb.blog.pangea.org\/pt\/wp-json\/wp\/v2\/pages\/6","targetHints":{"allow":["GET"]}}],"collection":[{"href":"https:\/\/animaweb.blog.pangea.org\/pt\/wp-json\/wp\/v2\/pages"}],"about":[{"href":"https:\/\/animaweb.blog.pangea.org\/pt\/wp-json\/wp\/v2\/types\/page"}],"author":[{"embeddable":true,"href":"https:\/\/animaweb.blog.pangea.org\/pt\/wp-json\/wp\/v2\/users\/12345698"}],"replies":[{"embeddable":true,"href":"https:\/\/animaweb.blog.pangea.org\/pt\/wp-json\/wp\/v2\/comments?post=6"}],"version-history":[{"count":27,"href":"https:\/\/animaweb.blog.pangea.org\/pt\/wp-json\/wp\/v2\/pages\/6\/revisions"}],"predecessor-version":[{"id":2236,"href":"https:\/\/animaweb.blog.pangea.org\/pt\/wp-json\/wp\/v2\/pages\/6\/revisions\/2236"}],"wp:attachment":[{"href":"https:\/\/animaweb.blog.pangea.org\/pt\/wp-json\/wp\/v2\/media?parent=6"}],"curies":[{"name":"wp","href":"https:\/\/api.w.org\/{rel}","templated":true}]}}