{"id":286,"date":"2018-09-10T14:52:19","date_gmt":"2018-09-10T12:52:19","guid":{"rendered":"https:\/\/animaweb.cat\/?page_id=286"},"modified":"2023-01-20T19:36:18","modified_gmt":"2023-01-20T17:36:18","slug":"tipus-de-karma-karma-collectiu-fama-objectiu-i-perdo-cites-dels-savis","status":"publish","type":"page","link":"https:\/\/animaweb.blog.pangea.org\/pt\/tipus-de-karma-karma-collectiu-fama-objectiu-i-perdo-cites-dels-savis\/","title":{"rendered":"Tipo de karma, karma coletivo, fama, prop\u00f3sito e perd\u00e3o. Nomea\u00e7\u00f5es de pessoas s\u00e1bias."},"content":{"rendered":"<p class=\"western\" lang=\"pt-PT\" align=\"center\"><span style=\"font-family: Times New Roman, serif\"><span style=\"font-size: x-large\"><b>Tipo de karma, karma coletivo, fama, prop\u00f3sito e perd\u00e3o. Nomea\u00e7\u00f5es de pessoas s\u00e1bias<\/b><\/span><\/span><\/p>\n<p><img loading=\"lazy\" decoding=\"async\" class=\"alignleft wp-image-653 size-medium\" title=\"S\u00f3 o Amor \u00c9 Real. Capa.\" src=\"https:\/\/animaweb.cat\/files\/2020\/01\/Doutor_Brian_Weiss_So_o_amor_e_real_Portuges_Portugal-199x300.jpg\" alt=\"S\u00f3 o Amor \u00c9 Real. Capa.\" width=\"199\" height=\"300\" srcset=\"https:\/\/animaweb.blog.pangea.org\/files\/2020\/01\/Doutor_Brian_Weiss_So_o_amor_e_real_Portuges_Portugal-199x300.jpg 199w, https:\/\/animaweb.blog.pangea.org\/files\/2020\/01\/Doutor_Brian_Weiss_So_o_amor_e_real_Portuges_Portugal.jpg 250w\" sizes=\"auto, (max-width: 199px) 85vw, 199px\" \/><\/p>\n<p class=\"western\" lang=\"pt-PT\" align=\"justify\"><span style=\"font-family: Times New Roman, serif\"><span style=\"font-size: large\">Atrav\u00e9s do corpo dos pacientes do Doutor Brian Weiss submetidos a regress\u00e3o hipn\u00f3tica, n\u00e3o s\u00f3 se pode ascender ao passado de sua alma em busca de um acontecimento traum\u00e1tico, se n\u00e3o que tamb\u00e9m almas de diferentes s\u00e1bios ou mestres podem intervir para transmitir ao terapeuta explica\u00e7\u00f5es sobre a evolu\u00e7\u00e3o espiritual.<\/span><\/span><\/p>\n<p class=\"western\" lang=\"pt-PT\" align=\"justify\"><span style=\"font-family: Times New Roman, serif\"><span style=\"font-size: large\">No seguinte relato cont\u00e9m v\u00e1rias cita\u00e7\u00f5es de s\u00e1bios dando suas explica\u00e7\u00f5es sobre os diferentes tipos de karma, incluindo o karma coletivo, passando pela quest\u00e3o da fama, e a necessidade de perdoar e ser perdoado.<\/span><\/span><\/p>\n<hr \/>\n<p class=\"western\" lang=\"pt-PT\" align=\"center\"><span style=\"font-family: Times New Roman, serif\"><span style=\"font-size: large\"><b>Nomea\u00e7\u00f5es de pessoas s\u00e1bias.<\/b><\/span><\/span><\/p>\n<p class=\"western\" lang=\"pt-PT\" align=\"justify\"><span style=\"font-family: Times New Roman, serif\"><span style=\"font-size: large\">As vezes as mensagens s\u00e3o muito menos psicol\u00f3gicas e parecem ter uma origem mais antiga, mais did\u00e1tica. O estilo \u00e9 bastante diferente. \u00c9 quase como se eu estivesse tomando um ditado.<\/span><\/span><\/p>\n<p class=\"western\" lang=\"pt-PT\" align=\"justify\"><span style=\"font-family: Times New Roman, serif\"><span style=\"font-size: large\">\u00abExistem muitos tipos de karma, d\u00edvidas a ser saldadas. O karma individual pertence \u00e0s obriga\u00e7\u00f5es pr\u00f3prias dessa entidade, exclusivamente dela. Mas existe tamb\u00e9m o karma de grupo, as d\u00edvidas coletivas desse grupo, e existem muitos grupos: religi\u00f5es, ra\u00e7as, nacionalidades, e assim sucessivamente. A um n\u00edvel muito mais abrangente, h\u00e1 um karma planet\u00e1rio que com o tempo ir\u00e1 afetar o destino do planeta. No karma de grupo as d\u00edvidas individuais n\u00e3o v\u00e3o sendo apenas acumuladas e contabilizadas, mas resultado \u00e9, eventualmente, aplicado ao grupo, pa\u00eds ou planeta. A aplica\u00e7\u00e3o desse karma de grupo determina o futuro do grupo ou pa\u00eds. Mas tamb\u00e9m se aplica ao indiv\u00edduo que reencarna, tanto dentro do grupo ou pa\u00eds, ou simultaneamente e interceptando, mas n\u00e3o dentro, ou num ponto mais tardio no tempo.<\/span><\/span><\/p>\n<p class=\"western\" lang=\"pt-PT\" align=\"justify\"><span style=\"font-family: Times New Roman, serif\"><span style=\"font-size: large\">\u00abA a\u00e7\u00e3o torna-se a\u00e7\u00e3o correta quando se transforma numa a\u00e7\u00e3o ao longo do Caminho, ao longo da Senda que conduz a Deus. Todas as outras sendas s\u00e3o becos sem sa\u00edda ou ilus\u00f5es, e a a\u00e7\u00e3o ao longo destes n\u00e3o \u00e9 a\u00e7\u00e3o correta. Assim a a\u00e7\u00e3o correta promove a espiritualidade do indiv\u00edduo e o seu retorno. A a\u00e7\u00e3o que promove justi\u00e7a, piedade, amor, sabedoria e os atributos que chamamos divinos ou espirituais \u00e9 inevitavelmente a\u00e7\u00e3o correta. O fruto da a\u00e7\u00e3o correta \u00e9 o objetivo desejado. Os frutos das a\u00e7\u00f5es ao longo de outros caminhos, s\u00e3o transit\u00f3rios, ilus\u00f3rios e falsos. Tais frutos s\u00e3o armadilhas enganadoras, n\u00e3o sendo o que realmente desejamos. Os frutos da a\u00e7\u00e3o correta englobam todos os nossos objetivos, desejos e tudo o que necessitamos ou desejamos.<\/span><\/span><\/p>\n<p class=\"western\" lang=\"pt-PT\" align=\"justify\"><span style=\"font-family: Times New Roman, serif\"><span style=\"font-size: large\">\u00abA fama \u00e9 um exemplo. Aquele que procura a fama como um fim em si mesmo pode atingi-la por algum tempo. Mas essa fama ser\u00e1 tempor\u00e1ria e n\u00e3o ser\u00e1 gratificante. Se, no entanto, a fama vem sem ser convidada, como resultado de uma a\u00e7\u00e3o correta, a\u00e7\u00e3o dentro do Caminho, essa fama perdurar\u00e1 e ser\u00e1 apropriada. Mas para a pessoa no Caminho, tal n\u00e3o ter\u00e1 import\u00e2ncia. Esta \u00e9 a diferen\u00e7a entre a fama procurada de forma ego\u00edsta, para o indiv\u00edduo, e a fama n\u00e3o procurada ou desejada, um subproduto da a\u00e7\u00e3o correta. A primeira \u00e9 ilus\u00e3o e \u00e9 passageira. A segunda \u00e9 real e permanente, aderindo \u00e0 alma. A primeira agrava o karma e deve ser saldada; a segunda, n\u00e3o.\u00bb<\/span><\/span><\/p>\n<p class=\"western\" lang=\"pt-PT\" align=\"justify\"><span style=\"font-family: Times New Roman, serif\"><span style=\"font-size: large\">Por vezes as mensagens surgem muito r\u00e1pida e sucintamente.<\/span><\/span><\/p>\n<p class=\"western\" lang=\"pt-PT\" align=\"justify\"><span style=\"font-family: Times New Roman, serif\"><span style=\"font-size: large\">\u00abO objetivo n\u00e3o \u00e9 ganhar, mas abrir-se.\u00bb<\/span><\/span><\/p>\n<p class=\"western\" lang=\"pt-PT\" align=\"justify\"><span style=\"font-family: Times New Roman, serif\"><span style=\"font-size: large\">Depois, como se fosse de novo a sua vez, vem mais informa\u00e7\u00e3o da fonte psicol\u00f3gica e as impress\u00f5es curtas e incisivas como um rel\u00e2mpago.<\/span><\/span><\/p>\n<p class=\"western\" lang=\"pt-PT\" align=\"justify\"><span style=\"font-family: Times New Roman, serif\"><span style=\"font-size: large\">\u00abDeus perdoa, mas tu tamb\u00e9m tens que ser perdoado pelas pessoas&#8230; e tens que perdo\u00e1-las. O perd\u00e3o tamb\u00e9m \u00e9 da tua responsabilidade. Deves perdoar e ser perdoado. A psican\u00e1lise n\u00e3o repara os estragos. Assim, tens que ir para al\u00e9m do compreens\u00edvel e efetuar mudan\u00e7as, melhorar o mundo, reparar rela\u00e7\u00f5es, perdoar os outros e aceitar o seu perd\u00e3o. Ser ativo na procura da virtude \u00e9 de extrema import\u00e2ncia. N\u00e3o basta falar. Compreens\u00e3o intelectual sem a aplica\u00e7\u00e3o do rem\u00e9dio n\u00e3o \u00e9 suficiente. Expressar o teu amor \u00e9.\u00bb<\/span><\/span><\/p>\n<p class=\"western\" align=\"right\"><span style=\"font-family: Times New Roman, serif\"><span style=\"font-size: large\"><span lang=\"pt-PT\">Brian Weiss. <\/span><\/span><\/span><span style=\"font-family: Times New Roman, serif\"><span style=\"font-size: large\"><span lang=\"pt-PT\"><i>S\u00f3 o Amor \u00e9 Real. A hist\u00f3ria do reencontro de Almas G\u00eameas<\/i><\/span><\/span><\/span><span style=\"font-family: Times New Roman, serif\"><span style=\"font-size: large\"><span lang=\"pt-PT\">. Editora Pergaminho, 1999.<br \/>\n<\/span><\/span><\/span><span style=\"font-family: Times New Roman, serif\"><span style=\"font-size: large\"><span lang=\"pt-PT\"><b>Tradu\u00e7\u00e3o e revis\u00e3o: Simone de Souza.<\/b><\/span><\/span><\/span><\/p>","protected":false},"excerpt":{"rendered":"<p>Tipo de karma, karma coletivo, fama, prop\u00f3sito e perd\u00e3o. Nomea\u00e7\u00f5es de pessoas s\u00e1bias Atrav\u00e9s do corpo dos pacientes do Doutor Brian Weiss submetidos a regress\u00e3o hipn\u00f3tica, n\u00e3o s\u00f3 se pode &hellip; <a href=\"https:\/\/animaweb.blog.pangea.org\/pt\/tipus-de-karma-karma-collectiu-fama-objectiu-i-perdo-cites-dels-savis\/\" class=\"more-link\">Continuar a ler<span class=\"screen-reader-text\"> &#8220;Tipo de karma, karma coletivo, fama, prop\u00f3sito e perd\u00e3o. Nomea\u00e7\u00f5es de pessoas s\u00e1bias.&#8221;<\/span><\/a><\/p>\n","protected":false},"author":12345698,"featured_media":0,"parent":0,"menu_order":0,"comment_status":"closed","ping_status":"closed","template":"","meta":{"ngg_post_thumbnail":0,"footnotes":""},"class_list":["post-286","page","type-page","status-publish","hentry"],"_links":{"self":[{"href":"https:\/\/animaweb.blog.pangea.org\/pt\/wp-json\/wp\/v2\/pages\/286","targetHints":{"allow":["GET"]}}],"collection":[{"href":"https:\/\/animaweb.blog.pangea.org\/pt\/wp-json\/wp\/v2\/pages"}],"about":[{"href":"https:\/\/animaweb.blog.pangea.org\/pt\/wp-json\/wp\/v2\/types\/page"}],"author":[{"embeddable":true,"href":"https:\/\/animaweb.blog.pangea.org\/pt\/wp-json\/wp\/v2\/users\/12345698"}],"replies":[{"embeddable":true,"href":"https:\/\/animaweb.blog.pangea.org\/pt\/wp-json\/wp\/v2\/comments?post=286"}],"version-history":[{"count":30,"href":"https:\/\/animaweb.blog.pangea.org\/pt\/wp-json\/wp\/v2\/pages\/286\/revisions"}],"predecessor-version":[{"id":2374,"href":"https:\/\/animaweb.blog.pangea.org\/pt\/wp-json\/wp\/v2\/pages\/286\/revisions\/2374"}],"wp:attachment":[{"href":"https:\/\/animaweb.blog.pangea.org\/pt\/wp-json\/wp\/v2\/media?parent=286"}],"curies":[{"name":"wp","href":"https:\/\/api.w.org\/{rel}","templated":true}]}}