{"id":26,"date":"2018-01-17T20:47:37","date_gmt":"2018-01-17T18:47:37","guid":{"rendered":"http:\/\/animaweb.blog.pangea.org\/?page_id=26"},"modified":"2023-01-19T06:53:01","modified_gmt":"2023-01-19T04:53:01","slug":"jose-luis-cabouli-lanima-es-el-xofer-el-cos-el-vehicle","status":"publish","type":"page","link":"https:\/\/animaweb.blog.pangea.org\/pt\/jose-luis-cabouli-lanima-es-el-xofer-el-cos-el-vehicle\/","title":{"rendered":"Jos\u00e9 Lu\u00eds Cabouli: \u00abA alma \u00e9 o chofer; o corpo, o veh\u00edculo\u00bb."},"content":{"rendered":"<p lang=\"pt-PT\" align=\"center\"><span style=\"font-family: Times New Roman, serif\"><span style=\"font-size: x-large\"><b>Jos\u00e9 Lu\u00eds Cabouli: \u00abA alma \u00e9 o chofer; o corpo, o veh\u00edculo\u00bb.<\/b><\/span><\/span><\/p>\n<p lang=\"pt-PT\" align=\"justify\"><span style=\"font-family: Times New Roman, serif\"><span style=\"font-size: large\"><b><img loading=\"lazy\" decoding=\"async\" class=\"alignright wp-image-773 size-full\" title=\"El Peri\u00f3dico de Catalunya. Logo.\" src=\"https:\/\/animaweb.cat\/files\/2020\/01\/El_Periodico_de_Catalunya_Logotip_72ppp_200x39px.png\" alt=\"El Peri\u00f3dico de Catalunya. Logo.\" width=\"200\" height=\"39\" \/>El Peri\u00f3dico de Catalunya. Quarta-feira, 8 de outubro de 2008.<\/b><\/span><\/span><\/p>\n<p align=\"justify\"><span style=\"font-family: Times New Roman, serif\"><span style=\"font-size: large\"><span lang=\"pt-PT\"><i>Jos\u00e9 Luis Cabouli pratica a Terapia de Vidas Passadas. Ele \u00e9 m\u00e9dico e cirurgi\u00e3o da alma. Afirma que a reencarna\u00e7\u00e3o existe e trabalha com pacientes que arrastram traumas de outras vidas.<\/i><\/span><\/span><\/span><\/p>\n<p lang=\"pt-PT\" align=\"justify\"><span style=\"font-family: Times New Roman, serif\"><span style=\"font-size: large\"><b>Jos\u00e9 Lu\u00eds Cabouli: \u00abA alma \u00e9 o chofer; o corpo, o veh\u00edculo\u00bb.<\/b><\/span><\/span><\/p>\n<p lang=\"pt-PT\" align=\"justify\"><span style=\"font-family: Times New Roman, serif\"><span style=\"font-size: large\">Gaspar Hern\u00e0ndez.<\/span><\/span><\/p>\n<figure id=\"attachment_27\" aria-describedby=\"caption-attachment-27\" style=\"width: 400px\" class=\"wp-caption aligncenter\"><img loading=\"lazy\" decoding=\"async\" class=\"wp-image-27 size-full\" title=\"Jos\u00e9 Lu\u00eds Cabouli. Foto: Elisenda Pons.\" src=\"https:\/\/animaweb.cat\/files\/2018\/01\/Jose_Luis_Cabouli_-_Foto_1_400x358px.png\" alt=\"Jos\u00e9 Luis Cabouli. Foto: Elisenda Pons.\" width=\"400\" height=\"358\" srcset=\"https:\/\/animaweb.blog.pangea.org\/files\/2018\/01\/Jose_Luis_Cabouli_-_Foto_1_400x358px.png 400w, https:\/\/animaweb.blog.pangea.org\/files\/2018\/01\/Jose_Luis_Cabouli_-_Foto_1_400x358px-300x269.png 300w\" sizes=\"auto, (max-width: 400px) 85vw, 400px\" \/><figcaption id=\"caption-attachment-27\" class=\"wp-caption-text\">Jos\u00e9 Luis Cabouli. Foto: Elisenda Pons.<\/figcaption><\/figure>\n<p lang=\"pt-PT\" style=\"text-align: center\" align=\"justify\"><span style=\"font-family: Times New Roman, serif\"><span style=\"font-size: large\"><b>Jos\u00e9 Lu\u00eds Cabouli. Foto: Elisenda Pons.<\/b><\/span><\/span><\/p>\n<p lang=\"pt-PT\" align=\"justify\"><span style=\"font-family: Times New Roman, serif\"><span style=\"font-size: large\">Quarta-feira, 8-10-2008, as 0 horas.<\/span><\/span><\/p>\n<p align=\"justify\">\u2013<span style=\"font-family: Times New Roman, serif\"><span style=\"font-size: large\"><span lang=\"pt-PT\"><b>Voc\u00ea deixou a medicina. Porque?\u2013<\/b><\/span><\/span><\/span><\/p>\n<p align=\"justify\">\u2013<span style=\"font-family: Times New Roman, serif\"><span style=\"font-size: large\"><span lang=\"pt-PT\">Foi o destino. Eu era cirurgi\u00e3o pl\u00e1stico e em 1988 estava de f\u00e9rias. Uma noite, estando em uma praia praticando medita\u00e7\u00e3o, minha vida mudou. Sent\u00ed em meu interior claramente a certeza de que tinha que deixar a cirurgia e me dedicar \u00e0 cirurgia da alma.\u2013<\/span><\/span><\/span><\/p>\n<p align=\"justify\">\u2013<span style=\"font-family: Times New Roman, serif\"><span style=\"font-size: large\"><span lang=\"pt-PT\"><b>Inicialmente n\u00e3o pensava dedicar-se \u00e0 isso.\u2013<\/b><\/span><\/span><\/span><\/p>\n<p align=\"justify\">\u2013<span style=\"font-family: Times New Roman, serif\"><span style=\"font-size: large\"><span lang=\"pt-PT\">Mas aprend\u00ed, que quando algu\u00e9m n\u00e3o faz o que tem que fazer, a vida te obriga a faz\u00ea-lo.\u2013<\/span><\/span><\/span><\/p>\n<p align=\"justify\">\u2013<span style=\"font-family: Times New Roman, serif\"><span style=\"font-size: large\"><span lang=\"pt-PT\"><b>O que \u00e9 a Terapia das Vidas Passadas?\u2013<\/b><\/span><\/span><\/span><\/p>\n<p align=\"justify\">\u2013<span style=\"font-family: Times New Roman, serif\"><span style=\"font-size: large\"><span lang=\"pt-PT\">Consiste em trazer \u00e0 consci\u00eancia f\u00edsica epis\u00f3dios e eventos traum\u00e1ticos de vidas passadas, que est\u00e3o reprimidos no inconsciente, e que por isso provocam desajustes no dia a dia.\u2013<\/span><\/span><\/span><\/p>\n<p align=\"justify\">\u2013<span style=\"font-family: Times New Roman, serif\"><span style=\"font-size: large\"><span lang=\"pt-PT\"><b>S\u00e3o experi\u00eancias que hemos vivido?\u2013<\/b><\/span><\/span><\/span><\/p>\n<p align=\"justify\">\u2013<span style=\"font-family: Times New Roman, serif\"><span style=\"font-size: large\"><span lang=\"pt-PT\">Sim! S\u00e3o experi\u00eancias que hemos vivido, por\u00e9m em outras vidas. Existem rela\u00e7\u00f5es diretas entre traumas de vidas passadas e o conflito emocional atual de uma pessoa.\u2013<\/span><\/span><\/span><\/p>\n<p align=\"justify\">\u2013<span style=\"font-family: Times New Roman, serif\"><span style=\"font-size: large\"><span lang=\"pt-PT\"><b>E como se sabe que pertencem \u00e0 una vida passada e n\u00e3o ao inconsciente coletivo?\u2013<\/b><\/span><\/span><\/span><\/p>\n<p align=\"justify\">\u2013<span style=\"font-family: Times New Roman, serif\"><span style=\"font-size: large\"><span lang=\"pt-PT\">Em primeiro lugar, n\u00e3o sabemos exatamente o que \u00e9 o inconsciente coletivo. E, se fosse t\u00e3o f\u00e1cil obter informa\u00e7\u00e3o do inconsciente coletivo, ent\u00e3o far\u00edamos os exames conectando-nos com o inconsciente colectivo.\u2013<\/span><\/span><\/span><\/p>\n<p align=\"justify\">\u2013<span style=\"font-family: Times New Roman, serif\"><span style=\"font-size: large\"><span lang=\"pt-PT\"><b>Os pacientes que n\u00e3o creem em vidas passadas, se curam?\u2013<\/b><\/span><\/span><\/span><\/p>\n<p align=\"justify\">\u2013<span style=\"font-family: Times New Roman, serif\"><span style=\"font-size: large\"><span lang=\"pt-PT\">Desde o ponto de vista terap\u00e9utico, n\u00e3o importa se as vidas passadas existem ou n\u00e3o existem. Todos temos experi\u00eancias no subconsciente que n\u00e3o pertencem ao marco dessa vida. Ernesto S\u00e1bato definiu o inconsciente como a realidade mais verdadeira que existe. Tudo o que temos no insconsciente se manifestar\u00e1 na vida cotidiana.\u2013<\/span><\/span><\/span><\/p>\n<p align=\"justify\">\u2013<span style=\"font-family: Times New Roman, serif\"><span style=\"font-size: large\"><span lang=\"pt-PT\"><b>Voc\u00ea acredita na reencarna\u00e7\u00e3o.\u2013<\/b><\/span><\/span><\/span><\/p>\n<p align=\"justify\">\u2013<span style=\"font-family: Times New Roman, serif\"><span style=\"font-size: large\"><span lang=\"pt-PT\">Acreditava nela, at\u00e9 que comecei a trabalhar com as vidas passadas. Quando comecei a experimentar em mim mesmo epis\u00f3dios de vidas anteriores, deixei de acreditar na reencarna\u00e7\u00e3o para assumi-la como uma realidade, como uma experi\u00eancia.\u2013<\/span><\/span><\/span><\/p>\n<p align=\"justify\">\u2013<span style=\"font-family: Times New Roman, serif\"><span style=\"font-size: large\"><span lang=\"pt-PT\"><b>Quantas vidas passadas teve voce?\u2013<\/b><\/span><\/span><\/span><\/p>\n<p align=\"justify\">\u2013<span style=\"font-family: Times New Roman, serif\"><span style=\"font-size: large\"><span lang=\"pt-PT\">\u00c9 imposs\u00edvel saber. No transcurso de um trabalho terap\u00eautico p\u00f4de-se trabalhar 12 ou 20 vidas. Buda teve 500 vidas negativas e 500 vidas positivas antes de alcan\u00e7ar a ilumina\u00e7\u00e3o. A \u00fanica coisa que aparece durante um trabalho \u00e9 o que \u00e9 realmente transcendente para a alma.\u2013<\/span><\/span><\/span><\/p>\n<p align=\"justify\">\u2013<span style=\"font-family: Times New Roman, serif\"><span style=\"font-size: large\"><span lang=\"pt-PT\"><b>Quantas vidas tem a alma?\u2013<\/b><\/span><\/span><\/span><\/p>\n<p align=\"justify\">\u2013<span style=\"font-family: Times New Roman, serif\"><span style=\"font-size: large\"><span lang=\"pt-PT\">Uma \u00fanica vida. Os corpos s\u00e3o instrumentos e veh\u00edculos para que se realizem as experi\u00eancias que a alma necesita para evolucionar. A alma \u00e9 uma entidade que mant\u00e9m a sua individualidade ou sua ess\u00eancia permanentemente. Voc\u00ea foi voc\u00ea e ser\u00e1 sempre o mesmo.\u2013<\/span><\/span><\/span><\/p>\n<p align=\"justify\">\u2013<span style=\"font-family: Times New Roman, serif\"><span style=\"font-size: large\"><span lang=\"pt-PT\"><b>Mesmo se eu morrer.\u2013<\/b><\/span><\/span><\/span><\/p>\n<p align=\"justify\">\u2013<span style=\"font-family: Times New Roman, serif\"><span style=\"font-size: large\"><span lang=\"pt-PT\">\u00c9 o seu corpo que morre, n\u00e3o a sua alma. Voc\u00ea precisa de um veh\u00edculo neste mundo, que \u00e9 o corpo. Mas o corpo n\u00e3o aguenta para sempre e a alma precisar\u00e1 de outros corpos para cumprir com sua miss\u00e3o.\u2013<\/span><\/span><\/span><\/p>\n<p align=\"justify\">\u2013<span style=\"font-family: Times New Roman, serif\"><span style=\"font-size: large\"><span lang=\"pt-PT\"><b>A alma tem uma miss\u00e3o?\u2013<\/b><\/span><\/span><\/span><\/p>\n<p align=\"justify\">\u2013<span style=\"font-family: Times New Roman, serif\"><span style=\"font-size: large\"><span lang=\"pt-PT\">Sim, ela tem um trajeto. A alma \u00e9 o chofer e o corpo \u00e9 o veh\u00edculo. E utilizamos este veh\u00edculo para concluir as experi\u00eancias que necessitamos para crescer, para evolucionar, quem sabe at\u00e9 onde.\u2013<\/span><\/span><\/span><\/p>\n<p align=\"justify\">\u2013<span style=\"font-family: Times New Roman, serif\"><span style=\"font-size: large\"><span lang=\"pt-PT\"><b>Seguindo os des\u00edgnios de algo superior?\u2013<\/b><\/span><\/span><\/span><\/p>\n<p align=\"justify\">\u2013<span style=\"font-family: Times New Roman, serif\"><span style=\"font-size: large\"><span lang=\"pt-PT\">Eu acredito que \u00e9 um trabalho em equipe. H\u00e1 um arquiteto que dirige o plano do Universo e, dentro desse plano, cada alma tem uma fun\u00e7\u00e3o a cumprir. Estamos aqu\u00ed para darnos conta de que somos um: pertencemos a um todo. Mas a ilus\u00e3o de estar em um corpo faz com que acreditemos que estamos separados e que somos entes individuais. Mas na realidade, quando transcendemos isso, vemos que formamos parte de um \u00fanico ser.\u2013<\/span><\/span><\/span><\/p>\n<p align=\"justify\">\u2013<span style=\"font-family: Times New Roman, serif\"><span style=\"font-size: large\"><span lang=\"pt-PT\"><b>Como posso conectar com a lembran\u00e7a de uma vida anterior?\u2013<\/b><\/span><\/span><\/span><\/p>\n<p align=\"justify\">\u2013<span style=\"font-family: Times New Roman, serif\"><span style=\"font-size: large\"><span lang=\"pt-PT\">Conectar com as vidas passadas \u00e9 bastante f\u00e1cil. Em primeiro lugar, pode ocorrer espontaneamente ou pode ser provocado. Espontaneamente costuma acontecer praticando a medita\u00e7\u00e3o, em sonhos, quando lemos um livro, vemos um filme ou visitamos um lugar em concreto, ent\u00e3o recebemos um conhecimento instant\u00e2neo. Com frequ\u00eancia as crian\u00e7as de 2 \u00e0 6 anos tem lembran\u00e7as espont\u00e2neas de suas vidas anteriores, porque ainda n\u00e3o atuaram os mecanismos de censura da intelectualidade. Por\u00e9m, muitos pais acham que seja uma mera fantasia.\u2013<\/span><\/span><\/span><\/p>\n<p align=\"justify\">\u2013<span style=\"font-family: Times New Roman, serif\"><span style=\"font-size: large\"><span lang=\"pt-PT\"><b>Voc\u00ea \u00e9 m\u00e9dico, tem forma\u00e7\u00e3o cient\u00edfica. O que voc\u00ea dir\u00eda aos seus colegas, que pensam que voc\u00ea enlouqueceu?\u2013<\/b><\/span><\/span><\/span><\/p>\n<p align=\"justify\">\u2013<span style=\"font-family: Times New Roman, serif\"><span style=\"font-size: large\"><span lang=\"pt-PT\">Simplesmente que sigam os pilares do m\u00e9todo cient\u00edfico: a observa\u00e7\u00e3o, a experimenta\u00e7\u00e3o e a comprova\u00e7\u00e3o. Observar o fenomeno, experimentar com ele e comprov\u00e1-lo. E manter a mente aberta, sem prejuzgar ningu\u00e9m. Se eu manter a mente aberta, diante de mim pode suceder qualquer coisa, mas se eu me fechar, o inconsciente da pessoa que tenho enfrente, tamb\u00e9m se fecha.\u2013<\/span><\/span><\/span><\/p>\n<p align=\"justify\"><span style=\"font-family: Times New Roman, serif\"><span style=\"font-size: large\"><span lang=\"pt-PT\"><b>Outra vida em Girona<\/b><\/span><\/span><\/span><span style=\"font-family: Times New Roman, serif\"><span style=\"font-size: large\"><span lang=\"pt-PT\">. O doutor Jos\u00e9 Lu\u00eds Cabouli (Buenos Aires, 1950) exerceu como cirurgi\u00e3o pl\u00e1stico na capital argentina, at\u00e9 que um dia decidiu deixar a profiss\u00e3o de m\u00e9dico e dedicar-se \u00e0 denominada <\/span><\/span><\/span><span style=\"font-family: Times New Roman, serif\"><span style=\"font-size: large\"><span lang=\"pt-PT\"><i>Terapia das Vidas Passadas (TVP)<\/i><\/span><\/span><\/span><span style=\"font-family: Times New Roman, serif\"><span style=\"font-size: large\"><span lang=\"pt-PT\">. Desde 1992, dirige o <\/span><\/span><\/span><span style=\"font-family: Times New Roman, serif\"><span style=\"font-size: large\"><span lang=\"pt-PT\"><i>Centro de Estudos TVP<\/i><\/span><\/span><\/span><span style=\"font-family: Times New Roman, serif\"><span style=\"font-size: large\"><span lang=\"pt-PT\"> e nesses dias est\u00e1 dando um semin\u00e1rio em Catalunha convidado pela livraria \u00c9psilon. Ele est\u00e1 convencido de que, em outras vidas habitou nas comarcas de Girona. Nessa zona, afirma, sentir-se em casa!<\/span><\/span><\/span><\/p>\n<p lang=\"pt-PT\" align=\"justify\"><span style=\"font-family: Times New Roman, serif\"><span style=\"font-size: large\">Enlace da entrevista original em castelhano:<\/span><\/span><\/p>\n<p align=\"justify\"><span style=\"color: #000080\"><span lang=\"zxx\"><u><a href=\"http:\/\/www.elperiodico.com\/es\/opinion\/20081008\/jose-luis-cabouli-el-alma-es-el-chofer-el-cuerpo-el-vehiculo-24269\"><span style=\"font-family: Times New Roman, serif\"><span style=\"font-size: large\"><span lang=\"pt-PT\">http:\/\/www.elperiodico.com\/es\/opinion\/20081008\/jose-luis-cabouli-el-alma-es-el-chofer-el-cuerpo-el-vehiculo-24269<\/span><\/span><\/span><\/a><\/u><\/span><\/span><\/p>\n<p lang=\"pt-PT\" align=\"justify\"><span style=\"font-family: Times New Roman, serif\"><span style=\"font-size: large\"><b>Tradu\u00e7\u00e3o: Marisabel Tropea.<\/b><\/span><\/span><\/p>","protected":false},"excerpt":{"rendered":"<p>Jos\u00e9 Lu\u00eds Cabouli: \u00abA alma \u00e9 o chofer; o corpo, o veh\u00edculo\u00bb. El Peri\u00f3dico de Catalunya. Quarta-feira, 8 de outubro de 2008. Jos\u00e9 Luis Cabouli pratica a Terapia de Vidas &hellip; <a href=\"https:\/\/animaweb.blog.pangea.org\/pt\/jose-luis-cabouli-lanima-es-el-xofer-el-cos-el-vehicle\/\" class=\"more-link\">Continuar a ler<span class=\"screen-reader-text\"> &#8220;Jos\u00e9 Lu\u00eds Cabouli: \u00abA alma \u00e9 o chofer; o corpo, o veh\u00edculo\u00bb.&#8221;<\/span><\/a><\/p>\n","protected":false},"author":12345698,"featured_media":0,"parent":0,"menu_order":0,"comment_status":"closed","ping_status":"closed","template":"","meta":{"ngg_post_thumbnail":0,"footnotes":""},"class_list":["post-26","page","type-page","status-publish","hentry"],"_links":{"self":[{"href":"https:\/\/animaweb.blog.pangea.org\/pt\/wp-json\/wp\/v2\/pages\/26","targetHints":{"allow":["GET"]}}],"collection":[{"href":"https:\/\/animaweb.blog.pangea.org\/pt\/wp-json\/wp\/v2\/pages"}],"about":[{"href":"https:\/\/animaweb.blog.pangea.org\/pt\/wp-json\/wp\/v2\/types\/page"}],"author":[{"embeddable":true,"href":"https:\/\/animaweb.blog.pangea.org\/pt\/wp-json\/wp\/v2\/users\/12345698"}],"replies":[{"embeddable":true,"href":"https:\/\/animaweb.blog.pangea.org\/pt\/wp-json\/wp\/v2\/comments?post=26"}],"version-history":[{"count":12,"href":"https:\/\/animaweb.blog.pangea.org\/pt\/wp-json\/wp\/v2\/pages\/26\/revisions"}],"predecessor-version":[{"id":2366,"href":"https:\/\/animaweb.blog.pangea.org\/pt\/wp-json\/wp\/v2\/pages\/26\/revisions\/2366"}],"wp:attachment":[{"href":"https:\/\/animaweb.blog.pangea.org\/pt\/wp-json\/wp\/v2\/media?parent=26"}],"curies":[{"name":"wp","href":"https:\/\/api.w.org\/{rel}","templated":true}]}}