{"id":6,"date":"2018-01-17T13:11:14","date_gmt":"2018-01-17T11:11:14","guid":{"rendered":"http:\/\/animaweb.blog.pangea.org\/?page_id=6"},"modified":"2022-12-16T19:55:32","modified_gmt":"2022-12-16T17:55:32","slug":"brian-weiss-som-animes-i-anem-de-cos-en-cos","status":"publish","type":"page","link":"https:\/\/animaweb.blog.pangea.org\/oc\/brian-weiss-som-animes-i-anem-de-cos-en-cos\/","title":{"rendered":"Brian Weiss: \u00abS\u00e8m d&#8217;armas e anam de c\u00f2rs en c\u00f2rs\u00bb."},"content":{"rendered":"<p class=\"western\" lang=\"ca-ES\" align=\"center\"><span style=\"font-family: Times New Roman, serif\"><span style=\"font-size: x-large\"><b>Brian Weiss: \u00ab<\/b><b>S\u00e8m d&#8217;armas e anam de c\u00f2rs en c\u00f2rs\u00bb.<\/b><\/span><\/span><\/p>\n<p class=\"western\" lang=\"ca-ES\" align=\"justify\"><b><span style=\"font-family: Times New Roman, serif\"><span style=\"font-size: large\"><img loading=\"lazy\" decoding=\"async\" class=\"alignright wp-image-773 size-full\" title=\"El Peri\u00f3dico de Catalunya. Logo.\" src=\"https:\/\/animaweb.cat\/files\/2020\/01\/El_Periodico_de_Catalunya_Logotip_72ppp_200x39px.png\" alt=\"El Peri\u00f3dico de Catalunya. Logo.\" width=\"200\" height=\"39\" \/>El Peri\u00f3dico de Catalunya. Dim\u00e8cres, 21 de geni\u00e8r del 2009. Opinion. Pagina 80.<\/span><\/span><\/b><\/p>\n<p class=\"western\" lang=\"ca-ES\"><span style=\"font-family: Times New Roman, serif\"><span style=\"font-size: large\"><i>L&#8217;entrevista amb Brian Weiss, Psiquiatra especialista en terapia regressiva.<\/i><\/span><\/span><\/p>\n<p class=\"western\" lang=\"ca-ES\" align=\"justify\"><span style=\"font-family: Times New Roman, serif\"><span style=\"font-size: large\"><i>Als Estats Units a recebut gaireben 4.000 pacients qu&#8217;an de remembres de las si\u00e1s vidas passadas.<\/i><\/span><\/span><\/p>\n<p class=\"western\" lang=\"ca-ES\" align=\"justify\"><span style=\"font-family: Times New Roman, serif\"><span style=\"font-size: large\"><b>Brian Weiss: \u00abS\u00e8m d&#8217;armas e anam de c\u00f2rs en c\u00f2rs\u00bb.<br \/>\n<\/b><\/span><\/span><span style=\"font-family: Times New Roman, serif\"><span style=\"font-size: large\">Gaspar Hern\u00e0ndez.<br \/>\n<\/span><\/span><b><span style=\"font-family: Times New Roman, serif\"><span style=\"font-size: large\">Traduccion: Federico Merino<\/span><\/span><span style=\"font-family: Times New Roman, serif\"><span style=\"font-size: large\">.<\/span><\/span><\/b><\/p>\n<figure id=\"attachment_163\" aria-describedby=\"caption-attachment-163\" style=\"width: 300px\" class=\"wp-caption aligncenter\"><img loading=\"lazy\" decoding=\"async\" class=\"wp-image-163 size-medium\" title=\"Brian Weiss. Fot\u00f2: Joan Cortadellas.\" src=\"https:\/\/animaweb.cat\/files\/2018\/02\/Brian_Weiss_a_Barcelona_400x360px-300x270.png\" alt=\"Brian Weiss. Fot\u00f2: Joan Cortadellas.\" width=\"300\" height=\"270\" srcset=\"https:\/\/animaweb.blog.pangea.org\/files\/2018\/02\/Brian_Weiss_a_Barcelona_400x360px-300x270.png 300w, https:\/\/animaweb.blog.pangea.org\/files\/2018\/02\/Brian_Weiss_a_Barcelona_400x360px.png 400w\" sizes=\"auto, (max-width: 300px) 85vw, 300px\" \/><figcaption id=\"caption-attachment-163\" class=\"wp-caption-text\">Brian Weiss. Fot\u00f2: Joan Cortadellas.<\/figcaption><\/figure>\n<p class=\"western\" lang=\"ca-ES\" style=\"text-align: center\" align=\"justify\"><b><span style=\"font-family: Times New Roman, serif\"><span style=\"font-size: large\">Brian Weiss. Fot\u00f2: Joan Cortadellas.<\/span><\/span><\/b><\/p>\n<p class=\"western\" lang=\"ca-ES\" align=\"justify\">\u2013 <b><span style=\"font-family: Times New Roman, serif\"><span style=\"font-size: large\">F\u00f2r\u00e7a monde de la comunitat scientifica refusa las si\u00e1s teorias.\u2013<\/span><\/span><\/b><\/p>\n<p class=\"western\" lang=\"ca-ES\" align=\"justify\"><span style=\"font-family: Times New Roman, serif\"><span style=\"font-size: large\">\u00d2c, e aiceste ref\u00fas supausa un r\u00e8pte per ieu dempu\u00e8i las annadas 80. Los scientifics v\u00f2lon d&#8217;estudis e ieu trabalhi amb un cas apr\u00e8p l&#8217;autre.\u2013<\/span><\/span><\/p>\n<p class=\"western\" lang=\"ca-ES\" align=\"justify\">\u2013<b><span style=\"font-family: Times New Roman, serif\"><span style=\"font-size: large\">Coss\u00ed se p\u00f2t demostrar scientificament la reencarnacion?\u2013<\/span><\/span><\/b><\/p>\n<p class=\"western\" lang=\"ca-ES\" align=\"justify\">\u2013<span style=\"font-family: Times New Roman, serif\"><span style=\"font-size: large\">En primi\u00e8r lu\u00f2c, en mantenent un esperit dob\u00e8rt. S&#8217;ag\u00eds d&#8217;analisar un cas apr\u00e8p l&#8217;autre e desvolopar una ipot\u00e8si. I a f\u00f2r\u00e7a scientifics qu&#8217;an desbrembat que la basa de la sci\u00e9ncia es aver un esperit dob\u00e8rt e pas anar pel mond amb d\u2019id\u00e8as preconcebudas. Ieu recomandi als mieus coll\u00e8gas m\u00e8tges d\u2019assajar la terapia regressiva, e o veir\u00e0n ben.\u2013<\/span><\/span><\/p>\n<p class=\"western\" lang=\"ca-ES\" align=\"justify\">\u2013 <b><span style=\"font-family: Times New Roman, serif\"><span style=\"font-size: large\">Que es la \u00abvida passada\u00bb per vos?\u2013<\/span><\/span><\/b><\/p>\n<p class=\"western\" lang=\"ca-ES\" align=\"justify\">\u2013<span style=\"font-family: Times New Roman, serif\"><span style=\"font-size: large\">Un remembre qu&#8217;as de tu, ont te reconeisses amb un autre c\u00f2rs, en un autre temps, mas en sabent segur que s\u00e8s tu. Aquel remembre lo p\u00f2des aver de mantunas mani\u00e8ras, quitament en s\u00f2mi, e p\u00f2t arribar a explicar una paur del present.\u2013<\/span><\/span><\/p>\n<p class=\"western\" lang=\"ca-ES\" align=\"justify\">\u2013<b><span style=\"font-family: Times New Roman, serif\"><span style=\"font-size: large\">Per exemple?\u2013<\/span><\/span><\/b><\/p>\n<p class=\"western\" lang=\"ca-ES\" align=\"justify\">\u2013<span style=\"font-family: Times New Roman, serif\"><span style=\"font-size: large\">S&#8217;en una vida passada te s\u00e8s estofat, benl\u00e8u qu&#8217;ajas ara una paur terribla de l&#8217;aiga.\u2013<\/span><\/span><\/p>\n<p class=\"western\" lang=\"ca-ES\" align=\"justify\">\u2013<b><span style=\"font-family: Times New Roman, serif\"><span style=\"font-size: large\">E s&#8217;ai paur de las nautors?\u2013<\/span><\/span><\/b><\/p>\n<p class=\"western\" lang=\"ca-ES\" align=\"justify\">\u2013<span style=\"font-family: Times New Roman, serif\"><span style=\"font-size: large\">Benl\u00e8u qu&#8217;en una vida passada t&#8217;ajan empench de naut d&#8217;un cast\u00e8l. Trabalhi amb pacients que venon amb simpt\u00f2mas semblables.\u2013<\/span><\/span><\/p>\n<p class=\"western\" lang=\"ca-ES\" align=\"justify\">\u2013<b><span style=\"font-family: Times New Roman, serif\"><span style=\"font-size: large\">E s&#8217;ai pas traumas, ni de grandas paurs?\u2013<\/span><\/span><\/b><\/p>\n<p class=\"western\" lang=\"ca-ES\" align=\"justify\">\u2013<span style=\"font-family: Times New Roman, serif\"><span style=\"font-size: large\">La mi\u00e1 femna trabalha amb gents coma vos, gents qu&#8217;a de mem\u00f2rias de vidas passadas que son pas traumaticas, e que senton solament curiositat. Dins las si\u00e1s autras vidas, aquelas personas an pas patit cap de trauma. Ela se fa refer\u00e9ncia a eles coma \u00ablos toristas de las vidas passadas\u00bb.\u2013<\/span><\/span><\/p>\n<p class=\"western\" lang=\"ca-ES\" align=\"justify\">\u2013<b><span style=\"font-family: Times New Roman, serif\"><span style=\"font-size: large\">Solament de toristas? Fagu\u00e8ron pas res de profi\u00e8ch?\u2013<\/span><\/span><\/b><\/p>\n<p class=\"western\" lang=\"ca-ES\" align=\"justify\">\u2013<span style=\"font-family: Times New Roman, serif\"><span style=\"font-size: large\">Quitament pel torista, aver un remembre de la vida passada es f\u00f2r\u00e7a important. Significa que s\u00e8m pas solament un c\u00f2rs fisic, mas una arma que va de c\u00f2rs en c\u00f2rs.\u2013<\/span><\/span><\/p>\n<p class=\"western\" lang=\"ca-ES\" align=\"justify\">\u2013<b><span style=\"font-family: Times New Roman, serif\"><span style=\"font-size: large\">E la m\u00f2rt?\u2013<\/span><\/span><\/b><\/p>\n<p class=\"western\" lang=\"ca-ES\" align=\"justify\">\u2013<span style=\"font-family: Times New Roman, serif\"><span style=\"font-size: large\">Lo fach que siam d&#8217;armas implica que nos cal pas aver tanta paur a la m\u00f2rt. E nos caldri\u00e1 tanpauc patir de peri\u00f2des de d\u00f2l talament longs coma los que gardam en la n\u00f2stra societat, perque en realitat s\u00e8m immortals e nos retrobarem totjorn amb los n\u00f2stres \u00e8ssers aimats.\u2013<\/span><\/span><\/p>\n<p class=\"western\" lang=\"ca-ES\" align=\"justify\">\u2013<span style=\"font-family: Times New Roman, serif\"><span style=\"font-size: large\"><b>Plan polit. Sembla un conte.\u2013<\/b><\/span><\/span><\/p>\n<p class=\"western\" lang=\"ca-ES\" align=\"justify\">\u2013<span style=\"font-family: Times New Roman, serif\"><span style=\"font-size: large\">\u00d2c qu&#8217;es polit. Malgrat tot, qu&#8217;una id\u00e8a si\u00e1 reconfortanta significa pas que si\u00e1 c\u00e8rta. De tot biais, aquela li asseguri qu&#8217;o es. La m\u00e0ger part de las tradicions religiosas creson en la reencarnacion. Quitament lo cristianisme acceptava la reencarnacion fins a f\u00f2r\u00e7a apr\u00e8p Crist. A la B\u00edblia i avi\u00e1 tanben, un c\u00f2p \u00e8ra, f\u00f2r\u00e7a refer\u00e9ncias a la reencarnacion.\u2013<\/span><\/span><\/p>\n<p class=\"western\" lang=\"ca-ES\" align=\"justify\">\u2013<span style=\"font-family: Times New Roman, serif\"><span style=\"font-size: large\"><b>Dis\u00e8tz que s\u00e8m una arma que se reencarna de c\u00f2rs en c\u00f2rs. Mas la populacion mondiala aumenta. Mancan alavetz d&#8217;armas, vertat?\u2013<\/b><\/span><\/span><\/p>\n<p class=\"western\" lang=\"ca-ES\" align=\"justify\">\u2013<span style=\"font-family: Times New Roman, serif\"><span style=\"font-size: large\">Perqu\u00e9 nos cal \u00e8sser segurs que la T\u00e8rra es l&#8217;unic lu\u00f2c ont i a d&#8217;armas?\u2013<\/span><\/span><\/p>\n<p class=\"western\" lang=\"ca-ES\" align=\"justify\">\u2013<span style=\"font-family: Times New Roman, serif\"><span style=\"font-size: large\"><b>Ah, doncas i avi\u00e1 pas pensat&#8230;\u2013<\/b><\/span><\/span><\/p>\n<p class=\"western\" lang=\"ca-ES\" align=\"justify\">\u2013<span style=\"font-family: Times New Roman, serif\"><span style=\"font-size: large\">Las armas existisson en f\u00f2r\u00e7a dimensions e en f\u00f2r\u00e7a univ\u00e8rses. La T\u00e8rra es sonque una pichona planeta entre milions d&#8217;univ\u00e8rses.\u2013<\/span><\/span><\/p>\n<p class=\"western\" lang=\"ca-ES\" align=\"justify\">\u2013<span style=\"font-family: Times New Roman, serif\"><span style=\"font-size: large\"><b>E perqu\u00e9 venon las armas aic\u00ed?\u2013<\/b><\/span><\/span><\/p>\n<p class=\"western\" lang=\"ca-ES\" align=\"justify\">\u2013<span style=\"font-family: Times New Roman, serif\"><span style=\"font-size: large\">Se senton atrachas perque nosautras viv\u00e8m en c\u00f2rses fisics, e sent\u00e8m e viv\u00e8m d&#8217;una c\u00e8rta mani\u00e8ra a trav\u00e8rs dels n\u00f2stres senses. Mas la quantitat d&#8217;armas que i a dins la T\u00e8rra es minuscula comparada amb la que i a per tot l&#8217;univ\u00e8rs. E i a tanben d&#8217;armas que se dividisson e an mai d&#8217;una experi\u00e9ncia a l&#8217;enc\u00f2p.\u2013<\/span><\/span><\/p>\n<p class=\"western\" lang=\"ca-ES\" align=\"justify\">\u2013<span style=\"font-family: Times New Roman, serif\"><span style=\"font-size: large\"><b>Fas\u00e8tz terapia regressiva mejan\u00e7ant la ipn\u00f2si, mas i a d&#8217;autres camins.\u2013<\/b><\/span><\/span><\/p>\n<p class=\"western\" lang=\"ca-ES\" align=\"justify\">\u2013<span style=\"font-family: Times New Roman, serif\"><span style=\"font-size: large\">I a f\u00f2r\u00e7a d\u2019autres camins, coma per exemple la meditacion, lo i\u00f2ga o los s\u00f2mis.\u2013<\/span><\/span><\/p>\n<p class=\"western\" lang=\"ca-ES\" align=\"justify\">\u2013<span style=\"font-family: Times New Roman, serif\"><span style=\"font-size: large\"><b>E los <\/b><i><b>d\u00e9j\u00e0 vu<\/b><\/i><b>&#8230;\u2013<\/b><\/span><\/span><\/p>\n<p class=\"western\" lang=\"ca-ES\" align=\"justify\">\u2013<span style=\"font-family: Times New Roman, serif\"><span style=\"font-size: large\">\u00d2c, i a de personas qu\u2019experimentan un <i>d\u00e9j\u00e0 vu<\/i> e en realitat an un remembre d&#8217;una vida passada. Van en una vila pel primi\u00e8r c\u00f2p e se mainan que sabon trobar las carri\u00e8ras: i fogu\u00e8ron pendent una vida passada. F\u00f2r\u00e7a de gents an agut una experi\u00e9ncia de vida passada, o extracorporal, e es pas un. baug. Mas, coma a pas res legit, sap pas qu\u00e9 li arriba. Informar a trav\u00e8rs de lo sieu jornal p\u00f2t ajudar f\u00f2r\u00e7a gents a se sentir pas estranha.\u2013<\/span><\/span><\/p>\n<p class=\"western\" lang=\"ca-ES\" align=\"justify\">\u2013<span style=\"font-family: Times New Roman, serif\"><span style=\"font-size: large\"><b>Qu\u00e9 li dison los sieus m\u00e8stres de l&#8217;en del\u00e0?\u2013<\/b><\/span><\/span><\/p>\n<p class=\"western\" lang=\"ca-ES\" align=\"justify\">\u2013<span style=\"font-family: Times New Roman, serif\"><span style=\"font-size: large\">Lo meteis de totjorn, perque es una saben\u00e7a anciana. Ai doas fonts per recebre informacion de los mieus m\u00e8stres: a trav\u00e8rs de los mieus pacients ipnotizats e a trav\u00e8rs de la mi\u00e1 meditacion. Los messatges son ligats al desir de mai patz e de mens viol\u00e9ncia dins aicesta planeta. Nos cal remembrar que s\u00e8m d&#8217;\u00e8ssers espiritualas, qu&#8217;aquela es la n\u00f2stra vertadi\u00e8ra natura. S\u00e8m aic\u00ed per aprene sus l&#8217;amor e la compassion. S\u00e8m totes interconnectats. Quand nafram a qualqu\u2019un, nos nafram a nosautres meteisses.\u2013<\/span><\/span><\/p>\n<p class=\"western\" lang=\"ca-ES\" align=\"justify\"><span style=\"font-family: Times New Roman, serif\"><span style=\"font-size: large\"><b>Sustot, meditar.<\/b><\/span><\/span><\/p>\n<p class=\"western\" lang=\"ca-ES\" align=\"justify\"><span style=\"font-family: Times New Roman, serif\"><span style=\"font-size: large\">Lo doctor Brian Weiss (N\u00f2va Y\u00f2rk, 1944) dirigigu\u00e8t lo Departament de Psiquiatria de la Facultat de Medecina de Yale e es ara president d\u2019onor del Departament de Psiquiatria del Mount Sinai de Miami. Per la si\u00e1 consulta son passats 4.000 pacients que creson s&#8217;aver reencarnat. Es ara a Barcelona convidat pel F\u00f2rum de l\u2019Excell\u00e9ncia. Es un \u00f2me d\u2019apar\u00e9ncia fragila, somiaire, amb <i>jet lag<\/i>. La primi\u00e8ra causa qu&#8217;a fach a l\u2019ostalari\u00e1 es meditar. Per el, meditar es \u00abcoma dormir o coma manjar\u00bb.<\/span><\/span><\/p>","protected":false},"excerpt":{"rendered":"<p>Brian Weiss: \u00abS\u00e8m d&#8217;armas e anam de c\u00f2rs en c\u00f2rs\u00bb. El Peri\u00f3dico de Catalunya. Dim\u00e8cres, 21 de geni\u00e8r del 2009. Opinion. Pagina 80. L&#8217;entrevista amb Brian Weiss, Psiquiatra especialista en &hellip; <a href=\"https:\/\/animaweb.blog.pangea.org\/oc\/brian-weiss-som-animes-i-anem-de-cos-en-cos\/\" class=\"more-link\">Continue reading<span class=\"screen-reader-text\"> &#8220;Brian Weiss: \u00abS\u00e8m d&#8217;armas e anam de c\u00f2rs en c\u00f2rs\u00bb.&#8221;<\/span><\/a><\/p>\n","protected":false},"author":12345698,"featured_media":0,"parent":0,"menu_order":0,"comment_status":"closed","ping_status":"closed","template":"","meta":{"ngg_post_thumbnail":0,"footnotes":""},"class_list":["post-6","page","type-page","status-publish","hentry"],"_links":{"self":[{"href":"https:\/\/animaweb.blog.pangea.org\/oc\/wp-json\/wp\/v2\/pages\/6","targetHints":{"allow":["GET"]}}],"collection":[{"href":"https:\/\/animaweb.blog.pangea.org\/oc\/wp-json\/wp\/v2\/pages"}],"about":[{"href":"https:\/\/animaweb.blog.pangea.org\/oc\/wp-json\/wp\/v2\/types\/page"}],"author":[{"embeddable":true,"href":"https:\/\/animaweb.blog.pangea.org\/oc\/wp-json\/wp\/v2\/users\/12345698"}],"replies":[{"embeddable":true,"href":"https:\/\/animaweb.blog.pangea.org\/oc\/wp-json\/wp\/v2\/comments?post=6"}],"version-history":[{"count":27,"href":"https:\/\/animaweb.blog.pangea.org\/oc\/wp-json\/wp\/v2\/pages\/6\/revisions"}],"predecessor-version":[{"id":2236,"href":"https:\/\/animaweb.blog.pangea.org\/oc\/wp-json\/wp\/v2\/pages\/6\/revisions\/2236"}],"wp:attachment":[{"href":"https:\/\/animaweb.blog.pangea.org\/oc\/wp-json\/wp\/v2\/media?parent=6"}],"curies":[{"name":"wp","href":"https:\/\/api.w.org\/{rel}","templated":true}]}}