{"id":6,"date":"2018-01-17T13:11:14","date_gmt":"2018-01-17T11:11:14","guid":{"rendered":"http:\/\/animaweb.blog.pangea.org\/?page_id=6"},"modified":"2022-12-16T19:55:32","modified_gmt":"2022-12-16T17:55:32","slug":"brian-weiss-som-animes-i-anem-de-cos-en-cos","status":"publish","type":"page","link":"https:\/\/animaweb.blog.pangea.org\/it\/brian-weiss-som-animes-i-anem-de-cos-en-cos\/","title":{"rendered":"Brian Weiss: \u00abSiamo anime e passiamo da un corpo all\u2019altro\u00bb."},"content":{"rendered":"<p class=\"western\" lang=\"it-IT\" align=\"center\"><span style=\"font-family: Times New Roman, serif\"><span style=\"font-size: x-large\"><b>Brian Weiss: \u00abSiamo anime e passiamo da un corpo all\u2019altro\u00bb.<\/b><\/span><\/span><\/p>\n<p class=\"western\" lang=\"it-IT\" align=\"justify\"><span style=\"font-family: Times New Roman, serif\"><span style=\"font-size: large\"><b><img loading=\"lazy\" decoding=\"async\" class=\"alignright wp-image-773 size-full\" title=\"El Peri\u00f3dico de Catalunya. Logo.\" src=\"https:\/\/animaweb.cat\/files\/2020\/01\/El_Periodico_de_Catalunya_Logotip_72ppp_200x39px.png\" alt=\"El Peri\u00f3dico de Catalunya. Logo.\" width=\"200\" height=\"39\" \/>El Peri\u00f3dico de Catalunya. <\/b><\/span><\/span><span style=\"font-family: Times New Roman, serif\"><span style=\"font-size: large\"><span lang=\"it-IT\"><b>Mercoled\u00ec, 21 gennaio 2009. Opinione. Pagina 80.<\/b><\/span><\/span><\/span><\/p>\n<p class=\"western\" lang=\"it-IT\" align=\"justify\"><span style=\"font-family: Times New Roman, serif\"><span style=\"font-size: large\"><i>Un\u2019intervista con Brian Weiss, psichiatra specializzato nella terapia regressiva.<\/i><\/span><\/span><\/p>\n<p class=\"western\" lang=\"it-IT\" align=\"justify\"><span style=\"font-family: Times New Roman, serif\"><span style=\"font-size: large\"><i>Negli Stati Uniti ha assistito circa 4.000 pazienti che hanno ricordi delle loro vite passate.<\/i><\/span><\/span><\/p>\n<p class=\"western\" lang=\"it-IT\" align=\"justify\"><span style=\"font-family: Times New Roman, serif\"><span style=\"font-size: large\"><b>Brian Weiss: \u00abSiamo anime e passiamo da un corpo all\u2019altro\u00bb.<\/b><\/span><\/span><\/p>\n<p class=\"western\" lang=\"it-IT\" align=\"justify\"><span style=\"font-family: Times New Roman, serif\"><span style=\"font-size: large\">Gaspar Hern\u00e1ndez.<\/span><\/span><\/p>\n<figure id=\"attachment_163\" aria-describedby=\"caption-attachment-163\" style=\"width: 400px\" class=\"wp-caption aligncenter\"><img loading=\"lazy\" decoding=\"async\" class=\"wp-image-163 size-full\" title=\"Brian Weiss. Foto: Joan Cortadellas.\" src=\"https:\/\/animaweb.cat\/files\/2018\/02\/Brian_Weiss_a_Barcelona_400x360px.png\" alt=\"Brian Weiss. Foto: Joan Cortadellas.\" width=\"400\" height=\"360\" srcset=\"https:\/\/animaweb.blog.pangea.org\/files\/2018\/02\/Brian_Weiss_a_Barcelona_400x360px.png 400w, https:\/\/animaweb.blog.pangea.org\/files\/2018\/02\/Brian_Weiss_a_Barcelona_400x360px-300x270.png 300w\" sizes=\"auto, (max-width: 400px) 85vw, 400px\" \/><figcaption id=\"caption-attachment-163\" class=\"wp-caption-text\">Brian Weiss. Foto: Joan Cortadellas.<\/figcaption><\/figure>\n<p class=\"western\" lang=\"it-IT\" align=\"justify\"><span style=\"font-family: Times New Roman, serif\"><span style=\"font-size: large\"><b>Brian Weiss. Foto: Joan Cortadellas.<\/b><\/span><\/span><\/p>\n<p class=\"western\" lang=\"it-IT\" align=\"justify\">\u2013<span style=\"font-family: Times New Roman, serif\"><span style=\"font-size: large\"><span lang=\"it-IT\"><b>Molta gente del mondo scientifico respinge les sue teorie.\u2013<\/b><\/span><\/span><\/span><\/p>\n<p class=\"western\" lang=\"it-IT\" align=\"justify\">\u2013<span style=\"font-family: Times New Roman, serif\"><span style=\"font-size: large\"><span lang=\"it-IT\">Si, e questo rifiuto rappresenta una sfida per me dagli anni \u201980 del secolo scorso. Gli scienziati chiedono degli studi ed io lavoro ai diversi casi uno dietro l\u2019altro.\u2013<\/span><\/span><\/span><\/p>\n<p class=\"western\" lang=\"it-IT\" align=\"justify\">\u2013<span style=\"font-family: Times New Roman, serif\"><span style=\"font-size: large\"><span lang=\"it-IT\"><b>Come si puo dimostrare scientificamente la reincarnazione?\u2013<\/b><\/span><\/span><\/span><\/p>\n<p class=\"western\" lang=\"it-IT\" align=\"justify\">\u2013<span style=\"font-family: Times New Roman, serif\"><span style=\"font-size: large\"><span lang=\"it-IT\">Tanto per incominciare, \u00e8 necessario avere una mente aperta. Bisogna analizzare i diversi casi e sviluppare un\u2019ipotesi. Molti scienziati hanno dimenticato che la base della scienza risiede in una mente aperta, e non nell\u2019andare in giro per il mondo con idee preconcette. Io raccomando ai miei colleghi medici di provare la terapia regressiva, e poi vedranno.\u2013<\/span><\/span><\/span><\/p>\n<p class=\"western\" lang=\"it-IT\" align=\"justify\">\u2013<span style=\"font-family: Times New Roman, serif\"><span style=\"font-size: large\"><span lang=\"it-IT\"><b>Che cosa considera una \u00abvita passata\u00bb, lei?\u2013<\/b><\/span><\/span><\/span><\/p>\n<p class=\"western\" lang=\"it-IT\" align=\"justify\">\u2013<span style=\"font-family: Times New Roman, serif\"><span style=\"font-size: large\"><span lang=\"it-IT\">Un ricordo che abbiamo di noi, dove ci riconosciamo in un altro corpo, in un altro tempo, ma con la certezza che siamo noi. Questo ricordo puo presentarsi in molti modi, perfino nei sogni, e pu\u00f2 persino spiegare una paura del presente.\u2013<\/span><\/span><\/span><\/p>\n<p class=\"western\" lang=\"it-IT\" align=\"justify\">\u2013<span style=\"font-family: Times New Roman, serif\"><span style=\"font-size: large\"><span lang=\"it-IT\"><b>Mi dia un esempio.\u2013<\/b><\/span><\/span><\/span><\/p>\n<p class=\"western\" lang=\"it-IT\" align=\"justify\">\u2013<span style=\"font-family: Times New Roman, serif\"><span style=\"font-size: large\"><span lang=\"it-IT\">Se in una vita passata siamo morti affogati, pu\u00f2 darsi che ora ci sia una paura terribile dell\u2019acqua.\u2013<\/span><\/span><\/span><\/p>\n<p class=\"western\" lang=\"it-IT\" align=\"justify\">\u2013<span style=\"font-family: Times New Roman, serif\"><span style=\"font-size: large\"><span lang=\"it-IT\"><b>E se ho paura dei luoghi alti?\u2013<\/b><\/span><\/span><\/span><\/p>\n<p class=\"western\" lang=\"it-IT\" align=\"justify\">\u2013<span style=\"font-family: Times New Roman, serif\"><span style=\"font-size: large\"><span lang=\"it-IT\">Pu\u00f2 darsi che in una vita passata l\u2019abbiano spinto dall\u2019alto di un castello. Lavoro molto con pazienti che vengono con questo tipo di sintomi.\u2013<\/span><\/span><\/span><\/p>\n<p class=\"western\" lang=\"it-IT\" align=\"justify\">\u2013<span style=\"font-family: Times New Roman, serif\"><span style=\"font-size: large\"><span lang=\"it-IT\"><b>E se non ho traumi, n\u00e9 grandi paure?\u2013<\/b><\/span><\/span><\/span><\/p>\n<p class=\"western\" lang=\"it-IT\" align=\"justify\">\u2013<span style=\"font-family: Times New Roman, serif\"><span style=\"font-size: large\"><span lang=\"it-IT\">Mia moglie lavora con gente come lei, gente che ha ricordi non traumatici di vite passate, che ha soltanto della curiosit\u00e0. Nelle loro vite anteriori queste persone non hanno sofferto nessun trauma. Mia moglie li chiama \u00abi turisti delle vite passate\u00bb.\u2013<\/span><\/span><\/span><\/p>\n<p class=\"western\" lang=\"it-IT\" align=\"justify\">\u2013<span style=\"font-family: Times New Roman, serif\"><span style=\"font-size: large\"><span lang=\"it-IT\"><b>Soltanto turisti? Non hanno fatto nulla di utile?\u2013<\/b><\/span><\/span><\/span><\/p>\n<p class=\"western\" lang=\"it-IT\" align=\"justify\">\u2013<span style=\"font-family: Times New Roman, serif\"><span style=\"font-size: large\"><span lang=\"it-IT\">Persino per un <\/span><\/span><\/span><span style=\"font-family: Times New Roman, serif\"><span style=\"font-size: large\"><span lang=\"it-IT\"><i>turista<\/i><\/span><\/span><\/span><span style=\"font-family: Times New Roman, serif\"><span style=\"font-size: large\"><span lang=\"it-IT\"> l\u2019avere un ricordo della vita passata \u00e8 molto importante. Significa che non siamo soltanto un corpo fisico, ma un\u2019anima che va da un corpo all\u2019altro.\u2013<\/span><\/span><\/span><\/p>\n<p class=\"western\" lang=\"it-IT\" align=\"justify\">\u2013<span style=\"font-family: Times New Roman, serif\"><span style=\"font-size: large\"><span lang=\"it-IT\"><b>E lamorte?\u2013<\/b><\/span><\/span><\/span><\/p>\n<p class=\"western\" lang=\"it-IT\" align=\"justify\">\u2013<span style=\"font-family: Times New Roman, serif\"><span style=\"font-size: large\"><span lang=\"it-IT\">Il fatto che siamo anime comporta che non dobbiamo avere tanta paura della morte. E neppure dovremmo mantenere un lutto cos\u00ec lungo come si fa nella nostra societ\u00e0, perch\u00e9 in verit\u00e0 siamo immortali, e sempre finiremo col ritrovarci con i nostri cari.\u2013<\/span><\/span><\/span><\/p>\n<p class=\"western\" lang=\"it-IT\" align=\"justify\">\u2013<span style=\"font-family: Times New Roman, serif\"><span style=\"font-size: large\"><span lang=\"it-IT\"><b>Che bello! Sembra una favola.\u2013<\/b><\/span><\/span><\/span><\/p>\n<p class=\"western\" lang=\"it-IT\" align=\"justify\">\u2013<span style=\"font-family: Times New Roman, serif\"><span style=\"font-size: large\"><span lang=\"it-IT\">\u00c8 vero che \u00e8 bello. Per\u00f2, che un\u2019idea sia confortante non significa che sia vera. In ogni modo, le assicuro che questa si che lo \u00e8. La maggior parte delle tradizioni religiose credono nella reincarnazione. Persino il cristianesimo accett\u00f2 la reincarnazione fino a parecchio tempo dopo la morte del Cristo. Anticamente, nella Bibbia c\u2019erano molti riferimenti alla reincarnazione.\u2013<\/span><\/span><\/span><\/p>\n<p class=\"western\" lang=\"it-IT\" align=\"justify\">\u2013<span style=\"font-family: Times New Roman, serif\"><span style=\"font-size: large\"><span lang=\"it-IT\"><b>Lei dice che siamo un\u2019anima che si reincarna successivamente in diversi corpi. Ma la popolazione mondiale aumenta. Allora mancano delle anime, vero?\u2013<\/b><\/span><\/span><\/span><\/p>\n<p class=\"western\" lang=\"it-IT\" align=\"justify\">\u2013<span style=\"font-family: Times New Roman, serif\"><span style=\"font-size: large\"><span lang=\"it-IT\">Perch\u00e9 dobbiamo dare per scontato che la Terra \u00e8 l\u2019unico posto dove ci sono delle anime?\u2013<\/span><\/span><\/span><\/p>\n<p class=\"western\" lang=\"it-IT\" align=\"justify\">\u2013<span style=\"font-family: Times New Roman, serif\"><span style=\"font-size: large\"><span lang=\"it-IT\"><b>Ah, la verit\u00e0 \u00e8 che non ci avevo pensato&#8230;\u2013<\/b><\/span><\/span><\/span><\/p>\n<p class=\"western\" lang=\"it-IT\" align=\"justify\">\u2013<span style=\"font-family: Times New Roman, serif\"><span style=\"font-size: large\"><span lang=\"it-IT\">Le anime esistono in molte dimensioni e molti universi. La Terra \u00e8 soltanto un piccolo pianeta fra milioni di universi.\u2013<\/span><\/span><\/span><\/p>\n<p class=\"western\" lang=\"it-IT\" align=\"justify\">\u2013<span style=\"font-family: Times New Roman, serif\"><span style=\"font-size: large\"><span lang=\"it-IT\"><b>Allora, perch\u00e9 le anime vengono qua?\u2013<\/b><\/span><\/span><\/span><\/p>\n<p class=\"western\" lang=\"it-IT\" align=\"justify\">\u2013<span style=\"font-family: Times New Roman, serif\"><span style=\"font-size: large\"><span lang=\"it-IT\">Si sentono attratte qua perch\u00e9 noi viviamo in corpi fisici, e sentiamo e viviamo in un certo modo attraverso i nostri sensi. Ma la quantit\u00e0 di anime che si trovano sulla Terra \u00e8 minuscola a confronto di quelle che si trovano in tutto l\u2019universo. E ci sono poi delle anime che si dividono ed hanno pi\u00f9 di una experienza per volta.\u2013<\/span><\/span><\/span><\/p>\n<p class=\"western\" lang=\"it-IT\" align=\"justify\">\u2013<span style=\"font-family: Times New Roman, serif\"><span style=\"font-size: large\"><span lang=\"it-IT\"><b>Lei fa la terapia regressiva per mezzo dell\u2019ipnosi, ma ci sono altri modi.\u2013<\/b><\/span><\/span><\/span><\/p>\n<p class=\"western\" lang=\"it-IT\" align=\"justify\">\u2013<span style=\"font-family: Times New Roman, serif\"><span style=\"font-size: large\"><span lang=\"it-IT\">Ci sono molti modi, per esempio la meditazione, lo yoga, o i sogni.\u2013<\/span><\/span><\/span><\/p>\n<p class=\"western\" lang=\"it-IT\" align=\"justify\">\u2013<span style=\"font-family: Times New Roman, serif\"><span style=\"font-size: large\"><span lang=\"it-IT\"><b>E i <\/b><\/span><\/span><\/span><span style=\"font-family: Times New Roman, serif\"><span style=\"font-size: large\"><span lang=\"it-IT\"><i><b>d\u00e9j\u00e0 vu&#8230;\u2013<\/b><\/i><\/span><\/span><\/span><\/p>\n<p class=\"western\" lang=\"it-IT\" align=\"justify\">\u2013<span style=\"font-family: Times New Roman, serif\"><span style=\"font-size: large\"><span lang=\"it-IT\">Si, ci sono delle persone che hanno un\u2019esperienza di <\/span><\/span><\/span><span style=\"font-family: Times New Roman, serif\"><span style=\"font-size: large\"><span lang=\"it-IT\"><i>d\u00e9j\u00e0 vu<\/i><\/span><\/span><\/span><span style=\"font-family: Times New Roman, serif\"><span style=\"font-size: large\"><span lang=\"it-IT\">, e in realt\u00e0 \u00e8 un ricordo di una vita passata. Arrivano per la prima volta ad una citt\u00e0 e si accorgono che conoscono le strade: ci sono stati in una vita passata. Molta gente ha avuto un\u2019esperienza di vita passata o extracorporea, e non \u00e8 pazza. Per\u00f2, non avendo letto su questo tema, non capiscono che cosa stia succedendo. Informando per mezzo del suo giornale pu\u00f2 aiutare molta gente a non sentirsi strana.\u2013<\/span><\/span><\/span><\/p>\n<p class=\"western\" lang=\"it-IT\" align=\"justify\">\u2013<span style=\"font-family: Times New Roman, serif\"><span style=\"font-size: large\"><span lang=\"it-IT\"><b>Che cosa le dicono i suoi maestri dell\u2019aldil\u00e0?\u2013<\/b><\/span><\/span><\/span><\/p>\n<p class=\"western\" lang=\"it-IT\" align=\"justify\">\u2013<span style=\"font-family: Times New Roman, serif\"><span style=\"font-size: large\"><span lang=\"it-IT\">\u00c8se sempre lo stesso, perch\u00e9 \u00e8 una saggezza antica. Ho due fonti per ricevere l\u2019informazione dai miei maestri: per mezzo dei miei pazienti ipnotizzati e per mezzo della meditazione. I loro messagi sono in rapporto col desiderio di pi\u00f9 pace e meno violenza su questo pianeta. Dobbiamo ricordare che siamo esseri spirituali, e questa \u00e8 la nostra vera natura. Siamo qui per imparare sull\u2019amore e la compassione. Siamo tutti collegati. Se facciamo il male a qualcuno, stiamo danneggiando noi stessi.<\/span><\/span><\/span><\/p>\n<p class=\"western\" lang=\"it-IT\"><span style=\"font-family: Times New Roman, serif\"><span style=\"font-size: large\"><b><span lang=\"it-IT\">In primo luogo, meditare.<\/span><\/b><\/span><\/span><\/p>\n<p class=\"western\" lang=\"it-IT\" align=\"justify\"><span style=\"font-family: Times New Roman, serif\"><span style=\"font-size: large\"><span lang=\"it-IT\">Il Dottor Brian Weiss (Nuova York, 1944) fu direttore del Dipartimento di Psichiatria della Facolt\u00e0 di Medicina a Yale, e ora \u00e8 presidente d\u2019onore del Dipartimento di Psichiatria di Mount Sinai a Miami. Ha visitato 4.000 pazienti che credono di essersi reincarnati. \u00c8 a Barcellona invitato dal Forum dell\u2019Eccellenza. \u00c8 un uomo di aspetto fragile, sognatore, con il <\/span><span lang=\"it-IT\"><i>jet lag<\/i><\/span><span lang=\"it-IT\">. La prima cosa che ha fatto quando \u00e8 arrivato in albergo, \u00e8 stato meditare. Per lui, meditare \u00e8 <\/span><span lang=\"it-IT\">\u00ab<\/span><span lang=\"it-IT\">come dormire o mangiare<\/span><span lang=\"it-IT\">\u00bb<\/span><span lang=\"it-IT\">.<\/span><\/span><\/span><\/p>\n<p class=\"western\" lang=\"it-IT\" align=\"justify\"><span style=\"font-family: Times New Roman, serif\"><span style=\"font-size: large\"><b>Traduzione: Loto Perrella.<\/b><\/span><\/span><\/p>","protected":false},"excerpt":{"rendered":"<p>Brian Weiss: \u00abSiamo anime e passiamo da un corpo all\u2019altro\u00bb. El Peri\u00f3dico de Catalunya. Mercoled\u00ec, 21 gennaio 2009. Opinione. Pagina 80. Un\u2019intervista con Brian Weiss, psichiatra specializzato nella terapia regressiva. &hellip; <a href=\"https:\/\/animaweb.blog.pangea.org\/it\/brian-weiss-som-animes-i-anem-de-cos-en-cos\/\" class=\"more-link\">Leggi tutto<span class=\"screen-reader-text\"> &#8220;Brian Weiss: \u00abSiamo anime e passiamo da un corpo all\u2019altro\u00bb.&#8221;<\/span><\/a><\/p>\n","protected":false},"author":12345698,"featured_media":0,"parent":0,"menu_order":0,"comment_status":"closed","ping_status":"closed","template":"","meta":{"ngg_post_thumbnail":0,"footnotes":""},"class_list":["post-6","page","type-page","status-publish","hentry"],"_links":{"self":[{"href":"https:\/\/animaweb.blog.pangea.org\/it\/wp-json\/wp\/v2\/pages\/6","targetHints":{"allow":["GET"]}}],"collection":[{"href":"https:\/\/animaweb.blog.pangea.org\/it\/wp-json\/wp\/v2\/pages"}],"about":[{"href":"https:\/\/animaweb.blog.pangea.org\/it\/wp-json\/wp\/v2\/types\/page"}],"author":[{"embeddable":true,"href":"https:\/\/animaweb.blog.pangea.org\/it\/wp-json\/wp\/v2\/users\/12345698"}],"replies":[{"embeddable":true,"href":"https:\/\/animaweb.blog.pangea.org\/it\/wp-json\/wp\/v2\/comments?post=6"}],"version-history":[{"count":27,"href":"https:\/\/animaweb.blog.pangea.org\/it\/wp-json\/wp\/v2\/pages\/6\/revisions"}],"predecessor-version":[{"id":2236,"href":"https:\/\/animaweb.blog.pangea.org\/it\/wp-json\/wp\/v2\/pages\/6\/revisions\/2236"}],"wp:attachment":[{"href":"https:\/\/animaweb.blog.pangea.org\/it\/wp-json\/wp\/v2\/media?parent=6"}],"curies":[{"name":"wp","href":"https:\/\/api.w.org\/{rel}","templated":true}]}}