{"id":890,"date":"2020-09-16T21:31:36","date_gmt":"2020-09-16T19:31:36","guid":{"rendered":"https:\/\/animaweb.cat\/?page_id=890"},"modified":"2022-12-16T13:42:35","modified_gmt":"2022-12-16T11:42:35","slug":"retorn-a-la-pau-entrevista-a-brian-weiss","status":"publish","type":"page","link":"https:\/\/animaweb.blog.pangea.org\/gl\/retorn-a-la-pau-entrevista-a-brian-weiss\/","title":{"rendered":"Regreso \u00e1 Paz. Entrevista a Brian Weiss."},"content":{"rendered":"<p class=\"western\" lang=\"gl-ES\" align=\"center\"><span style=\"font-family: Times New Roman, serif\"><span style=\"font-size: x-large\"><b>Regreso \u00e1 Paz. Entrevista a Brian Weiss.<\/b><\/span><\/span><\/p>\n<p class=\"western\" lang=\"gl-ES\" align=\"justify\"><span style=\"font-family: Times New Roman, serif\"><span style=\"font-size: large\"><b><img loading=\"lazy\" decoding=\"async\" class=\"alignright wp-image-891 size-full\" title=\"Athanor. Una puerta al nuevo paradigma (Unha porta ao novo paradigma). Logotipo.\" src=\"https:\/\/animaweb.cat\/files\/2020\/09\/Athanor_Una_puerta_al_nuevo_paradigma_logotipo_72ppp_200x46px.png\" alt=\"Athanor. Una puerta al nuevo paradigma (Unha porta ao novo paradigma). Logotipo.\" width=\"200\" height=\"46\" \/>Revista Athanor. N\u00famero 35. Setembro-outubro de 2002. P\u00e1xinas 15-18.<\/b><\/span><\/span><\/p>\n<p class=\"western\" lang=\"gl-ES\" align=\"justify\"><span style=\"font-family: Times New Roman, serif\"><span style=\"font-size: large\">Entrevistador: Josep Agust\u00edn. Int\u00e9rprete: Loto Perrella. Fot\u00f3grafa: Natalia Campoy.<\/span><\/span><\/p>\n<p class=\"western\" lang=\"gl-ES\" align=\"justify\"><span style=\"font-family: Times New Roman, serif\"><span style=\"font-size: large\"><b>Traduci\u00f3n: Vicenzo Reboleiro Gonz\u00e1lez.<\/b><\/span><\/span><\/p>\n<p lang=\"gl-ES\" align=\"center\"><img loading=\"lazy\" decoding=\"async\" class=\"aligncenter wp-image-892 size-full\" title=\"O Doutor Brian Weiss. Foto: Natalia Campoy.\" src=\"https:\/\/animaweb.cat\/files\/2020\/09\/Doctor_Brian_Weiss_Foto_Natalia_Campoy_1_72ppp_600x890px.png\" alt=\"O Doutor Brian Weiss. Foto: Natalia Campoy.\" width=\"600\" height=\"890\" srcset=\"https:\/\/animaweb.blog.pangea.org\/files\/2020\/09\/Doctor_Brian_Weiss_Foto_Natalia_Campoy_1_72ppp_600x890px.png 600w, https:\/\/animaweb.blog.pangea.org\/files\/2020\/09\/Doctor_Brian_Weiss_Foto_Natalia_Campoy_1_72ppp_600x890px-202x300.png 202w\" sizes=\"auto, (max-width: 600px) 85vw, 600px\" \/><\/p>\n<p class=\"western\" lang=\"gl-ES\" align=\"center\"><span style=\"font-family: Times New Roman, serif\"><span style=\"font-size: large\"><b>O Doutor Brian Weiss. Foto: Natalia Campoy.<\/b><\/span><\/span><\/p>\n<p class=\"western\" lang=\"gl-ES\" align=\"justify\"><span style=\"font-family: Times New Roman, serif\"><span style=\"font-size: large\">Como estar en paz <i>cun mesmo <\/i>e, por conseguinte, <i>con todo<\/i>, \u00e9 quiz\u00e1 a f\u00f3rmula m\u00e1xica m\u00e1is procurada desde sempre polo ser humano. Ao ser recibido polo doutor Brian Weiss no hotel e durante toda a entrevista, fomos acompa\u00f1ados pola tranquilidade, o bo humor e o car\u00e1cter atento desta persoa.<\/span><\/span><\/p>\n<p class=\"western\" lang=\"gl-ES\" align=\"justify\"><span style=\"font-family: Times New Roman, serif\"><span style=\"font-size: large\">A conversaci\u00f3n conduciuse a trav\u00e9s do seu traballo no campo das regresi\u00f3ns e outros aspectos, alg\u00fans fenom\u00e9nicos, de actualidade.<\/span><\/span><\/p>\n<p class=\"western\" lang=\"gl-ES\" align=\"justify\"><span style=\"font-family: Times New Roman, serif\"><span style=\"font-size: large\">Nas s\u00faas palabras escoitamos unha afirmaci\u00f3n \u00edntegra: \u00abO Amor e a Compaix\u00f3n son dous ingredientes esenciais para lograr dilu\u00edr o medo&#8230;\u00bb. <i>Realmente unha boa f\u00f3rmula para estar en Paz.<\/i><\/span><\/span><\/p>\n<p class=\"western\" lang=\"gl-ES\" align=\"justify\">\u2013<span style=\"font-family: Times New Roman, serif\"><span style=\"font-size: large\"><b>Doutor Weiss, o seu labor no campo das regresi\u00f3ns \u00e9 moi reco\u00f1ecida internacionalmente. Vostede \u00e9 un m\u00e9dico prestixioso no campo da psiquiatr\u00eda biol\u00f3xica. Formouse no medicamento convencional. A vida despois da morte, as palabras alma, esp\u00edrito, enerx\u00eda, mestres, non pertenc\u00edan ent\u00f3n ao seu vocabulario profesional. Cal foi o catalizador que lle levou a comezar polas regresi\u00f3ns?\u2013<\/b><\/span><\/span><\/p>\n<p class=\"western\" lang=\"gl-ES\" align=\"justify\">\u2013<span style=\"font-family: Times New Roman, serif\"><span style=\"font-size: large\">O que di \u00e9 moi exacto. Nada diso o aprendin na escola de psiquiatr\u00eda, mais a experiencia con Katherin, de que se fala en \u00ab<i>Many Lives, Many Masters<\/i>\u00bb (\u00ab<i>Moitas vidas, moitos mestres<\/i>\u00bb), foi o inicio do cambio. E, desde ent\u00f3n, 1988, fixen regresi\u00f3ns con m\u00e1is de 3.000 pacientes: uns 3.500 en terapias individuais na mi\u00f1a consulta, e considerando os tratados en grupos, moitos m\u00e1is. En ciencia, un dos principios b\u00e1sicos consiste en observar sen xulgar; obs\u00e9rvase sen esperar resultados. Cando se fan observaci\u00f3ns, establ\u00e9cense hip\u00f3teses e, desta maneira, desenv\u00f3lvense as teor\u00edas cient\u00edficas. Mentres fac\u00eda estas observaci\u00f3ns con Katherin, observaba noutros pacientes os fen\u00f3menos que hab\u00eda que estudar, que non se pod\u00edan deixar de lado. Hab\u00eda xente que durante a regresi\u00f3n falaba en idiomas estranxeiros que nunca aprenderan e xente que co\u00f1ec\u00eda datos e informaci\u00f3ns sobre eles mesmos doutros tempos e outros lugares e tam\u00e9n detalles hist\u00f3ricos que nunca estudaran; mesmo encontraban informaci\u00f3n das s\u00faas propias tumbas nos rexistros antigos das s\u00faas cidades. E ao mesmo tempo melloraban na s\u00faa situaci\u00f3n de sa\u00fade: desaparec\u00edan os s\u00edntomas, desaparec\u00edan os medos. As\u00ed que observaba uns cambios impresionantes nos meus pacientes en todos os niveis. Como cient\u00edfico ti\u00f1a que estudar esas cousas e desenvolver hip\u00f3teses. Desa maneira fun mudando a mi\u00f1a actitude. Agora formo centos de terapeutas cada ano para seguir adiante con este traballo e eles conseguen os mesmos resultados que encontrei eu.\u2013<\/span><\/span><\/p>\n<p class=\"western\" lang=\"gl-ES\" align=\"justify\">\u2013<span style=\"font-family: Times New Roman, serif\"><span style=\"font-size: large\"><b>Que significou o encontro con Katherin na s\u00faa vida laboral, familiar e social?\u2013<\/b><\/span><\/span><\/p>\n<p class=\"western\" lang=\"gl-ES\" align=\"justify\">\u2013<span style=\"font-family: Times New Roman, serif\"><span style=\"font-size: large\">Causoume uns cambios moi grandes en ambos os sectores da vida, laboral e persoal. No traballo empezaron a falar de min e a ocuparse de min en todo o mundo e chegaron pacientes de todas as partes do mundo \u00e1 mi\u00f1a consulta para recibir este tipo de terapia. Tam\u00e9n na mi\u00f1a vida persoal cambiaron os valores como resultado dese traballo. Descubr\u00edn que a morte non exist\u00eda e que por conseguinte non hab\u00eda que terlle tanto medo. E que non nos levamos as nosas cousas connosco cando morremos. Os meus valores mudaron, as relaci\u00f3ns humanas persoais volv\u00e9ronse m\u00e1is importantes, desenvolv\u00edn un sentimento de paz e tranquilidade e aprend\u00edn a meditar. Estas cousas cambiaron a mi\u00f1a vida.\u2013<\/span><\/span><\/p>\n<p lang=\"gl-ES\" align=\"center\"><img loading=\"lazy\" decoding=\"async\" class=\"aligncenter wp-image-894 size-full\" title=\"De esquerda a dereita: A int\u00e9rprete Loto Perrella, o Doutor Brian Weiss e o entrevistador Josep Agust\u00edn. Foto: Natalia Campoy.\" src=\"https:\/\/animaweb.cat\/files\/2020\/09\/La_interpret_Loto_Perrella_el_Doctor_Brian_Weiss_i_el_entrevistador_Josep_Agustin_Foto_Natalia_Campoy_72ppp_600x414px.png\" alt=\"De esquerda a dereita: A int\u00e9rprete Loto Perrella, o Doutor Brian Weiss e o entrevistador Josep Agust\u00edn. Foto: Natalia Campoy.\" width=\"600\" height=\"414\" srcset=\"https:\/\/animaweb.blog.pangea.org\/files\/2020\/09\/La_interpret_Loto_Perrella_el_Doctor_Brian_Weiss_i_el_entrevistador_Josep_Agustin_Foto_Natalia_Campoy_72ppp_600x414px.png 600w, https:\/\/animaweb.blog.pangea.org\/files\/2020\/09\/La_interpret_Loto_Perrella_el_Doctor_Brian_Weiss_i_el_entrevistador_Josep_Agustin_Foto_Natalia_Campoy_72ppp_600x414px-300x207.png 300w\" sizes=\"auto, (max-width: 600px) 85vw, 600px\" \/><\/p>\n<p class=\"western\" lang=\"gl-ES\" align=\"center\"><span style=\"font-family: Times New Roman, serif\"><span style=\"font-size: large\"><b>De esquerda a dereita: A int\u00e9rprete Loto Perrella, o Doutor Brian Weiss e o entrevistador Josep Agust\u00edn. Foto: Natalia Campoy.<\/b><\/span><\/span><\/p>\n<p class=\"western\" lang=\"gl-ES\" align=\"justify\">\u2013<span style=\"font-family: Times New Roman, serif\"><span style=\"font-size: large\"><b>Escribiu varios libros acerca deste tema, entre eles \u00ab<\/b><i><b>Many Lives, Many Masters<\/b><\/i><b>\u00bb <\/b><b>(<\/b><b>\u00ab<\/b><i><b>Moitas vidas, moitos mestres<\/b><\/i><b>\u00bb<\/b><b>)<\/b><b> e \u00ab<\/b><i><b>Only Love Is Real<\/b><\/i><b>\u00bb <\/b><b>(<\/b><b>\u00ab<\/b><i><b>Lazos de amor<\/b><\/i><b>\u00bb<\/b><b>)<\/b><b>. Centos de persoas benefici\u00e1ronse do seu traballo e form\u00e1ronse con vostede. En que consiste unha regresi\u00f3n?\u2013<\/b><\/span><\/span><\/p>\n<p class=\"western\" lang=\"gl-ES\" align=\"justify\">\u2013<span style=\"font-family: Times New Roman, serif\"><span style=\"font-size: large\">\u00c9 voltar atr\u00e1s no tempo, nun estado de concentraci\u00f3n e relaxaci\u00f3n profundas e lembr\u00e1rmonos de acontecementos e experiencias do pasado. Poden ser de antonte; iso tam\u00e9n \u00e9 unha regresi\u00f3n, da infancia, do per\u00edodo prenatal ou de vidas pasadas ou de experiencias espirituais. Onte houbo unha conferencia importante aqu\u00ed no Hotel Mayestic; hab\u00eda unhas catrocentas persoas. Fixemos un exercicio de grupo e m\u00e1is da metade dos asistentes lembraron vidas pasadas. Non son dif\u00edciles de facer as regresi\u00f3ns, e \u00e9 seguro. Foi un taller de cinco horas e a xente tivo experiencias extraordinarias; logo coment\u00e1ronas entre eles.\u2013<\/span><\/span><\/p>\n<p class=\"western\" lang=\"gl-ES\" align=\"justify\">\u2013<span style=\"font-family: Times New Roman, serif\"><span style=\"font-size: large\"><b>No seu libro \u00ab<\/b><i><b>Many Lives, Many Masters<\/b><\/i><b>\u00bb <\/b><b>(<\/b><b>\u00ab<\/b><i><b>Moitas vidas, moitos mestres<\/b><\/i><b>\u00bb<\/b><b>)<\/b><b>, Katherin, a s\u00faa paciente, entra en contacto cos seus mestres nun estado de hipnose inducida. \u00c9 posible vivir esta experiencia de forma voluntaria?\u2013<\/b><\/span><\/span><\/p>\n<p class=\"western\" lang=\"gl-ES\" align=\"justify\">\u2013<span style=\"font-family: Times New Roman, serif\"><span style=\"font-size: large\">Si, moita xente o fai. No taller de onte, varias persoas en estado de hipnose e regresi\u00f3n profunda tiveron experiencias. Todos temos actitudes medi\u00famnicas. Todos podemos recibir mensaxes, \u00e1s veces dos nosos seres queridos que xa faleceron, de niveis m\u00e1is elevados, de mestres, porque todos estamos relacionados. \u00c9 unha soa enerx\u00eda e unha soa consciencia. Con adestramento podemos conectar con esa enerx\u00eda superior e esa consciencia superior. O que Katherin fixo naquel momento a min pareceume extraordinario, a\u00ednda as\u00ed moita xente pode facelo.\u2013<\/span><\/span><\/p>\n<p class=\"western\" lang=\"gl-ES\" align=\"justify\">\u2013<span style=\"font-family: Times New Roman, serif\"><span style=\"font-size: large\"><b>Desde os anos 40 ou 50 a humanidade experimentou cambios cient\u00edficos e culturais de todo tipo, moi r\u00e1pidos. Nestes momentos, coa era de Internet, toda a informaci\u00f3n, boa e mala, est\u00e1 ao noso alcance. Medicamentos alternativos, ecolox\u00eda, espiritualidade, son palabras que forman parte do vocabulario de case todos. Que pode significar para o ser humano ser consciente destas realidades de que nos est\u00e1 a falar?\u2013<\/b><\/span><\/span><\/p>\n<p class=\"western\" lang=\"gl-ES\" align=\"justify\">\u2013<span style=\"font-family: Times New Roman, serif\"><span style=\"font-size: large\">O positivo disto \u00e9 que se pode compartir informaci\u00f3n e co\u00f1ecementos moi rapidamente, por\u00e9n hai tam\u00e9n aspectos negativos: non nos deixan tempo de aprofundar, de meditar, porque continuamente estamos bombardeados por factores externos. Non penso que sexa bo nin malo: \u00e9 outra tecnolox\u00eda, como os tel\u00e9fonos m\u00f3biles que continuamente est\u00e1n a interferir na nosa vida, mais que \u00e1s veces poden ser \u00fatiles. Todo se ha de usar con moderaci\u00f3n e equilibrio; todo o que se fai en exceso non pode ser saudable. Trinta minutos en Internet pode ser \u00fatil e ir ben, mais oito horas seguidas, dub\u00eddoo moito.\u2013<\/span><\/span><\/p>\n<p class=\"western\" lang=\"gl-ES\" align=\"justify\">\u2013<span style=\"font-family: Times New Roman, serif\"><span style=\"font-size: large\"><b>Que \u00e9 para vostede a espiritualidade?\u2013<\/b><\/span><\/span><\/p>\n<p class=\"western\" lang=\"gl-ES\" align=\"justify\">\u2013<span style=\"font-family: Times New Roman, serif\"><span style=\"font-size: large\">Para min significa unha consciencia superior; unha consciencia e un co\u00f1ecemento superior que \u00e9 a nosa verdadeira natureza. Teilhard de Chardin dixo que non somos seres humanos que temos unha experiencia espiritual aqu\u00ed, sen\u00f3n que, pola contra, somos seres espirituais que est\u00e1n a ter unha experiencia humana. Esp\u00edrito ref\u00edrese \u00e1 alma e ref\u00edrese a unha consciencia superior. \u00c9 importante que nos concentremos m\u00e1is sobre estes valores superiores porque \u00e9 por iso que estamos aqu\u00ed na Terra. Hai quen di que nos estamos volvendo m\u00e1is violentos e que non estamos a progresar desde o punto de vista espiritual e os medios de comunicaci\u00f3n, a mi\u00fado, fan ver as cousas peores do que son porque temos inmediatamente a noticia do que est\u00e1 a pasar en todo o planeta. En tempos pasados quiz\u00e1 nunca nos decatamos das cousas que suced\u00edan en lugares afastados ou tardar\u00edan meses ou anos en chegar at\u00e9 n\u00f3s. Por iso penso que estamos a facer progresos, a\u00ednda que a tecnolox\u00eda \u00e1s veces fai pensar que non \u00e9 as\u00ed. Penso que hai unha chea de xente espiritual no mundo, boa xente, mais tam\u00e9n un pequeno n\u00famero de persoas malvadas con capacidade tecnol\u00f3xica pode facer moito dano.\u2013<\/span><\/span><\/p>\n<p class=\"western\" lang=\"gl-ES\" align=\"justify\">\u2013<span style=\"font-family: Times New Roman, serif\"><span style=\"font-size: large\"><b>Desde tempos moi antigos o home deixou sinais en todas as culturas destes signos de espiritualidade. Por que cre que, por exemplo na relixi\u00f3n cristi\u00e1, no 500 despois de Cristo, nun Concilio, supr\u00edmense palabras como \u00abreencarnaci\u00f3n\u00bb?\u2013<\/b><\/span><\/span><\/p>\n<p class=\"western\" lang=\"gl-ES\" align=\"justify\">\u2013<span style=\"font-family: Times New Roman, serif\"><span style=\"font-size: large\">Creo que houbo unha raz\u00f3n espec\u00edfica para iso. \u00c9 unha raz\u00f3n pol\u00edtica. Os gobernos, e en especial o goberno da Igrexa, quer\u00edan maior control sobre a xente. No cristianismo aboliuse a palabra \u00abreencarnaci\u00f3n\u00bb porque pensaban que, sen a ameaza do d\u00eda do Xu\u00edzo Final, a xente, non haber\u00eda maneira de controlala. Jes\u00fas cr\u00eda na reencarnaci\u00f3n; esa \u00e9 a iron\u00eda, a gran iron\u00eda, porque hai varias referencias a ela na B\u00edblia, e \u00e9 curioso que, por raz\u00f3ns pol\u00edticas, as ideas de Jes\u00fas neste campo foran ignoradas e cambiadas, modificadas. Sempre houbo dificultades cos pol\u00edticos; non \u00e9 ningunha novidade, a\u00ednda hoxe.\u2013<\/span><\/span><\/p>\n<p class=\"western\" lang=\"gl-ES\" align=\"justify\">\u2013<span style=\"font-family: Times New Roman, serif\"><span style=\"font-size: large\"><b>Tivo a honra de co\u00f1ecer e traballar con Elisabeth-K\u00fcbler-Ross, unha persoa comprometida co acompa\u00f1amento da morte. Pode comentar algo?\u2013<\/b><\/span><\/span><\/p>\n<p class=\"western\" lang=\"gl-ES\" align=\"justify\">\u2013<span style=\"font-family: Times New Roman, serif\"><span style=\"font-size: large\">Ela era unha amiga; fix\u00e9monos amigos e falou sobre moitas destas cousas. Ela non s\u00f3 traballou nestas fases da enfermidade e a morte; fixo moito m\u00e1is traballo. Foi a pioneira das experiencias pr\u00f3ximas \u00e1 morte; converteuse nunha experta en analizar os debuxos que fac\u00edan os nenos e adultos que se estaban morrendo. Cr\u00eda tam\u00e9n na reencarnaci\u00f3n e nas vidas pasadas; estabamos de acordo en todas estas cousas.\u2013<\/span><\/span><\/p>\n<p class=\"western\" lang=\"gl-ES\" align=\"justify\">\u2013<span style=\"font-family: Times New Roman, serif\"><span style=\"font-size: large\"><b>Sabemos que vostede est\u00e1 a traballar nestes momentos en Estados Unidos co prestixioso parapsic\u00f3logo James van Praagh. Que tipo de traballo realiza?\u2013<\/b><\/span><\/span><\/p>\n<p class=\"western\" lang=\"gl-ES\" align=\"justify\">\u2013<span style=\"font-family: Times New Roman, serif\"><span style=\"font-size: large\">\u00c9 un m\u00e9dium que canaliza mensaxes e eu como psiquiatra estou a estudar a consciencia humana, tentando pescudar de que maneira se poden canalizar mensaxes e recibir informaci\u00f3n de xente que nin se viu nin se ve. (Onte, no taller que fixemos, varias persoas canalizaron e recibiron mensaxes de seres queridos; incluso unha persoa recibiu mensaxes doutra que traballara con ela, mais que non co\u00f1ecera nunca. Mensaxes moi detalladas, con nomes e lugares, de xente que morrera.) Daquela, se el pode facer esta canalizaci\u00f3n, todos podemos facela. El, por mor do seu adestramento, pode facela sempre que queira, mentres que para a maior parte de n\u00f3s \u00e9 unha cousa aleatoria; pode ser ou non ser.\u2013<\/span><\/span><\/p>\n<p class=\"western\" lang=\"gl-ES\" align=\"center\"><span style=\"font-family: Times New Roman, serif\"><span style=\"font-size: large\"><img loading=\"lazy\" decoding=\"async\" class=\"aligncenter wp-image-893 size-full\" title=\"Mar, paxaros, rostro con ollos pechados.\" src=\"https:\/\/animaweb.cat\/files\/2020\/09\/Mar_ocells_rostre_amb_ulls_clucs_72ppp_600x497px.png\" alt=\"Mar, paxaros, rostro con ollos pechados.\" width=\"600\" height=\"497\" srcset=\"https:\/\/animaweb.blog.pangea.org\/files\/2020\/09\/Mar_ocells_rostre_amb_ulls_clucs_72ppp_600x497px.png 600w, https:\/\/animaweb.blog.pangea.org\/files\/2020\/09\/Mar_ocells_rostre_amb_ulls_clucs_72ppp_600x497px-300x249.png 300w\" sizes=\"auto, (max-width: 600px) 85vw, 600px\" \/><\/span><\/span><\/p>\n<p class=\"western\" lang=\"gl-ES\" align=\"justify\">\u2013<span style=\"font-family: Times New Roman, serif\"><span style=\"font-size: large\"><b>Cando unha persoa pode canalizar ou \u00e9 consciente dunha vida pasada, que sucede, que fai con esta informaci\u00f3n? O planeta, en que momento de traballo se encontra, a nivel grupal?\u2013<\/b><\/span><\/span><\/p>\n<p class=\"western\" lang=\"gl-ES\" align=\"justify\">\u2013<span style=\"font-family: Times New Roman, serif\"><span style=\"font-size: large\">Isto axuda \u00e1s persoas. Por exemplo, os que falan cos seres queridos danse conta de que a morte non existe porque a alma segue existindo e pode comunicarse con persoas que seguen tendo o seu corpo f\u00edsico. Iso axuda as persoas que sofren pola ausencia deses seres queridos. A nivel global, isto p\u00f3denos axudar a darnos conta de que esta \u00e9 a nosa casa, o planeta \u00e9 a nosa casa, e de que temos que coidala, porque cando nos reencarnamos volveremos aqu\u00ed, e habemos de manter a nosa casa habitable. Non podemos destru\u00edr o aire, a auga e as condici\u00f3ns de vida porque non son s\u00f3 os nosos fillos e netos quen van vivir aqu\u00ed: \u00e9 que n\u00f3s mesmos imos regresar.<\/span><\/span><\/p>\n<p class=\"western\" lang=\"gl-ES\" align=\"justify\">\u2013<span style=\"font-family: Times New Roman, serif\"><span style=\"font-size: large\"><b>\u00c1s veces prod\u00facense fen\u00f3menos f\u00edsicos como os c\u00edrculos das colleitas, os crop circles. Que<\/b> <b>relaci\u00f3n advirte ou que pensa vostede respecto diso?\u2013<\/b><\/span><\/span><\/p>\n<p class=\"western\" lang=\"gl-ES\" align=\"justify\">\u2013<span style=\"font-family: Times New Roman, serif\"><span style=\"font-size: large\">Vinos en Inglaterra e falei con un dos agricultores, dos propietarios da terra. Ese agricultor \u00e9 un home moi sinxelo e honrado. Est\u00e1 convencido de que ning\u00fan ser humano poder\u00eda crear estes c\u00edrculos, (e el \u00e9 un profesional, un agricultor) polo modo en que a cebada est\u00e1 dobrada, mais non rota a espiga, e polo tempo utilizado. En Inglaterra no ver\u00e1n a noite \u00e9 moi curta e estes c\u00edrculos nas colleitas, que son moi complexos, aparec\u00edan en moi poucas horas. E cando houbo xente que quixo imitalos, reproducilos, sacou unhas copias moi malas, moi bastas, destes c\u00edrculos. E non quedan sinais nin de rodas de tractores nin de m\u00e1quinas nin nada. Non sabemos que pasa con estes c\u00edrculos, mais o que sabemos \u00e9 que non est\u00e1n feitos por seres humanos, non fisicamente polo menos.\u2013<\/span><\/span><\/p>\n<p lang=\"gl-ES\" align=\"center\"><img loading=\"lazy\" decoding=\"async\" class=\"aligncenter wp-image-895 size-full\" title=\"O Doutor Brian Weiss ollando un exemplar da revista Athanor. Foto: Natalia Campoy.\" src=\"https:\/\/animaweb.cat\/files\/2020\/09\/Doctor_Brian_Weiss_Foto_Natalia_Campoy_2_72ppp_600x1217px.png\" alt=\"O Doutor Brian Weiss ollando un exemplar da revista Athanor. Foto: Natalia Campoy.\" width=\"600\" height=\"1217\" srcset=\"https:\/\/animaweb.blog.pangea.org\/files\/2020\/09\/Doctor_Brian_Weiss_Foto_Natalia_Campoy_2_72ppp_600x1217px.png 600w, https:\/\/animaweb.blog.pangea.org\/files\/2020\/09\/Doctor_Brian_Weiss_Foto_Natalia_Campoy_2_72ppp_600x1217px-148x300.png 148w, https:\/\/animaweb.blog.pangea.org\/files\/2020\/09\/Doctor_Brian_Weiss_Foto_Natalia_Campoy_2_72ppp_600x1217px-505x1024.png 505w\" sizes=\"auto, (max-width: 600px) 85vw, 600px\" \/><\/p>\n<p class=\"western\" lang=\"gl-ES\" align=\"center\"><span style=\"font-family: Times New Roman, serif\"><span style=\"font-size: large\"><b>O Doutor Brian Weiss ollando un exemplar da revista Athanor. Foto: Natalia Campoy.<\/b><\/span><\/span><\/p>\n<p class=\"western\" lang=\"gl-ES\" align=\"justify\">\u2013<span style=\"font-family: Times New Roman, serif\"><span style=\"font-size: large\"><b>\u00c9 unha perfecta xeometr\u00eda sacra?\u2013<\/b><\/span><\/span><\/p>\n<p class=\"western\" lang=\"gl-ES\" align=\"justify\">\u2013<span style=\"font-family: Times New Roman, serif\"><span style=\"font-size: large\">Si, exacto. E faise en moi poucas horas. Non hai pegadas ou sinais de tractores. A\u00ednda non hai unha explicaci\u00f3n cient\u00edfica. O \u00fanico que sei \u00e9 que os seres humanos por agora non o poden facer. \u00c9 o traballo dalgunha outra forza ou enerx\u00eda. Non necesariamente ha de ser extraterrestre; pode ser unha enerx\u00eda mental ou algunha enerx\u00eda electromagn\u00e9tica que non comprendemos ou comunicaci\u00f3ns doutras fontes. O \u00fanico que sei \u00e9 que o fen\u00f3meno non \u00e9 provocado por seres humanos.\u2013<\/span><\/span><\/p>\n<p class=\"western\" lang=\"gl-ES\" align=\"justify\">\u2013<span style=\"font-family: Times New Roman, serif\"><span style=\"font-size: large\"><b>Nestes momentos os seres humanos est\u00e1n en condici\u00f3ns \u00f3ptimas para teren unha comprensi\u00f3n m\u00e1is elevada da s\u00faa misi\u00f3n no planeta. Ao mesmo tempo existen os desastres m\u00e1is grandes, as guerras m\u00e1is sanguentas, os atentados m\u00e1is graves. Cal \u00e9 a s\u00faa percepci\u00f3n respecto diso?\u2013<\/b><\/span><\/span><\/p>\n<p class=\"western\" lang=\"gl-ES\" align=\"justify\">\u2013<span style=\"font-family: Times New Roman, serif\"><span style=\"font-size: large\">A tecnolox\u00eda est\u00e1 a avanzar moi rapidamente. Os seres humanos sempre foron violentos, sempre houbo guerras, pero agora as armas son moito m\u00e1is efectivas. As armas biol\u00f3xicas son moito m\u00e1is perigosas que as lanzas. Hai unha especie de carreira entre o desenvolvemento tecnol\u00f3xico e o desenvolvemento espiritual. Espero que a xente espiritual ga\u00f1e a carreira.\u2013<\/span><\/span><\/p>\n<p class=\"western\" lang=\"gl-ES\" align=\"justify\">\u2013<span style=\"font-family: Times New Roman, serif\"><span style=\"font-size: large\"><b>No seu libro \u00ab<\/b><i><b>Many Lives, Many Masters<\/b><\/i><b>\u00bb <\/b><b>(<\/b><b>\u00ab<\/b><i><b>Moitas vidas, moitos mestres<\/b><\/i><b>\u00bb<\/b><b>)<\/b><b>, nunha pasaxe, Katherin canaliza un mestre e fala do medo como un gran malgaste de enerx\u00eda. A que ten realmente medo o ser humano?\u2013<\/b><\/span><\/span><\/p>\n<p class=\"western\" lang=\"gl-ES\" align=\"justify\">\u2013<span style=\"font-family: Times New Roman, serif\"><span style=\"font-size: large\">Temos moitos medos, temos medo \u00e1 morte, \u00e1 vida, ao fracaso, \u00e1 enfermidade, \u00e1 perda, a non ser queridos, a non ser aceptados pola colectividade. Temos un autoservicio de medos; non \u00e9 s\u00f3 un medo, \u00e9 medo en xeral. Temos que encotrarnos moito m\u00e1is no amor e a compaix\u00f3n, porque o amor e a compaix\u00f3n poden disolver o medo.\u2013<\/span><\/span><\/p>\n<p class=\"western\" lang=\"gl-ES\" align=\"justify\">\u2013<span style=\"font-family: Times New Roman, serif\"><span style=\"font-size: large\"><b>Falamos do pasado, do presente. Que proxectos ten para o futuro?\u2013<\/b><\/span><\/span><\/p>\n<p class=\"western\" lang=\"gl-ES\" align=\"justify\">\u2013<span style=\"font-family: Times New Roman, serif\"><span style=\"font-size: large\">Agora hai cinco libros en castel\u00e1n. O cuarto libro, \u00ab<i>Messages From the Masters<\/i>\u00bb (\u00ab<i>As mensaxes dos sabios<\/i>\u00bb), \u00e9 moi importante para min. O quinto \u00e9 sobre o mesmo tema, pero m\u00e1is art\u00edstico: fala do que hai que facer para o planeta, as cousas de que estivemosa falar, e as cousas que hai que facer para o planeta. Hai moita presi\u00f3n por parte dos editores para que escriba m\u00e1is, pero non vou escribir at\u00e9 que te\u00f1a algo que dicir. Agora estou a visitar moitos pa\u00edses para falar destes temas do amor, a inmortalidade, a compaix\u00f3n. A mi\u00f1a intuici\u00f3n dime que isto \u00e9 importante, mais os resultados est\u00e1n f\u00f3ra do meu alcance. O que podo facer \u00e9 ofrecer e dar. Os resultados dependen dun nivel superior. Este nivel superior farame saber cales son os proxectos para o futuro cando chegue o momento. Por agora, \u00e9 partillar estas investigaci\u00f3ns co maior n\u00famero posible de persoas. Estou seguro de que haber\u00e1 moitos m\u00e1is proxectos para o futuro, mais prefiro vivir o momento presente. Se vivo agora de maneira correcta, ocup\u00e1ndome do presente, o futuro organizarase s\u00f3. Este \u00e9 outro medo: temos medo do futuro.<\/span><\/span><\/p>\n<p class=\"western\" lang=\"gl-ES\" align=\"justify\"><span style=\"font-family: Times New Roman, serif\"><span style=\"font-size: large\">As mensaxes son finalmente as mesmas: sabemos as respostas, sabemos o que hai que facer, pero somos unha especie moi t\u00fazara. Facelo \u00e9 moito m\u00e1is dif\u00edcil que sabelo.\u2013<\/span><\/span><\/p>\n<p class=\"western\" lang=\"gl-ES\" align=\"justify\">\u2013<span style=\"font-family: Times New Roman, serif\"><span style=\"font-size: large\"><b>Doutor Weiss, moitas grazas.\u2013<\/b><\/span><\/span><\/p>\n<p class=\"western\" lang=\"gl-ES\" align=\"justify\">\u2013<span style=\"font-family: Times New Roman, serif\"><span style=\"font-size: large\">Moitas grazas a v\u00f3s pola oportunidade.\u2013<\/span><\/span><\/p>","protected":false},"excerpt":{"rendered":"<p>Regreso \u00e1 Paz. Entrevista a Brian Weiss. Revista Athanor. N\u00famero 35. Setembro-outubro de 2002. P\u00e1xinas 15-18. Entrevistador: Josep Agust\u00edn. Int\u00e9rprete: Loto Perrella. Fot\u00f3grafa: Natalia Campoy. Traduci\u00f3n: Vicenzo Reboleiro Gonz\u00e1lez. O &hellip; <a href=\"https:\/\/animaweb.blog.pangea.org\/gl\/retorn-a-la-pau-entrevista-a-brian-weiss\/\" class=\"more-link\">Ler m\u00e1is<span class=\"screen-reader-text\"> &#8220;Regreso \u00e1 Paz. Entrevista a Brian Weiss.&#8221;<\/span><\/a><\/p>\n","protected":false},"author":12345698,"featured_media":0,"parent":0,"menu_order":0,"comment_status":"closed","ping_status":"closed","template":"","meta":{"ngg_post_thumbnail":0,"footnotes":""},"class_list":["post-890","page","type-page","status-publish","hentry"],"_links":{"self":[{"href":"https:\/\/animaweb.blog.pangea.org\/gl\/wp-json\/wp\/v2\/pages\/890","targetHints":{"allow":["GET"]}}],"collection":[{"href":"https:\/\/animaweb.blog.pangea.org\/gl\/wp-json\/wp\/v2\/pages"}],"about":[{"href":"https:\/\/animaweb.blog.pangea.org\/gl\/wp-json\/wp\/v2\/types\/page"}],"author":[{"embeddable":true,"href":"https:\/\/animaweb.blog.pangea.org\/gl\/wp-json\/wp\/v2\/users\/12345698"}],"replies":[{"embeddable":true,"href":"https:\/\/animaweb.blog.pangea.org\/gl\/wp-json\/wp\/v2\/comments?post=890"}],"version-history":[{"count":13,"href":"https:\/\/animaweb.blog.pangea.org\/gl\/wp-json\/wp\/v2\/pages\/890\/revisions"}],"predecessor-version":[{"id":2226,"href":"https:\/\/animaweb.blog.pangea.org\/gl\/wp-json\/wp\/v2\/pages\/890\/revisions\/2226"}],"wp:attachment":[{"href":"https:\/\/animaweb.blog.pangea.org\/gl\/wp-json\/wp\/v2\/media?parent=890"}],"curies":[{"name":"wp","href":"https:\/\/api.w.org\/{rel}","templated":true}]}}