{"id":6,"date":"2018-01-17T13:11:14","date_gmt":"2018-01-17T11:11:14","guid":{"rendered":"http:\/\/animaweb.blog.pangea.org\/?page_id=6"},"modified":"2022-12-16T19:55:32","modified_gmt":"2022-12-16T17:55:32","slug":"brian-weiss-som-animes-i-anem-de-cos-en-cos","status":"publish","type":"page","link":"https:\/\/animaweb.blog.pangea.org\/gl\/brian-weiss-som-animes-i-anem-de-cos-en-cos\/","title":{"rendered":"Brian Weiss: \u00abSomos almas e imos de corpo en corpo\u00bb."},"content":{"rendered":"<p class=\"western\" lang=\"gl-ES\" align=\"center\"><span style=\"font-family: Times New Roman, serif\"><span style=\"font-size: x-large\"><b>Brian Weiss: \u00abSomos almas e imos de corpo en corpo\u00bb.<\/b><\/span><\/span><\/p>\n<p class=\"western\" lang=\"gl-ES\" align=\"justify\"><span style=\"font-family: Times New Roman, serif\"><span style=\"font-size: large\"><b><img loading=\"lazy\" decoding=\"async\" class=\"alignright wp-image-773 size-full\" title=\"El Peri\u00f3dico de Catalunya. Logo.\" src=\"https:\/\/animaweb.cat\/files\/2020\/01\/El_Periodico_de_Catalunya_Logotip_72ppp_200x39px.png\" alt=\"El Peri\u00f3dico de Catalunya. Logo.\" width=\"200\" height=\"39\" \/>El Peri\u00f3dico de Catalunya (O Xornal de Catalunya). M\u00e9rcores, 21 de xaneiro do 2009. Opini\u00f3n. P\u00e1xina 80.<\/b><\/span><\/span><\/p>\n<p class=\"western\" lang=\"gl-ES\" align=\"justify\"><span style=\"font-family: Times New Roman, serif\"><span style=\"font-size: large\"><i>A entrevista con Brian Weiss, Psiquiatra especialista en terapia regresiva.<\/i><\/span><\/span><\/p>\n<p class=\"western\" lang=\"gl-ES\" align=\"justify\"><span style=\"font-family: Times New Roman, serif\"><span style=\"font-size: large\"><i>En Estados Unidos atendeu cerca de 4.000 pacientes que te\u00f1en recordos das s\u00faas vidas pasadas.<\/i><\/span><\/span><\/p>\n<p class=\"western\" lang=\"gl-ES\" style=\"text-align: left\" align=\"justify\"><span style=\"font-family: Times New Roman, serif\"><span style=\"font-size: large\"><b>Brian Weiss: \u00abSomos almas e imos de corpo en corpo\u00bb.<br \/>\n<\/b><\/span><\/span><span style=\"font-family: Times New Roman, serif\"><span style=\"font-size: large\">Gaspar Hern\u00e1ndez.<br \/>\n<\/span><\/span><span style=\"font-family: Times New Roman, serif\"><span style=\"font-size: large\"><b>Traduci\u00f3n: Elisa Borraz\u00e1s.<\/b><\/span><\/span><\/p>\n<figure id=\"attachment_163\" aria-describedby=\"caption-attachment-163\" style=\"width: 400px\" class=\"wp-caption aligncenter\"><img loading=\"lazy\" decoding=\"async\" class=\"wp-image-163 size-full\" title=\"Brian Weiss. Foto: Joan Cortadellas.\" src=\"https:\/\/animaweb.cat\/files\/2018\/02\/Brian_Weiss_a_Barcelona_400x360px.png\" alt=\"Brian Weiss. Argazkia: Joan Cortadellas.\" width=\"400\" height=\"360\" srcset=\"https:\/\/animaweb.blog.pangea.org\/files\/2018\/02\/Brian_Weiss_a_Barcelona_400x360px.png 400w, https:\/\/animaweb.blog.pangea.org\/files\/2018\/02\/Brian_Weiss_a_Barcelona_400x360px-300x270.png 300w\" sizes=\"auto, (max-width: 400px) 85vw, 400px\" \/><figcaption id=\"caption-attachment-163\" class=\"wp-caption-text\">Brian Weiss. Argazkia: Joan Cortadellas.<\/figcaption><\/figure>\n<p class=\"western\" lang=\"gl-ES\" align=\"justify\"><span style=\"font-family: Times New Roman, serif\"><span style=\"font-size: large\"><b><br \/>\nBrian Weiss. Foto: Joan Cortadellas.<\/b><\/span><\/span><\/p>\n<p class=\"western\" lang=\"es-ES\" align=\"justify\">\u2013<span style=\"font-family: Times New Roman, serif\"><span style=\"font-size: large\"><span lang=\"gl-ES\"><b>Moita xente da comunidade cient\u00edfica rexeita as s\u00faas teor\u00edas.\u2013<\/b><\/span><\/span><\/span><\/p>\n<p class=\"western\" lang=\"es-ES\" align=\"justify\">\u2013<span style=\"font-family: Times New Roman, serif\"><span style=\"font-size: large\"><span lang=\"gl-ES\">Si, e ese rexeitamento sup\u00f3n un reto para min desde os anos 80. Os cient\u00edficos queren estudos e eu traballo cun caso detr\u00e1s doutro.\u2013<\/span><\/span><\/span><\/p>\n<p class=\"western\" lang=\"es-ES\" align=\"justify\">\u2013<span style=\"font-family: Times New Roman, serif\"><span style=\"font-size: large\"><span lang=\"gl-ES\"><b>Como se pode demostrar cientificamente a reencarnaci\u00f3n?\u2013<\/b><\/span><\/span><\/span><\/p>\n<p class=\"western\" lang=\"es-ES\" align=\"justify\">\u2013<span style=\"font-family: Times New Roman, serif\"><span style=\"font-size: large\"><span lang=\"gl-ES\">En primeiro lugar, mantendo unha mente aberta. Tr\u00e1tase de analizar un caso tras outro e desenvolver unha hip\u00f3tese. Hai moitos cient\u00edficos que esqueceron que a base da ciencia \u00e9 ter unha mente aberta e non ir polo mundo con ideas preconcibidas. Eu recomendo aos meus colegas m\u00e9dicos que proben a terapia regresiva, e ver\u00e1n.\u2013<\/span><\/span><\/span><\/p>\n<p class=\"western\" lang=\"es-ES\" align=\"justify\">\u2013<span style=\"font-family: Times New Roman, serif\"><span style=\"font-size: large\"><span lang=\"gl-ES\"><b>A que chama vostede \u00abvida pasada\u00bb?\u2013<\/b><\/span><\/span><\/span><\/p>\n<p class=\"western\" lang=\"es-ES\" align=\"justify\">\u2013<span style=\"font-family: Times New Roman, serif\"><span style=\"font-size: large\"><span lang=\"gl-ES\">A un recordo que tes de ti, onde te reco\u00f1eces con outro corpo, noutro tempo, pero sabendo sen ningunha d\u00fabida que es ti. Este recordo p\u00f3delo ter de moitas formas, mesmo en so\u00f1os, e pode chegar a explicar un medo do presente.\u2013<\/span><\/span><\/span><\/p>\n<p class=\"western\" lang=\"es-ES\" align=\"justify\">\u2013<span style=\"font-family: Times New Roman, serif\"><span style=\"font-size: large\"><span lang=\"gl-ES\"><b>Por ejemplo?\u2013<\/b><\/span><\/span><\/span><\/p>\n<p class=\"western\" lang=\"es-ES\" align=\"justify\">\u2013<span style=\"font-family: Times New Roman, serif\"><span style=\"font-size: large\"><span lang=\"gl-ES\">Se nunha vida pasada afogaches, pode ser que agora sintas un medo terrible \u00e1 auga.\u2013<\/span><\/span><\/span><\/p>\n<p class=\"western\" lang=\"es-ES\" align=\"justify\">\u2013<span style=\"font-family: Times New Roman, serif\"><span style=\"font-size: large\"><span lang=\"gl-ES\"><b>E se te\u00f1o medo \u00e1s alturas?\u2013<\/b><\/span><\/span><\/span><\/p>\n<p class=\"western\" lang=\"es-ES\" align=\"justify\">\u2013<span style=\"font-family: Times New Roman, serif\"><span style=\"font-size: large\"><span lang=\"gl-ES\">Pode ser que nunha vida pasada te empurraran desde o alto dun castelo. Adoito traballar con pacientes que acoden a min con s\u00edntomas parecidos.\u2013<\/span><\/span><\/span><\/p>\n<p class=\"western\" lang=\"es-ES\" align=\"justify\">\u2013<span style=\"font-family: Times New Roman, serif\"><span style=\"font-size: large\"><span lang=\"gl-ES\"><b>E se non te\u00f1o traumas, nin grandes medos?\u2013<\/b><\/span><\/span><\/span><\/p>\n<p class=\"western\" lang=\"es-ES\" align=\"justify\">\u2013<span style=\"font-family: Times New Roman, serif\"><span style=\"font-size: large\"><span lang=\"gl-ES\">A mi\u00f1a muller traballa con xente como vostede, xente que ten memorias de vidas pasadas que non son traum\u00e1ticas, e que s\u00f3 senten curiosidade. Nos s\u00faas outras vidas, estas persoas non sufriron ning\u00fan trauma. Ela ref\u00edrese a eles como \u00abos turistas das vidas pasadas\u00bb.\u2013<\/span><\/span><\/span><\/p>\n<p class=\"western\" lang=\"es-ES\" align=\"justify\">\u2013<span style=\"font-family: Times New Roman, serif\"><span style=\"font-size: large\"><span lang=\"gl-ES\"><b>S\u00f3 turistas. Non fixeron nada de proveito?\u2013<\/b><\/span><\/span><\/span><\/p>\n<p class=\"western\" lang=\"es-ES\" align=\"justify\">\u2013<span style=\"font-family: Times New Roman, serif\"><span style=\"font-size: large\"><span lang=\"gl-ES\">Mesmo para o turista, ter un recordo da vida pasada \u00e9 moi importante. Significa que non s\u00f3 somos un corpo f\u00edsico, sen\u00f3n unha alma que vai de corpo en corpo.\u2013<\/span><\/span><\/span><\/p>\n<p class=\"western\" lang=\"es-ES\" align=\"justify\">\u2013<span style=\"font-family: Times New Roman, serif\"><span style=\"font-size: large\"><span lang=\"gl-ES\"><b>E a morte?\u2013<\/b><\/span><\/span><\/span><\/p>\n<p class=\"western\" lang=\"es-ES\" align=\"justify\">\u2013<span style=\"font-family: Times New Roman, serif\"><span style=\"font-size: large\"><span lang=\"gl-ES\">O feito de que sexamos almas implica que non debemos ter tanto medo \u00e1 morte. E tampouco teriamos que sufrir uns per\u00edodos de duelo tan longos como os que gardamos na nosa sociedade, porque en realidade somos inmortais e sempre nos imos a reencontrar cos nosos seres queridos.\u2013<\/span><\/span><\/span><\/p>\n<p class=\"western\" lang=\"es-ES\" align=\"justify\">\u2013<span style=\"font-family: Times New Roman, serif\"><span style=\"font-size: large\"><span lang=\"gl-ES\"><b>Que bonito. Parece un conto.\u2013<\/b><\/span><\/span><\/span><\/p>\n<p class=\"western\" lang=\"es-ES\" align=\"justify\">\u2013<span style=\"font-family: Times New Roman, serif\"><span style=\"font-size: large\"><span lang=\"gl-ES\">\u00c9 bonito, si. Con todo, que unha idea sexa reconfortante non significa que sexa certa. Pero esta aseg\u00farolle que si que o \u00e9. A maior\u00eda de tradici\u00f3ns relixiosas cren na reencarnaci\u00f3n. Incluso o cristianismo aceptaba a reencarnaci\u00f3n at\u00e9 bastante despois de Cristo. Na Biblia hab\u00eda, antigamente, moitas referencias a ela.\u2013<\/span><\/span><\/span><\/p>\n<p class=\"western\" lang=\"es-ES\" align=\"justify\">\u2013<span style=\"font-family: Times New Roman, serif\"><span style=\"font-size: large\"><span lang=\"gl-ES\"><b>Di vostede que somos unha alma que se vai reencarnando en distintos corpos. Pero a poboaci\u00f3n mundial aumenta. Ent\u00f3n faltan almas, non?\u2013<\/b><\/span><\/span><\/span><\/p>\n<p class=\"western\" lang=\"es-ES\" align=\"justify\">\u2013<span style=\"font-family: Times New Roman, serif\"><span style=\"font-size: large\"><span lang=\"gl-ES\">Por que debemos dar por sentado que a Terra \u00e9 o \u00fanico lugar onde existen almas?\u2013<\/span><\/span><\/span><\/p>\n<p class=\"western\" lang=\"es-ES\" align=\"justify\">\u2013<span style=\"font-family: Times New Roman, serif\"><span style=\"font-size: large\"><span lang=\"gl-ES\"><b>Ah, pois non caera!\u2013<\/b><\/span><\/span><\/span><\/p>\n<p class=\"western\" lang=\"es-ES\" align=\"justify\">\u2013<span style=\"font-family: Times New Roman, serif\"><span style=\"font-size: large\"><span lang=\"gl-ES\">As almas existen en moitas dimensi\u00f3ns e en moitos universos. A Terra \u00e9 s\u00f3 un pequeno planeta entre mill\u00f3ns de universos.\u2013<\/span><\/span><\/span><\/p>\n<p class=\"western\" lang=\"es-ES\" align=\"justify\">\u2013<span style=\"font-family: Times New Roman, serif\"><span style=\"font-size: large\"><span lang=\"gl-ES\"><b>E por que ve\u00f1en as almas cara aqu\u00ed?\u2013<\/b><\/span><\/span><\/span><\/p>\n<p class=\"western\" lang=\"es-ES\" align=\"justify\">\u2013<span style=\"font-family: Times New Roman, serif\"><span style=\"font-size: large\"><span lang=\"gl-ES\">S\u00e9ntense atra\u00eddas cara aqu\u00ed porque n\u00f3s vivimos en corpos f\u00edsicos, e sentimos e vivimos dunha certa maneira a trav\u00e9s dos nosos sentidos. Pero a cantidade de almas que hai na Terra \u00e9 min\u00fascula comparada coas que hai por todo o universo. E tam\u00e9n hai almas que se dividen e te\u00f1en m\u00e1is dunha experiencia \u00e1 vez.\u2013<\/span><\/span><\/span><\/p>\n<p class=\"western\" lang=\"es-ES\" align=\"justify\">\u2013<span style=\"font-family: Times New Roman, serif\"><span style=\"font-size: large\"><span lang=\"gl-ES\"><b>Vostede fai terapia regresiva mediante hipnosis, pero hai outros cami\u00f1os.\u2013<\/b><\/span><\/span><\/span><\/p>\n<p class=\"western\" lang=\"es-ES\" align=\"justify\">\u2013<span style=\"font-family: Times New Roman, serif\"><span style=\"font-size: large\"><span lang=\"gl-ES\">Hai moitos outros cami\u00f1os, como a meditaci\u00f3n, o ioga ou os so\u00f1os.\u2013<\/span><\/span><\/span><\/p>\n<p class=\"western\" lang=\"es-ES\" align=\"justify\">\u2013<span style=\"font-family: Times New Roman, serif\"><span style=\"font-size: large\"><span lang=\"gl-ES\"><b>E os <\/b><\/span><\/span><span style=\"font-size: large\"><span lang=\"gl-ES\"><i><b>d\u00e9j\u00e0 vu<\/b><\/i><\/span><\/span><span style=\"font-size: large\"><span lang=\"gl-ES\"><b>?\u2013<\/b><\/span><\/span><\/span><\/p>\n<p class=\"western\" lang=\"es-ES\" align=\"justify\">\u2013<span style=\"font-family: Times New Roman, serif\"><span style=\"font-size: large\"><span lang=\"gl-ES\">Si, hai persoas que te\u00f1en un d\u00e9j\u00e0 vu e en realidade est\u00e1n a ter un recordo de vida pasada. Van a unha cidade por primeira vez e danse conta de que saben atopar as r\u00faas: estiveron al\u00ed durante unha vida pasada. Moita xente tivo unha experiencia de vida pasada, ou extracorp\u00f3rea, e non est\u00e1 tola. Pero, como non leu nada, non sabe que lle pasa. Informar a trav\u00e9s do seu xornal pode axudar a moita xente a non sentirse raros.\u2013<\/span><\/span><\/span><\/p>\n<p class=\"western\" lang=\"es-ES\" align=\"justify\">\u2013<span style=\"font-family: Times New Roman, serif\"><span style=\"font-size: large\"><span lang=\"gl-ES\"><b>Que lle din os seus mestres do m\u00e1is al\u00f3?\u2013<\/b><\/span><\/span><\/span><\/p>\n<p class=\"western\" lang=\"es-ES\" align=\"justify\">\u2013<span style=\"font-family: Times New Roman, serif\"><span style=\"font-size: large\"><span lang=\"gl-ES\">O de sempre, porque \u00e9 unha sabedor\u00eda antiga. Te\u00f1o d\u00faas fontes para recibir informaci\u00f3n dos meus mestres: a trav\u00e9s dos meus pacientes hipnotizados e da mi\u00f1a meditaci\u00f3n. As mensaxes est\u00e1n relacionadas co desexo de m\u00e1is paz e menos violencia neste planeta. Temos que lembrar que somos seres espirituais, que esta \u00e9 a nosa verdadeira natureza. Estamos aqu\u00ed para aprender sobre o amor e a compaix\u00f3n. Estamos todos interconectados. Cando facemos dano a algu\u00e9n, fac\u00e9monos dano a n\u00f3s mesmos.\u2013<\/span><\/span><\/span><\/p>\n<p class=\"western\" lang=\"gl-ES\" align=\"justify\"><span style=\"font-family: Times New Roman, serif\"><span style=\"font-size: large\"><b>Ante todo, meditar.<\/b><\/span><\/span><\/p>\n<p class=\"western\" lang=\"gl-ES\" align=\"justify\"><span style=\"font-family: Times New Roman, serif\"><span style=\"font-size: large\">O doutor Brian Weiss (Nova York, 1944) dirixiu o Departamento de Psiquiatr\u00eda da Facultade de Medicina de Yale e agora \u00e9 presidente de honra do Departamento de Psiquiatr\u00eda do Mount Sinai de Miami. Pola s\u00faa consulta pasaron 4.000 pacientes que cren terse reencarnado. Est\u00e1 en Barcelona convidado o F\u00f3rum da Excelencia. \u00c9 un home de aparencia fr\u00e1xil, enso\u00f1ado, con jet lag. O primeiro que fixo no hotel \u00e9 meditar. Para el, meditar \u00e9 \u00abcomo durmir ou comer\u00bb.<\/span><\/span><\/p>","protected":false},"excerpt":{"rendered":"<p>Brian Weiss: \u00abSomos almas e imos de corpo en corpo\u00bb. El Peri\u00f3dico de Catalunya (O Xornal de Catalunya). M\u00e9rcores, 21 de xaneiro do 2009. Opini\u00f3n. P\u00e1xina 80. A entrevista con &hellip; <a href=\"https:\/\/animaweb.blog.pangea.org\/gl\/brian-weiss-som-animes-i-anem-de-cos-en-cos\/\" class=\"more-link\">Ler m\u00e1is<span class=\"screen-reader-text\"> &#8220;Brian Weiss: \u00abSomos almas e imos de corpo en corpo\u00bb.&#8221;<\/span><\/a><\/p>\n","protected":false},"author":12345698,"featured_media":0,"parent":0,"menu_order":0,"comment_status":"closed","ping_status":"closed","template":"","meta":{"ngg_post_thumbnail":0,"footnotes":""},"class_list":["post-6","page","type-page","status-publish","hentry"],"_links":{"self":[{"href":"https:\/\/animaweb.blog.pangea.org\/gl\/wp-json\/wp\/v2\/pages\/6","targetHints":{"allow":["GET"]}}],"collection":[{"href":"https:\/\/animaweb.blog.pangea.org\/gl\/wp-json\/wp\/v2\/pages"}],"about":[{"href":"https:\/\/animaweb.blog.pangea.org\/gl\/wp-json\/wp\/v2\/types\/page"}],"author":[{"embeddable":true,"href":"https:\/\/animaweb.blog.pangea.org\/gl\/wp-json\/wp\/v2\/users\/12345698"}],"replies":[{"embeddable":true,"href":"https:\/\/animaweb.blog.pangea.org\/gl\/wp-json\/wp\/v2\/comments?post=6"}],"version-history":[{"count":27,"href":"https:\/\/animaweb.blog.pangea.org\/gl\/wp-json\/wp\/v2\/pages\/6\/revisions"}],"predecessor-version":[{"id":2236,"href":"https:\/\/animaweb.blog.pangea.org\/gl\/wp-json\/wp\/v2\/pages\/6\/revisions\/2236"}],"wp:attachment":[{"href":"https:\/\/animaweb.blog.pangea.org\/gl\/wp-json\/wp\/v2\/media?parent=6"}],"curies":[{"name":"wp","href":"https:\/\/api.w.org\/{rel}","templated":true}]}}