{"id":6,"date":"2018-01-17T13:11:14","date_gmt":"2018-01-17T11:11:14","guid":{"rendered":"http:\/\/animaweb.blog.pangea.org\/?page_id=6"},"modified":"2022-12-16T19:55:32","modified_gmt":"2022-12-16T17:55:32","slug":"brian-weiss-som-animes-i-anem-de-cos-en-cos","status":"publish","type":"page","link":"https:\/\/animaweb.blog.pangea.org\/fr\/brian-weiss-som-animes-i-anem-de-cos-en-cos\/","title":{"rendered":"Brian Weiss : \u00ab Nous sommes des \u00e2mes et nous passons d\u2019un corps \u00e0 un autre \u00bb."},"content":{"rendered":"<p class=\"western\" lang=\"fr-FR\" align=\"center\"><span style=\"font-family: Times New Roman, serif\"><span style=\"font-size: x-large\"><b>Brian Weiss : \u00ab Nous sommes des \u00e2mes et nous passons d\u2019un corps \u00e0 un autre \u00bb.<\/b><\/span><\/span><\/p>\n<p class=\"western\" lang=\"fr-FR\" align=\"justify\"><span style=\"font-family: Times New Roman, serif\"><span style=\"font-size: large\"><b><img loading=\"lazy\" decoding=\"async\" class=\"alignright wp-image-773 size-full\" title=\"El Peri\u00f3dico de Catalunya. Logo.\" src=\"https:\/\/animaweb.cat\/files\/2020\/01\/El_Periodico_de_Catalunya_Logotip_72ppp_200x39px.png\" alt=\"El Peri\u00f3dico de Catalunya. Logo.\" width=\"200\" height=\"39\" \/>El Peri\u00f3dico de Catalunya. <\/b><\/span><\/span><span style=\"font-family: Times New Roman, serif\"><span style=\"font-size: large\"><span lang=\"fr-FR\"><b>Mercredi, 21 janvier 2009. Opinion. Page 80.<\/b><\/span><\/span><\/span><\/p>\n<p class=\"western\" lang=\"fr-FR\" align=\"justify\"><span style=\"font-family: Times New Roman, serif\"><span style=\"font-size: large\"><i>Une interview avec Brian Weiss, psychiatre sp\u00e9cialis\u00e9 dans la th\u00e9rapie de r\u00e9gression.<\/i><\/span><\/span><\/p>\n<p class=\"western\" lang=\"fr-FR\" align=\"justify\"><span style=\"font-family: Times New Roman, serif\"><span style=\"font-size: large\"><i>Aux \u00c9tats-Unis il s\u2019est occup\u00e9 d\u2019environ 4.000 patients qui ont des souvenirs de leurs vies pass\u00e9es.<\/i><\/span><\/span><\/p>\n<p class=\"western\" lang=\"fr-FR\" align=\"justify\"><span style=\"font-family: Times New Roman, serif\"><span style=\"font-size: large\"><b>Brian Weiss : \u00ab Nous sommes des \u00e2mes et nous passons d\u2019un corps \u00e0 un autre. \u00bb<\/b><\/span><\/span><\/p>\n<p class=\"western\" lang=\"fr-FR\" align=\"justify\"><span style=\"font-family: Times New Roman, serif\"><span style=\"font-size: large\">Gaspar Hern\u00e1ndez.<\/span><\/span><\/p>\n<figure id=\"attachment_163\" aria-describedby=\"caption-attachment-163\" style=\"width: 400px\" class=\"wp-caption aligncenter\"><img loading=\"lazy\" decoding=\"async\" class=\"wp-image-163 size-full\" title=\"Brian Weiss. Photo: Joan Cortadellas.\" src=\"https:\/\/animaweb.cat\/files\/2018\/02\/Brian_Weiss_a_Barcelona_400x360px.png\" alt=\"Brian Weiss. Foto: Joan Cortadellas.\" width=\"400\" height=\"360\" srcset=\"https:\/\/animaweb.blog.pangea.org\/files\/2018\/02\/Brian_Weiss_a_Barcelona_400x360px.png 400w, https:\/\/animaweb.blog.pangea.org\/files\/2018\/02\/Brian_Weiss_a_Barcelona_400x360px-300x270.png 300w\" sizes=\"auto, (max-width: 400px) 85vw, 400px\" \/><figcaption id=\"caption-attachment-163\" class=\"wp-caption-text\">Brian Weiss. Photo: Joan Cortadellas.<\/figcaption><\/figure>\n<p class=\"western\" lang=\"fr-FR\" align=\"justify\"><span style=\"font-family: Times New Roman, serif\"><span style=\"font-size: large\"><b>Brian Weiss. Photo: Joan Cortadellas.<\/b><\/span><\/span><\/p>\n<p class=\"western\" lang=\"fr-FR\" align=\"justify\">\u2013<span style=\"font-family: Times New Roman, serif\"><span style=\"font-size: large\"><span lang=\"fr-FR\"><b>Beaucoup de gens de la communaut\u00e9 scientifique nient vos th\u00e9ories.\u2013<\/b><\/span><\/span><\/span><\/p>\n<p class=\"western\" lang=\"fr-FR\" align=\"justify\">\u2013<span style=\"font-family: Times New Roman, serif\"><span style=\"font-size: large\"><span lang=\"fr-FR\">Oui, et ce rejet signifie un d\u00e9fi pour moi depuis les ann\u00e9es \u201980 du si\u00e8cle pass\u00e9. Les hommes de science veulent des \u00e9tudes et moi je travaille \u00e0 un cas apr\u00e8s l\u2019autre.\u2013<\/span><\/span><\/span><\/p>\n<p class=\"western\" lang=\"fr-FR\" align=\"justify\">\u2013<span style=\"font-family: Times New Roman, serif\"><span style=\"font-size: large\"><span lang=\"fr-FR\"><b>Comment peut-on d\u00e9montrer scientifiquement la r\u00e9incarnation ?\u2013<\/b><\/span><\/span><\/span><\/p>\n<p class=\"western\" lang=\"fr-FR\" align=\"justify\">\u2013<span style=\"font-family: Times New Roman, serif\"><span style=\"font-size: large\"><span lang=\"fr-FR\">Pour commencer, il faut avoir un esprit ouvert. Il s\u2019agit d\u2019analyser les cas l\u2019un apr\u00e8s l\u2019autre et de d\u00e9velopper une hypoth\u00e8se. Beaucoup de scientifiques ont oubli\u00e9 que la base de la science est de tenir un esprit ouvert, et non pas de se promener avec des id\u00e9es pr\u00e9con\u00e7ues. Je conseille mes confr\u00e8res m\u00e9decins d\u2019essayer la th\u00e9rapie de r\u00e9gression et alors ils auront des \u00e9l\u00e9ments pour juger.\u2013<\/span><\/span><\/span><\/p>\n<p class=\"western\" lang=\"fr-FR\" align=\"justify\">\u2013<span style=\"font-family: Times New Roman, serif\"><span style=\"font-size: large\"><span lang=\"fr-FR\"><b>C\u2019est quoi une \u00ab vie pass\u00e9e \u00bb pour vous ?\u2013<\/b><\/span><\/span><\/span><\/p>\n<p class=\"western\" lang=\"fr-FR\" align=\"justify\">\u2013<span style=\"font-family: Times New Roman, serif\"><span style=\"font-size: large\"><span lang=\"fr-FR\">Un souvenir que on a de soi m\u00eame, o\u00f9 on se reconna\u00eet avec un autre corps, dans un autre temps, mais avec la certitude que c\u2019est nous m\u00eames. Ce souvenir peut apparaitre de beaucoup de fa\u00e7ons, m\u00eame en r\u00eaves, et il peut m\u00eame parvenir \u00e0 expliquer une peur du pr\u00e9sent.\u2013<\/span><\/span><\/span><\/p>\n<p class=\"western\" lang=\"fr-FR\" align=\"justify\">\u2013<span style=\"font-family: Times New Roman, serif\"><span style=\"font-size: large\"><span lang=\"fr-FR\"><b>Donnez moi un exemple&#8230;\u2013<\/b><\/span><\/span><\/span><\/p>\n<p class=\"western\" lang=\"fr-FR\" align=\"justify\">\u2013<span style=\"font-family: Times New Roman, serif\"><span style=\"font-size: large\"><span lang=\"fr-FR\">Si dans une vie pass\u00e9e on s\u2019est noy\u00e9, peut-\u00eatre que maintenant on ait une peur terrible de l\u2019eau.\u2013<\/span><\/span><\/span><\/p>\n<p class=\"western\" lang=\"fr-FR\" align=\"justify\">\u2013<span style=\"font-family: Times New Roman, serif\"><span style=\"font-size: large\"><span lang=\"fr-FR\"><b>Et si j\u2019ai peur des hauteurs ?\u2013<\/b><\/span><\/span><\/span><\/p>\n<p class=\"western\" lang=\"fr-FR\" align=\"justify\">\u2013<span style=\"font-family: Times New Roman, serif\"><span style=\"font-size: large\"><span lang=\"fr-FR\">Peut-\u00eatre dans une vie pass\u00e9e on vous a pouss\u00e9e du haut d\u2019un ch\u00e2teau. Je travaille avec des gens qui ont des sympt\u00f4mes similaires.\u2013<\/span><\/span><\/span><\/p>\n<p class=\"western\" lang=\"fr-FR\" align=\"justify\">\u2013<span style=\"font-family: Times New Roman, serif\"><span style=\"font-size: large\"><span lang=\"fr-FR\"><b>Et si je n\u2019ai pas de traumas, ni de grandes peurs ?\u2013<\/b><\/span><\/span><\/span><\/p>\n<p class=\"western\" lang=\"fr-FR\" align=\"justify\">\u2013<span style=\"font-family: Times New Roman, serif\"><span style=\"font-size: large\"><span lang=\"fr-FR\">Ma femme travaille avec des gens comme vous, des gens dont les souvenirs des vies pass\u00e9es ne sont pas traumatiques, et qui simplement sont curieux. Dans leurs autres vies ces personnes n\u2019ont pas subi des traumas. Elle les appelle \u00ab les touristes des vies pass\u00e9es \u00bb.\u2013<\/span><\/span><\/span><\/p>\n<p class=\"western\" lang=\"fr-FR\" align=\"justify\">\u2013<span style=\"font-family: Times New Roman, serif\"><span style=\"font-size: large\"><span lang=\"fr-FR\"><b>Seulement touristes ? Ils n\u2019ont rien fait de profitable ?\u2013<\/b><\/span><\/span><\/span><\/p>\n<p class=\"western\" lang=\"fr-FR\" align=\"justify\">\u2013<span style=\"font-family: Times New Roman, serif\"><span style=\"font-size: large\"><span lang=\"fr-FR\">M\u00eame pour un <\/span><\/span><\/span><span style=\"font-family: Times New Roman, serif\"><span style=\"font-size: large\"><span lang=\"fr-FR\"><i>touriste<\/i><\/span><\/span><\/span><span style=\"font-family: Times New Roman, serif\"><span style=\"font-size: large\"><span lang=\"fr-FR\"> c\u2019est tr\u00e8s important d\u2019avoir un souvenir de sa vie pass\u00e9e. Ceci veut dire que nous ne sommes pas seulement un corps physique, mais une \u00e2me qui va d\u2019un corps \u00e0 un autre.\u2013<\/span><\/span><\/span><\/p>\n<p class=\"western\" lang=\"fr-FR\" align=\"justify\">\u2013<span style=\"font-family: Times New Roman, serif\"><span style=\"font-size: large\"><span lang=\"fr-FR\"><b>Et la mort ?\u2013<\/b><\/span><\/span><\/span><\/p>\n<p class=\"western\" lang=\"fr-FR\" align=\"justify\">\u2013<span style=\"font-family: Times New Roman, serif\"><span style=\"font-size: large\"><span lang=\"fr-FR\">Le fait d\u2019\u00eatre une \u00e2me signifie que nous ne devons pas craindre tant la mort. Et aussi nous ne devrions pas souffrir des p\u00e9riodes de deuil aussi longs comme on le fait dans notre soci\u00e9t\u00e9, parce qu\u2019en r\u00e9alit\u00e9 nous sommes immortels et nous retrouverons toujours nos \u00eatres bien-aim\u00e9s.\u2013<\/span><\/span><\/span><\/p>\n<p class=\"western\" lang=\"fr-FR\" align=\"justify\">\u2013<span style=\"font-family: Times New Roman, serif\"><span style=\"font-size: large\"><span lang=\"fr-FR\"><b>C\u2019est joli. Il semble un conte de f\u00e9es.\u2013<\/b><\/span><\/span><\/span><\/p>\n<p class=\"western\" lang=\"fr-FR\" align=\"justify\">\u2013<span style=\"font-family: Times New Roman, serif\"><span style=\"font-size: large\"><span lang=\"fr-FR\">Oui, c\u2019est joli. N\u00e9anmoins, qu\u2019une id\u00e9e soit r\u00e9confortante ne signifie pas qu\u2019elle soit vraie. En tout cas, je vous assure que celle-ci est certaine. La plupart des traditions religieuses croient \u00e0 la r\u00e9incarnation. M\u00eame le christianisme acceptait la r\u00e9incarnation pendant assez de temps apr\u00e8s la mort du Christ. Anciennement, dans la Bible il y avait beaucoup de r\u00e9f\u00e9rences \u00e0 la r\u00e9incarnation.\u2013<\/span><\/span><\/span><\/p>\n<p class=\"western\" lang=\"fr-FR\" align=\"justify\">\u2013<span style=\"font-family: Times New Roman, serif\"><span style=\"font-size: large\"><span lang=\"fr-FR\"><b>Vous dites que nous sommes une \u00e2me qui se r\u00e9incarne dans des corps diff\u00e9rents. Mais la population mondiale augmente. Alors il ya d\u00e9faut d\u2019\u00e2mes, n\u2019est-ce pas ?\u2013<\/b><\/span><\/span><\/span><\/p>\n<p class=\"western\" lang=\"fr-FR\" align=\"justify\">\u2013<span style=\"font-family: Times New Roman, serif\"><span style=\"font-size: large\"><span lang=\"fr-FR\">Pourquoi faut-il consid\u00e9rer comme acquis que la Terre est la seule place o\u00f9 il y a des \u00e2mes ?\u2013<\/span><\/span><\/span><\/p>\n<p class=\"western\" lang=\"fr-FR\" align=\"justify\">\u2013<span style=\"font-family: Times New Roman, serif\"><span style=\"font-size: large\"><span lang=\"fr-FR\"><b>Ah bon, je n\u2019y avais pas pens\u00e9&#8230;\u2013<\/b><\/span><\/span><\/span><\/p>\n<p class=\"western\" lang=\"fr-FR\" align=\"justify\">\u2013<span style=\"font-family: Times New Roman, serif\"><span style=\"font-size: large\"><span lang=\"fr-FR\">Il y a des \u00e2mes dans maintes dimensions et maints univers. La Terre est seulement une petite plan\u00e8te entre millions de mondes.\u2013<\/span><\/span><\/span><\/p>\n<p class=\"western\" lang=\"fr-FR\" align=\"justify\">\u2013<span style=\"font-family: Times New Roman, serif\"><span style=\"font-size: large\"><span lang=\"fr-FR\"><b>Pour quelle raison les \u00e2mes viennent ici ?\u2013<\/b><\/span><\/span><\/span><\/p>\n<p class=\"western\" lang=\"fr-FR\" align=\"justify\">\u2013<span style=\"font-family: Times New Roman, serif\"><span style=\"font-size: large\"><span lang=\"fr-FR\">Elles sentent une attirance par-ce-que nous vivons dans des corps physiques, et nous sentons et vivons d\u2019une fa\u00e7on donn\u00e9e gr\u00e2ce \u00e0 nos sens. Mais le nombre d\u2019\u00e2mes qu\u2019il y a sur la Terre est minuscule par rapport au nombre qu\u2019il y a dans tout l\u2019univers. Ils existent aussi des \u00e2mes qui se divisent et ont plus d\u2019une exp\u00e9rience \u00e0 la fois.\u2013<\/span><\/span><\/span><\/p>\n<p class=\"western\" lang=\"fr-FR\" align=\"justify\">\u2013<span style=\"font-family: Times New Roman, serif\"><span style=\"font-size: large\"><span lang=\"fr-FR\"><b>Vous faites la th\u00e9rapie de r\u00e9gression au moyen de l\u2019hypnose, mais il y a d\u2019autres moyens.\u2013<\/b><\/span><\/span><\/span><\/p>\n<p class=\"western\" lang=\"fr-FR\" align=\"justify\">\u2013<span style=\"font-family: Times New Roman, serif\"><span style=\"font-size: large\"><span lang=\"fr-FR\">Il y en a beaucoup de moyens, par exemple la m\u00e9ditation, le yoga, ou les r\u00eaves.\u2013<\/span><\/span><\/span><\/p>\n<p class=\"western\" lang=\"fr-FR\" align=\"justify\">\u2013<span style=\"font-family: Times New Roman, serif\"><span style=\"font-size: large\"><span lang=\"fr-FR\"><b>Et les <\/b><\/span><\/span><\/span><span style=\"font-family: Times New Roman, serif\"><span style=\"font-size: large\"><span lang=\"fr-FR\"><i><b>d\u00e9j\u00e0 vus&#8230;\u2013<\/b><\/i><\/span><\/span><\/span><\/p>\n<p class=\"western\" lang=\"fr-FR\" align=\"justify\">\u2013<span style=\"font-family: Times New Roman, serif\"><span style=\"font-size: large\"><span lang=\"fr-FR\">Oui, il y a des personnes qui ont une exp\u00e9rience de <\/span><\/span><\/span><span style=\"font-family: Times New Roman, serif\"><span style=\"font-size: large\"><span lang=\"fr-FR\"><i>d\u00e9j\u00e0 vu<\/i><\/span><\/span><\/span><span style=\"font-family: Times New Roman, serif\"><span style=\"font-size: large\"><span lang=\"fr-FR\"> et en r\u00e9alit\u00e9 il s\u2019agit d\u2019un souvenir d\u2019une vie pass\u00e9e. Elles arrivent dans une ville inconnue et elles constatent qu\u2019elles savent trouver les rues : elles ont \u00e9t\u00e9 l\u00e0 dans une vie pass\u00e9e, ou dans une exp\u00e9rience extracorporelle, et elles ne sont pas folles. Mais, n\u2019ayant pas lu sur la question, elles ne savent pas ce qui se passe. L\u2019information \u00e0 travers votre journal peut aider beaucoup de gens \u00e0 ne pas se sentir \u00e9tranges.\u2013<\/span><\/span><\/span><\/p>\n<p class=\"western\" lang=\"fr-FR\" align=\"justify\">\u2013<span style=\"font-family: Times New Roman, serif\"><span style=\"font-size: large\"><span lang=\"fr-FR\"><b>Qu\u2019est-ce-que vous disent vos ma\u00eetres de l\u2019au-del\u00e0 ?\u2013<\/b><\/span><\/span><\/span><\/p>\n<p class=\"western\" lang=\"fr-FR\" align=\"justify\">\u2013<span style=\"font-family: Times New Roman, serif\"><span style=\"font-size: large\"><span lang=\"fr-FR\">Toujours la m\u00eame chose, parce qu\u2019il s\u2019agit d\u2019un savoir ancien. J\u2019ai deux sources pour recevoir l\u2019information de mes ma\u00eetres : \u00e0 travers mes patients hypnotis\u00e9s et \u00e0 travers la m\u00e9ditation. Les messages sont li\u00e9s au d\u00e9sir de plus de paix et de moins de violence sur notre plan\u00e8te. Nous devons nous souvenir que nous sommes des \u00eatres spirituels, et que celle-ci est notre vraie nature. Nous sommes ici pour apprendre sur l\u2019amour et la compassion. Nous sommes tous interconnect\u00e9s. Quand nous nuisons aux autres, nous nous nuisons \u00e0 nous-m\u00eames.<\/span><\/span><\/span><\/p>\n<p class=\"western\" lang=\"fr-FR\"><span style=\"font-family: Times New Roman, serif\"><span style=\"font-size: large\"><b><span lang=\"fr-FR\">Avant tout, m\u00e9diter.<\/span><\/b><\/span><\/span><\/p>\n<p class=\"western\" lang=\"fr-FR\" align=\"justify\"><span style=\"font-family: Times New Roman, serif\"><span style=\"font-size: large\"><span lang=\"fr-FR\">Le Docteur Brian Weiss (New York, 1944) a dirig\u00e9 le D\u00e9partement de Psychiatrie de l\u2019\u00c9cole de M\u00e9decine de Yale, et maintenant il est pr\u00e9sident honoraire du D\u00e9partement de Psychiatrie du Mount Sina\u00ef \u00e0 Miami. Dans sa consultation il s\u2019est occup\u00e9 de 4.000 patients qui pensent qu\u2019ils se sont r\u00e9incarn\u00e9s. Il est \u00e0 Barcelona, invit\u00e9 par le Forum de l\u2019Excellence. C\u2019est un homme \u00e0 l\u2019air fragile, r\u00eaveur, avec <\/span><span lang=\"fr-FR\"><i>jet lag<\/i><\/span><span lang=\"fr-FR\">. La premi\u00e8re chose qu\u2019il a fait \u00e0 son arriv\u00e9e \u00e0 l\u2019h\u00f4tel c\u2019est m\u00e9diter. Pour lui, m\u00e9diter est \u00ab comme dormir ou manger \u00bb.<\/span><\/span><\/span><\/p>\n<p class=\"western\" lang=\"fr-FR\" align=\"justify\"><span style=\"font-family: Times New Roman, serif\"><span style=\"font-size: large\"><b>Traduction : Loto Perrella.<\/b><\/span><\/span><\/p>","protected":false},"excerpt":{"rendered":"<p>Brian Weiss : \u00ab Nous sommes des \u00e2mes et nous passons d\u2019un corps \u00e0 un autre \u00bb. El Peri\u00f3dico de Catalunya. Mercredi, 21 janvier 2009. Opinion. Page 80. Une interview &hellip; <a href=\"https:\/\/animaweb.blog.pangea.org\/fr\/brian-weiss-som-animes-i-anem-de-cos-en-cos\/\" class=\"more-link\">Continuer la lecture<span class=\"screen-reader-text\"> de &laquo;&nbsp;Brian Weiss : \u00ab Nous sommes des \u00e2mes et nous passons d\u2019un corps \u00e0 un autre \u00bb.&nbsp;&raquo;<\/span><\/a><\/p>\n","protected":false},"author":12345698,"featured_media":0,"parent":0,"menu_order":0,"comment_status":"closed","ping_status":"closed","template":"","meta":{"ngg_post_thumbnail":0,"footnotes":""},"class_list":["post-6","page","type-page","status-publish","hentry"],"_links":{"self":[{"href":"https:\/\/animaweb.blog.pangea.org\/fr\/wp-json\/wp\/v2\/pages\/6","targetHints":{"allow":["GET"]}}],"collection":[{"href":"https:\/\/animaweb.blog.pangea.org\/fr\/wp-json\/wp\/v2\/pages"}],"about":[{"href":"https:\/\/animaweb.blog.pangea.org\/fr\/wp-json\/wp\/v2\/types\/page"}],"author":[{"embeddable":true,"href":"https:\/\/animaweb.blog.pangea.org\/fr\/wp-json\/wp\/v2\/users\/12345698"}],"replies":[{"embeddable":true,"href":"https:\/\/animaweb.blog.pangea.org\/fr\/wp-json\/wp\/v2\/comments?post=6"}],"version-history":[{"count":27,"href":"https:\/\/animaweb.blog.pangea.org\/fr\/wp-json\/wp\/v2\/pages\/6\/revisions"}],"predecessor-version":[{"id":2236,"href":"https:\/\/animaweb.blog.pangea.org\/fr\/wp-json\/wp\/v2\/pages\/6\/revisions\/2236"}],"wp:attachment":[{"href":"https:\/\/animaweb.blog.pangea.org\/fr\/wp-json\/wp\/v2\/media?parent=6"}],"curies":[{"name":"wp","href":"https:\/\/api.w.org\/{rel}","templated":true}]}}