{"id":26,"date":"2018-01-17T20:47:37","date_gmt":"2018-01-17T18:47:37","guid":{"rendered":"http:\/\/animaweb.blog.pangea.org\/?page_id=26"},"modified":"2023-01-19T06:53:01","modified_gmt":"2023-01-19T04:53:01","slug":"jose-luis-cabouli-lanima-es-el-xofer-el-cos-el-vehicle","status":"publish","type":"page","link":"https:\/\/animaweb.blog.pangea.org\/fr\/jose-luis-cabouli-lanima-es-el-xofer-el-cos-el-vehicle\/","title":{"rendered":"Jos\u00e9 Luis Cabouli: \u00ab\u00a0L\u2019\u00e2me est le chauffeur, le corps est le v\u00e9hicule\u00a0\u00bb."},"content":{"rendered":"<p class=\"western\" lang=\"fr-FR\" align=\"center\"><span style=\"font-family: Times New Roman, serif\"><span style=\"font-size: x-large\"><b>Jos\u00e9 Luis Cabouli: \u00ab\u00a0L\u2019\u00e2me est le chauffeur, le corps est le v\u00e9hicule\u00a0\u00bb.<\/b><\/span><\/span><\/p>\n<p class=\"western\" lang=\"fr-FR\" align=\"justify\"><span style=\"font-family: Times New Roman, serif\"><span style=\"font-size: large\"><b><img loading=\"lazy\" decoding=\"async\" class=\"alignright wp-image-773 size-full\" title=\"El Peri\u00f3dico de Catalunya. Logo.\" src=\"https:\/\/animaweb.cat\/files\/2020\/01\/El_Periodico_de_Catalunya_Logotip_72ppp_200x39px.png\" alt=\"El Peri\u00f3dico de Catalunya. Logo.\" width=\"200\" height=\"39\" \/>El Peri\u00f3dico de Catalunya. Mercredi, 8 octobre 2008.<\/b><\/span><\/span><\/p>\n<p class=\"western\" lang=\"fr-FR\" align=\"justify\"><span style=\"font-family: Times New Roman, serif\"><span style=\"font-size: large\"><i>Jos\u00e9 Luis Cabouli pratique la Th\u00e9rapie des Vies Pass\u00e9es. Il est un m\u00e9decin et chirurgien de l\u2019\u00e2me. Il assume que la r\u00e9incarnation existe et travaille avec des patients qui tra\u00eenent des traumas d\u2019autres vies.<\/i><\/span><\/span><\/p>\n<p class=\"western\" lang=\"fr-FR\" align=\"justify\"><span style=\"font-family: Times New Roman, serif\"><span style=\"font-size: large\"><b>Jos\u00e9 Luis Cabouli\u00a0: \u00ab\u00a0L\u2019\u00e2me est le chauffeur, le corps le v\u00e9hicule\u00a0\u00bb.<\/b><\/span><\/span><\/p>\n<p class=\"western\" lang=\"fr-FR\" align=\"justify\"><span style=\"font-family: Times New Roman, serif\"><span style=\"font-size: large\">Gaspar Hern\u00e1ndez.<\/span><\/span><\/p>\n<figure id=\"attachment_27\" aria-describedby=\"caption-attachment-27\" style=\"width: 400px\" class=\"wp-caption alignnone\"><img loading=\"lazy\" decoding=\"async\" class=\"wp-image-27 size-full\" title=\"Jos\u00e9 Luis Cabouli. Photo: Elisenda Pons.\" src=\"http:\/\/animaweb.blog.pangea.org\/files\/2018\/01\/Jose_Luis_Cabouli_-_Foto_1_400x358px.png\" alt=\"Jos\u00e9 Luis Cabouli. Photo: Elisenda Pons.\" width=\"400\" height=\"358\" srcset=\"https:\/\/animaweb.blog.pangea.org\/files\/2018\/01\/Jose_Luis_Cabouli_-_Foto_1_400x358px.png 400w, https:\/\/animaweb.blog.pangea.org\/files\/2018\/01\/Jose_Luis_Cabouli_-_Foto_1_400x358px-300x269.png 300w\" sizes=\"auto, (max-width: 400px) 85vw, 400px\" \/><figcaption id=\"caption-attachment-27\" class=\"wp-caption-text\">Jos\u00e9 Luis Cabouli. Photo: Elisenda Pons.<\/figcaption><\/figure>\n<p class=\"western\" lang=\"es-ES\" align=\"justify\"><span style=\"font-family: Times New Roman, serif\"><span style=\"font-size: large\"><b><br \/>\nJos\u00e9 Luis Cabouli. Photo: Elisenda Pons.<\/b><\/span><\/span><\/p>\n<p class=\"western\" lang=\"fr-FR\" align=\"justify\"><span style=\"font-family: Times New Roman, serif\"><span style=\"font-size: large\">Mercredi 8.10.2008 \u00e0 00.00 heures.<\/span><\/span><\/p>\n<p class=\"western\" lang=\"es-ES\" align=\"justify\">\u2013<span style=\"font-family: Times New Roman, serif\"><span style=\"font-size: large\"><span lang=\"fr-FR\"><b>Vous avez d\u00e9laiss\u00e9 la m\u00e9decine. Pourquoi\u00a0?\u2013<\/b><\/span><\/span><\/span><\/p>\n<p class=\"western\" lang=\"es-ES\" align=\"justify\">\u2013<span style=\"font-family: Times New Roman, serif\"><span style=\"font-size: large\"><span lang=\"fr-FR\">C\u2019est une chose du destin. J\u2019\u00e9tais chirurgien plastique et en 1988 je pris des vacances. Un soir, j\u2019\u00e9tais sur la plage faisant m\u00e9ditation, et ma vie a chang\u00e9e. J\u2019eus tr\u00e8s claire la certitude que je devais laisser la chirurgie pour m\u2019occuper de la chirurgie de l\u2019\u00e2me.\u2013<\/span><\/span><\/span><\/p>\n<p class=\"western\" lang=\"es-ES\" align=\"justify\">\u2013<span style=\"font-family: Times New Roman, serif\"><span style=\"font-size: large\"><span lang=\"fr-FR\"><b>Au d\u00e9part vous ne pensiez pas de vous y consacrer.\u2013<\/b><\/span><\/span><\/span><\/p>\n<p class=\"western\" lang=\"es-ES\" align=\"justify\">\u2013<span style=\"font-family: Times New Roman, serif\"><span style=\"font-size: large\"><span lang=\"fr-FR\">Mais j\u2019ai compris que, quand tu ne fait pas ce que tu dois faire, la vie t\u2019oblige \u00e0 le faire.\u2013<\/span><\/span><\/span><\/p>\n<p class=\"western\" lang=\"es-ES\" align=\"justify\">\u2013<span style=\"font-family: Times New Roman, serif\"><span style=\"font-size: large\"><span lang=\"fr-FR\"><b>C\u2019est quoi la Th\u00e9rapie des Vies Pass\u00e9es\u00a0?\u2013<\/b><\/span><\/span><\/span><\/p>\n<p class=\"western\" lang=\"es-ES\" align=\"justify\">\u2013<span style=\"font-family: Times New Roman, serif\"><span style=\"font-size: large\"><span lang=\"fr-FR\">Elle consiste \u00e0 porter \u00e0 la conscience physique des \u00e9pisodes et des \u00e9v\u00e9nements traumatiques qui se trouvent refoul\u00e9s dans l\u2019inconscient, et que pour ceci ils produisent des d\u00e9s\u00e9quilibres dans la vie de chaque jour.\u2013<\/span><\/span><\/span><\/p>\n<p class=\"western\" lang=\"es-ES\" align=\"justify\">\u2013<span style=\"font-family: Times New Roman, serif\"><span style=\"font-size: large\"><span lang=\"fr-FR\"><b>Ce sont des faits que nous avons v\u00e9cu\u00a0?\u2013<\/b><\/span><\/span><\/span><\/p>\n<p class=\"western\" lang=\"es-ES\" align=\"justify\">\u2013<span style=\"font-family: Times New Roman, serif\"><span style=\"font-size: large\"><span lang=\"fr-FR\">Oui, nous les avons v\u00e9cu mais dans d\u2019autres vies. Il y a un rapport direct entre les traumatismes de vies pass\u00e9es et le conflit \u00e9motionnel actuel d\u2019une personne.\u2013<\/span><\/span><\/span><\/p>\n<p class=\"western\" lang=\"es-ES\" align=\"justify\">\u2013<span style=\"font-family: Times New Roman, serif\"><span style=\"font-size: large\"><span lang=\"fr-FR\"><b>Et comment savez-vous qu\u2019ils appartiennent \u00e0 une vie pass\u00e9e et non pas \u00e0 l\u2019inconscient collectif\u00a0?\u2013<\/b><\/span><\/span><\/span><\/p>\n<p class=\"western\" lang=\"es-ES\" align=\"justify\">\u2013<span style=\"font-family: Times New Roman, serif\"><span style=\"font-size: large\"><span lang=\"fr-FR\">Pour commencer, on ne sait pas exactement ce que c\u2019est l\u2019inconscient collectif. Et s\u2019il \u00e9tait tellement facile d\u2019obtenir de l\u2019information de l\u2019inconscient collectif, alors on ferait les examens en connexion avec l\u2019inconscient collectif.\u2013<\/span><\/span><\/span><\/p>\n<p class=\"western\" lang=\"es-ES\" align=\"justify\">\u2013<span style=\"font-family: Times New Roman, serif\"><span style=\"font-size: large\"><span lang=\"fr-FR\"><b>Et les patients qui ne croient pas aux vies pass\u00e9es, ils gu\u00e9rissent\u00a0?\u2013<\/b><\/span><\/span><\/span><\/p>\n<p class=\"western\" lang=\"es-ES\" align=\"justify\">\u2013<span style=\"font-family: Times New Roman, serif\"><span style=\"font-size: large\"><span lang=\"fr-FR\">Du point de vue th\u00e9rapeutique, il n\u2019importe pas si les vies pass\u00e9es existent ou non. Nous tous gardons des exp\u00e9riences dans notre subconscient qui n\u2019appartiennent pas au domaine de cette vie. Ernesto S\u00e1bato a d\u00e9fini l\u2019inconscient comme la r\u00e9alit\u00e9 plus v\u00e9ritable qui existe. Tout ce que nous avons dans notre inconscient affleurera dans notre vie de chaque jour.\u2013<\/span><\/span><\/span><\/p>\n<p class=\"western\" lang=\"es-ES\" align=\"justify\">\u2013<span style=\"font-family: Times New Roman, serif\"><span style=\"font-size: large\"><span lang=\"fr-FR\"><b>Croyez-vous \u00e0 la r\u00e9incarnation\u00a0?\u2013<\/b><\/span><\/span><\/span><\/p>\n<p class=\"western\" lang=\"es-ES\" align=\"justify\">\u2013<span style=\"font-family: Times New Roman, serif\"><span style=\"font-size: large\"><span lang=\"fr-FR\">J\u2019y croyais jusqu\u2019\u00e0 quand j\u2019ai commenc\u00e9 \u00e0 travailler avec les vies pass\u00e9es. Quand j\u2019ai commenc\u00e9 \u00e0 \u00e9prouver en moi-m\u00eame des \u00e9pisodes de vies ant\u00e9rieures, je laissais de croire \u00e0 la r\u00e9incarnation pour l\u2019accepter comme une r\u00e9alit\u00e9, comme une exp\u00e9rience.\u2013<\/span><\/span><\/span><\/p>\n<p class=\"western\" lang=\"es-ES\" align=\"justify\">\u2013<span style=\"font-family: Times New Roman, serif\"><span style=\"font-size: large\"><span lang=\"fr-FR\"><b>Combien de vies pass\u00e9es avez-vous eu\u00a0?\u2013<\/b><\/span><\/span><\/span><\/p>\n<p class=\"western\" lang=\"es-ES\" align=\"justify\">\u2013<span style=\"font-family: Times New Roman, serif\"><span style=\"font-size: large\"><span lang=\"fr-FR\">C\u2019est impossible de savoir. Pendant un travail th\u00e9rapeutique on peut travailler 12 ou 20 vies. Le Bouddha eu 500 vies n\u00e9gatives et 500 de positives avant d\u2019atteindre l\u2019illumination. La seule chose qui apparait quand on travaille est ce qui est vraiment important pour l\u2019\u00e2me.\u2013<\/span><\/span><\/span><\/p>\n<p class=\"western\" lang=\"es-ES\" align=\"justify\">\u2013<span style=\"font-family: Times New Roman, serif\"><span style=\"font-size: large\"><span lang=\"fr-FR\"><b>Combien de vies a l\u2019\u00e2me\u00a0?\u2013<\/b><\/span><\/span><\/span><\/p>\n<p class=\"western\" lang=\"es-ES\" align=\"justify\">\u2013<span style=\"font-family: Times New Roman, serif\"><span style=\"font-size: large\"><span lang=\"fr-FR\">Une seule vie. Les corps sont des instruments et des v\u00e9hicules pour mener \u00e0 bien les exp\u00e9riences dont l\u2019\u00e2me a besoin pour \u00e9voluer. L\u2019\u00e2me est une entit\u00e9 qui maintient son individualit\u00e9 ou son essence en permanence. Tu as \u00e9t\u00e9 toi et tu seras toujours le m\u00eame.\u2013<\/span><\/span><\/span><\/p>\n<p class=\"western\" lang=\"es-ES\" align=\"justify\">\u2013<span style=\"font-family: Times New Roman, serif\"><span style=\"font-size: large\"><span lang=\"fr-FR\"><b>M\u00eame si je meurs.\u2013<\/b><\/span><\/span><\/span><\/p>\n<p class=\"western\" lang=\"es-ES\" align=\"justify\">\u2013<span style=\"font-family: Times New Roman, serif\"><span style=\"font-size: large\"><span lang=\"fr-FR\">C\u2019es ton corps qui meurt, pas ton \u00e2me. Tu a besoin d\u2019un v\u00e9hicule dans ce monde, et c\u2019est ton corps. Mais le corps ne r\u00e9siste pas toujours, et l\u2019\u00e2me aura besoin d\u2019autres corps pour accomplir son plan.\u2013<\/span><\/span><\/span><\/p>\n<p class=\"western\" lang=\"es-ES\" align=\"justify\">\u2013<span style=\"font-family: Times New Roman, serif\"><span style=\"font-size: large\"><span lang=\"fr-FR\"><b>L\u2019\u00e2me a-t-elle un plan\u00a0?\u2013<\/b><\/span><\/span><\/span><\/p>\n<p class=\"western\" lang=\"es-ES\" align=\"justify\">\u2013<span style=\"font-family: Times New Roman, serif\"><span style=\"font-size: large\"><span lang=\"fr-FR\">Oui, un parcours. L\u2019\u00e2me est le chauffeur et le corps est le v\u00e9hicule. Nous utilisons ce v\u00e9hicule pour venir \u00e0 bout des exp\u00e9riences dont nous avons besoin pour grandir, pour \u00e9voluer, qui sait jusqu\u2019o\u00f9.\u2013<\/span><\/span><\/span><\/p>\n<p class=\"western\" lang=\"es-ES\" align=\"justify\">\u2013<span style=\"font-family: Times New Roman, serif\"><span style=\"font-size: large\"><span lang=\"fr-FR\"><b>Suivant les desseins d\u2019une chose sup\u00e9rieure\u00a0?\u2013<\/b><\/span><\/span><\/span><\/p>\n<p class=\"western\" lang=\"es-ES\" align=\"justify\">\u2013<span style=\"font-family: Times New Roman, serif\"><span style=\"font-size: large\"><span lang=\"fr-FR\">Je crois que c\u2019est un travail d\u2019\u00e9quipe. Il y a un architecte qui dirige le plan de l\u2019univers et, dans ce plan, chaque \u00e2me a une fonction \u00e0 remplir. Nous sommes ici pour apprendre que nous sommes un\u00a0: nous appartenons au tout. Mais l\u2019illusion d\u2019\u00eatre dans un corps nous fait croire que nous sommes s\u00e9par\u00e9s et que nous sommes des \u00eatres individuels. Mais en r\u00e9alit\u00e9, quand nous allons plus loin, nous voyons que nous faisons partie d\u2019un seul \u00eatre.\u2013<\/span><\/span><\/span><\/p>\n<p class=\"western\" lang=\"es-ES\" align=\"justify\">\u2013<span style=\"font-family: Times New Roman, serif\"><span style=\"font-size: large\"><span lang=\"fr-FR\"><b>Comment peux-je entrer en rapport avec la m\u00e9moire d\u2019une vie ant\u00e9rieure\u00a0?\u2013<\/b><\/span><\/span><\/span><\/p>\n<p class=\"western\" lang=\"es-ES\" align=\"justify\">\u2013<span style=\"font-family: Times New Roman, serif\"><span style=\"font-size: large\"><span lang=\"fr-FR\">Connecter avec les vies pass\u00e9es est assez simple. Pour commencer, ceci peut avoir lieu d\u2019une fa\u00e7on spontan\u00e9e ou peut \u00eatre provoqu\u00e9. Spontan\u00e9ment il peut avenir pendant une m\u00e9ditation, en songeant, regardant un film ou visitant un lieu en particulier, alors on re\u00e7oit une connaissance instantan\u00e9e. Il est fr\u00e9quent que les enfants entre 2 et 6 ans aient des souvenirs spontan\u00e9s de leurs vies ant\u00e9rieures, parce qu\u2019encore ils n\u2019ont pas subi les m\u00e9canismes de la censure intellectuelle. Malgr\u00e9 ceci, les parents les consid\u00e8rent une fantaisie.\u2013<\/span><\/span><\/span><\/p>\n<p class=\"western\" lang=\"es-ES\" align=\"justify\">\u2013<span style=\"font-family: Times New Roman, serif\"><span style=\"font-size: large\"><span lang=\"fr-FR\"><b>Vous \u00eates m\u00e9decin, vous avez une \u00e9ducation scientifique. Que diriez-vous \u00e0 vos coll\u00e8gues qui pensent que vous \u00eates devenu fou\u00a0?\u2013<\/b><\/span><\/span><\/span><\/p>\n<p class=\"western\" lang=\"es-ES\" align=\"justify\">\u2013<span style=\"font-family: Times New Roman, serif\"><span style=\"font-size: large\"><span lang=\"fr-FR\">Simplement, qu\u2019ils suivent les piliers de la m\u00e9thode scientifique\u00a0: observation, exp\u00e9rimentation et v\u00e9rification. Observer le ph\u00e9nom\u00e8ne, exp\u00e9rimenter et v\u00e9rifier. Et maintenir l\u2019esprit ouvert, sans pr\u00e9juger personne. Si je maintiens mon esprit ouvert, devant moi peut avenir n\u2019importe quoi\u00a0; si je me ferme, l\u2019inconscient qui est devant moi aussi se fermera.\u2013<\/span><\/span><\/span><\/p>\n<p class=\"western\" lang=\"es-ES\" align=\"justify\"><span style=\"font-family: Times New Roman, serif\"><span style=\"font-size: large\"><strong>Une vie pass\u00e9e \u00e0 Girona. <\/strong>Le docteur Jos\u00e9 Luis Cabouli (Buenos Aires, 1950) \u00e9tait un chirurgien plastique \u00e0 la capitale argentine jusqu\u2019au jour o\u00f9 il d\u00e9cidait de laisser son travail comme m\u00e9decin et s\u2019occuper de ce qu\u2019on appelle la <em>Th\u00e9rapie des Vies Pass\u00e9es (TVP). <\/em>Despuis 1992 il dirige le <em>Centro de Estudios TVP <\/em>(<i>Centre d\u2019\u00c9tudes de Th\u00e9rapie de Vies Pass\u00e9es<\/i>), et ces jours-ci il est en train de donner un cours dans la Catalogne invit\u00e9 par la librairie Epsilon. Il est convaincu que dans une autre vie il habitait dans la r\u00e9gion de Girona. Dans cette r\u00e9gion, il dit, il se sent comme chez lui.<\/span><\/span><\/p>\n<p class=\"western\" lang=\"fr-FR\" align=\"justify\"><span style=\"font-family: Times New Roman, serif\"><span style=\"font-size: large\">Connexion de l\u2019interview originelle en espagnol\u00a0:<\/span><\/span><\/p>\n<p class=\"western\" lang=\"es-ES\" align=\"justify\"><span style=\"color: #0000ff\"><u><a href=\"http:\/\/www.elperiodico.com\/es\/opinion\/20081008\/jose-luis-cabouli-el-alma-es-el-chofer-el-cuerpo-el-vehiculo-24269\"><span style=\"font-family: Times New Roman, serif\"><span style=\"font-size: large\"><span lang=\"es-ES\">http:\/\/www.elperiodico.com\/es\/opinion\/20081008\/jose-luis-cabouli-el-alma-es-el-chofer-el-cuerpo-el-vehiculo-24269<\/span><\/span><\/span><\/a><\/u><\/span><\/p>\n<p class=\"western\" lang=\"es-ES\" align=\"justify\"><span style=\"font-family: Times New Roman, serif\"><span style=\"font-size: large\"><b>Traduction\u00a0: Loto Perrella.<\/b><\/span><\/span><\/p>","protected":false},"excerpt":{"rendered":"<p>Jos\u00e9 Luis Cabouli: \u00ab\u00a0L\u2019\u00e2me est le chauffeur, le corps est le v\u00e9hicule\u00a0\u00bb. El Peri\u00f3dico de Catalunya. Mercredi, 8 octobre 2008. Jos\u00e9 Luis Cabouli pratique la Th\u00e9rapie des Vies Pass\u00e9es. Il &hellip; <a href=\"https:\/\/animaweb.blog.pangea.org\/fr\/jose-luis-cabouli-lanima-es-el-xofer-el-cos-el-vehicle\/\" class=\"more-link\">Continuer la lecture<span class=\"screen-reader-text\"> de &laquo;&nbsp;Jos\u00e9 Luis Cabouli: \u00ab\u00a0L\u2019\u00e2me est le chauffeur, le corps est le v\u00e9hicule\u00a0\u00bb.&nbsp;&raquo;<\/span><\/a><\/p>\n","protected":false},"author":12345698,"featured_media":0,"parent":0,"menu_order":0,"comment_status":"closed","ping_status":"closed","template":"","meta":{"ngg_post_thumbnail":0,"footnotes":""},"class_list":["post-26","page","type-page","status-publish","hentry"],"_links":{"self":[{"href":"https:\/\/animaweb.blog.pangea.org\/fr\/wp-json\/wp\/v2\/pages\/26","targetHints":{"allow":["GET"]}}],"collection":[{"href":"https:\/\/animaweb.blog.pangea.org\/fr\/wp-json\/wp\/v2\/pages"}],"about":[{"href":"https:\/\/animaweb.blog.pangea.org\/fr\/wp-json\/wp\/v2\/types\/page"}],"author":[{"embeddable":true,"href":"https:\/\/animaweb.blog.pangea.org\/fr\/wp-json\/wp\/v2\/users\/12345698"}],"replies":[{"embeddable":true,"href":"https:\/\/animaweb.blog.pangea.org\/fr\/wp-json\/wp\/v2\/comments?post=26"}],"version-history":[{"count":12,"href":"https:\/\/animaweb.blog.pangea.org\/fr\/wp-json\/wp\/v2\/pages\/26\/revisions"}],"predecessor-version":[{"id":2366,"href":"https:\/\/animaweb.blog.pangea.org\/fr\/wp-json\/wp\/v2\/pages\/26\/revisions\/2366"}],"wp:attachment":[{"href":"https:\/\/animaweb.blog.pangea.org\/fr\/wp-json\/wp\/v2\/media?parent=26"}],"curies":[{"name":"wp","href":"https:\/\/api.w.org\/{rel}","templated":true}]}}