{"id":126,"date":"2018-01-19T20:41:42","date_gmt":"2018-01-19T18:41:42","guid":{"rendered":"http:\/\/animaweb.blog.pangea.org\/?page_id=126"},"modified":"2023-01-19T06:41:05","modified_gmt":"2023-01-19T04:41:05","slug":"jose-luis-cabouli-el-teu-ego-no-suporta-tota-la-veritat","status":"publish","type":"page","link":"https:\/\/animaweb.blog.pangea.org\/fr\/jose-luis-cabouli-el-teu-ego-no-suporta-tota-la-veritat\/","title":{"rendered":"Jos\u00e9 Luis Cabouli: \u00ab Ton ego ne supporte pas toute la v\u00e9rit\u00e9 \u00bb."},"content":{"rendered":"<p align=\"center\"><span style=\"font-family: Times New Roman, serif\"><span style=\"font-size: x-large\"><span lang=\"fr-FR\"><b>Jos\u00e9 Luis Cabouli: \u00ab\u00a0Ton ego ne supporte pas toute la v\u00e9rit\u00e9\u00a0\u00bb. <\/b><\/span><\/span><\/span><\/p>\n<p align=\"justify\"><span style=\"font-family: Times New Roman, serif\"><span lang=\"it-IT\"><b><img loading=\"lazy\" decoding=\"async\" class=\"alignright wp-image-774 size-full\" title=\"La Vanguardia. Logo.\" src=\"https:\/\/animaweb.cat\/files\/2020\/01\/La_Vanguardia_Logotip_72ppp_200x44px.png\" alt=\"La Vanguardia. Logo.\" width=\"200\" height=\"44\" \/>La Vanguardia. Samedi, 23 aout 2003. La Contra. <\/b><\/span><\/span><\/p>\n<p align=\"justify\"><span style=\"font-family: Times New Roman, serif\"><span lang=\"fr-FR\"><b>Jos\u00e9 Luis Cabouli: \u00ab\u00a0Ton ego ne supporte pas toute la v\u00e9rit\u00e9\u00a0\u00bb. <\/b><\/span><\/span><\/p>\n<p align=\"justify\"><span style=\"font-family: Times New Roman, serif\"><span lang=\"fr-FR\">J\u2019ai 52 ans. Je suis n\u00e9 \u00e0 Buenos Aires. <\/span><\/span><span style=\"font-family: Times New Roman, serif\"><span lang=\"fr-FR\"><b>J\u2019ai \u00e9t\u00e9 chirurgien plastique, mais de ceux qui ne deviennent pas riches, et aujourd\u2019hui je suis th\u00e9rapeute r\u00e9gressif.<\/b><\/span><\/span><span style=\"font-family: Times New Roman, serif\"><span lang=\"fr-FR\"> J\u2019ai un enfant de 10 mois et un autre de 20 ans. <\/span><\/span><span style=\"font-family: Times New Roman, serif\"><span lang=\"fr-FR\"><b>Je crois que dans cette vie nous expions les erreurs de vies pr\u00e9c\u00e9dentes, que nous devons r\u00e9soudre avec amour, et les traumas terribles, dont nous devons nous d\u00e9gager en rappelant notre conscience. <\/b><\/span><\/span><\/p>\n<figure id=\"attachment_127\" aria-describedby=\"caption-attachment-127\" style=\"width: 400px\" class=\"wp-caption aligncenter\"><img loading=\"lazy\" decoding=\"async\" class=\"wp-image-127 size-full\" title=\"Jos\u00e9 Luis Cabouli. Photo : Jos\u00e9 Mar\u00eda Alguersuari.\" src=\"https:\/\/animaweb.cat\/files\/2018\/01\/Jose_Luis_Cabouli_-_La_Contra_400x255px.png\" alt=\"Jos\u00e9 Luis Cabouli. Photo : Jos\u00e9 Mar\u00eda Alguersuari.\" width=\"400\" height=\"255\" srcset=\"https:\/\/animaweb.blog.pangea.org\/files\/2018\/01\/Jose_Luis_Cabouli_-_La_Contra_400x255px.png 400w, https:\/\/animaweb.blog.pangea.org\/files\/2018\/01\/Jose_Luis_Cabouli_-_La_Contra_400x255px-300x191.png 300w\" sizes=\"auto, (max-width: 400px) 85vw, 400px\" \/><figcaption id=\"caption-attachment-127\" class=\"wp-caption-text\">Jos\u00e9 Luis Cabouli. Photo : Jos\u00e9 Mar\u00eda Alguersuari.<\/figcaption><\/figure>\n<p style=\"text-align: center\" align=\"justify\"><span style=\"font-family: Times New Roman, serif\"><span lang=\"fr-FR\"><b>Jos\u00e9 Luis Cabouli. Photo\u00a0: Jos\u00e9 Mar\u00eda Alguersuari. <\/b><\/span><\/span><\/p>\n<p align=\"justify\"><span style=\"font-family: Times New Roman, serif\"><span lang=\"fr-FR\">Th\u00e9rapeute r\u00e9gressif. <\/span><\/span><\/p>\n<p align=\"justify\">\u2013<span style=\"font-family: Times New Roman, serif\"><span lang=\"fr-FR\">Un patient m\u2019expliquait qu\u2019il avait mal au ventre, qui devenait plus fort dans les discussions de couple \u00e0 cause de ses attaques de jalousie. <\/span><\/span><span style=\"font-family: Times New Roman, serif\"><span lang=\"fr-FR\">\u2013<\/span><\/span><\/p>\n<p align=\"justify\">\u2013<span style=\"font-family: Times New Roman, serif\"><span lang=\"fr-FR\"><b>Qu\u2019est-ce que vous lui avez recommand\u00e9\u00a0?<\/b><\/span><\/span><span style=\"font-family: Times New Roman, serif\"><span lang=\"fr-FR\"><b>\u2013<\/b><\/span><\/span><\/p>\n<p align=\"justify\">\u2013<span style=\"font-family: Times New Roman, serif\"><span lang=\"fr-FR\">Je lui demandais de me d\u00e9crire son douleur et il me r\u00e9pondit\u00a0: \u00ab\u00a0C\u2019est comme si j\u2019avais un poignard enfonc\u00e9 \u00e0 l\u2019estomac\u00a0\u00bb. J\u2019adoptais la phrase \u00e0 la lettre, tel que le ferait le subconscient de mon patient, et je l\u2019interrogeais jusqu\u2019\u00e0 arriver \u00e0 l\u2019exp\u00e9rience cause du sympt\u00f4me.<\/span><\/span><span style=\"font-family: Times New Roman, serif\"><span lang=\"fr-FR\">\u2013<\/span><\/span><\/p>\n<p align=\"justify\">\u2013 <span style=\"font-family: Times New Roman, serif\"><span lang=\"fr-FR\"><b>Une ulc\u00e8re\u00a0?<\/b><\/span><\/span><span style=\"font-family: Times New Roman, serif\"><span lang=\"fr-FR\"><b>\u2013<\/b><\/span><\/span><\/p>\n<p align=\"justify\">\u2013<span style=\"font-family: Times New Roman, serif\"><span lang=\"fr-FR\">Une bagarre dans un bistrot o\u00f9 mon patient vient de d\u00e9couvrir que sa femme lui est infid\u00e8le et l\u2019autre le poignarde.<\/span><\/span><span style=\"font-family: Times New Roman, serif\"><span lang=\"fr-FR\">\u2013<\/span><\/span><\/p>\n<p align=\"justify\">\u2013<span style=\"font-family: Times New Roman, serif\"><span lang=\"fr-FR\"><b>Alors c\u2019est normal qu\u2019il lui fasse mal&#8230;<\/b><\/span><\/span><span style=\"font-family: Times New Roman, serif\"><span lang=\"fr-FR\"><b>\u2013<\/b><\/span><\/span><\/p>\n<p align=\"justify\">\u2013<span style=\"font-family: Times New Roman, serif\"><span lang=\"fr-FR\">Non, le fait est que la bagarre est avenue dans une vie pr\u00e9c\u00e9dente. Dans la th\u00e9rapie il a \u00e9voqu\u00e9 la rage, la haine, la col\u00e8re et la m\u00e9fiance vers sa femme et il s\u2019est lib\u00e9r\u00e9. Parce-que, quand la mort arrive en secondes, la conscience reste attrap\u00e9e dans la stup\u00e9faction avant de comprendre qu\u2019elle est morte.<\/span><\/span><span style=\"font-family: Times New Roman, serif\"><span lang=\"fr-FR\">\u2013<\/span><\/span><\/p>\n<p align=\"justify\">\u2013<span style=\"font-family: Times New Roman, serif\"><span lang=\"fr-FR\"><b>Et comment se souvient-il maintenant qu\u2019il \u00e9tait un autre\u00a0?<\/b><\/span><\/span><span style=\"font-family: Times New Roman, serif\"><span lang=\"fr-FR\"><b>\u2013<\/b><\/span><\/span><\/p>\n<p align=\"justify\">\u2013<span style=\"font-family: Times New Roman, serif\"><span lang=\"fr-FR\">On arrive au pass\u00e9 seulement par l\u2019\u00e9motion, alors je cherch\u00e9 \u00e0 \u00e9viter que le patient raisonne, \u00e0 lui faire \u00e9voquer des sensations et des sentiments.<\/span><\/span><span style=\"font-family: Times New Roman, serif\"><span lang=\"fr-FR\">\u2013<\/span><\/span><\/p>\n<p align=\"justify\">\u2013<span style=\"font-family: Times New Roman, serif\"><span lang=\"fr-FR\"><b>Ouf, quelle histoire.<\/b><\/span><\/span><span style=\"font-family: Times New Roman, serif\"><span lang=\"fr-FR\"><b>\u2013<\/b><\/span><\/span><\/p>\n<p align=\"justify\">\u2013<span style=\"font-family: Times New Roman, serif\"><span lang=\"fr-FR\">Si vous voulez, ne croyez pas dans une vie pass\u00e9e, mais croyez dans le subconscient qui, comme le disait Sabato, est plus r\u00e9el que la r\u00e9alit\u00e9. Alors nous chercherons \u00e0 \u00e9puiser toutes ces sensations d\u00e9sagr\u00e9ables<\/span><\/span><b> <\/b><span style=\"font-family: Times New Roman, serif\"><span lang=\"fr-FR\">pour que vous puissiez d\u00e9gager votre conscience congel\u00e9e dans le temps \u00e0 cause de l\u2019\u00e9bahissement de la mort soudaine.<\/span><\/span><span style=\"font-family: Times New Roman, serif\"><span lang=\"fr-FR\">\u2013<\/span><\/span><\/p>\n<p align=\"justify\">\u2013<span style=\"font-family: Times New Roman, serif\"><span lang=\"fr-FR\"><b>Et si la douleur est caus\u00e9e para une ulc\u00e8re\u00a0?<\/b><\/span><\/span><span style=\"font-family: Times New Roman, serif\"><span lang=\"fr-FR\"><b>\u2013<\/b><\/span><\/span><\/p>\n<p align=\"justify\">\u2013<span style=\"font-family: Times New Roman, serif\"><span lang=\"fr-FR\">Alors le patient ne serait pas arriv\u00e9 \u00e0 mon cabinet. Ce qui arrive est que quand il se trouve dans une situation semblable \u00e0 celle d\u2019une autre vie, le sympt\u00f4me de la douleur au ventre revient, parce que sa conscience est attrap\u00e9e dans cet instant. Je cherche \u00e0 lui faire ressentir avec intensit\u00e9 toutes ces \u00e9motions de rage et de douleur pour que sa conscience puisse se d\u00e9gager de ce corps qui d\u00e9sormais n\u2019a plus rien \u00e0 faire avec lui.<\/span><\/span><span style=\"font-family: Times New Roman, serif\"><span lang=\"fr-FR\">\u2013<\/span><\/span><\/p>\n<p align=\"justify\">\u2013<span style=\"font-family: Times New Roman, serif\"><span lang=\"fr-FR\"><b>Et s\u2019il a invent\u00e9 toute cette histoire de la bagarre, ou, suggestionn\u00e9, il la prend d\u2019un film\u00a0?<\/b><\/span><\/span><span style=\"font-family: Times New Roman, serif\"><span lang=\"fr-FR\"><b>\u2013<\/b><\/span><\/span><\/p>\n<p align=\"justify\">\u2013<span style=\"font-family: Times New Roman, serif\"><span lang=\"fr-FR\">Je vous ai d\u00e9j\u00e0 dit qu\u2019il y a qui pense que ces \u00e9pisodes sont des simples fantaisies du subconscient\u00a0: et bien, pour le subconscient tout ce qu\u2019il connait est vrai. Ainsi, si on \u00e9puise cette douleur on d\u00e9gagera ce patient de son fant\u00f4me. Et peut-\u00eatre plus tard il arrivera \u00e0 la certitude que ce trauma est ant\u00e9rieur \u00e0 sa propre vie.<\/span><\/span><span style=\"font-family: Times New Roman, serif\"><span lang=\"fr-FR\">\u2013<\/span><\/span><\/p>\n<p align=\"justify\">\u2013<span style=\"font-family: Times New Roman, serif\"><span lang=\"fr-FR\"><b>Comment peux-je me souvenir des autres vies\u00a0?<\/b><\/span><\/span><span style=\"font-family: Times New Roman, serif\"><span lang=\"fr-FR\"><b>\u2013<\/b><\/span><\/span><\/p>\n<p align=\"justify\">\u2013<span style=\"font-family: Times New Roman, serif\"><span lang=\"fr-FR\">Pour commencer, on ne peut pas demander la th\u00e9rapie r\u00e9gressive par curiosit\u00e9, on y arrive pour r\u00e9soudre un sympt\u00f4me inexplicable. Ce sympt\u00f4me du pr\u00e9sent nous conduira au trauma du pass\u00e9 \u00e0 travers les \u00e9motions que nous revivrons. Et il y a trois grands moments o\u00f9 ces traumas ant\u00e9rieurs s\u2019expriment\u00a0: la mort, l\u2019exp\u00e9rience f\u0153tale, et le bas \u00e2ge.<\/span><\/span><span style=\"font-family: Times New Roman, serif\"><span lang=\"fr-FR\">\u2013<\/span><\/span><\/p>\n<p align=\"justify\">\u2013<span style=\"font-family: Times New Roman, serif\"><span lang=\"fr-FR\"><b>Vous souvenez-vous de votre naissance\u00a0?<\/b><\/span><\/span><span style=\"font-family: Times New Roman, serif\"><span lang=\"fr-FR\"><b>\u2013<\/b><\/span><\/span><\/p>\n<p align=\"justify\">\u2013<span style=\"font-family: Times New Roman, serif\"><span lang=\"fr-FR\">Oui. J\u2019ai rev\u00e9cu les \u00e9motions de vouloir sortir, le froid de la salle, des sensations de compression, d\u2019\u00e9touffement\u2026 Mais je ne peux pas \u00e9voquer des images. Et j\u2019ai eu une patiente qui se souvenait de sa rage \u00e0 cause de l\u2019absence de sa m\u00e8re&#8230;<\/span><\/span><span style=\"font-family: Times New Roman, serif\"><span lang=\"fr-FR\">\u2013<\/span><\/span><\/p>\n<p align=\"justify\">\u2013<span style=\"font-family: Times New Roman, serif\"><span lang=\"fr-FR\"><b>Pendant l\u2019accouchement\u00a0?<\/b><\/span><\/span><span style=\"font-family: Times New Roman, serif\"><span lang=\"fr-FR\"><b>\u2013<\/b><\/span><\/span><\/p>\n<p align=\"justify\">\u2013<span style=\"font-family: Times New Roman, serif\"><span lang=\"fr-FR\">Oui, sa m\u00e8re dormait anesth\u00e9si\u00e9e, et se fut la s\u0153ur de sa m\u00e8re, sa tante, qui en effet l\u2019a lav\u00e9e quand elle est n\u00e9e, et apr\u00e8s elle m\u2019expliquait qu\u2019elle eut toujours un rapport tr\u00e8s sp\u00e9cial avec cette tante, et, par contre, elle gardait toujours ses distances avec sa m\u00e8re. La chose curieuse est que personne ne lui avait expliqu\u00e9 auparavant que sa m\u00e8re avait \u00e9t\u00e9 anesth\u00e9si\u00e9e lors de son accouchement.<\/span><\/span><span style=\"font-family: Times New Roman, serif\"><span lang=\"fr-FR\">\u2013<\/span><\/span><\/p>\n<p align=\"justify\">\u2013<span style=\"font-family: Times New Roman, serif\"><span lang=\"fr-FR\"><b>Peut-\u00eatre elle l\u2019avait entendu dire sans s\u2019en rendre compte&#8230;<\/b><\/span><\/span><span style=\"font-family: Times New Roman, serif\"><span lang=\"fr-FR\"><b>\u2013<\/b><\/span><\/span><\/p>\n<p align=\"justify\">\u2013<span style=\"font-family: Times New Roman, serif\"><span lang=\"fr-FR\">Je crois qu\u2019elle l\u2019a v\u00e9cu et qu\u2019elle peut s\u2019en souvenir. Pourquoi pas\u00a0? En plus, il y a une analogie entre le trauma souffert dans les vies pass\u00e9es et la naissance. Par exemple, la mort par pendaison ou par anoxie dans une autre vie souvent se traduit par des tours de cordon au moment de la naissance au moment actuel.<\/span><\/span><span style=\"font-family: Times New Roman, serif\"><span lang=\"fr-FR\">\u2013<\/span><\/span><\/p>\n<p align=\"justify\">\u2013<span style=\"font-family: Times New Roman, serif\"><span lang=\"fr-FR\"><b>Ne pourrait pas ceci \u00eatre simplement un mauvais souvenir de l\u2019enfance\u00a0?<\/b><\/span><\/span><span style=\"font-family: Times New Roman, serif\"><span lang=\"fr-FR\"><b>\u2013<\/b><\/span><\/span><\/p>\n<p align=\"justify\">\u2013<span style=\"font-family: Times New Roman, serif\"><span lang=\"fr-FR\">J\u2019ai \u00e9t\u00e9 chirurgien avant de m\u2019occuper de la th\u00e9rapie r\u00e9gressive, apr\u00e8s de m\u2019\u00eatre familiaris\u00e9 avec les travaux du docteur Morris Netherton. Une de mes patientes souffrait de douleurs continuelles au dos avec des contractions constantes&#8230;<\/span><\/span><span style=\"font-family: Times New Roman, serif\"><span lang=\"fr-FR\">\u2013<\/span><\/span><\/p>\n<p align=\"justify\">\u2013<span style=\"font-family: Times New Roman, serif\"><span lang=\"fr-FR\"><b>Une mauvaise posture\u00a0? du stress\u00a0?<\/b><\/span><\/span><span style=\"font-family: Times New Roman, serif\"><span lang=\"fr-FR\"><b>\u2013<\/b><\/span><\/span><\/p>\n<p align=\"justify\">\u2013<span style=\"font-family: Times New Roman, serif\"><span lang=\"fr-FR\">Nous l\u2019avons op\u00e9r\u00e9e deux fois, on lui a enlev\u00e9 une partie de l\u2019os de l\u2019omoplate, sans aucun r\u00e9sultat. J\u2019essayais avec la th\u00e9rapie de Netherton et nous avons v\u00e9cu ensemble une exp\u00e9rience de torture au Moyen \u00c2ge.<\/span><\/span><span style=\"font-family: Times New Roman, serif\"><span lang=\"fr-FR\">\u2013<\/span><\/span><\/p>\n<p align=\"justify\">\u2013<span style=\"font-family: Times New Roman, serif\"><span lang=\"fr-FR\"><b>Quelle histoire\u00a0!<\/b><\/span><\/span><span style=\"font-family: Times New Roman, serif\"><span lang=\"fr-FR\"><b>\u2013<\/b><\/span><\/span><\/p>\n<p align=\"justify\">\u2013<span style=\"font-family: Times New Roman, serif\"><span lang=\"fr-FR\">Mais l\u2019op\u00e9ration r\u00e9ussit. Et moi-m\u00eame je souffrais d\u2019une gastrite inexplicable jusqu\u2019\u00e0 quand j\u2019ai rev\u00e9cu une bataille dans une vie ant\u00e9rieure o\u00f9 on m\u2019avait enfonc\u00e9 une lance. <\/span><\/span><\/p>\n<p align=\"justify\">\u2013<span style=\"font-family: Times New Roman, serif\"><span lang=\"fr-FR\"><b>Mais alors je pr\u00e9f\u00e8re la gastrite, moi.<\/b><\/span><\/span><span style=\"font-family: Times New Roman, serif\"><span lang=\"fr-FR\"><b>\u2013<\/b><\/span><\/span><\/p>\n<p align=\"justify\">\u2013<span style=\"font-family: Times New Roman, serif\"><span lang=\"fr-FR\">Le subconscient te m\u00e8ne l\u00e0 o\u00f9 ta conscience doit travailler pour nous lib\u00e9rer d\u2019une exp\u00e9rience traumatique.<\/span><\/span><span style=\"font-family: Times New Roman, serif\"><span lang=\"fr-FR\">\u2013<\/span><\/span><\/p>\n<p align=\"justify\">\u2013<span style=\"font-family: Times New Roman, serif\"><span lang=\"fr-FR\"><b>Et les formidables bacchanales romaines, on ne peut pas s\u2019en souvenir\u00a0?<\/b><\/span><\/span><span style=\"font-family: Times New Roman, serif\"><span lang=\"fr-FR\"><b>\u2013<\/b><\/span><\/span><\/p>\n<p align=\"justify\">\u2013<span style=\"font-family: Times New Roman, serif\"><span lang=\"fr-FR\">Les souvenirs agr\u00e9ables ne laissent pas d\u2019empreinte. Les traumas se surmontent quand on les revive et quand on d\u00e9dommage les comportements mesquins, \u00e9go\u00efstes ou cruels avec un nouvel amour qui rattrape l\u2019\u00e9quilibre universel.<\/span><\/span><span style=\"font-family: Times New Roman, serif\"><span lang=\"fr-FR\">\u2013<\/span><\/span><\/p>\n<p align=\"justify\">\u2013<span style=\"font-family: Times New Roman, serif\"><span lang=\"fr-FR\"><b>Et si je ne peux pas \u00e9voquer aucune vie ant\u00e9rieure\u00a0?<\/b><\/span><\/span><span style=\"font-family: Times New Roman, serif\"><span lang=\"fr-FR\"><b>\u2013<\/b><\/span><\/span><\/p>\n<p align=\"justify\">\u2013<span style=\"font-family: Times New Roman, serif\"><span lang=\"fr-FR\">Le blocage dans la th\u00e9rapie advient seulement quand le patient a quelque chose \u00e0 cacher et utilise toute son \u00e9nergie pour que ceci n\u2019affleure pas. Le ego ne supporte pas toute la v\u00e9rit\u00e9 parce qu\u2019elle est trop humiliante et il cherche \u00e0 la cacher.<\/span><\/span><span style=\"font-family: Times New Roman, serif\"><span lang=\"fr-FR\">\u2013<\/span><\/span><\/p>\n<p align=\"justify\">\u2013<span style=\"font-family: Times New Roman, serif\"><span lang=\"fr-FR\"><b>Et avoir \u00e9t\u00e9 Cl\u00e9op\u00e2tre ou Napol\u00e9on\u00a0?<\/b><\/span><\/span><span style=\"font-family: Times New Roman, serif\"><span lang=\"fr-FR\"><b>\u2013<\/b><\/span><\/span><\/p>\n<p align=\"justify\">\u2013<span style=\"font-family: Times New Roman, serif\"><span lang=\"fr-FR\">Je n\u2019ai jamais trouv\u00e9 aucun patient qui ai eu une vie ant\u00e9rieur c\u00e9l\u00e8bre ou glamoureuse. Tous se souviennent de vies et de morts cruelles d\u2019\u00eatres humains inconnus et malheureux.<\/span><\/span><span style=\"font-family: Times New Roman, serif\"><span lang=\"fr-FR\">\u2013<\/span><\/span><\/p>\n<p align=\"right\"><span style=\"font-family: Times New Roman, serif\"><span lang=\"fr-FR\">Llu\u00eds Amiguet <\/span><\/span><\/p>\n<p align=\"justify\"><span style=\"font-family: Times New Roman, serif\"><span lang=\"fr-FR\"><b>Un pas. <\/b><\/span><\/span><\/p>\n<p align=\"justify\"><span style=\"font-family: Times New Roman, serif\"><span lang=\"fr-FR\">Ceci a \u00e9t\u00e9 un pas tr\u00e8s petit pour l\u2019humanit\u00e9, mais tr\u00e8s grand pour moi, mais je ne peux pas me souvenir du moment de ma naissance clairement, m\u00eame si je hi ai laiss\u00e9 quelques heures dans l\u2019effort. Ceci n\u2019emp\u00eache que je vous engage (il n\u2019y a pas de danger) \u00e0 l\u2019essayer \u00e0 partir de sensations (comme le dit Cabouli)\u00a0: les odeurs, le froid et la chaleur, les bruits, les lumi\u00e8res\u2026 Et apr\u00e8s avoir d\u00e9couvert les myst\u00e8res de notre naissance, l\u2019\u00e9ternit\u00e9. La m\u00e9tempsycose ou la transmigration des \u00e2mes est un acte de foi commun dans plusieurs religions, et une possibilit\u00e9 consid\u00e9r\u00e9e par la psychanalyse<\/span><\/span><b> <\/b><span style=\"font-family: Times New Roman, serif\"><span lang=\"fr-FR\"> de Jung. Maintenant je cherche \u00e0 m\u2019approcher de la th\u00e9rapie r\u00e9gressive avec une distance que je crois salutaire, et que je vous recommande, m\u00eame si je ne vois aucun danger dans l\u2019affaire outre que pour votre portefeuille. Et de ceci nous savons nous prot\u00e9ger.<\/span><\/span><\/p>\n<p align=\"justify\"><b>Traduction\u00a0: Loto Perrella.<\/b><\/p>","protected":false},"excerpt":{"rendered":"<p>Jos\u00e9 Luis Cabouli: \u00ab\u00a0Ton ego ne supporte pas toute la v\u00e9rit\u00e9\u00a0\u00bb. La Vanguardia. Samedi, 23 aout 2003. La Contra. Jos\u00e9 Luis Cabouli: \u00ab\u00a0Ton ego ne supporte pas toute la v\u00e9rit\u00e9\u00a0\u00bb. &hellip; <a href=\"https:\/\/animaweb.blog.pangea.org\/fr\/jose-luis-cabouli-el-teu-ego-no-suporta-tota-la-veritat\/\" class=\"more-link\">Continuer la lecture<span class=\"screen-reader-text\"> de &laquo;&nbsp;Jos\u00e9 Luis Cabouli: \u00ab Ton ego ne supporte pas toute la v\u00e9rit\u00e9 \u00bb.&nbsp;&raquo;<\/span><\/a><\/p>\n","protected":false},"author":12345698,"featured_media":0,"parent":0,"menu_order":0,"comment_status":"closed","ping_status":"closed","template":"","meta":{"ngg_post_thumbnail":0,"footnotes":""},"class_list":["post-126","page","type-page","status-publish","hentry"],"_links":{"self":[{"href":"https:\/\/animaweb.blog.pangea.org\/fr\/wp-json\/wp\/v2\/pages\/126","targetHints":{"allow":["GET"]}}],"collection":[{"href":"https:\/\/animaweb.blog.pangea.org\/fr\/wp-json\/wp\/v2\/pages"}],"about":[{"href":"https:\/\/animaweb.blog.pangea.org\/fr\/wp-json\/wp\/v2\/types\/page"}],"author":[{"embeddable":true,"href":"https:\/\/animaweb.blog.pangea.org\/fr\/wp-json\/wp\/v2\/users\/12345698"}],"replies":[{"embeddable":true,"href":"https:\/\/animaweb.blog.pangea.org\/fr\/wp-json\/wp\/v2\/comments?post=126"}],"version-history":[{"count":31,"href":"https:\/\/animaweb.blog.pangea.org\/fr\/wp-json\/wp\/v2\/pages\/126\/revisions"}],"predecessor-version":[{"id":2364,"href":"https:\/\/animaweb.blog.pangea.org\/fr\/wp-json\/wp\/v2\/pages\/126\/revisions\/2364"}],"wp:attachment":[{"href":"https:\/\/animaweb.blog.pangea.org\/fr\/wp-json\/wp\/v2\/media?parent=126"}],"curies":[{"name":"wp","href":"https:\/\/api.w.org\/{rel}","templated":true}]}}