{"id":905,"date":"2020-10-04T18:53:48","date_gmt":"2020-10-04T16:53:48","guid":{"rendered":"https:\/\/animaweb.cat\/?page_id=905"},"modified":"2022-09-16T06:36:48","modified_gmt":"2022-09-16T04:36:48","slug":"doctora-viviana-zenteno-les-regressions-com-a-terapia-de-lanima-entrevista-terra-6-5-2010","status":"publish","type":"page","link":"https:\/\/animaweb.blog.pangea.org\/es\/doctora-viviana-zenteno-les-regressions-com-a-terapia-de-lanima-entrevista-terra-6-5-2010\/","title":{"rendered":"Doctora Viviana Zenteno. Las regresiones como terapia del alma. Entrevista Terra, 6-5-2010."},"content":{"rendered":"<p class=\"western\" align=\"center\"><strong><span style=\"color: #000000\"><span style=\"font-family: Times New Roman, serif\"><span style=\"font-size: x-large\"><span lang=\"es-ES\">Doctora Viviana Zenteno. Las regresiones como terapia del alma. Entrevista Terra, 6-5-2010.<\/span><\/span><\/span><\/span><\/strong><\/p>\n<p class=\"western\" lang=\"es-ES\" align=\"justify\"><span style=\"font-family: Times New Roman, serif\"><span style=\"font-size: large\"><strong><img loading=\"lazy\" decoding=\"async\" class=\"alignright wp-image-908 size-full\" title=\"Terra Networks.\" src=\"https:\/\/animaweb.cat\/files\/2020\/10\/Terra_Networks_logotip_72ppp_200x58px.png\" alt=\"Terra Networks.\" width=\"200\" height=\"58\" \/>Entrevista Terra Networks Chile.<\/strong><\/span><\/span><\/p>\n<p class=\"western\" lang=\"es-ES\" align=\"justify\"><span style=\"font-family: Times New Roman, serif\"><span style=\"font-size: large\">Jueves, 6 de Mayo de 2010.<\/span><\/span><\/p>\n<p class=\"western\" style=\"text-align: center\" align=\"justify\"><strong><span style=\"color: #000000\"><span style=\"font-family: Times New Roman, serif\"><span style=\"font-size: large\"><span lang=\"es-ES\"><img loading=\"lazy\" decoding=\"async\" class=\"aligncenter wp-image-906 size-full\" title=\"Doctora Viviana Zenteno.\" src=\"https:\/\/animaweb.cat\/files\/2020\/10\/Viviana_Zenteno_sentada_72ppp_600x397px.png\" alt=\"Doctora Viviana Zenteno.\" width=\"600\" height=\"397\" srcset=\"https:\/\/animaweb.blog.pangea.org\/files\/2020\/10\/Viviana_Zenteno_sentada_72ppp_600x397px.png 600w, https:\/\/animaweb.blog.pangea.org\/files\/2020\/10\/Viviana_Zenteno_sentada_72ppp_600x397px-300x199.png 300w\" sizes=\"auto, (max-width: 600px) 85vw, 600px\" \/>Doctora Viviana Zenteno.<\/span><\/span><\/span><\/span><\/strong><\/p>\n<p class=\"western\" align=\"justify\"><strong><span style=\"color: #000000\"><span style=\"font-family: Times New Roman, serif\"><span style=\"font-size: large\"><span lang=\"es-ES\">Las regresiones como terapia del alma.<\/span><\/span><\/span><\/span><\/strong><\/p>\n<p class=\"western\" align=\"justify\"><strong><span style=\"color: #000000\"><span style=\"font-family: Times New Roman, serif\"><span style=\"font-size: large\"><span lang=\"es-ES\"><i>A trav\u00e9s de esta t\u00e9cnica, el pasado se mezcla con el presente y se activan una serie de hechos que no est\u00e1n en el consciente.<\/i><\/span><\/span><\/span><\/span><\/strong><\/p>\n<p class=\"western\" lang=\"es-ES\" align=\"justify\"><span style=\"font-family: Times New Roman, serif\"><span style=\"font-size: large\">Santiago. Jueves, 20 de Julio de 2006. \u00abTerapia del alma\u00bb es el nombre del libro de la Doctora Viviana Zenteno en el cual describe los diferentes casos de regresiones que ha experimentado con sus pacientes.<\/span><\/span><\/p>\n<p class=\"western\" lang=\"es-ES\" align=\"justify\"><span style=\"font-family: Times New Roman, serif\"><span style=\"font-size: large\">Para ella m\u00e1s que una regresi\u00f3n es una terapia del alma, ya que trabaja en profundidad recurriendo a la sabidur\u00eda que est\u00e1 en lo m\u00e1s profundo de las personas.<\/span><\/span><\/p>\n<p class=\"western\" lang=\"es-ES\" align=\"justify\"><span style=\"font-family: Times New Roman, serif\"><span style=\"font-size: large\">Seg\u00fan la doctora Zenteno, el mundo de la medicina puede sanar dolores f\u00edsicos, problemas mentales, entre otros; sin embargo, no logra sanar las enfermedades del alma. Por esta raz\u00f3n se decidi\u00f3 a investigar sobre las regresiones y todo fue llegando a su debido tiempo. Primero fue un libro del reconocido terapeuta Bryan Weiss sobre las vidas pasadas para luego sumergirse de lleno en el estudio de esta terapia y continuar por este camino.<\/span><\/span><\/p>\n<p class=\"western\" align=\"justify\"><strong><span style=\"color: #000000\">\u2013<span style=\"font-family: Times New Roman, serif\"><span style=\"font-size: large\"><span lang=\"es-ES\">\u00bfC\u00f3mo aprendi\u00f3 la t\u00e9cnica de la regresi\u00f3n?\u2013<\/span><\/span><\/span><\/span><\/strong><\/p>\n<p class=\"western\" lang=\"es-ES\" align=\"justify\">\u2013<span style=\"font-family: Times New Roman, serif\"><span style=\"font-size: large\">Me contact\u00e9 con el Doctor Jos\u00e9 Luis Cabouli, especialista en terapias de vidas pasadas y adem\u00e1s tiene varios libros del tema. Yo le\u00ed el primer libro que escribi\u00f3 y me interes\u00f3 much\u00edsimo. Despu\u00e9s le escrib\u00ed y comenc\u00e9 un curso intensivo en tres etapas.\u2013<\/span><\/span><\/p>\n<p class=\"western\" align=\"justify\"><strong><span style=\"color: #000000\">\u2013<span style=\"font-family: Times New Roman, serif\"><span style=\"font-size: large\"><span lang=\"es-ES\">\u00bfPor qu\u00e9 decidi\u00f3 estudiar las regresiones?\u2013<\/span><\/span><\/span><\/span><\/strong><\/p>\n<p class=\"western\" lang=\"es-ES\" align=\"justify\">\u2013<span style=\"font-family: Times New Roman, serif\"><span style=\"font-size: large\">Siempre tuve una gran inquietud, pero nunca dud\u00e9 que quer\u00eda ser m\u00e9dico, quer\u00eda ayudar a sanar a las personas y por eso eleg\u00ed la medicina interna que es bastante amplia para abarcar a todas las personas con sus enfermedades. Siempre tuve una muy buena llegada con la gente, incluso, en un minuto pens\u00e9 en ser psiquiatra, pero decid\u00ed que la medicina interna me conven\u00eda para tener lo m\u00e1s amplio de la visi\u00f3n del paciente. Con el tiempo me fui dando cuenta que faltaba algo, pod\u00eda ayudarles a sanar su cuerpo, su mente, sin embargo, hab\u00eda algo del paciente que se escapaba y me daba cuenta tambi\u00e9n que la gente se enfermaba cuando estaban mal emocionalmente.<\/span><\/span><\/p>\n<p class=\"western\" lang=\"es-ES\" align=\"justify\"><span style=\"font-family: Times New Roman, serif\"><span style=\"font-size: large\">La experta revela que fue entonces cuando se dio cuenta de que casi todas las enfermedades ten\u00edan un componente emocional. \u00abEso me provoc\u00f3 una gran inquietud. Pensaba: \u00abestoy atendiendo una parte, pero me falta algo\u00bb. Quer\u00eda llegar al alma de los pacientes\u00bb.<\/span><\/span><\/p>\n<p class=\"western\" lang=\"es-ES\" align=\"justify\"><span style=\"font-family: Times New Roman, serif\"><span style=\"font-size: large\">En ese periodo, lleg\u00f3 el maestro y ah\u00ed le comenz\u00f3 a llegar informaci\u00f3n de estas terapias. \u00abMe llam\u00f3 la atenci\u00f3n de saber si es o no es cierto. Y empec\u00e9 a pensar de qu\u00e9 manera podr\u00eda yo llegar a esto y consult\u00e9 al doctor Ronald Schultz que es un m\u00e9dico chileno que hace terapia regresiva, le consult\u00e9 a \u00e9l y me hizo una terapia a m\u00ed. Me gust\u00f3 tanto que qued\u00e9 muy interesada y justo en ese momento me encuentro con el libro del doctor Cabouli. Cuando le\u00ed a su libro me decid\u00ed y viaj\u00e9 a Argentina a especializarme y a trabajar con mis pacientes\u00bb.\u2013<\/span><\/span><\/p>\n<p class=\"western\" align=\"justify\"><strong><span style=\"color: #000000\">\u2013<span style=\"font-family: Times New Roman, serif\"><span style=\"font-size: large\"><span lang=\"es-ES\">\u00bfC\u00f3mo es la mezcla entre la medicina y las regresiones?\u2013<\/span><\/span><\/span><\/span><\/strong><\/p>\n<p class=\"western\" lang=\"es-ES\" align=\"justify\">\u2013<span style=\"font-family: Times New Roman, serif\"><span style=\"font-size: large\">Primero de todo tengo separado en mi consulta en esta sala hago las regresiones y al lado trabajo con la medicina. Pero todo es distinto, ya que la terapia regresiva requiere m\u00e1s tiempo, son muy diferentes.\u2013<\/span><\/span><\/p>\n<p class=\"western\" align=\"justify\"><strong><span style=\"color: #000000\">\u2013<span style=\"font-family: Times New Roman, serif\"><span style=\"font-size: large\"><span lang=\"es-ES\">\u00bfPor qu\u00e9 es una terapia del alma?\u2013<\/span><\/span><\/span><\/span><\/strong><\/p>\n<p class=\"western\" lang=\"es-ES\" align=\"justify\">\u2013<span style=\"font-family: Times New Roman, serif\"><span style=\"font-size: large\">Yo considero que es una terapia del alma, porque se trabaja en profundidad recurriendo a la sabidur\u00eda que est\u00e1 en el alma de las personas. Con las regresiones se activan una serie de hechos que se encuentran s\u00f3lo en el alma. La memoria est\u00e1 en el alma.<\/span><\/span><\/p>\n<p class=\"western\" lang=\"es-ES\" align=\"justify\"><span style=\"font-family: Times New Roman, serif\"><span style=\"font-size: large\">En cierta forma, tambi\u00e9n, es una autoterapia acompa\u00f1ada por un terapeuta, pero las respuestas que necesitamos para sanar est\u00e1n dentro de nosotros mismos.\u2013<\/span><\/span><\/p>\n<p class=\"western\" align=\"justify\"><strong><span style=\"color: #000000\">\u2013<span style=\"font-family: Times New Roman, serif\"><span style=\"font-size: large\"><span lang=\"es-ES\">\u00bfCu\u00e1l es entonces la funci\u00f3n del terapeuta?\u2013<\/span><\/span><\/span><\/span><\/strong><\/p>\n<p class=\"western\" lang=\"es-ES\" align=\"justify\">\u2013<span style=\"font-family: Times New Roman, serif\"><span style=\"font-size: large\">Cuando una persona recurre a esta terapia el terapeuta lo que hace es guiar, acompa\u00f1ar, pero las respuestas est\u00e1n dentro del mismo paciente.\u2013<\/span><\/span><\/p>\n<p lang=\"es-ES\" style=\"text-align: center\" align=\"justify\"><img loading=\"lazy\" decoding=\"async\" class=\"aligncenter wp-image-907 size-full\" title=\"Mujer con perro en la playa.\" src=\"https:\/\/animaweb.cat\/files\/2020\/10\/Dona_amb_gos_a_la_platja_72ppp_264x145px.png\" alt=\"Mujer con perro en la playa.\" width=\"264\" height=\"145\" \/><\/p>\n<p class=\"western\" align=\"justify\"><strong><span style=\"color: #000000\"><span style=\"font-family: Times New Roman, serif\"><span style=\"font-size: large\"><span lang=\"es-ES\">C\u00f3mo se hace.<\/span><\/span><\/span><\/span><\/strong><\/p>\n<p class=\"western\" align=\"justify\"><strong><span style=\"color: #000000\">\u2013<span style=\"font-family: Times New Roman, serif\"><span style=\"font-size: large\"><span lang=\"es-ES\">\u00bfC\u00f3mo es el proceso que realiza usted antes de transportar a su paciente a una vida pasada?\u2013<\/span><\/span><\/span><\/span><\/strong><\/p>\n<p class=\"western\" lang=\"es-ES\" align=\"justify\">\u2013<span style=\"font-family: Times New Roman, serif\"><span style=\"font-size: large\">Primero hago una entrevista para conocer a la persona, para saber qu\u00e9 problema tiene, los motivos que tiene para hacerse una regresi\u00f3n. Tambi\u00e9n me preguntan los detalles para que la persona est\u00e9 segura. Cuando una persona llega a mi consulta y desea realizar este proceso me interesa que tenga motivos m\u00e1s elevados, m\u00e1s espirituales. Por curiosidad no sirve demasiado.\u2013<\/span><\/span><\/p>\n<p class=\"western\" align=\"justify\"><strong><span style=\"color: #000000\">\u2013<span style=\"font-family: Times New Roman, serif\"><span style=\"font-size: large\"><span lang=\"es-ES\">\u00bfLas regresiones que realiza son hasta el vientre materno o a vidas anteriores tambi\u00e9n?\u2013<\/span><\/span><\/span><\/span><\/strong><\/p>\n<p class=\"western\" lang=\"es-ES\" align=\"justify\">\u2013<span style=\"font-family: Times New Roman, serif\"><span style=\"font-size: large\">Tambi\u00e9n a vidas anteriores, pero esto no depende de m\u00ed, depende de lo que necesite el paciente. Cuando el paciente consulta por algo, por ejemplo por una fobia o que tenga miedo a las ara\u00f1as y no recuerda haber tenido un episodio causante en esta vida lo m\u00e1s probable es que venga de vidas pasadas. Generalmente ah\u00ed se va a trabajar con vidas pasadas, pero puede ocurrir que el paciente recuerde algo y hay un episodio de temor con las ara\u00f1as en esta vida, sin embargo eso puede ser la repetici\u00f3n de un hecho de la vida anterior. Entonces, en una primera regresi\u00f3n, puede que aparezca s\u00f3lo esta vida, pero si uno sigue investigando puede que aparezcan vidas pasadas.\u2013<\/span><\/span><\/p>\n<p class=\"western\" align=\"justify\"><strong><span style=\"color: #000000\">\u2013<span style=\"font-family: Times New Roman, serif\"><span style=\"font-size: large\"><span lang=\"es-ES\">\u00bfQu\u00e9 tipo de dolores o carencias se pueden sanar o recuperar con una regresi\u00f3n?\u2013<\/span><\/span><\/span><\/span><\/strong><\/p>\n<p class=\"western\" lang=\"es-ES\" align=\"justify\">\u2013<span style=\"font-family: Times New Roman, serif\"><span style=\"font-size: large\">Emocionales en primer lugar: crisis de p\u00e1nicos, s\u00edndromes angustiosos, problemas de relaciones, ya sea entre padres e hijos, con las parejas, etc\u00e9tera. Tambi\u00e9n problemas vocacionales o si tienen alg\u00fan problema para enfrentar y sacar adelante sus carreras.\u2013<\/span><\/span><\/p>\n<p class=\"western\" align=\"justify\"><strong><span style=\"color: #000000\"><span style=\"font-family: Times New Roman, serif\"><span style=\"font-size: large\"><span lang=\"es-ES\">Fuente: Doctora Viviana Zenteno. Tel\u00e9fono: 331 0371\/331 0530.<\/span><\/span><\/span><\/span><\/strong><\/p>\n<p class=\"western\" align=\"justify\"><strong><span style=\"color: #000000\"><span style=\"font-family: Times New Roman, serif\"><span style=\"font-size: large\"><span lang=\"es-ES\">Por: Carmen Luz Heredia.<\/span><\/span><\/span><\/span><\/strong><\/p>\n<p class=\"western\" align=\"justify\"><strong><span style=\"color: #000000\"><span style=\"font-family: Times New Roman, serif\"><span style=\"font-size: large\"><span lang=\"es-ES\">Copyright Terra Networks Chile S.A.<\/span><\/span><\/span><\/span><\/strong><\/p>\n<p class=\"western\"><span style=\"font-family: Times New Roman, serif\"><span style=\"font-size: large\"><span lang=\"es-ES\">Enlace de la entrevista original en castellano publicada en el sitio web \u00ab<\/span><\/span><\/span><span style=\"font-family: Times New Roman, serif\"><span style=\"font-size: large\"><span lang=\"es-ES\"><i>Terapia del Alma<\/i><\/span><\/span><\/span><span style=\"font-family: Times New Roman, serif\"><span style=\"font-size: large\"><span lang=\"es-ES\">\u00bb:<\/span><\/span><\/span><\/p>\n<p class=\"western\"><span style=\"color: #000080\"><span lang=\"zxx\"><u><a class=\"western\" href=\"https:\/\/terapiadelalma.org\/entrevista-terra\/\"><span style=\"color: #000000\"><span style=\"font-family: Times New Roman, serif\"><span style=\"font-size: large\"><span lang=\"es-ES\">https:\/\/terapiadelalma.org\/entrevista-terra\/<\/span><\/span><\/span><\/span><\/a><\/u><\/span><\/span><\/p>","protected":false},"excerpt":{"rendered":"<p>Doctora Viviana Zenteno. Las regresiones como terapia del alma. Entrevista Terra, 6-5-2010. Entrevista Terra Networks Chile. Jueves, 6 de Mayo de 2010. Doctora Viviana Zenteno. Las regresiones como terapia del &hellip; <a href=\"https:\/\/animaweb.blog.pangea.org\/es\/doctora-viviana-zenteno-les-regressions-com-a-terapia-de-lanima-entrevista-terra-6-5-2010\/\" class=\"more-link\">Continuar leyendo<span class=\"screen-reader-text\"> \u00abDoctora Viviana Zenteno. Las regresiones como terapia del alma. Entrevista Terra, 6-5-2010.\u00bb<\/span><\/a><\/p>\n","protected":false},"author":12345698,"featured_media":0,"parent":0,"menu_order":0,"comment_status":"closed","ping_status":"closed","template":"","meta":{"ngg_post_thumbnail":0,"footnotes":""},"class_list":["post-905","page","type-page","status-publish","hentry"],"_links":{"self":[{"href":"https:\/\/animaweb.blog.pangea.org\/es\/wp-json\/wp\/v2\/pages\/905","targetHints":{"allow":["GET"]}}],"collection":[{"href":"https:\/\/animaweb.blog.pangea.org\/es\/wp-json\/wp\/v2\/pages"}],"about":[{"href":"https:\/\/animaweb.blog.pangea.org\/es\/wp-json\/wp\/v2\/types\/page"}],"author":[{"embeddable":true,"href":"https:\/\/animaweb.blog.pangea.org\/es\/wp-json\/wp\/v2\/users\/12345698"}],"replies":[{"embeddable":true,"href":"https:\/\/animaweb.blog.pangea.org\/es\/wp-json\/wp\/v2\/comments?post=905"}],"version-history":[{"count":9,"href":"https:\/\/animaweb.blog.pangea.org\/es\/wp-json\/wp\/v2\/pages\/905\/revisions"}],"predecessor-version":[{"id":2024,"href":"https:\/\/animaweb.blog.pangea.org\/es\/wp-json\/wp\/v2\/pages\/905\/revisions\/2024"}],"wp:attachment":[{"href":"https:\/\/animaweb.blog.pangea.org\/es\/wp-json\/wp\/v2\/media?parent=905"}],"curies":[{"name":"wp","href":"https:\/\/api.w.org\/{rel}","templated":true}]}}