{"id":890,"date":"2020-09-16T21:31:36","date_gmt":"2020-09-16T19:31:36","guid":{"rendered":"https:\/\/animaweb.cat\/?page_id=890"},"modified":"2022-12-16T13:42:35","modified_gmt":"2022-12-16T11:42:35","slug":"retorn-a-la-pau-entrevista-a-brian-weiss","status":"publish","type":"page","link":"https:\/\/animaweb.blog.pangea.org\/es\/retorn-a-la-pau-entrevista-a-brian-weiss\/","title":{"rendered":"Regreso a la paz. Entrevista a Brian Weiss."},"content":{"rendered":"<p class=\"western\" lang=\"es-ES\" align=\"center\"><span style=\"font-family: Times New Roman, serif\"><span style=\"font-size: x-large\"><b>Regreso a la paz. Entrevista a Brian Weiss.<\/b><\/span><\/span><\/p>\n<p class=\"western\" lang=\"es-ES\" align=\"justify\"><span style=\"font-family: Times New Roman, serif\"><span style=\"font-size: large\"><b><img loading=\"lazy\" decoding=\"async\" class=\"alignright wp-image-891 size-full\" title=\"Athanor. Una puerta al nuevo paradigma. Logotipo.\" src=\"https:\/\/animaweb.cat\/files\/2020\/09\/Athanor_Una_puerta_al_nuevo_paradigma_logotipo_72ppp_200x46px.png\" alt=\"Athanor. Una puerta al nuevo paradigma. Logotipo.\" width=\"200\" height=\"46\" \/>Revista Athanor. N\u00famero 35. Septiembre-octubre de 2002. P\u00e1ginas 15-18.<\/b><\/span><\/span><\/p>\n<p class=\"western\" lang=\"es-ES\" align=\"justify\"><span style=\"font-family: Times New Roman, serif\"><span style=\"font-size: large\"><b>Regreso a la paz. Entrevista a Brian Weiss.<\/b><\/span><\/span><\/p>\n<p class=\"western\" lang=\"es-ES\" align=\"justify\"><span style=\"font-family: Times New Roman, serif\"><span style=\"font-size: large\">Entrevistador: Josep Agust\u00edn. Int\u00e9rprete: Loto Perrella. Fot\u00f3grafa: Natalia Campoy.<\/span><\/span><\/p>\n<p class=\"western\" lang=\"es-ES\" align=\"center\"><span style=\"font-family: Times New Roman, serif\"><span style=\"font-size: large\"><b><img loading=\"lazy\" decoding=\"async\" class=\"aligncenter wp-image-892 size-full\" title=\"El Doctor Brian Weiss. Foto: Natalia Campoy.\" src=\"https:\/\/animaweb.cat\/files\/2020\/09\/Doctor_Brian_Weiss_Foto_Natalia_Campoy_1_72ppp_600x890px.png\" alt=\"El Doctor Brian Weiss. Foto: Natalia Campoy.\" width=\"600\" height=\"890\" srcset=\"https:\/\/animaweb.blog.pangea.org\/files\/2020\/09\/Doctor_Brian_Weiss_Foto_Natalia_Campoy_1_72ppp_600x890px.png 600w, https:\/\/animaweb.blog.pangea.org\/files\/2020\/09\/Doctor_Brian_Weiss_Foto_Natalia_Campoy_1_72ppp_600x890px-202x300.png 202w\" sizes=\"auto, (max-width: 600px) 85vw, 600px\" \/>El Doctor Brian Weiss. Foto: Natalia Campoy.<\/b><\/span><\/span><\/p>\n<p class=\"western\" align=\"justify\"><span style=\"color: #000000\"><span style=\"font-family: Times New Roman, serif\"><span style=\"font-size: large\"><span lang=\"es-ES\">Como estar en paz con <\/span><\/span><\/span><\/span><span style=\"color: #000000\"><span style=\"font-family: Times New Roman, serif\"><span style=\"font-size: large\"><span lang=\"es-ES\"><i>uno mismo<\/i><\/span><\/span><\/span><\/span><span style=\"color: #000000\"><span style=\"font-family: Times New Roman, serif\"><span style=\"font-size: large\"><span lang=\"es-ES\"> y, por consiguiente, con <\/span><\/span><\/span><\/span><span style=\"color: #000000\"><span style=\"font-family: Times New Roman, serif\"><span style=\"font-size: large\"><span lang=\"es-ES\"><i>todo<\/i><\/span><\/span><\/span><\/span><span style=\"color: #000000\"><span style=\"font-family: Times New Roman, serif\"><span style=\"font-size: large\"><span lang=\"es-ES\"> es quiz\u00e1 la f\u00f3rmula m\u00e1gica m\u00e1s buscada desde siempre por el ser humano. Al ser recibido por el doctor Brian Weiss en el hotel y durante toda la entrevista fuimos acompa\u00f1ados por la tranquilidad, el buen humor y el car\u00e1cter atento de esta persona.<\/span><\/span><\/span><\/span><\/p>\n<p class=\"western\" lang=\"es-ES\" align=\"justify\"><span style=\"font-family: Times New Roman, serif\"><span style=\"font-size: large\">La conversaci\u00f3n se condujo a trav\u00e9s de su trabajo en el campo de las regresiones y otros aspectos, algunos fenom\u00e9nicos, de actualidad.<\/span><\/span><\/p>\n<p class=\"western\" align=\"justify\"><span style=\"color: #000000\"><span style=\"font-family: Times New Roman, serif\"><span style=\"font-size: large\"><span lang=\"es-ES\">En sus palabras escuchamos una afirmaci\u00f3n \u00edntegra: \u00abEl Amor y la Compasi\u00f3n son dos ingredientes esenciales para lograr diluir el miedo&#8230;\u00bb. <\/span><\/span><\/span><\/span><span style=\"color: #000000\"><span style=\"font-family: Times New Roman, serif\"><span style=\"font-size: large\"><span lang=\"es-ES\"><i>Realmente una buena f\u00f3rmula para estar en Paz.<\/i><\/span><\/span><\/span><\/span><\/p>\n<p class=\"western\" align=\"justify\"><span style=\"color: #000000\">\u2013<span style=\"font-family: Times New Roman, serif\"><span style=\"font-size: large\"><span lang=\"es-ES\"><b>Doctor Weiss, su labor en el campo de las regresiones es muy reconocida internacionalmente. Usted es un m\u00e9dico prestigioso en el campo de la psiquiatr\u00eda biol\u00f3gica. Se form\u00f3 en la medicina convencional. La vida despu\u00e9s de la muerte, las palabras alma, esp\u00edritu, energ\u00eda, maestros, no pertenec\u00edan entonces a su vocabulario profesional. \u00bfCual fue el catalizador que le llev\u00f3 a comenzar por las regresiones?\u2013<\/b><\/span><\/span><\/span><\/span><\/p>\n<p class=\"western\" align=\"justify\"><span style=\"color: #000000\">\u2013<span style=\"font-family: Times New Roman, serif\"><span style=\"font-size: large\"><span lang=\"es-ES\">Lo que dice es muy exacto. Nada de eso lo aprend\u00ed en la escuela de psiquiatr\u00eda, pero la experiencia con Katherin de la que se habla en <\/span><\/span><\/span><\/span><span style=\"color: #000000\"><span style=\"font-family: Times New Roman, serif\"><span style=\"font-size: large\"><span lang=\"es-ES\"><i>Muchas vidas, muchos maestros<\/i><\/span><\/span><\/span><\/span><span style=\"color: #000000\"><span style=\"font-family: Times New Roman, serif\"><span style=\"font-size: large\"><span lang=\"es-ES\"> fue el inicio del cambio. Y, desde entonces, 1988, he hecho regresiones con m\u00e1s de 3.000 pacientes: unos 3.500 en terapias individuales en mi consulta; pero, considerando los tratados en grupos, muchos m\u00e1s. En ciencia uno de los principios b\u00e1sicos consiste en observar sin juzgar; se observa sin esperar resultados. Cuando se hacen observaciones, se establecen hip\u00f3tesis y de esta manera se desarrollan las teor\u00edas cient\u00edficas. Mientras hac\u00eda estas observaciones con Katherin, observaba en otros pacientes los fen\u00f3menos que hab\u00eda que estudiar, que no se pod\u00edan dejar de lado. Hab\u00eda gente que durante la regresi\u00f3n hablaba en idiomas extranjeros que nunca hab\u00edan aprendido y gente que conoc\u00eda datos e informaci\u00f3n sobre ellos mismos de otros tiempos y otros lugares y tambi\u00e9n detalles hist\u00f3ricos que nunca hab\u00edan estudiado; incluso encontraban informaci\u00f3n de sus propias tumbas en los registros antiguos de sus ciudades. Y al mismo tiempo mejoraban en su situaci\u00f3n de salud: desaparec\u00edan los s\u00edntomas, desaparec\u00edan los miedos. As\u00ed que observaba unos cambios impresionantes en mis pacientes en todos los niveles. Como cient\u00edfico ten\u00eda que estudiar esas cosas y desarrollar hip\u00f3tesis. De esa manera fui cambiando mi actitud. Ahora entreno a cientos de terapeutas cada a\u00f1o para seguir adelante con este trabajo y ellos consiguen los mismos resultados que encontr\u00e9 yo.\u2013<\/span><\/span><\/span><\/span><\/p>\n<p class=\"western\" align=\"justify\"><span style=\"color: #000000\">\u2013<span style=\"font-family: Times New Roman, serif\"><span style=\"font-size: large\"><span lang=\"es-ES\"><b>\u00bfQu\u00e9 signific\u00f3 el encuentro con Katherin en su vida laboral, familiar y social?\u2013<\/b><\/span><\/span><\/span><\/span><\/p>\n<p class=\"western\" align=\"justify\"><span style=\"color: #000000\">\u2013<span style=\"font-family: Times New Roman, serif\"><span style=\"font-size: large\"><span lang=\"es-ES\">Me caus\u00f3 unos cambios muy grandes en ambos sectores de la vida, laboral y personal. En el trabajo empezaron a hablar de m\u00ed y a ocuparse de m\u00ed en todo el mundo y llegaron pacientes de todas partes del mundo a mi consulta a recibir este tipo de terapia. Tambi\u00e9n en mi vida personal cambiaron los valores como resultado de ese trabajo. Descubr\u00ed que la muerte no exist\u00eda y que por consiguiente no hab\u00eda de tenerle tanto miedo. Y que no nos llevamos nuestras cosas con nosotros cuando morimos. Mis valores cambiaron, las relaciones humanas personales se volvieron m\u00e1s importantes, desarroll\u00e9 un sentimiento de paz y de tranquilidad y aprend\u00ed a meditar. Estas cosas cambiaron mi vida.\u2013<\/span><\/span><\/span><\/span><\/p>\n<p class=\"western\" align=\"center\"><span style=\"color: #000000\"><span style=\"font-family: Times New Roman, serif\"><span style=\"font-size: large\"><span lang=\"es-ES\"><b><img loading=\"lazy\" decoding=\"async\" class=\"aligncenter wp-image-894 size-full\" title=\"De izquierda a derecha: La int\u00e9rprete Loto Perrella, el Doctor Brian Weiss y el entrevistador Josep Agust\u00edn. Foto: Natalia Campoy.\" src=\"https:\/\/animaweb.cat\/files\/2020\/09\/La_interpret_Loto_Perrella_el_Doctor_Brian_Weiss_i_el_entrevistador_Josep_Agustin_Foto_Natalia_Campoy_72ppp_600x414px.png\" alt=\"De izquierda a derecha: La int\u00e9rprete Loto Perrella, el Doctor Brian Weiss y el entrevistador Josep Agust\u00edn. Foto: Natalia Campoy.\" width=\"600\" height=\"414\" srcset=\"https:\/\/animaweb.blog.pangea.org\/files\/2020\/09\/La_interpret_Loto_Perrella_el_Doctor_Brian_Weiss_i_el_entrevistador_Josep_Agustin_Foto_Natalia_Campoy_72ppp_600x414px.png 600w, https:\/\/animaweb.blog.pangea.org\/files\/2020\/09\/La_interpret_Loto_Perrella_el_Doctor_Brian_Weiss_i_el_entrevistador_Josep_Agustin_Foto_Natalia_Campoy_72ppp_600x414px-300x207.png 300w\" sizes=\"auto, (max-width: 600px) 85vw, 600px\" \/>De izquierda a derecha: La int\u00e9rprete Loto Perrella, el Doctor Brian Weiss y el entrevistador Josep Agust\u00edn. Foto: Natalia Campoy.<\/b><\/span><\/span><\/span><\/span><\/p>\n<p class=\"western\" align=\"justify\"><span style=\"color: #000000\">\u2013<span style=\"font-family: Times New Roman, serif\"><span style=\"font-size: large\"><span lang=\"es-ES\"><b>Ha escrito varios libros acerca de este tema, entre ellos <\/b><\/span><\/span><\/span><\/span><span style=\"color: #000000\"><span style=\"font-family: Times New Roman, serif\"><span style=\"font-size: large\"><span lang=\"es-ES\"><i><b>Muchas vidas, muchos maestros<\/b><\/i><\/span><\/span><\/span><\/span><span style=\"color: #000000\"><span style=\"font-family: Times New Roman, serif\"><span style=\"font-size: large\"><span lang=\"es-ES\"><b> y <\/b><\/span><\/span><\/span><\/span><span style=\"color: #000000\"><span style=\"font-family: Times New Roman, serif\"><span style=\"font-size: large\"><span lang=\"es-ES\"><i><b>Lazos de amor<\/b><\/i><\/span><\/span><\/span><\/span><span style=\"color: #000000\"><span style=\"font-family: Times New Roman, serif\"><span style=\"font-size: large\"><span lang=\"es-ES\"><b>. Cientos de personas se han beneficiado de su trabajo y se han formado con usted. \u00bfEn qu\u00e9 consiste una regresi\u00f3n?\u2013<\/b><\/span><\/span><\/span><\/span><\/p>\n<p class=\"western\" align=\"justify\"><span style=\"color: #000000\">\u2013<span style=\"font-family: Times New Roman, serif\"><span style=\"font-size: large\"><span lang=\"es-ES\">En un volver atr\u00e1s en el tiempo en un estado de concentraci\u00f3n y relajaci\u00f3n profundas y recordar acontecimientos y experiencias del pasado. Pueden ser de anteayer \u2013eso tambi\u00e9n es una regresi\u00f3n\u2013, de la infancia, del periodo prenatal o de vidas pasadas o de experiencias espirituales. Ayer hubo una conferencia importante aqu\u00ed en el Hotel Mayestic; hab\u00eda unas cuatrocientas personas. Hicimos un ejercicio de grupo y m\u00e1s de la mitad de los asistentes recordaron vidas pasadas. No son dif\u00edciles de hacer las regresiones, y es seguro. Fue un taller de cinco horas y la gente tuvo experiencias extraordinarias; luego las comentaron entre ellos.\u2013<\/span><\/span><\/span><\/span><\/p>\n<p class=\"western\" align=\"justify\"><span style=\"color: #000000\">\u2013<span style=\"font-family: Times New Roman, serif\"><span style=\"font-size: large\"><span lang=\"es-ES\"><b>En su libro <\/b><\/span><\/span><\/span><\/span><span style=\"color: #000000\"><span style=\"font-family: Times New Roman, serif\"><span style=\"font-size: large\"><span lang=\"es-ES\"><i><b>Muchas vidas, muchos maestros<\/b><\/i><\/span><\/span><\/span><\/span><span style=\"color: #000000\"><span style=\"font-family: Times New Roman, serif\"><span style=\"font-size: large\"><span lang=\"es-ES\"><b>, Katherin, su paciente, entra en contacto con sus maestros en un estado de hipnosis inducido. \u00bfEs posible vivir esta experiencia de forma voluntaria?\u2013<\/b><\/span><\/span><\/span><\/span><\/p>\n<p class=\"western\" align=\"justify\"><span style=\"color: #000000\">\u2013<span style=\"font-family: Times New Roman, serif\"><span style=\"font-size: large\"><span lang=\"es-ES\">S\u00ed, mucha gente lo hace. En el taller de ayer, varias personas en estado de hipnosis en regresi\u00f3n profunda tuvieron experiencias. Todos tenemos actitudes medi\u00famnicas. Todos podemos recibir mensajes, a veces de nuestros seres queridos que ya han fallecido, de niveles m\u00e1s elevados, de maestros, porque todos estamos relacionados. Es una sola energ\u00eda y una sola consciencia. Con entrenamiento podemos conectar con esa energ\u00eda superior y esta consciencia superior. Lo que Katherin hizo en aquel momento a m\u00ed me pareci\u00f3 extraordinario, pero mucha gente puede hacerlo.\u2013<\/span><\/span><\/span><\/span><\/p>\n<p class=\"western\" align=\"justify\"><span style=\"color: #000000\">\u2013<span style=\"font-family: Times New Roman, serif\"><span style=\"font-size: large\"><span lang=\"es-ES\"><b>Desde los a\u00f1os 40 o 50 la humanidad ha experimentado cambios cient\u00edficos y culturales, de todo orden, muy r\u00e1pidos. En estos momentos, con la era de Internet, toda la informaci\u00f3n, buena y mala, est\u00e1 a nuestro alcance. Medicina alternativa, ecolog\u00eda, espiritualidad, son palabras que forman parte del vocabulario de casi todos. \u00bfQu\u00e9 puede significar para el ser humano ser conscientes de estas realidades de las que nos est\u00e1 hablando?\u2013<\/b><\/span><\/span><\/span><\/span><\/p>\n<p class=\"western\" align=\"justify\"><span style=\"color: #000000\">\u2013<span style=\"font-family: Times New Roman, serif\"><span style=\"font-size: large\"><span lang=\"es-ES\">Lo positivo de esto es que se puede compartir informaci\u00f3n y conocimientos muy r\u00e1pidamente, pero hay tambi\u00e9n aspectos negativos: no nos dejan tiempo de profundizar, de meditar, porque continuamente estamos bombardeados por factores externos. No pienso que sea bueno ni malo: es otra tecnolog\u00eda, como los tel\u00e9fonos m\u00f3viles que continuamente est\u00e1n interfiriendo en nuestra vida, pero que a veces pueden ser \u00fatiles. Todo se ha de utilizar con moderaci\u00f3n y equilibrio; todo lo que se hace en exceso no puede ser saludable. Treinta minutos en Internet puede ser \u00fatil e ir bien, pero ocho horas seguidas, lo dudo mucho.\u2013<\/span><\/span><\/span><\/span><\/p>\n<p class=\"western\" align=\"justify\"><span style=\"color: #000000\">\u2013<span style=\"font-family: Times New Roman, serif\"><span style=\"font-size: large\"><span lang=\"es-ES\"><b>\u00bfQu\u00e9 es para usted la espiritualidad?\u2013<\/b><\/span><\/span><\/span><\/span><\/p>\n<p class=\"western\" align=\"justify\"><span style=\"color: #000000\">\u2013<span style=\"font-family: Times New Roman, serif\"><span style=\"font-size: large\"><span lang=\"es-ES\">Para m\u00ed significa una consciencia superior; una consciencia y un conocimiento superior que es nuestra verdadera naturaleza. Teilhard de Chardin dijo que no somos seres humanos que tenemos una experiencia espiritual aqu\u00ed, sino que, por el contrario, somos seres espirituales que est\u00e1n teniendo una experiencia humana. Esp\u00edritu se refiere al alma y se refiere a una consciencia superior. Es importante que nos concentremos m\u00e1s sobre estos valores superiores porque es por ello que estamos aqu\u00ed en la Tierra. Hay quien dice que nos estamos volviendo m\u00e1s violentos y que no estamos progresando desde el punto de vista espiritual y los medios de comunicaci\u00f3n a menudo hacen ver las cosas peores de lo que son porque tenemos inmediatamente la noticia de lo que est\u00e1 pasando en todo el planeta. En tiempos pasados quiz\u00e1 nunca nos habr\u00edamos enterado de las cosas que suced\u00edan en lugares lejanos o habr\u00edan tardado meses o a\u00f1os en llegar hasta nosotros. Por eso pienso que estamos haciendo progresos, aunque la tecnolog\u00eda a veces hace pensar que no es as\u00ed. Creo que hay un mont\u00f3n de gente espiritual en el mundo, buena gente. Pero un peque\u00f1o n\u00famero de personas malvadas con disponibilidad tecnol\u00f3gica puede hacer mucho da\u00f1o.\u2013<\/span><\/span><\/span><\/span><\/p>\n<p class=\"western\" align=\"justify\"><span style=\"color: #000000\">\u2013<span style=\"font-family: Times New Roman, serif\"><span style=\"font-size: large\"><span lang=\"es-ES\"><b>Desde tiempos muy antiguos el hombre ha dejado se\u00f1ales en todas las culturas de estos signos de espiritualidad. \u00bfPor qu\u00e9 cree que, por ejemplo en la religi\u00f3n cristiana, en el 500 despu\u00e9s de Cristo en un Concilio se suprimen palabras como \u00abreencarnaci\u00f3n\u00bb?\u2013<\/b><\/span><\/span><\/span><\/span><\/p>\n<p class=\"western\" align=\"justify\"><span style=\"color: #000000\">\u2013<span style=\"font-family: Times New Roman, serif\"><span style=\"font-size: large\"><span lang=\"es-ES\">Creo que hubo una raz\u00f3n espec\u00edfica para ello. Es una raz\u00f3n pol\u00edtica. Los gobiernos y en especial el gobierno de la Iglesia, quer\u00edan mayor control sobre la gente. En el cristianismo se aboli\u00f3 la palabra \u00abreencarnaci\u00f3n\u00bb porque pensaban que, sin la amenaza del d\u00eda del Juicio Final, a la gente no habr\u00eda manera de controlarla. Jes\u00fas cre\u00eda en la reencarnaci\u00f3n, esa es la iron\u00eda, la gran iron\u00eda, porque hay varias referencias a ella en la <\/span><\/span><\/span><\/span><span style=\"color: #000000\"><span style=\"font-family: Times New Roman, serif\"><span style=\"font-size: large\"><span lang=\"es-ES\"><i>B\u00edblia<\/i><\/span><\/span><\/span><\/span><span style=\"color: #000000\"><span style=\"font-family: Times New Roman, serif\"><span style=\"font-size: large\"><span lang=\"es-ES\">, y es curioso que por razones pol\u00edticas las ideas de Jes\u00fas en este campo fueron ignoradas y cambiadas, modificadas. Siempre ha habido dificultades con los pol\u00edticos; no es ninguna novedad, a\u00fan hoy.\u2013<\/span><\/span><\/span><\/span><\/p>\n<p class=\"western\" align=\"justify\"><span style=\"color: #000000\">\u2013<span style=\"font-family: Times New Roman, serif\"><span style=\"font-size: large\"><span lang=\"es-ES\"><b>Tuvo el honor de conocer y trabajar con Elisabeth-K\u00fcbler-Ross, una persona comprometida con el acompa\u00f1amiento de la muerte. \u00bfPuede comentar algo?\u2013<\/b><\/span><\/span><\/span><\/span><\/p>\n<p class=\"western\" align=\"justify\"><span style=\"color: #000000\">\u2013<span style=\"font-family: Times New Roman, serif\"><span style=\"font-size: large\"><span lang=\"es-ES\">Ella era una amiga, nos hicimos amigos y habl\u00f3 sobre muchas de estas cosas. Ella no s\u00f3lo trabaj\u00f3 en estas fases de la enfermedad y la muerte; hizo mucho m\u00e1s trabajo. Fue la pionera de las experiencias pr\u00f3ximas a la muerte; se convirti\u00f3 en una experta en analizar los dibujos que hac\u00edan los ni\u00f1os y adultos que se estaban muriendo. Cre\u00eda tambi\u00e9n en la reencarnaci\u00f3n y en las vidas pasadas, est\u00e1bamos de acuerdo en todas estas cosas.\u2013<\/span><\/span><\/span><\/span><\/p>\n<p class=\"western\" align=\"justify\"><span style=\"color: #000000\">\u2013<span style=\"font-family: Times New Roman, serif\"><span style=\"font-size: large\"><span lang=\"es-ES\"><b>Sabemos que usted est\u00e1 trabajando en estos momentos en Estados Unidos con el prestigioso parapsic\u00f3logo James van Praagh. \u00bfQu\u00e9 tipo de trabajo realiza?\u2013<\/b><\/span><\/span><\/span><\/span><\/p>\n<p class=\"western\" align=\"justify\"><span style=\"color: #000000\">\u2013<span style=\"font-family: Times New Roman, serif\"><span style=\"font-size: large\"><span lang=\"es-ES\">Es un m\u00e9dium que canaliza mensajes y yo como psiquiatra estoy estudiando la consciencia humana, intentando averiguar de qu\u00e9 manera se pueden canalizar mensajes y recibir informaci\u00f3n de gente que ni se ha visto ni se ve. (Ayer, en el taller que hicimos, varias personas canalizaron, recibieron mensajes de seres queridos; incluso una persona recibi\u00f3 mensajes de otra que hab\u00eda trabajado con ella, pero que no hab\u00eda conocido nunca. Mensajes muy detallados, con nombres y lugares, de gente que hab\u00eda muerto.) Entonces, si \u00e9l puede hacer esta canalizaci\u00f3n, todos podemos hacerla. \u00c9l, a causa de su entrenamiento, puede hacerla siempre que quiera, mientras que para la mayor parte de nosotros es una cosa aleatoria; puede ser o no ser.\u2013<\/span><\/span><\/span><\/span><\/p>\n<p class=\"western\" align=\"center\"><span style=\"color: #000000\"><span style=\"font-family: Times New Roman, serif\"><span style=\"font-size: large\"><span lang=\"es-ES\"><b><img loading=\"lazy\" decoding=\"async\" class=\"aligncenter wp-image-893 size-full\" title=\"Mar, p\u00e1jaros, rostro con ojos cerrados.\" src=\"https:\/\/animaweb.cat\/files\/2020\/09\/Mar_ocells_rostre_amb_ulls_clucs_72ppp_600x497px.png\" alt=\"Mar, p\u00e1jaros, rostro con ojos cerrados.\" width=\"600\" height=\"497\" srcset=\"https:\/\/animaweb.blog.pangea.org\/files\/2020\/09\/Mar_ocells_rostre_amb_ulls_clucs_72ppp_600x497px.png 600w, https:\/\/animaweb.blog.pangea.org\/files\/2020\/09\/Mar_ocells_rostre_amb_ulls_clucs_72ppp_600x497px-300x249.png 300w\" sizes=\"auto, (max-width: 600px) 85vw, 600px\" \/><\/b><\/span><\/span><\/span><\/span><\/p>\n<p class=\"western\" align=\"justify\"><span style=\"color: #000000\">\u2013<span style=\"font-family: Times New Roman, serif\"><span style=\"font-size: large\"><span lang=\"es-ES\"><b>Cuando una persona puede canalizar o es consciente de una vida pasada, \u00bfqu\u00e9 sucede, qu\u00e9 hace con esta informaci\u00f3n? El planeta, \u00bfen qu\u00e9 momento se encuentra de trabajo, a nivel grupal?\u2013<\/b><\/span><\/span><\/span><\/span><\/p>\n<p class=\"western\" align=\"justify\"><span style=\"color: #000000\">\u2013<span style=\"font-family: Times New Roman, serif\"><span style=\"font-size: large\"><span lang=\"es-ES\">Esto ayuda a las personas. Por ejemplo, los que hablan con los seres queridos se dan cuenta de que la muerte no existe porque el alma sigue existiendo y puede comunicarse con personas que siguen teniendo su cuerpo f\u00edsico. Eso ayuda a las personas que sufren por la ausencia de esos seres queridos. A nivel global, esto nos puede ayudar a darnos cuenta de que esta es nuestra casa, el planeta es nuestra casa, y de que tenemos que cuidarla, porque cuando nos reencarnamos volveremos aqu\u00ed, y hemos de mantener nuestra casa habitable. No podemos destruir el aire, el agua y las condiciones de vida porque no son s\u00f3lo nuestros hijos y nietos quienes van a vivir aqu\u00ed: es que nosotros mismos vamos a regresar.\u2013<\/span><\/span><\/span><\/span><\/p>\n<p class=\"western\" align=\"justify\"><span style=\"color: #000000\">\u2013<span style=\"font-family: Times New Roman, serif\"><span style=\"font-size: large\"><span lang=\"es-ES\"><b>A veces se producen fen\u00f3menos f\u00edsicos como los c\u00edrculos de las cosechas, los <\/b><\/span><\/span><\/span><\/span><span style=\"color: #000000\"><span style=\"font-family: Times New Roman, serif\"><span style=\"font-size: large\"><span lang=\"es-ES\"><i><b>crop circles<\/b><\/i><\/span><\/span><\/span><\/span><span style=\"color: #000000\"><span style=\"font-family: Times New Roman, serif\"><span style=\"font-size: large\"><span lang=\"es-ES\"><b>. \u00bfQu\u00e9 relaci\u00f3n advierte o qu\u00e9 piensa usted al respecto?\u2013<\/b><\/span><\/span><\/span><\/span><\/p>\n<p class=\"western\" align=\"justify\"><span style=\"color: #000000\">\u2013<span style=\"font-family: Times New Roman, serif\"><span style=\"font-size: large\"><span lang=\"es-ES\">Los he visto en Inglaterra y he hablado con uno de los agricultores, de los propietarios de la tierra. Ese agricultor es un hombre muy sencillo y honrado. Est\u00e1 convencido de que ning\u00fan ser humano habr\u00eda podido crear estos c\u00edrculos \u2013y \u00e9l es un profesional, un agricultor\u2013 por el modo en que la cebada est\u00e1 doblada, pero no rota la espiga, y por el tiempo utilizado. En Inglaterra en verano la noche es muy corta y estos c\u00edrculos en las cosechas, que son muy complejos, aparec\u00edan en muy pocas horas. Y cuando ha habido gente que ha querido imitarlos, reproducirlos, ha sacado unas copias muy malas, muy bastas, de estos c\u00edrculos. Y no quedan se\u00f1ales ni de ruedas de tractores ni de m\u00e1quinas ni nada. No sabemos qu\u00e9 pasa con estos c\u00edrculos, pero lo que sabemos es que no est\u00e1n hechos por seres humanos, no f\u00edsicamente por lo menos.\u2013<\/span><\/span><\/span><\/span><\/p>\n<p class=\"western\" lang=\"es-ES\" align=\"center\"><span style=\"font-family: Times New Roman, serif\"><span style=\"font-size: large\"><b><img loading=\"lazy\" decoding=\"async\" class=\"aligncenter wp-image-895 size-full\" title=\"El Doctor Brian Weiss hojeando un ejemplar de la revista Athanor. Foto: Natalia Campoy.\" src=\"https:\/\/animaweb.cat\/files\/2020\/09\/Doctor_Brian_Weiss_Foto_Natalia_Campoy_2_72ppp_600x1217px.png\" alt=\"El Doctor Brian Weiss hojeando un ejemplar de la revista Athanor. Foto: Natalia Campoy.\" width=\"600\" height=\"1217\" srcset=\"https:\/\/animaweb.blog.pangea.org\/files\/2020\/09\/Doctor_Brian_Weiss_Foto_Natalia_Campoy_2_72ppp_600x1217px.png 600w, https:\/\/animaweb.blog.pangea.org\/files\/2020\/09\/Doctor_Brian_Weiss_Foto_Natalia_Campoy_2_72ppp_600x1217px-148x300.png 148w, https:\/\/animaweb.blog.pangea.org\/files\/2020\/09\/Doctor_Brian_Weiss_Foto_Natalia_Campoy_2_72ppp_600x1217px-505x1024.png 505w\" sizes=\"auto, (max-width: 600px) 85vw, 600px\" \/>El Doctor Brian Weiss hojeando un ejemplar de la revista Athanor. Foto: Natalia Campoy.<\/b><\/span><\/span><\/p>\n<p class=\"western\" align=\"justify\"><span style=\"color: #000000\">\u2013<span style=\"font-family: Times New Roman, serif\"><span style=\"font-size: large\"><span lang=\"es-ES\"><b>Es una perfecta geometr\u00eda sagrada.\u2013<\/b><\/span><\/span><\/span><\/span><\/p>\n<p class=\"western\" align=\"justify\"><span style=\"color: #000000\">\u2013<span style=\"font-family: Times New Roman, serif\"><span style=\"font-size: large\"><span lang=\"es-ES\">S\u00ed, exacto. Y se hace en muy pocas horas. No hay huellas o se\u00f1ales de tractores. Todav\u00eda no hay una explicaci\u00f3n cient\u00edfica. Lo \u00fanico que s\u00e9 es que los seres humanos por ahora no lo pueden hacer. Es el trabajo de alguna otra fuerza o energ\u00eda. No necesariamente ha de ser extraterrestre; puede ser una energ\u00eda mental o alguna energ\u00eda electromagn\u00e9tica que no comprendemos o comunicaciones de otras fuentes. Lo \u00fanico que s\u00e9 es que el fen\u00f3meno no es provocado por seres humanos.\u2013<\/span><\/span><\/span><\/span><\/p>\n<p class=\"western\" align=\"justify\"><span style=\"color: #000000\">\u2013<span style=\"font-family: Times New Roman, serif\"><span style=\"font-size: large\"><span lang=\"es-ES\"><b>En estos momentos los seres humanos est\u00e1n en condiciones \u00f3ptimas para tener una comprensi\u00f3n m\u00e1s elevada de su misi\u00f3n en el planeta. Al mismo tiempo existen los desastres m\u00e1s grandes, las guerras m\u00e1s sangrientas, los atentados m\u00e1s graves. \u00bfCual es su percepci\u00f3n al respecto?\u2013<\/b><\/span><\/span><\/span><\/span><\/p>\n<p class=\"western\" align=\"justify\"><span style=\"color: #000000\">\u2013<span style=\"font-family: Times New Roman, serif\"><span style=\"font-size: large\"><span lang=\"es-ES\">La tecnolog\u00eda est\u00e1 avanzando muy r\u00e1pidamente. Los seres humanos siempre han sido violentos, siempre ha habido guerras, pero ahora las armas son mucho m\u00e1s efectivas. Las armas biol\u00f3gicas son mucho m\u00e1s peligrosas que las lanzas. Hay una especie de carrera entre el desarrollo tecnol\u00f3gico y el desarrollo espiritual. Espero que la gente espiritual gane la carrera.\u2013<\/span><\/span><\/span><\/span><\/p>\n<p class=\"western\" align=\"justify\"><span style=\"color: #000000\">\u2013<span style=\"font-family: Times New Roman, serif\"><span style=\"font-size: large\"><span lang=\"es-ES\"><b>En su libro <\/b><\/span><\/span><\/span><\/span><span style=\"color: #000000\"><span style=\"font-family: Times New Roman, serif\"><span style=\"font-size: large\"><span lang=\"es-ES\"><i><b>Muchas vidas, muchos maestros<\/b><\/i><\/span><\/span><\/span><\/span><span style=\"color: #000000\"><span style=\"font-family: Times New Roman, serif\"><span style=\"font-size: large\"><span lang=\"es-ES\"><b>, en un pasaje, Katherin canaliza un maestro y habla del miedo como un gran derroche de energ\u00eda. \u00bfA qu\u00e9 tiene realmente miedo el ser humano?\u2013<\/b><\/span><\/span><\/span><\/span><\/p>\n<p class=\"western\" align=\"justify\"><span style=\"color: #000000\">\u2013<span style=\"font-family: Times New Roman, serif\"><span style=\"font-size: large\"><span lang=\"es-ES\">Tenemos muchos miedos, tenemos miedo a la muerte, a la vida, al fracaso, a la enfermedad, a la p\u00e9rdida, a no ser queridos, a no ser aceptados por la colectividad. Tenemos un <\/span><\/span><\/span><\/span><span style=\"color: #000000\"><span style=\"font-family: Times New Roman, serif\"><span style=\"font-size: large\"><span lang=\"es-ES\"><i>autoservicio<\/i><\/span><\/span><\/span><\/span><span style=\"color: #000000\"><span style=\"font-family: Times New Roman, serif\"><span style=\"font-size: large\"><span lang=\"es-ES\"> de miedos, no es s\u00f3lo un miedo, es miedo en general. Tenemos que encontrarnos mucho m\u00e1s en el amor y la compasi\u00f3n, porque el amor y la compasi\u00f3n pueden disolver el miedo.\u2013<\/span><\/span><\/span><\/span><\/p>\n<p class=\"western\" align=\"justify\"><span style=\"color: #000000\">\u2013<span style=\"font-family: Times New Roman, serif\"><span style=\"font-size: large\"><span lang=\"es-ES\"><b>Hemos hablado del pasado, del presente. \u00bfQu\u00e9 proyectos tiene para el futuro?\u2013<\/b><\/span><\/span><\/span><\/span><\/p>\n<p class=\"western\" align=\"justify\"><span style=\"color: #000000\">\u2013<span style=\"font-family: Times New Roman, serif\"><span style=\"font-size: large\"><span lang=\"es-ES\">Ahora hay cinco libros en castellano. El cuarto libro, <\/span><\/span><\/span><\/span><span style=\"color: #000000\"><span style=\"font-family: Times New Roman, serif\"><span style=\"font-size: large\"><span lang=\"es-ES\"><i>Los mensajes de los sabios<\/i><\/span><\/span><\/span><\/span><span style=\"color: #000000\"><span style=\"font-family: Times New Roman, serif\"><span style=\"font-size: large\"><span lang=\"es-ES\">, es muy importante para mi. El quinto es sobre el mismo tema, pero m\u00e1s art\u00edstico: habla de lo que hay que hacer para el planeta \u2013las cosas de las que hemos estado hablando, y las cosas que hay que hacer para el planeta\u2013. Hay mucha presi\u00f3n por parte de los editores para que escriba m\u00e1s, pero no voy a escribir hasta que tenga algo que decir. Ahora estoy visitando muchos pa\u00edses para hablar de estos temas del amor, la inmortalidad, la compasi\u00f3n. Mi intuici\u00f3n me dice que esto es importante, pero los resultados est\u00e1n fuera de mi alcance. Lo que puedo hacer es ofrecer y dar. Los resultados dependen de un nivel superior. Este nivel superior me har\u00e1 saber cu\u00e1les son los proyectos para el futuro cuando llegue el momento. Por ahora, es compartir estas investigaciones con el mayor n\u00famero posible de personas. Estoy seguro de que habr\u00e1 muchos m\u00e1s proyectos para el futuro, pero prefiero vivir el momento presente. Si vivo ahora de manera correcta ocup\u00e1ndome del presente, el futuro se organizar\u00e1 solo. \u00c9ste es otro miedo: tenemos miedo al futuro.<\/span><\/span><\/span><\/span><\/p>\n<p class=\"western\" lang=\"es-ES\" align=\"justify\"><span style=\"font-family: Times New Roman, serif\"><span style=\"font-size: large\">Los mensajes son finalmente los mismos: sabemos las respuestas, sabemos lo que hay que hacer, pero somos una especie muy tozuda. Hacerlo es mucho m\u00e1s dif\u00edcil que saberlo.\u2013<\/span><\/span><\/p>\n<p class=\"western\" align=\"justify\"><span style=\"color: #000000\">\u2013<span style=\"font-family: Times New Roman, serif\"><span style=\"font-size: large\"><span lang=\"es-ES\"><b>Doctor Weiss, muchas gracias.\u2013<\/b><\/span><\/span><\/span><\/span><\/p>\n<p class=\"western\" align=\"justify\"><span style=\"color: #000000\">\u2013<span style=\"font-family: Times New Roman, serif\"><span style=\"font-size: large\"><span lang=\"es-ES\">Muchas gracias a vosotros por la oportunidad.\u2013<\/span><\/span><\/span><\/span><\/p>","protected":false},"excerpt":{"rendered":"<p>Regreso a la paz. Entrevista a Brian Weiss. Revista Athanor. N\u00famero 35. Septiembre-octubre de 2002. P\u00e1ginas 15-18. Regreso a la paz. Entrevista a Brian Weiss. Entrevistador: Josep Agust\u00edn. Int\u00e9rprete: Loto &hellip; <a href=\"https:\/\/animaweb.blog.pangea.org\/es\/retorn-a-la-pau-entrevista-a-brian-weiss\/\" class=\"more-link\">Continuar leyendo<span class=\"screen-reader-text\"> \u00abRegreso a la paz. Entrevista a Brian Weiss.\u00bb<\/span><\/a><\/p>\n","protected":false},"author":12345698,"featured_media":0,"parent":0,"menu_order":0,"comment_status":"closed","ping_status":"closed","template":"","meta":{"ngg_post_thumbnail":0,"footnotes":""},"class_list":["post-890","page","type-page","status-publish","hentry"],"_links":{"self":[{"href":"https:\/\/animaweb.blog.pangea.org\/es\/wp-json\/wp\/v2\/pages\/890","targetHints":{"allow":["GET"]}}],"collection":[{"href":"https:\/\/animaweb.blog.pangea.org\/es\/wp-json\/wp\/v2\/pages"}],"about":[{"href":"https:\/\/animaweb.blog.pangea.org\/es\/wp-json\/wp\/v2\/types\/page"}],"author":[{"embeddable":true,"href":"https:\/\/animaweb.blog.pangea.org\/es\/wp-json\/wp\/v2\/users\/12345698"}],"replies":[{"embeddable":true,"href":"https:\/\/animaweb.blog.pangea.org\/es\/wp-json\/wp\/v2\/comments?post=890"}],"version-history":[{"count":13,"href":"https:\/\/animaweb.blog.pangea.org\/es\/wp-json\/wp\/v2\/pages\/890\/revisions"}],"predecessor-version":[{"id":2226,"href":"https:\/\/animaweb.blog.pangea.org\/es\/wp-json\/wp\/v2\/pages\/890\/revisions\/2226"}],"wp:attachment":[{"href":"https:\/\/animaweb.blog.pangea.org\/es\/wp-json\/wp\/v2\/media?parent=890"}],"curies":[{"name":"wp","href":"https:\/\/api.w.org\/{rel}","templated":true}]}}