{"id":88,"date":"2018-01-18T17:23:37","date_gmt":"2018-01-18T15:23:37","guid":{"rendered":"http:\/\/animaweb.blog.pangea.org\/?page_id=88"},"modified":"2021-10-30T09:16:52","modified_gmt":"2021-10-30T07:16:52","slug":"bibliografia-del-doctor-jose-luis-cabouli","status":"publish","type":"page","link":"https:\/\/animaweb.blog.pangea.org\/es\/bibliografia-del-doctor-jose-luis-cabouli\/","title":{"rendered":"Bibliograf\u00eda del Doctor Jos\u00e9 Lu\u00eds Cabouli."},"content":{"rendered":"<p class=\"western\" lang=\"es-ES\" align=\"center\"><span style=\"font-family: Times New Roman, serif\"><span style=\"font-size: x-large\"><b>Bibliograf\u00eda del Doctor Jos\u00e9 Luis Cabouli.<\/b><\/span><\/span><\/p>\n<table border=\"0\" width=\"100%\">\n<tbody>\n<tr>\n<td>\n<p class=\"western\" align=\"justify\"><span style=\"font-family: Times New Roman, serif\"><span style=\"font-size: large\"><span lang=\"es-ES\"><i><img loading=\"lazy\" decoding=\"async\" class=\"wp-image-89 size-full aligncenter\" title=\"Terapia de Vidas Pasadas. T\u00e9cnica y pr\u00e1ctica. ISBN: 9789507540257. Editorial Continente (http:\/\/www.edicontinente.com.ar). Formato: 230 x 155 x 20 mm (R\u00fastica con solapa). P\u00e1ginas: 320. Publicaci\u00f3n: 26\/09\/1995. Portada.\" src=\"https:\/\/animaweb.cat\/files\/2018\/01\/Doctor_Jose_Luis_Cabouli_Terapia_de_vidas_pasadas_Editorial_Continente_portada_castellano.jpg\" alt=\"Terapia de Vidas Pasadas. T\u00e9cnica y pr\u00e1ctica. ISBN: 9789507540257. Editorial Continente (https:\/\/www.edicontinente.com.ar). Formato: 230 x 155 x 20 mm (R\u00fastica con solapa). P\u00e1ginas: 320. Publicaci\u00f3n: 26\/09\/1995. Portada.\" width=\"162\" height=\"236\" \/><\/i><\/span><\/span><\/span><span style=\"font-family: Times New Roman, serif\"><span style=\"font-size: large\"><span lang=\"es-ES\"><i>Terapia de Vidas Pasadas. T\u00e9cnica y pr\u00e1ctica<\/i><\/span><\/span><\/span><span style=\"font-family: Times New Roman, serif\"><span style=\"font-size: large\"><span lang=\"es-ES\">. ISBN: 9789507540257. Editorial Continente (<\/span><\/span><\/span><span style=\"color: #000080\"><span lang=\"zxx\"><u><a href=\"http:\/\/www.edicontinente.com.ar\/\"><span style=\"font-family: Times New Roman, serif\"><span style=\"font-size: large\"><span lang=\"es-ES\">http:\/\/www.edicontinente.com.ar<\/span><\/span><\/span><\/a><\/u><\/span><\/span><span style=\"font-family: Times New Roman, serif\"><span style=\"font-size: large\"><span lang=\"es-ES\">). Formato: 230 x 155 x 20 mm (R\u00fastica con solapa). P\u00e1ginas: 320. Publicaci\u00f3n: 26\/09\/1995. Idioma: castellano.<\/span><\/span><\/span><\/p>\n<p class=\"western\" lang=\"es-ES\" align=\"justify\"><span style=\"font-family: Times New Roman, serif\"><span style=\"font-size: large\">\u00bfHemos vivido otras vidas antes de \u00e9sta? \u00bfEs posible que hoy, en nuestra vida presente, reaccionemos sin saberlo al influjo de antiguas emociones no resueltas?<\/span><\/span><\/p>\n<p class=\"western\" align=\"justify\"><span style=\"font-family: Times New Roman, serif\"><span style=\"font-size: large\"><span lang=\"es-ES\">Muchas personas que atravesaron por la experiencia de regresi\u00f3n, descubrieron que los s\u00edntomas y conflictos que las perturban desaparec\u00edan o se resolv\u00edan al revivir escenas de sus vidas anteriores. Por primera vez un m\u00e9dico argentino revela su experiencia cl\u00ednica con la Terapia de Vidas Pasadas y explica, en forma clara y amena, a trav\u00e9s de historias reales, la t\u00e9cnica que utiliza en su pr\u00e1ctica privada.<\/span><\/span><\/span><\/p>\n<p class=\"western\" align=\"justify\"><span style=\"font-family: Times New Roman, serif\"><span style=\"font-size: large\"><span lang=\"es-ES\"><i>Terapia de Vidas Pasadas<\/i><\/span><\/span><\/span><span style=\"font-family: Times New Roman, serif\"><span style=\"font-size: large\"><span lang=\"es-ES\">, un libro que ya es un cl\u00e1sico de la psicolog\u00eda transpersonal.<\/span><\/span><\/span><\/p>\n<\/td>\n<\/tr>\n<tr>\n<td>\n<p class=\"western\" align=\"justify\"><span style=\"font-family: Times New Roman, serif\"><span style=\"font-size: large\"><span lang=\"es-ES\"><i><img loading=\"lazy\" decoding=\"async\" class=\"wp-image-90 size-full aligncenter\" title=\"El Viaje del Alma. Experiencias de la vida entre las vidas. ISBN: 9789507541926. Editorial Continente (http:\/\/www.edicontinente.com.ar). Formato: 230 x 155 x mm (R\u00fastica con solapa). P\u00e1ginas: 224. Publicaci\u00f3n: 09\/11\/2006. Portada.\" src=\"https:\/\/animaweb.cat\/files\/2018\/01\/Doctor_Jose_Luis_Cabouli_El_viaje_del_alma_Editorial_Continente_portada_castellano.jpg\" alt=\"El Viaje del Alma. Experiencias de la vida entre las vidas. ISBN: 9789507541926. Editorial Continente (http:\/\/www.edicontinente.com.ar). Formato: 230 x 155 x mm (R\u00fastica con solapa). P\u00e1ginas: 224. Publicaci\u00f3n: 09\/11\/2006. Portada.\" width=\"170\" height=\"246\" \/><\/i><\/span><\/span><\/span><span style=\"font-family: Times New Roman, serif\"><span style=\"font-size: large\"><span lang=\"es-ES\"><i>El Viaje del Alma. Experiencias de la vida entre las vidas<\/i><\/span><\/span><\/span><span style=\"font-family: Times New Roman, serif\"><span style=\"font-size: large\"><span lang=\"es-ES\">. ISBN: 9789507541926. Editorial Continente (<\/span><\/span><\/span><span style=\"color: #000080\"><span lang=\"zxx\"><u><a href=\"http:\/\/www.edicontinente.com.ar\/\"><span style=\"font-family: Times New Roman, serif\"><span style=\"font-size: large\"><span lang=\"es-ES\">http:\/\/www.edicontinente.com.ar<\/span><\/span><\/span><\/a><\/u><\/span><\/span><span style=\"font-family: Times New Roman, serif\"><span style=\"font-size: large\"><span lang=\"es-ES\">). Formato: 230 x 155 x mm (R\u00fastica con solapa). P\u00e1ginas: 224. Publicaci\u00f3n: 09\/11\/2006. Idioma: castellano.<\/span><\/span><\/span><\/p>\n<p class=\"western\" lang=\"es-ES\" align=\"justify\"><span style=\"font-family: Times New Roman, serif\"><span style=\"font-size: large\">Aunque no lo recordemos, todos hemos vuelto de la muerte. Pero, \u00bfqu\u00e9 cosa es eso que llamamos \u00abmuerte\u00bb? \u00bfQu\u00e9 nos ocurre despu\u00e9s de la muerte? \u00bfAd\u00f3nde vamos? \u00bfQu\u00e9 nos espera?<\/span><\/span><\/p>\n<p class=\"western\" lang=\"es-ES\" align=\"justify\"><span style=\"font-family: Times New Roman, serif\"><span style=\"font-size: large\">En este libro, la respuesta nos llega directamente de las personas que, a trav\u00e9s de la Terapia de Vidas Pasadas, experimentaron la continuidad de su consciencia m\u00e1s all\u00e1 de la existencia f\u00edsica.<\/span><\/span><\/p>\n<p class=\"western\" lang=\"es-ES\" align=\"justify\"><span style=\"font-family: Times New Roman, serif\"><span style=\"font-size: large\">Partiendo de la expriencia de la muerte, recorriendo el espacio entre vidas, hasta llegar al momento de volver a nacer, su autor, el Dr. Jos\u00e9 Luis Cabouli \u2013de vasta experiencia en la pr\u00e1ctica terap\u00e9utica de regresi\u00f3n a vidas pasadas\u2013, nos conduce en un viaje de ida y de vuelta en el derrotero del alma.<\/span><\/span><\/p>\n<p class=\"western\" align=\"justify\"><span style=\"font-family: Times New Roman, serif\"><span style=\"font-size: large\"><span lang=\"es-ES\">Un viaje donde se nos revela como una certeza la sabia reflexi\u00f3n de Apolonio de Tiana:<\/span><\/span><\/span><\/p>\n<p class=\"western\" align=\"justify\"><span style=\"font-family: Times New Roman, serif\"><span style=\"font-size: large\"><span lang=\"es-ES\">\u00ab<\/span><\/span><\/span><span style=\"font-family: Times New Roman, serif\"><span style=\"font-size: large\"><span lang=\"es-ES\"><i>Nada nace, nada muere en realidad. Ninguna persona muere, sino en apariencia. Ninguna persona nace, sino en apariencia. El pasaje de la esencia a la sustancia, es lo que se llama \u00abnacer\u00bb y, por el contrario, lo que se llama \u00abmorir\u00bb, es el pasaje de la sustancia a la esencia<\/i><\/span><\/span><\/span><span style=\"font-family: Times New Roman, serif\"><span style=\"font-size: large\"><span lang=\"es-ES\">\u00bb.<\/span><\/span><\/span><\/p>\n<\/td>\n<\/tr>\n<tr>\n<td>\n<p class=\"western\" align=\"justify\"><span style=\"font-family: Times New Roman, serif\"><span style=\"font-size: large\"><span lang=\"es-ES\"><i><img loading=\"lazy\" decoding=\"async\" class=\"wp-image-93 size-full aligncenter\" title=\"La Vida antes de Nacer. Viaje al origen de nuestra historia personal. ISBN: 9789507540738. Editorial Continente (http:\/\/www.edicontinente.com.ar). Formato: 230 x 155 x 19 mm (R\u00fastica con solapa). P\u00e1ginas: 256. Publicaci\u00f3n: 26\/04\/2000. Portada.\" src=\"https:\/\/animaweb.cat\/files\/2018\/01\/Doctor_Jose_Luis_Cabouli_La_vida_antes_de_nacer_Editorial_Continente_portada_castellano.jpg\" alt=\"La Vida antes de Nacer. Viaje al origen de nuestra historia personal. ISBN: 9789507540738. Editorial Continente (http:\/\/www.edicontinente.com.ar). Formato: 230 x 155 x 19 mm (R\u00fastica con solapa). P\u00e1ginas: 256. Publicaci\u00f3n: 26\/04\/2000. Portada.\" width=\"165\" height=\"244\" \/><\/i><\/span><\/span><\/span><span style=\"font-family: Times New Roman, serif\"><span style=\"font-size: large\"><span lang=\"es-ES\"><i>La Vida antes de Nacer. Viaje al origen de nuestra historia personal<\/i><\/span><\/span><\/span><span style=\"font-family: Times New Roman, serif\"><span style=\"font-size: large\"><span lang=\"es-ES\">. ISBN: 9789507540738. Editorial Continente (<\/span><\/span><\/span><span style=\"color: #000080\"><span lang=\"zxx\"><u><a href=\"http:\/\/www.edicontinente.com.ar\/\"><span style=\"font-family: Times New Roman, serif\"><span style=\"font-size: large\"><span lang=\"es-ES\">http:\/\/www.edicontinente.com.ar<\/span><\/span><\/span><\/a><\/u><\/span><\/span><span style=\"font-family: Times New Roman, serif\"><span style=\"font-size: large\"><span lang=\"es-ES\">). Formato: 230 x 155 x 19 mm (R\u00fastica con solapa). P\u00e1ginas: 256. Publicaci\u00f3n: 26\/04\/2000. Idioma: castellano.<\/span><\/span><\/span><\/p>\n<p class=\"western\" lang=\"es-ES\" align=\"justify\"><span style=\"font-family: Times New Roman, serif\"><span style=\"font-size: large\">\u00bfPuede una madre influir en el psiquismo de su hijo antes del nacimiento? \u00bfEs lo mismo nacer de parto natural que por ces\u00e1rea? \u00bfC\u00f3mo es nacer bajo anestesia general? \u00bfY con f\u00f3rceps? \u00bfY con circular de cord\u00f3n? \u00bfQu\u00e9 sucede con el alma despu\u00e9s de la interrupci\u00f3n del embarazo? \u00bfDe qu\u00e9 hablan los mellizos antes de nacer? Todo lo que nunca imagin\u00f3 sobre la vida del beb\u00e9 antes de nacer lo sabr\u00e1 directamente a trav\u00e9s del relato de quienes revivieron la vida intrauterina en regresi\u00f3n. Un libro revelador para padres, terapeutas, obstetras y todos aquellos interesados en este fascinante per\u00edodo de la vida.<\/span><\/span><\/p>\n<\/td>\n<\/tr>\n<tr>\n<td>\n<p class=\"western\" align=\"justify\"><span style=\"font-family: Times New Roman, serif\"><span style=\"font-size: large\"><span lang=\"es-ES\"><i><img loading=\"lazy\" decoding=\"async\" class=\"wp-image-94 size-full aligncenter\" title=\"El Trabajo del Alma. \u00bfQu\u00e9 es la Terpapia de Vidas Pasadas? ISBN: 9789507541087. Editorial Continente (http:\/\/www.edicontinente.com.ar). Formato: 230 x 155 x 9 mm (R\u00fastica con solapa). P\u00e1ginas: 128. Publicaci\u00f3n: 05\/08\/2004. Portada.\" src=\"https:\/\/animaweb.cat\/files\/2018\/01\/Doctor_Jose_Luis_Cabouli_El_trabajo_del_alma_Editorial_Continente_portada_castellano.jpg\" alt=\"El Trabajo del Alma. \u00bfQu\u00e9 es la Terpapia de Vidas Pasadas? ISBN: 9789507541087. Editorial Continente (http:\/\/www.edicontinente.com.ar). Formato: 230 x 155 x 9 mm (R\u00fastica con solapa). P\u00e1ginas: 128. Publicaci\u00f3n: 05\/08\/2004. Portada.\" width=\"161\" height=\"240\" \/><\/i><\/span><\/span><\/span><span style=\"font-family: Times New Roman, serif\"><span style=\"font-size: large\"><span lang=\"es-ES\"><i>El Trabajo del Alma. \u00bfQu\u00e9 es la Terapia de Vidas Pasadas?<\/i><\/span><\/span><\/span><span style=\"font-family: Times New Roman, serif\"><span style=\"font-size: large\"><span lang=\"es-ES\"> ISBN: 9789507541087. Editorial Continente (<\/span><\/span><\/span><span style=\"color: #000080\"><span lang=\"zxx\"><u><a href=\"http:\/\/www.edicontinente.com.ar\/\"><span style=\"font-family: Times New Roman, serif\"><span style=\"font-size: large\"><span lang=\"es-ES\">http:\/\/www.edicontinente.com.ar<\/span><\/span><\/span><\/a><\/u><\/span><\/span><span style=\"font-family: Times New Roman, serif\"><span style=\"font-size: large\"><span lang=\"es-ES\">). Formato: 230 x 155 x 9 mm (R\u00fastica con solapa). P\u00e1ginas: 128. Publicaci\u00f3n: 05\/08\/2004. Idioma: castellano.<\/span><\/span><\/span><\/p>\n<p class=\"western\" lang=\"es-ES\" align=\"justify\"><span style=\"font-family: Times New Roman, serif\"><span style=\"font-size: large\">\u00bfQu\u00e9 es la Terapia de Vidas Pasadas? \u00bfEn qu\u00e9 se basa? \u00bfC\u00f3mo funciona? \u00bfC\u00f3mo se trabaja? \u00bfQu\u00e9 cosas puede resolver? \u00bfCu\u00e1les son los verdaderos alcances de esta t\u00e9cnica terap\u00e9utica?<\/span><\/span><\/p>\n<p class=\"western\" lang=\"es-ES\" align=\"justify\"><span style=\"font-family: Times New Roman, serif\"><span style=\"font-size: large\">Historias reales de fobias, miedos, ahogos nocturnos y asma bronquial, entre otras, son el medio elegido por el autor para responder ampliamente a estos interrogantes, al mismo tiempo que nos sumerge en los vericuetos del alma humana.<\/span><\/span><\/p>\n<p class=\"western\" lang=\"es-ES\" align=\"justify\"><span style=\"font-family: Times New Roman, serif\"><span style=\"font-size: large\">Un conocimiento y una ense\u00f1anza m\u00e1s profundos subyacen en cada una de estas historias. Al igual que la mayor\u00eda de las personas, los protagonistas consultaron por su dolor sin saber que finalmente ir\u00edan a encontrarse con su alma. M\u00e1s all\u00e1 del dolor y de las emociones a resolver est\u00e1 el aprendizaje del alma.<\/span><\/span><\/p>\n<\/td>\n<\/tr>\n<tr>\n<td>\n<p class=\"western\" align=\"justify\"><span style=\"font-family: Times New Roman, serif\"><span style=\"font-size: large\"><span lang=\"es-ES\"><i><img loading=\"lazy\" decoding=\"async\" class=\"wp-image-95 size-full aligncenter\" title=\"Terapia de la Posesi\u00f3n Espiritual. T\u00e9cnica y pr\u00e1ctica cl\u00ednica. ISBN: 9789507543807. Editorial Continente (http:\/\/www.edicontinente.com.ar). Formato: 230 x 155 x 25 mm (R\u00fastica con solapa). P\u00e1ginas: 360. Publicaci\u00f3n: 18\/09\/2012. Portada.\" src=\"https:\/\/animaweb.cat\/files\/2018\/01\/Doctor_Jose_Luis_Cabouli_Terapia_de_la_posesion_espiritual_Editorial_Continente_portada_castellano.jpg\" alt=\"Terapia de la Posesi\u00f3n Espiritual. T\u00e9cnica y pr\u00e1ctica cl\u00ednica. ISBN: 9789507543807. Editorial Continente (http:\/\/www.edicontinente.com.ar). Formato: 230 x 155 x 25 mm (R\u00fastica con solapa). P\u00e1ginas: 360. Publicaci\u00f3n: 18\/09\/2012. Portada.\" width=\"174\" height=\"246\" \/><\/i><\/span><\/span><\/span><span style=\"font-family: Times New Roman, serif\"><span style=\"font-size: large\"><span lang=\"es-ES\"><i>Terapia de la Posesi\u00f3n Espiritual. T\u00e9cnica y pr\u00e1ctica cl\u00ednica<\/i><\/span><\/span><\/span><span style=\"font-family: Times New Roman, serif\"><span style=\"font-size: large\"><span lang=\"es-ES\">. ISBN: 9789507543807. Editorial Continente (<\/span><\/span><\/span><span style=\"color: #000080\"><span lang=\"zxx\"><u><a href=\"http:\/\/www.edicontinente.com.ar\/\"><span style=\"font-family: Times New Roman, serif\"><span style=\"font-size: large\"><span lang=\"es-ES\">http:\/\/www.edicontinente.com.ar<\/span><\/span><\/span><\/a><\/u><\/span><\/span><span style=\"font-family: Times New Roman, serif\"><span style=\"font-size: large\"><span lang=\"es-ES\">). Formato: 230 x 155 x 25 mm (R\u00fastica con solapa). P\u00e1ginas: 360. Publicaci\u00f3n: 18\/09\/2012. Idioma: castellano.<\/span><\/span><\/span><\/p>\n<p class=\"western\" lang=\"es-ES\" align=\"justify\"><span style=\"font-family: Times New Roman, serif\"><span style=\"font-size: large\">\u00bfAlguna vez su pareja le dijo que hay momentos en los que usted parece otra persona? \u00bfO sinti\u00f3 que hay momentos en los que no es usted? \u00bfAlguna vez experiment\u00f3 como si hubiese otra voluntad en su interior que lo impulsara a hacer cosas que no quer\u00eda hacer? O, por el contrario, \u00bfsinti\u00f3 que algo inexplicable lo frena o lo obstaculiza cada vez que quiere emprender una tarea importante? \u00bfHa tenido pensamientos extra\u00f1os u obsesivos como si \u00e9stos no le pertenecieran?<\/span><\/span><\/p>\n<p class=\"western\" lang=\"es-ES\" align=\"justify\"><span style=\"font-family: Times New Roman, serif\"><span style=\"font-size: large\">\u00bfEs posible que en nuestro comportamiento y decisiones vitales seamos influenciados mental y emocionalmente por la acci\u00f3n de una energ\u00eda pensante extra\u00f1a?<\/span><\/span><\/p>\n<p class=\"western\" lang=\"es-ES\" align=\"justify\"><span style=\"font-family: Times New Roman, serif\"><span style=\"font-size: large\">En el transcurso del trabajo terap\u00e9utico con la regresi\u00f3n es frecuente que el terapeuta descubra que los s\u00edntomas que presenta el paciente no se deben a un trauma padecido por \u00e9ste sino al accionar de una energ\u00eda extra\u00f1a que ha invadido el subconsciente de la persona. Esta invasi\u00f3n del subconsciente es lo que cl\u00e1sicamente se ha conocido como la posesi\u00f3n espiritual.<\/span><\/span><\/p>\n<p class=\"western\" lang=\"es-ES\" align=\"justify\"><span style=\"font-family: Times New Roman, serif\"><span style=\"font-size: large\">Con valent\u00eda, claridad y con la sencillez que lo caracteriza, el Dr. Jos\u00e9 Luis Cabouli, maestro reconocido en Terapia de Vidas Pasadas, revela aqu\u00ed mediante historias reales su experiencia cl\u00ednica de dieciocho a\u00f1os en el trabajo terap\u00e9utico con el fen\u00f3meno de la posesi\u00f3n espiritual.<\/span><\/span><\/p>\n<p class=\"western\" lang=\"es-ES\" align=\"justify\"><span style=\"font-family: Times New Roman, serif\"><span style=\"font-size: large\">Un libro apasionante, emotivo y revelador, que responde a estos interrogantes y abre un camino real para la resoluci\u00f3n de muchos conflictos mentales y emocionales.<\/span><\/span><\/p>\n<\/td>\n<\/tr>\n<tr>\n<td>\n<p class=\"western\" align=\"justify\"><span style=\"font-family: Times New Roman, serif\"><span style=\"font-size: large\"><span lang=\"es-ES\"><i><img loading=\"lazy\" decoding=\"async\" class=\"wp-image-203 size-full aligncenter\" title=\"Terapia de la Posesi\u00f3n Espiritual. T\u00e9cnica y pr\u00e1ctica cl\u00ednica. ISBN: 976-84-96381-36-0. Ediciones \u00cdndigo. Primera edici\u00f3n: Junio de 2006. Segunda edici\u00f3n: Junio de 2010. Idioma: castellano. Portada.\" src=\"https:\/\/animaweb.cat\/files\/2018\/02\/Doctor_Jose_Luis_Cabouli_Terapia_de_la_posesion_espiritual_Editorial_Indigo_portada_castellano_200x286px.png\" alt=\"Terapia de la Posesi\u00f3n Espiritual. T\u00e9cnica y pr\u00e1ctica cl\u00ednica. ISBN: 976-84-96381-36-0. Ediciones \u00cdndigo. Primera edici\u00f3n: Junio de 2006. Segunda edici\u00f3n: Junio de 2010. Idioma: castellano. Portada.\" width=\"200\" height=\"286\" \/><\/i><\/span><\/span><\/span><span style=\"font-family: Times New Roman, serif\"><span style=\"font-size: large\"><span lang=\"es-ES\"><i>Terapia de la Posesi\u00f3n Espiritual. T\u00e9cnica y pr\u00e1ctica cl\u00ednica<\/i><\/span><\/span><\/span><span style=\"font-family: Times New Roman, serif\"><span style=\"font-size: large\"><span lang=\"es-ES\">. ISBN: 976-84-96381-36-0. Ediciones \u00cdndigo. Primera edici\u00f3n: Junio de 2006. Segunda edici\u00f3n: Junio de 2010. Idioma: castellano.<\/span><\/span><\/span><\/p>\n<\/td>\n<\/tr>\n<tr>\n<td>\n<p class=\"western\" align=\"justify\"><span style=\"font-family: Times New Roman, serif\"><span style=\"font-size: large\"><span lang=\"es-ES\"><i><img loading=\"lazy\" decoding=\"async\" class=\"wp-image-96 size-full aligncenter\" title=\"El Prop\u00f3sito del Alma. Cu\u00e1l es nuestra misi\u00f3n en esta vida. ISBN: 9789507543531. Editorial Continente (http:\/\/www.edicontinente.com.ar). Formato: 230 x 155 x 15 mm (R\u00fastica con solapa). P\u00e1ginas: 192. Publicaci\u00f3n: 24\/07\/2012. Portada.\" src=\"https:\/\/animaweb.cat\/files\/2018\/01\/Doctor_Jose_Luis_Cabouli_El_proposito_del_alma_Editorial_Continente_portada_castellano.jpg\" alt=\"El Prop\u00f3sito del Alma. Cu\u00e1l es nuestra misi\u00f3n en esta vida. ISBN: 9789507543531. Editorial Continente (https:\/\/www.edicontinente.com.ar). Formato: 230 x 155 x 15 mm (R\u00fastica con solapa). P\u00e1ginas: 192. Publicaci\u00f3n: 24\/07\/2012. Portada.\" width=\"165\" height=\"246\" \/><\/i><\/span><\/span><\/span><span style=\"font-family: Times New Roman, serif\"><span style=\"font-size: large\"><span lang=\"es-ES\"><i>El Prop\u00f3sito del Alma. Cu\u00e1l es nuestra misi\u00f3n en esta vida<\/i><\/span><\/span><\/span><span style=\"font-family: Times New Roman, serif\"><span style=\"font-size: large\"><span lang=\"es-ES\">. ISBN: 9789507543531. Editorial Continente (<\/span><\/span><\/span><span style=\"color: #000080\"><span lang=\"zxx\"><u><a href=\"http:\/\/www.edicontinente.com.ar\/\"><span style=\"font-family: Times New Roman, serif\"><span style=\"font-size: large\"><span lang=\"es-ES\">http:\/\/www.edicontinente.com.ar<\/span><\/span><\/span><\/a><\/u><\/span><\/span><span style=\"font-family: Times New Roman, serif\"><span style=\"font-size: large\"><span lang=\"es-ES\">). Formato: 230 x 155 x 15 mm (R\u00fastica con solapa). P\u00e1ginas: 192. Publicaci\u00f3n: 24\/07\/2012. Idioma: castellano.<\/span><\/span><\/span><\/p>\n<p class=\"western\" lang=\"es-ES\" align=\"justify\"><span style=\"font-family: Times New Roman, serif\"><span style=\"font-size: large\">\u00bfPara qu\u00e9 estamos aqu\u00ed, en esta vida? \u00bfQu\u00e9 es lo que vinimos a hacer? \u00bfCu\u00e1l es nuestra misi\u00f3n en esta vida? \u00bfCu\u00e1l es el sentido de esta vida?<\/span><\/span><\/p>\n<p class=\"western\" align=\"justify\"><span style=\"font-family: Times New Roman, serif\"><span style=\"font-size: large\"><span lang=\"es-ES\">Todos, absolutamente todos, tenemos un prop\u00f3sito a cumplir en esta vida. Este prop\u00f3sito forma parte del proceso de aprendizaje, de evoluci\u00f3n y de crecimiento de nuestra alma y constituye la esencia y el sentido de nostra vida en el cuerpo f\u00edsico.<\/span><\/span><\/span><\/p>\n<p class=\"western\" lang=\"es-ES\" align=\"justify\"><span style=\"font-family: Times New Roman, serif\"><span style=\"font-size: large\">Estamos aqu\u00ed, en este mundo, con un prop\u00f3sito claro y preciso que fue definido por nuestra alma antes de encarnar.<\/span><\/span><\/p>\n<p class=\"western\" align=\"justify\"><span style=\"font-family: Times New Roman, serif\"><span style=\"font-size: large\"><span lang=\"es-ES\">Completando la trilog\u00eda iniciada con <\/span><\/span><\/span><span style=\"font-family: Times New Roman, serif\"><span style=\"font-size: large\"><span lang=\"es-ES\"><i>El viaje del alma<\/i><\/span><\/span><\/span><span style=\"font-family: Times New Roman, serif\"><span style=\"font-size: large\"><span lang=\"es-ES\"> y <\/span><\/span><\/span><span style=\"font-family: Times New Roman, serif\"><span style=\"font-size: large\"><span lang=\"es-ES\"><i>El trabajo del alma<\/i><\/span><\/span><\/span><span style=\"font-family: Times New Roman, serif\"><span style=\"font-size: large\"><span lang=\"es-ES\">, el doctor Jos\u00e9 Luis Cabouli, reconocido autor y maestro en terapia de vidas pasadas, nos sumerge en la aventura del alma desde el instante en el que se diagrama nuestro plan de vida hasta el momento de nuestra aparici\u00f3n en este mundo. Para qu\u00e9 estamos aqu\u00ed, c\u00f3mo se define el prop\u00f3sito del alma, c\u00f3mo se determinan los seres que ser\u00e1n nuestros padres, son algunos de los interrogantes que son dilucidados a trav\u00e9s del relato de personas que vivenciaron por medio de la regresi\u00f3n la experiencia de la preparaci\u00f3n de su prop\u00f3sito para esta vida.<\/span><\/span><\/span><\/p>\n<\/td>\n<\/tr>\n<tr>\n<td>\n<p class=\"western\" align=\"justify\"><span style=\"font-family: Times New Roman, serif\"><span style=\"font-size: large\"><span lang=\"es-ES\"><i><img loading=\"lazy\" decoding=\"async\" class=\"wp-image-97 size-full aligncenter\" title=\"Atrapamiento y recuperaci\u00f3n del alma. Terapia de Vidas Pasadas: un nuevo paradigma. ISBN: 9789507544620. Editorial Continente (http:\/\/www.edicontinente.com.ar). Formato: 230 x 155 x 15 mm (R\u00fastica con solapa). P\u00e1ginas: 256. Publicaci\u00f3n: 30\/07\/2014. Portada.\" src=\"https:\/\/animaweb.cat\/files\/2018\/01\/Doctor_Jose_Luis_Cabouli_Atrapamiento_y_recuperacion_del_alma_Editorial_Continente_portada_castellano.jpg\" alt=\"Atrapamiento y recuperaci\u00f3n del alma. Terapia de Vidas Pasadas: un nuevo paradigma. ISBN: 9789507544620. Editorial Continente (https:\/\/www.edicontinente.com.ar). Formato: 230 x 155 x 15 mm (R\u00fastica con solapa). P\u00e1ginas: 256. Publicaci\u00f3n: 30\/07\/2014. Portada.\" width=\"165\" height=\"240\" \/><\/i><\/span><\/span><\/span><span style=\"font-family: Times New Roman, serif\"><span style=\"font-size: large\"><span lang=\"es-ES\"><i>Atrapamiento y recuperaci\u00f3n del alma. Terapia de Vidas Pasadas: un nuevo paradigma<\/i><\/span><\/span><\/span><span style=\"font-family: Times New Roman, serif\"><span style=\"font-size: large\"><span lang=\"es-ES\">. ISBN: 9789507544620. Editorial Continente (<\/span><\/span><\/span><span style=\"color: #000080\"><span lang=\"zxx\"><u><a href=\"http:\/\/www.edicontinente.com.ar\/\"><span style=\"font-family: Times New Roman, serif\"><span style=\"font-size: large\"><span lang=\"es-ES\">http:\/\/www.edicontinente.com.ar<\/span><\/span><\/span><\/a><\/u><\/span><\/span><span style=\"font-family: Times New Roman, serif\"><span style=\"font-size: large\"><span lang=\"es-ES\">). Formato: 230 x 155 x 15 mm (R\u00fastica con solapa). P\u00e1ginas: 256. Publicaci\u00f3n: 30\/07\/2014. Idioma: castellano.<\/span><\/span><\/span><\/p>\n<p class=\"western\" lang=\"es-ES\" align=\"justify\"><span style=\"font-family: Times New Roman, serif\"><span style=\"font-size: large\">Las vidas pasadas, \u00bfson vidas pasadas o son vidas simult\u00e1neas? \u00bfEs posible que en situaciones traum\u00e1ticas perdamos una parte de nuestra alma? Y si es as\u00ed, \u00bfes posible recuperar el fragmento que se perdi\u00f3?<\/span><\/span><\/p>\n<p class=\"western\" lang=\"es-ES\" align=\"justify\"><span style=\"font-family: Times New Roman, serif\"><span style=\"font-size: large\">Tras haber escrito sobre la t\u00e9cnica b\u00e1sica, el espacio entre vidas, la vida antes de nacer, el prop\u00f3sito del alma y la influencia de las almas perdidas en la g\u00e9nesis de algunos disturbios emocionales, el autor presenta aqu\u00ed un enfoque novedoso de la terapia de vidas pasadas como colorario de su experiencia de ventisiete a\u00f1os en la pr\u00e1ctica cl\u00ednica y m\u00e1s de seis mil regresiones conducidas.<\/span><\/span><\/p>\n<p class=\"western\" lang=\"es-ES\" align=\"justify\"><span style=\"font-family: Times New Roman, serif\"><span style=\"font-size: large\">Atrapamiento del alma, multisimultaneidad, p\u00e9rdida y recuperaci\u00f3n del alma, promesas, pactos y maldiciones son algunos de los conceptos que conforman un nuevo paradigma y una comprensi\u00f3n diferente de la terapia de vidas pasadas. Un libro que revoluciona el concepto acerca de esta terapia; revelador y atractivo para el p\u00fablico en general, servir\u00e1 de gu\u00eda para los profesionales interesados en esta t\u00e9cnica transpersonal.<\/span><\/span><\/p>\n<\/td>\n<\/tr>\n<\/tbody>\n<\/table>","protected":false},"excerpt":{"rendered":"<p>Bibliograf\u00eda del Doctor Jos\u00e9 Luis Cabouli. Terapia de Vidas Pasadas. T\u00e9cnica y pr\u00e1ctica. ISBN: 9789507540257. Editorial Continente (http:\/\/www.edicontinente.com.ar). Formato: 230 x 155 x 20 mm (R\u00fastica con solapa). P\u00e1ginas: 320. &hellip; <a href=\"https:\/\/animaweb.blog.pangea.org\/es\/bibliografia-del-doctor-jose-luis-cabouli\/\" class=\"more-link\">Continuar leyendo<span class=\"screen-reader-text\"> \u00abBibliograf\u00eda del Doctor Jos\u00e9 Lu\u00eds Cabouli.\u00bb<\/span><\/a><\/p>\n","protected":false},"author":12345698,"featured_media":0,"parent":0,"menu_order":0,"comment_status":"closed","ping_status":"closed","template":"","meta":{"ngg_post_thumbnail":0,"footnotes":""},"class_list":["post-88","page","type-page","status-publish","hentry"],"_links":{"self":[{"href":"https:\/\/animaweb.blog.pangea.org\/es\/wp-json\/wp\/v2\/pages\/88","targetHints":{"allow":["GET"]}}],"collection":[{"href":"https:\/\/animaweb.blog.pangea.org\/es\/wp-json\/wp\/v2\/pages"}],"about":[{"href":"https:\/\/animaweb.blog.pangea.org\/es\/wp-json\/wp\/v2\/types\/page"}],"author":[{"embeddable":true,"href":"https:\/\/animaweb.blog.pangea.org\/es\/wp-json\/wp\/v2\/users\/12345698"}],"replies":[{"embeddable":true,"href":"https:\/\/animaweb.blog.pangea.org\/es\/wp-json\/wp\/v2\/comments?post=88"}],"version-history":[{"count":33,"href":"https:\/\/animaweb.blog.pangea.org\/es\/wp-json\/wp\/v2\/pages\/88\/revisions"}],"predecessor-version":[{"id":1597,"href":"https:\/\/animaweb.blog.pangea.org\/es\/wp-json\/wp\/v2\/pages\/88\/revisions\/1597"}],"wp:attachment":[{"href":"https:\/\/animaweb.blog.pangea.org\/es\/wp-json\/wp\/v2\/media?parent=88"}],"curies":[{"name":"wp","href":"https:\/\/api.w.org\/{rel}","templated":true}]}}