{"id":6,"date":"2018-01-17T13:11:14","date_gmt":"2018-01-17T11:11:14","guid":{"rendered":"http:\/\/animaweb.blog.pangea.org\/?page_id=6"},"modified":"2022-12-16T19:55:32","modified_gmt":"2022-12-16T17:55:32","slug":"brian-weiss-som-animes-i-anem-de-cos-en-cos","status":"publish","type":"page","link":"https:\/\/animaweb.blog.pangea.org\/es\/brian-weiss-som-animes-i-anem-de-cos-en-cos\/","title":{"rendered":"Brian Weiss: \u00abSomos almas y vamos de cuerpo en cuerpo\u00bb."},"content":{"rendered":"<p class=\"western\" lang=\"es-ES\" align=\"center\"><span style=\"font-family: Times New Roman, serif\"><span style=\"font-size: x-large\"><b>Brian Weiss: \u00abSomos almas y vamos de cuerpo en cuerpo\u00bb.<\/b><\/span><\/span><\/p>\n<p class=\"western\" lang=\"es-ES\" align=\"justify\"><span style=\"font-family: Times New Roman, serif\"><span style=\"font-size: large\"><b><img loading=\"lazy\" decoding=\"async\" class=\"alignright wp-image-773 size-full\" title=\"El Peri\u00f3dico de Catalunya. Logo.\" src=\"https:\/\/animaweb.cat\/files\/2020\/01\/El_Periodico_de_Catalunya_Logotip_72ppp_200x39px.png\" alt=\"El Peri\u00f3dico de Catalunya. Logo.\" width=\"200\" height=\"39\" \/>El Peri\u00f3dico de Catalunya. Mi\u00e9rcoles, 21 de enero del 2009. Opini\u00f3n. P\u00e1gina 80.<\/b><\/span><\/span><\/p>\n<p class=\"western\" lang=\"es-ES\" align=\"justify\"><span style=\"font-family: Times New Roman, serif\"><span style=\"font-size: large\"><i>La entrevista con Brian Weiss, Psiquiatra especialista en terapia regresiva.<\/i><\/span><\/span><\/p>\n<p class=\"western\" lang=\"es-ES\" align=\"justify\"><span style=\"font-family: Times New Roman, serif\"><span style=\"font-size: large\"><i>En Estados Unidos ha atendido a cerca de 4.000 pacientes que tienen recuerdos de sus vidas pasadas.<\/i><\/span><\/span><\/p>\n<p class=\"western\" lang=\"es-ES\" align=\"justify\"><span style=\"font-family: Times New Roman, serif\"><span style=\"font-size: large\"><b>Brian Weiss: \u00abSomos almas y vamos de cuerpo en cuerpo\u00bb.<br \/>\n<\/b><\/span><\/span><span style=\"font-family: Times New Roman, serif\"><span style=\"font-size: large\">Gaspar Hern\u00e1ndez.<\/span><\/span><\/p>\n<figure id=\"attachment_163\" aria-describedby=\"caption-attachment-163\" style=\"width: 400px\" class=\"wp-caption aligncenter\"><img loading=\"lazy\" decoding=\"async\" class=\"wp-image-163 size-full\" title=\"Brian Weiss. Foto: Joan Cortadellas.\" src=\"https:\/\/animaweb.cat\/files\/2018\/02\/Brian_Weiss_a_Barcelona_400x360px.png\" alt=\"Brian Weiss. Foto: Joan Cortadellas.\" width=\"400\" height=\"360\" srcset=\"https:\/\/animaweb.blog.pangea.org\/files\/2018\/02\/Brian_Weiss_a_Barcelona_400x360px.png 400w, https:\/\/animaweb.blog.pangea.org\/files\/2018\/02\/Brian_Weiss_a_Barcelona_400x360px-300x270.png 300w\" sizes=\"auto, (max-width: 400px) 85vw, 400px\" \/><figcaption id=\"caption-attachment-163\" class=\"wp-caption-text\">Brian Weiss. Foto: Joan Cortadellas.<\/figcaption><\/figure>\n<p class=\"western\" align=\"justify\"><span style=\"font-family: Times New Roman, serif\"><span style=\"font-size: large\"><span lang=\"es-ES\"><br \/>\n<\/span><\/span><\/span><strong><span style=\"font-family: Times New Roman, serif\"><span style=\"font-size: large\"><span lang=\"es-ES\">Brian Weiss. Foto: Joan Cortadellas.<\/span><\/span><\/span><\/strong><\/p>\n<p class=\"western\" align=\"justify\"><strong>\u2013<\/strong><strong><span style=\"font-family: Times New Roman, serif\"><span style=\"font-size: large\"><span lang=\"es-ES\">Mucha gente de la comunidad cient\u00edfica rechaza sus teor\u00edas.\u2013<\/span><\/span><\/span><\/strong><\/p>\n<p class=\"western\" align=\"justify\">\u2013<span style=\"font-family: Times New Roman, serif\"><span style=\"font-size: large\"><span lang=\"es-ES\">S\u00ed, y ese rechazo supone un reto para m\u00ed desde los a\u00f1os 80. Los cient\u00edficos quieren estudios y yo trabajo con un caso detr\u00e1s de otro.\u2013<\/span><\/span><\/span><\/p>\n<p class=\"western\" align=\"justify\"><strong>\u2013<\/strong><strong><span style=\"font-family: Times New Roman, serif\"><span style=\"font-size: large\"><span lang=\"es-ES\">\u00bfC\u00f3mo se puede demostrar cient\u00edficamente la reencarnaci\u00f3n?\u2013<\/span><\/span><\/span><\/strong><\/p>\n<p class=\"western\" align=\"justify\">\u2013<span style=\"font-family: Times New Roman, serif\"><span style=\"font-size: large\"><span lang=\"es-ES\">En primer lugar, manteniendo una mente abierta. Se trata de analizar un caso tras otro y desarrollar una hip\u00f3tesis. Hay muchos cient\u00edficos que han olvidado que la base de la ciencia es tener una mente abierta y no ir por el mundo con ideas preconcebidas. Yo recomiendo a mis colegas m\u00e9dicos que prueben la terapia regresiva, y ver\u00e1n.\u2013<\/span><\/span><\/span><\/p>\n<p class=\"western\" align=\"justify\"><strong>\u2013<\/strong><strong><span style=\"font-family: Times New Roman, serif\"><span style=\"font-size: large\"><span lang=\"es-ES\">\u00bfA qu\u00e9 llama usted \u00abvida pasada\u00bb?\u2013<\/span><\/span><\/span><\/strong><\/p>\n<p class=\"western\" align=\"justify\">\u2013<span style=\"font-family: Times New Roman, serif\"><span style=\"font-size: large\"><span lang=\"es-ES\">A un recuerdo que tienes de ti, donde te reconoces con otro cuerpo, en otro tiempo, pero sabiendo sin duda alguna que eres t\u00fa. Este recuerdo lo puedes tener de muchas formas, incluso en sue\u00f1os, y puede llegar a explicar un miedo del presente.\u2013<\/span><\/span><\/span><\/p>\n<p class=\"western\" align=\"justify\"><strong>\u2013<\/strong><strong><span style=\"font-family: Times New Roman, serif\"><span style=\"font-size: large\"><span lang=\"es-ES\">\u00bfPor ejemplo?\u2013<\/span><\/span><\/span><\/strong><\/p>\n<p class=\"western\" align=\"justify\">\u2013<span style=\"font-family: Times New Roman, serif\"><span style=\"font-size: large\"><span lang=\"es-ES\">Si en una vida pasada te has ahogado, puede ser que ahora sientas un miedo terrible al agua.\u2013<\/span><\/span><\/span><\/p>\n<p class=\"western\" align=\"justify\"><strong>\u2013<\/strong><strong><span style=\"font-family: Times New Roman, serif\"><span style=\"font-size: large\"><span lang=\"es-ES\">\u00bfY si tengo miedo a las alturas?\u2013<\/span><\/span><\/span><\/strong><\/p>\n<p class=\"western\" align=\"justify\">\u2013<span style=\"font-family: Times New Roman, serif\"><span style=\"font-size: large\"><span lang=\"es-ES\">Puede ser que en una vida pasada te hayan empujado desde lo alto de un castillo. Suelo trabajar con pacientes que acuden a m\u00ed con s\u00edntomas parecidos.\u2013<\/span><\/span><\/span><\/p>\n<p class=\"western\" align=\"justify\"><strong>\u2013<\/strong><strong><span style=\"font-family: Times New Roman, serif\"><span style=\"font-size: large\"><span lang=\"es-ES\">\u00bfY si no tengo traumas, ni grandes miedos?\u2013<\/span><\/span><\/span><\/strong><\/p>\n<p class=\"western\" align=\"justify\">\u2013<span style=\"font-family: Times New Roman, serif\"><span style=\"font-size: large\"><span lang=\"es-ES\">Mi mujer trabaja con gente como usted, gente que tiene memorias de vidas pasadas que no son traum\u00e1ticas, y que solo sienten curiosidad. En sus otras vidas, estas personas no han sufrido ning\u00fan trauma. Ella se refiere a ellos como \u00ablos turistas de las vidas pasadas\u00bb.\u2013<\/span><\/span><\/span><\/p>\n<p class=\"western\" align=\"justify\"><strong>\u2013<\/strong><strong><span style=\"font-family: Times New Roman, serif\"><span style=\"font-size: large\"><span lang=\"es-ES\">\u00bfSolo turistas? \u00bfNo hicieron nada de provecho?\u2013<\/span><\/span><\/span><\/strong><\/p>\n<p class=\"western\" align=\"justify\">\u2013<span style=\"font-family: Times New Roman, serif\"><span style=\"font-size: large\"><span lang=\"es-ES\">Incluso para el <\/span><\/span><\/span><em><span style=\"font-family: Times New Roman, serif\"><span style=\"font-size: large\"><span lang=\"es-ES\">turista<\/span><\/span><\/span><\/em><span style=\"font-family: Times New Roman, serif\"><span style=\"font-size: large\"><span lang=\"es-ES\">, tener un recuerdo de la vida pasada es muy importante. Significa que no solo somos un cuerpo f\u00edsico, sino un alma que va de cuerpo en cuerpo.\u2013<\/span><\/span><\/span><\/p>\n<p class=\"western\" align=\"justify\"><strong>\u2013<\/strong><strong><span style=\"font-family: Times New Roman, serif\"><span style=\"font-size: large\"><span lang=\"es-ES\">\u00bfY la muerte?\u2013<\/span><\/span><\/span><\/strong><\/p>\n<p class=\"western\" align=\"justify\">\u2013<span style=\"font-family: Times New Roman, serif\"><span style=\"font-size: large\"><span lang=\"es-ES\">El hecho de que seamos almas implica que no debemos tener tanto miedo a la muerte. Y tampoco tendr\u00edamos que sufrir unos periodos de duelo tan largos como los que guardamos en nuestra sociedad, porque en realidad somos inmortales y siempre nos vamos a reencontrar con nuestros seres queridos.\u2013<\/span><\/span><\/span><\/p>\n<p class=\"western\" align=\"justify\"><strong>\u2013<\/strong><strong><span style=\"font-family: Times New Roman, serif\"><span style=\"font-size: large\"><span lang=\"es-ES\">Qu\u00e9 bonito. Parece un cuento.\u2013<\/span><\/span><\/span><\/strong><\/p>\n<p class=\"western\" align=\"justify\">\u2013<span style=\"font-family: Times New Roman, serif\"><span style=\"font-size: large\"><span lang=\"es-ES\">Es bonito, s\u00ed. Sin embargo, que una idea sea reconfortante no significa que sea cierta. Pero esta le aseguro que s\u00ed que lo es. La mayor\u00eda de tradiciones religiosas creen en la reencarnaci\u00f3n. Incluso el cristianismo aceptaba la reencarnaci\u00f3n hasta bastante despu\u00e9s de Cristo. En la Biblia hab\u00eda, antiguamente, muchas referencias a ella.\u2013<\/span><\/span><\/span><\/p>\n<p class=\"western\" align=\"justify\"><strong>\u2013<\/strong><strong><span style=\"font-family: Times New Roman, serif\"><span style=\"font-size: large\"><span lang=\"es-ES\">Dice usted que somos un alma que se va reencarnando en distintos cuerpos. Pero la poblaci\u00f3n mundial aumenta. Entonces faltan almas, \u00bfno?\u2013<\/span><\/span><\/span><\/strong><\/p>\n<p class=\"western\" align=\"justify\">\u2013<span style=\"font-family: Times New Roman, serif\"><span style=\"font-size: large\"><span lang=\"es-ES\">\u00bfPor qu\u00e9 debemos dar por sentado que la Tierra es el \u00fanico lugar donde existen almas?\u2013<\/span><\/span><\/span><\/p>\n<p class=\"western\" align=\"justify\"><strong>\u2013<\/strong><strong><span style=\"font-family: Times New Roman, serif\"><span style=\"font-size: large\"><span lang=\"es-ES\">Ah, pues no hab\u00eda ca\u00eddo&#8230;\u2013<\/span><\/span><\/span><\/strong><\/p>\n<p class=\"western\" align=\"justify\">\u2013<span style=\"font-family: Times New Roman, serif\"><span style=\"font-size: large\"><span lang=\"es-ES\">Las almas existen en muchas dimensiones y en muchos universos. La Tierra es solo un peque\u00f1o planeta entre millones de universos.\u2013<\/span><\/span><\/span><\/p>\n<p class=\"western\" align=\"justify\"><strong>\u2013<\/strong><strong><span style=\"font-family: Times New Roman, serif\"><span style=\"font-size: large\"><span lang=\"es-ES\">\u00bfY por qu\u00e9 vienen las almas hacia aqu\u00ed?\u2013<\/span><\/span><\/span><\/strong><\/p>\n<p class=\"western\" align=\"justify\">\u2013<span style=\"font-family: Times New Roman, serif\"><span style=\"font-size: large\"><span lang=\"es-ES\">Se sienten atra\u00eddas hacia aqu\u00ed porque nosotros vivimos en cuerpos f\u00edsicos, y sentimos y vivimos de una cierta manera a trav\u00e9s de nuestros sentidos. Pero la cantidad de almas que hay en la Tierra es min\u00fascula comparada con la que hay por todo el universo. Y tambi\u00e9n hay almas que se dividen y tienen m\u00e1s de una experiencia a la vez.\u2013<\/span><\/span><\/span><\/p>\n<p class=\"western\" align=\"justify\"><strong>\u2013<\/strong><strong><span style=\"font-family: Times New Roman, serif\"><span style=\"font-size: large\"><span lang=\"es-ES\">Usted hace terapia regresiva mediante hipnosis, pero hay otros caminos.\u2013<\/span><\/span><\/span><\/strong><\/p>\n<p class=\"western\" align=\"justify\">\u2013<span style=\"font-family: Times New Roman, serif\"><span style=\"font-size: large\"><span lang=\"es-ES\">Hay muchos otros caminos, como la meditaci\u00f3n, el yoga o los sue\u00f1os.\u2013<\/span><\/span><\/span><\/p>\n<p class=\"western\" align=\"justify\"><strong>\u2013<\/strong><strong><span style=\"font-family: Times New Roman, serif\"><span style=\"font-size: large\"><span lang=\"es-ES\"><b>Y los <\/b><\/span><\/span><\/span><\/strong><em><span style=\"font-family: Times New Roman, serif\"><span style=\"font-size: large\"><span lang=\"es-ES\"><b>d\u00e9j\u00e0 vu&#8230;\u2013<\/b><\/span><\/span><\/span><\/em><\/p>\n<p class=\"western\" align=\"justify\">\u2013<span style=\"font-family: Times New Roman, serif\"><span style=\"font-size: large\"><span lang=\"es-ES\">S\u00ed, hay personas que tienen un <\/span><\/span><\/span><em><span style=\"font-family: Times New Roman, serif\"><span style=\"font-size: large\"><span lang=\"es-ES\">d\u00e9j\u00e0 vu<\/span><\/span><\/span><\/em><span style=\"font-family: Times New Roman, serif\"><span style=\"font-size: large\"><span lang=\"es-ES\"> y en realidad est\u00e1n teniendo un recuerdo de vida pasada. Van a una ciudad por primera vez y se dan cuenta de que saben encontrar las calles: estuvieron all\u00ed durante una vida pasada. Mucha gente ha tenido una experiencia de vida pasada, o extracorp\u00f3rea, y no est\u00e1 loca. Pero, como no ha le\u00eddo nada, no sabe qu\u00e9 le pasa. Informar a trav\u00e9s de su peri\u00f3dico puede ayudar a mucha gente a no sentirse raros.\u2013<\/span><\/span><\/span><\/p>\n<p class=\"western\" align=\"justify\"><strong>\u2013<\/strong><strong><span style=\"font-family: Times New Roman, serif\"><span style=\"font-size: large\"><span lang=\"es-ES\">\u00bfQu\u00e9 le dicen sus maestros del m\u00e1s all\u00e1?\u2013<\/span><\/span><\/span><\/strong><\/p>\n<p class=\"western\" align=\"justify\">\u2013<span style=\"font-family: Times New Roman, serif\"><span style=\"font-size: large\"><span lang=\"es-ES\">Lo de siempre, porque es una sabidur\u00eda antigua. Tengo dos fuentes para recibir informaci\u00f3n de mis maestros: a trav\u00e9s de mis pacientes hipnotizados y de mi meditaci\u00f3n. Los mensajes est\u00e1n relacionados con el deseo de m\u00e1s paz y menos violencia en este planeta. Tenemos que recordar que somos seres espirituales, que esta es nuestra verdadera naturaleza. Estamos aqu\u00ed para aprender sobre el amor y la compasi\u00f3n. Estamos todos interconectados. Cuando hacemos da\u00f1o a alguien, nos hacemos da\u00f1o a nosotros mismos.\u2013<\/span><\/span><\/span><\/p>\n<p class=\"western\" lang=\"es-ES\" align=\"justify\"><span style=\"font-family: Times New Roman, serif\"><span style=\"font-size: large\"><b>Ante todo, meditar.<\/b><\/span><\/span><\/p>\n<p class=\"western\" align=\"justify\"><span style=\"font-family: Times New Roman, serif\"><span style=\"font-size: large\"><span lang=\"es-ES\">El doctor Brian Weiss (Nueva York, 1944) dirigi\u00f3 el Departamento de Psiquiatr\u00eda de la Facultad de Medicina de Yale y ahora es presidente de honor del Departamento de Psiquiatr\u00eda del Mount Sinai de Miami. Por su consulta han pasado 4.000 pacientes que creen haberse reencarnado. Est\u00e1 en Barcelona invitado por el F\u00f3rum de la Excelencia. Es un hombre de apariencia fr\u00e1gil, enso\u00f1ado, con <\/span><\/span><span style=\"font-size: large\"><span lang=\"es-ES\"><i>jet lag<\/i><\/span><\/span><span style=\"font-size: large\"><span lang=\"es-ES\">. Lo primero que ha hecho en el hotel es meditar. Para \u00e9l, meditar es \u00abcomo dormir o comer\u00bb.<\/span><\/span><\/span><\/p>","protected":false},"excerpt":{"rendered":"<p>Brian Weiss: \u00abSomos almas y vamos de cuerpo en cuerpo\u00bb. El Peri\u00f3dico de Catalunya. Mi\u00e9rcoles, 21 de enero del 2009. Opini\u00f3n. P\u00e1gina 80. La entrevista con Brian Weiss, Psiquiatra especialista &hellip; <a href=\"https:\/\/animaweb.blog.pangea.org\/es\/brian-weiss-som-animes-i-anem-de-cos-en-cos\/\" class=\"more-link\">Continuar leyendo<span class=\"screen-reader-text\"> \u00abBrian Weiss: \u00abSomos almas y vamos de cuerpo en cuerpo\u00bb.\u00bb<\/span><\/a><\/p>\n","protected":false},"author":12345698,"featured_media":0,"parent":0,"menu_order":0,"comment_status":"closed","ping_status":"closed","template":"","meta":{"ngg_post_thumbnail":0,"footnotes":""},"class_list":["post-6","page","type-page","status-publish","hentry"],"_links":{"self":[{"href":"https:\/\/animaweb.blog.pangea.org\/es\/wp-json\/wp\/v2\/pages\/6","targetHints":{"allow":["GET"]}}],"collection":[{"href":"https:\/\/animaweb.blog.pangea.org\/es\/wp-json\/wp\/v2\/pages"}],"about":[{"href":"https:\/\/animaweb.blog.pangea.org\/es\/wp-json\/wp\/v2\/types\/page"}],"author":[{"embeddable":true,"href":"https:\/\/animaweb.blog.pangea.org\/es\/wp-json\/wp\/v2\/users\/12345698"}],"replies":[{"embeddable":true,"href":"https:\/\/animaweb.blog.pangea.org\/es\/wp-json\/wp\/v2\/comments?post=6"}],"version-history":[{"count":27,"href":"https:\/\/animaweb.blog.pangea.org\/es\/wp-json\/wp\/v2\/pages\/6\/revisions"}],"predecessor-version":[{"id":2236,"href":"https:\/\/animaweb.blog.pangea.org\/es\/wp-json\/wp\/v2\/pages\/6\/revisions\/2236"}],"wp:attachment":[{"href":"https:\/\/animaweb.blog.pangea.org\/es\/wp-json\/wp\/v2\/media?parent=6"}],"curies":[{"name":"wp","href":"https:\/\/api.w.org\/{rel}","templated":true}]}}