{"id":43,"date":"2018-01-17T23:36:04","date_gmt":"2018-01-17T21:36:04","guid":{"rendered":"http:\/\/animaweb.blog.pangea.org\/?page_id=43"},"modified":"2023-02-15T20:31:44","modified_gmt":"2023-02-15T18:31:44","slug":"entrevista-al-dr-jose-luis-cabouli-al-diari-reforma-mexic-df","status":"publish","type":"page","link":"https:\/\/animaweb.blog.pangea.org\/es\/entrevista-al-dr-jose-luis-cabouli-al-diari-reforma-mexic-df\/","title":{"rendered":"Entrevista al Dr. Jos\u00e9 Luis Cabouli en el peri\u00f3dico Reforma, M\u00e9xico DF."},"content":{"rendered":"<h3 class=\"western\"><span style=\"font-family: Times New Roman, serif\"><span style=\"font-size: x-large\"><span lang=\"es-ES\"><b>Entrevista al Dr. Jos\u00e9 Luis Cabouli en el peri\u00f3dico <\/b><\/span><\/span><\/span><span style=\"font-family: Times New Roman, serif\"><span style=\"font-size: x-large\"><span lang=\"es-ES\"><i><b>Reforma<\/b><\/i><\/span><\/span><\/span><span style=\"font-family: Times New Roman, serif\"><span style=\"font-size: x-large\"><span lang=\"es-ES\"><b>, M\u00e9xico DF.<\/b><\/span><\/span><\/span><\/h3>\n<p class=\"western\" lang=\"es-ES\" align=\"left\"><span style=\"font-family: Times New Roman, serif\"><span style=\"font-size: large\"><i><img loading=\"lazy\" decoding=\"async\" class=\"alignright wp-image-783 size-full\" title=\"Reforma. Logo.\" src=\"https:\/\/animaweb.cat\/files\/2020\/01\/Reforma_Logotipo_72ppp_200x50px.png\" alt=\"Reforma. Logo.\" width=\"200\" height=\"50\" \/>por Natalia Vitela, M\u00e9xico, 26 de agosto de 2006.<\/i><\/span><\/span><\/p>\n<p class=\"western\" lang=\"es-ES\" align=\"justify\"><span style=\"font-family: Times New Roman, serif\"><span style=\"font-size: large\"><b>Explican fen\u00f3meno de almas pose\u00eddas.<\/b><\/span><\/span><\/p>\n<p class=\"western\" lang=\"es-ES\" align=\"justify\"><span style=\"font-family: Times New Roman, serif\"><span style=\"font-size: large\">\u00bfAlguna vez ha experimentado que el que piensa, dice y act\u00faa no es usted y lo hace motivado por una voluntad ajena a la suya? Si es as\u00ed no descarte la posibilidad de estar \u00abpose\u00eddo\u00bb.<\/span><\/span><\/p>\n<p class=\"western\" lang=\"es-ES\" align=\"justify\"><span style=\"font-family: Times New Roman, serif\"><span style=\"font-size: large\">Al menos, esto sostiene el terapeuta argentino Jos\u00e9 Luis Cabouli, quien practica la Terapia de Vidas Pasadas, y asegura que ha realizado m\u00e1s de cuatro mil regresiones, y en un diez por ciento se ha topado con experiencias de posesi\u00f3n espiritual.<\/span><\/span><\/p>\n<p class=\"western\" align=\"justify\"><span style=\"font-family: Times New Roman, serif\"><span style=\"font-size: large\"><span lang=\"es-ES\">El autor de <\/span><\/span><\/span><span style=\"font-family: Times New Roman, serif\"><span style=\"font-size: large\"><span lang=\"es-ES\"><i>Terapia de la posesi\u00f3n espiritual<\/i><\/span><\/span><\/span><span style=\"font-family: Times New Roman, serif\"><span style=\"font-size: large\"><span lang=\"es-ES\"> (\u00cdndigo), quien ha formado a m\u00e1s de veinte terapeutas mexicanos, indica que al hablar de posesi\u00f3n no se refiere a lo que se muestra en pel\u00edculas como <\/span><\/span><\/span><span style=\"font-family: Times New Roman, serif\"><span style=\"font-size: large\"><span lang=\"es-ES\"><i>Ghost<\/i><\/span><\/span><\/span><span style=\"font-family: Times New Roman, serif\"><span style=\"font-size: large\"><span lang=\"es-ES\">, cinta en la que Sam (Patrick Swayze) se introduce en el cuerpo de una m\u00e9dium (Whoopi Woldberg) o <\/span><\/span><\/span><span style=\"font-family: Times New Roman, serif\"><span style=\"font-size: large\"><span lang=\"es-ES\"><i>The exorcism of Emily Rose<\/i><\/span><\/span><\/span><span style=\"font-family: Times New Roman, serif\"><span style=\"font-size: large\"><span lang=\"es-ES\">, pel\u00edcula en la que Emily Rose (Jennifer Carpenter) es pose\u00edda por un demonio.<\/span><\/span><\/span><\/p>\n<p class=\"western\" lang=\"es-ES\" align=\"justify\"><span style=\"font-family: Times New Roman, serif\"><span style=\"font-size: large\">\u00bfA qu\u00e9 se refiere con posesi\u00f3n espiritual?, \u00bfa qui\u00e9nes les pasa? Y \u00bfc\u00f3mo pueden resolverlo? Son algunas de las preguntas a las que responde Cabouli.<\/span><\/span><\/p>\n<p class=\"western\" align=\"justify\"><strong>\u2013<\/strong><strong><span style=\"font-family: Times New Roman, serif\"><span style=\"font-size: large\"><span lang=\"es-ES\">\u00bfQu\u00e9 es la posesi\u00f3n espiritual?\u2013<\/span><\/span><\/span><\/strong><\/p>\n<p class=\"western\" align=\"justify\">\u2013<span style=\"font-family: Times New Roman, serif\"><span style=\"font-size: large\"><span lang=\"es-ES\">Se habla de posesi\u00f3n porque as\u00ed se le ha denominado a trav\u00e9s de los tiempos, pues en apariencia las personas est\u00e1n pose\u00eddas, pero en realidad el alma desencarnada o entidad espiritual de un difunto no puede entrar al cuerpo.<\/span><\/span><\/span><\/p>\n<p class=\"western\" lang=\"es-ES\" align=\"justify\"><span style=\"font-family: Times New Roman, serif\"><span style=\"font-size: large\">Lo que ocurre es que entra en contacto con el campo vibratorio de una persona viva y produce una interferencia, porque el psiquismo del muerto se mezcla a nivel subconsciente con los pensamientos del vivo, pero \u00e9ste no est\u00e1 consciente de lo que sucede.\u2013<\/span><\/span><\/p>\n<p class=\"western\" align=\"justify\"><strong>\u2013<\/strong><strong><span style=\"font-family: Times New Roman, serif\"><span style=\"font-size: large\"><span lang=\"es-ES\">\u00bfQu\u00e9 es un alma desencarnada o perdida?\u2013<\/span><\/span><\/span><\/strong><\/p>\n<p class=\"western\" align=\"justify\">\u2013<span style=\"font-family: Times New Roman, serif\"><span style=\"font-size: large\"><span lang=\"es-ES\">Es el alma de una persona que ha fallecido y que, por alguna raz\u00f3n, se queda atrapada en el plano f\u00edsico y no puede dirigirse a la dimensi\u00f3n espiritual. Inconsciencia de la muerte y lazos afectivos muy fuertes son algunas razones, as\u00ed como el querer cuidar a los seres queridos o incluso vengarse de alguien.<\/span><\/span><\/span><\/p>\n<p class=\"western\" lang=\"es-ES\" align=\"justify\"><span style=\"font-family: Times New Roman, serif\"><span style=\"font-size: large\">Las personas creen que se trata de demonios, pero en el noventa por ciento de los casos son familiares. Hay tambi\u00e9n las almas oportunistas, las cuales se pegan cuando las personas se acercan a curiosear en un accidente o van al pante\u00f3n y su campo vibratorio est\u00e1 abierto.\u2013<\/span><\/span><\/p>\n<p class=\"western\" align=\"justify\"><strong>\u2013<\/strong><strong><span style=\"font-family: Times New Roman, serif\"><span style=\"font-size: large\"><span lang=\"es-ES\">\u00bfQu\u00e9 es el campo vibratorio?\u2013<\/span><\/span><\/span><\/strong><\/p>\n<p class=\"western\" align=\"justify\">\u2013<span style=\"font-family: Times New Roman, serif\"><span style=\"font-size: large\"><span lang=\"es-ES\">El campo vibratorio rodea a los humanos, habitualmente se conoce como aura magn\u00e9tica. Es un campo en constante vibraci\u00f3n que envuelve a las personas. \u00c9ste puede ser modificado por los pensamientos, las emociones y las sensaciones de los individuos.\u2013<\/span><\/span><\/span><\/p>\n<p class=\"western\" align=\"justify\"><strong>\u2013<\/strong><strong><span style=\"font-family: Times New Roman, serif\"><span style=\"font-size: large\"><span lang=\"es-ES\">\u00bfC\u00f3mo afecta la \u00abposesi\u00f3n\u00bb a la persona interferida?\u2013<\/span><\/span><\/span><\/strong><\/p>\n<p class=\"western\" align=\"justify\">\u2013<span style=\"font-family: Times New Roman, serif\"><span style=\"font-size: large\"><span lang=\"es-ES\">Cuando el psiquismo del difunto se mezcla con la mente subconsciente del vivo, la persona puede experimentar sensaciones y emociones que no le pertenecen y sufrir trastornos de comportamiento, es como si de pronto hubiera m\u00e1s de una voluntad.<\/span><\/span><\/span><\/p>\n<p class=\"western\" lang=\"es-ES\" align=\"justify\"><span style=\"font-family: Times New Roman, serif\"><span style=\"font-size: large\">En los casos de influencia severa, el alma perdida domina mente y voluntad. Hay momentos en que la persona pierde la consciencia de s\u00ed mismo y se manifiesta la otra, por eso cuando se recupera de este estado, no sabe qu\u00e9 pas\u00f3.\u2013<\/span><\/span><\/p>\n<p class=\"western\" align=\"justify\"><strong>\u2013<\/strong><strong><span style=\"font-family: Times New Roman, serif\"><span style=\"font-size: large\"><span lang=\"es-ES\">\u00bfQui\u00e9nes son m\u00e1s susceptibles?\u2013<\/span><\/span><\/span><\/strong><\/p>\n<p class=\"western\" align=\"justify\">\u2013<span style=\"font-family: Times New Roman, serif\"><span style=\"font-size: large\"><span lang=\"es-ES\">No cualquiera tiene una interferencia; les sucede a quienes tienen una debilidad en el campo vibratorio a causa de traumas psicol\u00f3gicos y f\u00edsicos. El campo vibratorio de los ni\u00f1os a\u00fan no est\u00e1 bien formado, por lo que son m\u00e1s susceptibles.\u2013<\/span><\/span><\/span><\/p>\n<p class=\"western\" align=\"justify\"><strong>\u2013<\/strong><strong><span style=\"font-family: Times New Roman, serif\"><span style=\"font-size: large\"><span lang=\"es-ES\">\u00bfEn qu\u00e9 consiste el tratamiento?\u2013<\/span><\/span><\/span><\/strong><\/p>\n<p class=\"western\" align=\"justify\">\u2013<span style=\"font-family: Times New Roman, serif\"><span style=\"font-size: large\"><span lang=\"es-ES\">La persona debe permitir hablar, a trav\u00e9s de ella al alma perdida. Primero hay que hacerle la terapia al otro. La mayor\u00eda de las almas perdidas no saben lo que est\u00e1 pasando y hay que explicarles la situaci\u00f3n o ver cu\u00e1l es la necesidad para quedarse aqu\u00ed en el plano f\u00edsico y ayudarlos a ir a la dimensi\u00f3n espiritual.<\/span><\/span><\/span><\/p>\n<p class=\"western\" lang=\"es-ES\" align=\"justify\"><span style=\"font-family: Times New Roman, serif\"><span style=\"font-size: large\">En ocasiones las almas perdidas no se pueden ir porque las personas no las dejan, las est\u00e1n llamando para ayudarlos.<\/span><\/span><\/p>\n<p class=\"western\" lang=\"es-ES\" align=\"justify\"><span style=\"font-family: Times New Roman, serif\"><span style=\"font-size: large\">Despu\u00e9s la persona debe trabajar con lo que facilit\u00f3 que se le \u00abpegara\u00bb el alma.\u2013<\/span><\/span><\/p>\n<p class=\"western\" align=\"justify\"><strong><span style=\"font-family: Times New Roman, serif\"><span style=\"font-size: large\"><span lang=\"es-ES\">S\u00edntomas de la posesi\u00f3n espiritual.<\/span><\/span><\/span><\/strong><\/p>\n<p class=\"western\" lang=\"es-ES\" align=\"justify\"><span style=\"font-family: Times New Roman, serif\"><span style=\"font-size: large\">Las manifestaciones cl\u00ednicas que una persona puede padecer cuando se encuentra bajo la influencia de almas perdidas son:<\/span><\/span><\/p>\n<ul>\n<li>\n<p class=\"western\" lang=\"es-ES\" align=\"justify\"><span style=\"font-family: Times New Roman, serif\"><span style=\"font-size: large\">Escuchar voces que hablan dentro de la cabeza o fuera de ella.<\/span><\/span><\/p>\n<\/li>\n<li>\n<p class=\"western\" lang=\"es-ES\" align=\"justify\"><span style=\"font-family: Times New Roman, serif\"><span style=\"font-size: large\">Pensamientos extra\u00f1os y obsesivos.<\/span><\/span><\/p>\n<\/li>\n<li>\n<p class=\"western\" lang=\"es-ES\" align=\"justify\"><span style=\"font-family: Times New Roman, serif\"><span style=\"font-size: large\">Trastornos compulsivos.<\/span><\/span><\/p>\n<\/li>\n<li>\n<p class=\"western\" lang=\"es-ES\" align=\"justify\"><span style=\"font-family: Times New Roman, serif\"><span style=\"font-size: large\">Obsesiones de todo tipo.<\/span><\/span><\/p>\n<\/li>\n<li>\n<p class=\"western\" lang=\"es-ES\" align=\"justify\"><span style=\"font-family: Times New Roman, serif\"><span style=\"font-size: large\">Personalidad m\u00faltiple.<\/span><\/span><\/p>\n<\/li>\n<li>\n<p class=\"western\" lang=\"es-ES\" align=\"justify\"><span style=\"font-family: Times New Roman, serif\"><span style=\"font-size: large\">Fobias y miedos.<\/span><\/span><\/p>\n<\/li>\n<\/ul>\n<p class=\"western\" lang=\"es-ES\" align=\"justify\"><span style=\"font-family: Times New Roman, serif\"><span style=\"font-size: large\">Enlace a la entrevista original en castellano dentro del sitio web de Terapia de Vidas Pasadas:<\/span><\/span><\/p>\n<p class=\"western\" align=\"justify\"><span style=\"color: #000080\"><span lang=\"zxx\"><u><a href=\"https:\/\/www.vidaspasadas.com.ar\/articulos\/entrevista1.html\"><span style=\"font-family: Times New Roman, serif\"><span style=\"font-size: large\"><span lang=\"es-ES\">https:\/\/www.vidaspasadas.com.ar\/articulos\/entrevista1.html<\/span><\/span><\/span><\/a><\/u><\/span><\/span><\/p>","protected":false},"excerpt":{"rendered":"<p>Entrevista al Dr. Jos\u00e9 Luis Cabouli en el peri\u00f3dico Reforma, M\u00e9xico DF. por Natalia Vitela, M\u00e9xico, 26 de agosto de 2006. Explican fen\u00f3meno de almas pose\u00eddas. \u00bfAlguna vez ha experimentado &hellip; <a href=\"https:\/\/animaweb.blog.pangea.org\/es\/entrevista-al-dr-jose-luis-cabouli-al-diari-reforma-mexic-df\/\" class=\"more-link\">Continuar leyendo<span class=\"screen-reader-text\"> \u00abEntrevista al Dr. Jos\u00e9 Luis Cabouli en el peri\u00f3dico Reforma, M\u00e9xico DF.\u00bb<\/span><\/a><\/p>\n","protected":false},"author":12345698,"featured_media":0,"parent":0,"menu_order":0,"comment_status":"closed","ping_status":"closed","template":"","meta":{"ngg_post_thumbnail":0,"footnotes":""},"class_list":["post-43","page","type-page","status-publish","hentry"],"_links":{"self":[{"href":"https:\/\/animaweb.blog.pangea.org\/es\/wp-json\/wp\/v2\/pages\/43","targetHints":{"allow":["GET"]}}],"collection":[{"href":"https:\/\/animaweb.blog.pangea.org\/es\/wp-json\/wp\/v2\/pages"}],"about":[{"href":"https:\/\/animaweb.blog.pangea.org\/es\/wp-json\/wp\/v2\/types\/page"}],"author":[{"embeddable":true,"href":"https:\/\/animaweb.blog.pangea.org\/es\/wp-json\/wp\/v2\/users\/12345698"}],"replies":[{"embeddable":true,"href":"https:\/\/animaweb.blog.pangea.org\/es\/wp-json\/wp\/v2\/comments?post=43"}],"version-history":[{"count":12,"href":"https:\/\/animaweb.blog.pangea.org\/es\/wp-json\/wp\/v2\/pages\/43\/revisions"}],"predecessor-version":[{"id":2401,"href":"https:\/\/animaweb.blog.pangea.org\/es\/wp-json\/wp\/v2\/pages\/43\/revisions\/2401"}],"wp:attachment":[{"href":"https:\/\/animaweb.blog.pangea.org\/es\/wp-json\/wp\/v2\/media?parent=43"}],"curies":[{"name":"wp","href":"https:\/\/api.w.org\/{rel}","templated":true}]}}