{"id":362,"date":"2019-07-17T19:36:19","date_gmt":"2019-07-17T17:36:19","guid":{"rendered":"https:\/\/animaweb.cat\/?page_id=362"},"modified":"2022-12-16T20:09:22","modified_gmt":"2022-12-16T18:09:22","slug":"un-cas-de-reencarnacio-immediata-en-el-grup-familiar-terapia-de-vides-passades","status":"publish","type":"page","link":"https:\/\/animaweb.blog.pangea.org\/es\/un-cas-de-reencarnacio-immediata-en-el-grup-familiar-terapia-de-vides-passades\/","title":{"rendered":"Un caso de reencarnaci\u00f3n inmediata en el grupo familiar. Terapia de Vidas Pasadas."},"content":{"rendered":"<h3 class=\"western\" align=\"center\"><span style=\"font-family: Times New Roman, serif\"><span style=\"font-size: x-large\">Un caso de reencarnaci\u00f3n inmediata en el grupo familiar. Terapia de Vidas Pasadas.<\/span><\/span><\/h3>\n<p class=\"western\" lang=\"es-ES\" align=\"justify\"><span style=\"font-family: Times New Roman, serif\"><strong>Un caso de reencarnaci\u00f3n inmediata en el grupo familiar.<\/strong><br \/>\n<\/span><span style=\"font-family: Times New Roman, serif\"><span style=\"font-size: large\"><i>por Leopoldo Lage, Merlo, San Luis, Argentina.<\/i><\/span><\/span><\/p>\n<p class=\"western\" lang=\"es-ES\" align=\"justify\"><span style=\"font-family: Times New Roman, serif\"><span style=\"font-size: large\">Marcela (45 a\u00f1os), vino a la consulta con el prop\u00f3sito de trabajar su fobia a los perros. Hac\u00eda ya varios a\u00f1os que sus dos hijos, de doce y diez a\u00f1os, le reclamaban que quer\u00edan un perro como mascota, pero Marcela les ten\u00eda mucho temor a los perros al punto de no poder caminar sola por su barrio en el cual abundaban muchos canes sueltos. Marcela deseaba liberarse de ese miedo tan molesto que la llevaba a tomar actitudes casi c\u00f3micas cuando se topaba con alg\u00fan perro, sin importar su tama\u00f1o ni las circunstancias.<\/span><\/span><\/p>\n<p class=\"western\" lang=\"es-ES\" align=\"justify\"><span style=\"font-family: Times New Roman, serif\"><span style=\"font-size: large\">Marcela era la menor de dos hermanas; su hermana mayor le llevaba nueve a\u00f1os de diferencia y sus padres hab\u00edan fallecido hac\u00eda ya varios a\u00f1os. Consultada sobre experiencias traum\u00e1ticas con perros en su infancia o en la adolescencia, dijo no recordar ninguna en especial.<\/span><\/span><\/p>\n<p class=\"western\" lang=\"es-ES\" align=\"justify\"><span style=\"font-family: Times New Roman, serif\"><span style=\"font-size: large\"><br \/>\nComenzamos la terapia con Marcela induci\u00e9ndola a reconocer los s\u00edntomas y a recrearlos. A continuaci\u00f3n la gui\u00e9 hasta entrar en la experiencia original en estado de regresi\u00f3n.<\/span><\/span><\/p>\n<p class=\"western\" lang=\"es-ES\" align=\"justify\"><span style=\"font-family: Times New Roman, serif\"><span style=\"font-size: large\">Marcela revive entonces una experiencia en la que ella es un ni\u00f1o var\u00f3n de cinco a\u00f1os que est\u00e1 jugando solo en el patio de su casa. Su mam\u00e1 se encuentra dentro de la casa. En el patio hay una escalera que conduce a una terraza y, debajo de la escalera, est\u00e1 la perra del ni\u00f1o con sus cr\u00edas. Al ni\u00f1o le atraen los cachorros y decide ir a jugar con ellos. El ni\u00f1o se agacha para meterse en la cucha (casilla) y, entonces, la perra se le abalanza al cuello provoc\u00e1ndole una herida de la que brota mucha sangre.<\/span><\/span><\/p>\n<p class=\"western\" lang=\"es-ES\" align=\"justify\"><span style=\"font-family: Times New Roman, serif\"><span style=\"font-size: large\">Ante los gritos del ni\u00f1o, su mam\u00e1 acude desesperada y lo lleva prestamente al hospital en el que finalmente muere mientras los doctores lo est\u00e1n asistiendo.<\/span><\/span><\/p>\n<p class=\"western\" lang=\"es-ES\" align=\"justify\"><span style=\"font-family: Times New Roman, serif\"><span style=\"font-size: large\">Marcela me relata entonces c\u00f3mo sale de su cuerpo de ni\u00f1o y c\u00f3mo ve a sus padres llorando desesperados y a los m\u00e9dicos retir\u00e1ndole cables, ca\u00f1os y agujas.<\/span><\/span><\/p>\n<p class=\"western\" lang=\"es-ES\" align=\"justify\"><span style=\"font-family: Times New Roman, serif\"><span style=\"font-size: large\">A continuaci\u00f3n, Marcela \u2013hablando en g\u00e9nero masculino\u2013 relata que un \u00e1ngel viene a buscarlo y que le dice que lo ha hecho muy bien y que lo acompa\u00f1ar\u00e1 hasta la luz. El ni\u00f1o le pide al \u00e1ngel que antes de partir le deje ver a su hermana porque ella debe de estar sufriendo.<\/span><\/span><\/p>\n<p class=\"western\" lang=\"es-ES\" align=\"justify\"><span style=\"font-family: Times New Roman, serif\"><span style=\"font-size: large\"><br \/>\nPreguntado sobre su hermana, el ni\u00f1o (Marcela) dice que su hermana se llama Betty, que es m\u00e1s grande que \u00e9l y que est\u00e1 en el colegio.<\/span><\/span><\/p>\n<p class=\"western\" lang=\"es-ES\" align=\"justify\"><span style=\"font-family: Times New Roman, serif\"><span style=\"font-size: large\">Luego, el ni\u00f1o relata c\u00f3mo la ve a Betty llorando en su habitaci\u00f3n mirando la foto de \u00e9l y que \u00e9l quiere acariciarla, pero que no puede tocarla. El \u00e1ngel le dice que ya es tiempo de ir a la Luz y entonces se van, pero \u00e9l le dice al \u00e1ngel que est\u00e1 muy triste porque no quiere dejar sola a su hermana.<\/span><\/span><\/p>\n<p class=\"western\" align=\"justify\"><span style=\"color: #000000\"><span style=\"font-family: Times New Roman, serif\"><span style=\"font-size: large\"><span lang=\"es-ES\">Prosiguiendo con su trabajo terap\u00e9utico, Marcela se\u00f1ala que el momento m\u00e1s traum\u00e1tico de esta experiencia fue el ataque de la perra. Sus reacciones f\u00edsicas en ese momento son tratar de atajarse del ataque y gritar para llamar a su mam\u00e1. Sus reacciones emocionales, en ese momento, son el miedo convertido en p\u00e1nico al ver la sangre cubri\u00e9ndole el cuerpo y sus reacciones mentales son sorpresa y desesperaci\u00f3n. Marcela gritaba: \u00ab<\/span><\/span><\/span><\/span><span style=\"color: #000000\"><span style=\"font-family: Times New Roman, serif\"><span style=\"font-size: large\"><span lang=\"es-ES\"><i>\u00a1quiero a mi mam\u00e1!<\/i><\/span><\/span><\/span><\/span><span style=\"color: #000000\"><span style=\"font-family: Times New Roman, serif\"><span style=\"font-size: large\"><span lang=\"es-ES\">\u00bb.<\/span><\/span><\/span><\/span><\/p>\n<p class=\"western\" lang=\"es-ES\" align=\"justify\"><span style=\"font-family: Times New Roman, serif\"><span style=\"font-size: large\"><br \/>\nDem\u00e1s est\u00e1 decir de qu\u00e9 manera esta experiencia la afectaba en su vida actual como Marcela.<\/span><\/span><\/p>\n<p class=\"western\" align=\"justify\"><span style=\"color: #000000\"><span style=\"font-family: Times New Roman, serif\"><span style=\"font-size: large\"><span lang=\"es-ES\"><br \/>\nOtro momento traum\u00e1tico es tener que dejar sola a su hermana. Su reacci\u00f3n emocional es una inmensa tristeza y su reacci\u00f3n mental es \u00ab<\/span><\/span><\/span><\/span><span style=\"color: #000000\"><span style=\"font-family: Times New Roman, serif\"><span style=\"font-size: large\"><span lang=\"es-ES\"><i>no quiero dejarla sola<\/i><\/span><\/span><\/span><\/span><span style=\"color: #000000\"><span style=\"font-family: Times New Roman, serif\"><span style=\"font-size: large\"><span lang=\"es-ES\">\u00bb.<\/span><\/span><\/span><\/span><\/p>\n<p class=\"western\" lang=\"es-ES\" align=\"justify\"><span style=\"font-family: Times New Roman, serif\"><span style=\"font-size: large\">Hasta aqu\u00ed, podr\u00edamos decir que este fue un trabajo normal dentro de los alcances de la TVP. Yo me qued\u00e9 muy satisfecho con el trabajo realizado sin imaginar que lo m\u00e1s incre\u00edble y sorprendente todav\u00eda estaba por suceder.<\/span><\/span><\/p>\n<p class=\"western\" lang=\"es-ES\" align=\"justify\"><span style=\"font-family: Times New Roman, serif\"><span style=\"font-size: large\"><br \/>\nResulta que cuando Marcela le relat\u00f3 a su hermana mayor, Beatriz, lo que pudo ver durante el trabajo terap\u00e9utico, \u00e9sta se desmay\u00f3 y, cuando volvi\u00f3 en s\u00ed, Beatriz le pidi\u00f3 a Marcela mis datos de contacto porque necesitaba hablar conmigo en forma urgente.<\/span><\/span><\/p>\n<p class=\"western\" lang=\"es-ES\" align=\"justify\"><span style=\"font-family: Times New Roman, serif\"><span style=\"font-size: large\">Beatriz lleg\u00f3 a la entrevista conmigo unos minutos antes del horario pactado y, entonces, comenz\u00f3 a relatarme algo incre\u00edble. Beatriz me cont\u00f3 que ella era la hermana mayor de Marcela y que cuando ella, Beatriz, ten\u00eda ocho a\u00f1os, su hermano menor de cinco a\u00f1os, que se llamaba V\u00edctor, fue mordido por su perra cuando \u00e9ste quiso sacarle un cachorrito. El hecho ocurri\u00f3 debajo de la escalera que llevaba a la terraza de la casa y, como consecuencia de la mordida que le perfor\u00f3 una arteria del cuello, su hermano falleci\u00f3 en el hospital mientras lo atend\u00edan. Este hecho fue tan doloroso para toda la familia, que nunca m\u00e1s se habl\u00f3 de ese hermano fallecido.<\/span><\/span><\/p>\n<p class=\"western\" lang=\"es-ES\" align=\"justify\"><span style=\"font-family: Times New Roman, serif\"><span style=\"font-size: large\">Al mes de ese terrible episodio, la mam\u00e1 de Beatriz se dio cuenta de que estaba embarazada de Marcela. Al principio, este fue otro impacto terrible para toda la familia, pero con el correr de los meses de embarazo una inmensa felicidad comenz\u00f3 a invadir a la familia y todos, sin excepci\u00f3n, sintieron que el vac\u00edo dejado por V\u00edctor estaba siendo ocupado por Marcela.<\/span><\/span><\/p>\n<p class=\"western\" align=\"justify\"><span style=\"color: #000000\"><span style=\"font-family: Times New Roman, serif\"><span style=\"font-size: large\"><span lang=\"es-ES\">Beatriz me relat\u00f3 tambi\u00e9n que, durante los a\u00f1os de infancia de Marcela, \u00e9sta ten\u00eda actitudes extra\u00f1as como, por ejemplo, colocar un juego m\u00e1s de cubiertos en la mesa para \u00ab<\/span><\/span><\/span><\/span><span style=\"color: #000000\"><span style=\"font-family: Times New Roman, serif\"><span style=\"font-size: large\"><span lang=\"es-ES\"><i>su hermanito<\/i><\/span><\/span><\/span><\/span><span style=\"color: #000000\"><span style=\"font-family: Times New Roman, serif\"><span style=\"font-size: large\"><span lang=\"es-ES\">\u00bb, lo cual provocaba mucho desconcierto en la familia dado que sus padres le pidieron a Beatriz que jam\u00e1s le contara a su hermana este hecho doloroso. Beatriz me jur\u00f3 que nunca se hab\u00eda hablado de la existencia de ese hermano y mucho menos sobre las circunstancias de su muerte, lo cual se entiende ya que se trata de un t\u00edpico caso de un secreto familiar celosamente guardado.<\/span><\/span><\/span><\/span><\/p>\n<p class=\"western\" lang=\"es-ES\" align=\"justify\"><span style=\"font-family: Times New Roman, serif\"><span style=\"font-size: large\">Por otra parte, los padres de Beatriz eran inmigrantes rusos que apenas hablaban el castellano y no ten\u00edan familia en la Argentina, lo cual hac\u00eda m\u00e1s remota la posibilidad de que Marcela supiera lo ocurrido por boca de alg\u00fan tercero. M\u00e1s a\u00fan; luego de aquel desgraciado suceso la familia se mud\u00f3 a otra casa porque no soportaban ver el patio que les recordaba lo ocurrido. De modo que Marcela ni siquiera conoci\u00f3 la casa donde hab\u00eda sucedido el hecho.<\/span><\/span><\/p>\n<p class=\"western\" lang=\"es-ES\" align=\"justify\"><span style=\"font-family: Times New Roman, serif\"><span style=\"font-size: large\"><br \/>\nActualmente, Beatriz adora a Marcela y ambas se llevan muy bien y est\u00e1n muy unidas.<\/span><\/span><\/p>\n<p class=\"western\" lang=\"es-ES\" align=\"justify\"><span style=\"font-family: Times New Roman, serif\"><span style=\"font-size: large\">La experiencia de Marcela me llev\u00f3 a m\u00ed mismo a la conclusi\u00f3n de que se trata de un caso de reencarnaci\u00f3n inmediata dentro del mismo grupo familiar, algo que yo ni me imaginaba que pudiera suceder pero que evidentemente abre un abanico de posibilidades para investigar y conjeturar sobre la vida y la muerte. Es interesante se\u00f1alar que Marcela, al dejar su cuerpo como ni\u00f1o, no quer\u00eda dejar sola a su hermana a pesar de la insistencia del \u00e1ngel para que regresara a la Luz. Tal vez, este deseo de acompa\u00f1ar a su hermana fue lo que la hizo regresar o reencarnar en forma inmediata.<\/span><\/span><\/p>\n<p class=\"western\" lang=\"es-ES\" align=\"justify\"><span style=\"font-family: Times New Roman, serif\"><span style=\"font-size: large\">Como terapeuta y como corolario de esta historia puedo decir que Marcela super\u00f3 su miedo a los perros y, aunque no se acerca mucho a la mascota de sus hijos, hoy est\u00e1 feliz porque sus hijos pueden disfrutar de su peque\u00f1o Caniche Toy.<\/span><\/span><\/p>\n<p class=\"western\" lang=\"es-ES\" align=\"justify\"><span style=\"font-family: Times New Roman, serif\"><span style=\"font-size: large\">Enlace del art\u00edculo en castellano en el blog \u00abPublicaciones y experiencias\u00bb de Leopoldo Lage, del jueves, 29 de Septiembre de 2011:<\/span><\/span><\/p>\n<p class=\"western\" align=\"justify\"><span style=\"color: #000080\"><span lang=\"zxx\"><u><a class=\"western\" href=\"http:\/\/notasleopoldolage.blogspot.com\/2011\/09\/un-caso-de-reencarnacion-inmediata-en.html\"><span style=\"color: #000000\"><span style=\"font-family: Times New Roman, serif\"><span style=\"font-size: large\"><span lang=\"es-ES\">http:\/\/notasleopoldolage.blogspot.com\/2011\/09\/un-caso-de-reencarnacion-inmediata-en.html<\/span><\/span><\/span><\/span><\/a><\/u><\/span><\/span><\/p>\n<p class=\"western\" lang=\"es-ES\" align=\"justify\"><span style=\"font-family: Times New Roman, serif\"><span style=\"font-size: large\">Enlace del art\u00edculo en castellano en el blog \u00abTerapia de Vidas Pasadas, Jos\u00e9 Luis Cabouli\u00bb:<\/span><\/span><\/p>\n<p class=\"western\" align=\"justify\"><span style=\"color: #000080\"><span lang=\"zxx\"><u><a class=\"western\" href=\"https:\/\/www.vidaspasadas.com.ar\/articulos\/un%20caso.html\"><span style=\"color: #000000\"><span style=\"font-family: Times New Roman, serif\"><span style=\"font-size: large\"><span lang=\"es-ES\">https:\/\/www.vidaspasadas.com.ar\/articulos\/un%20caso.html<\/span><\/span><\/span><\/span><\/a><\/u><\/span><\/span><\/p>\n<p class=\"western\" lang=\"es-ES\" align=\"center\"><span style=\"font-family: Times New Roman, serif\"><span style=\"font-size: large\">Un agradecimiento especial a los Doctores Leopoldo Lage y Jos\u00e9 Luis Cabouli.<\/span><\/span><\/p>","protected":false},"excerpt":{"rendered":"<p>Un caso de reencarnaci\u00f3n inmediata en el grupo familiar. Terapia de Vidas Pasadas. Un caso de reencarnaci\u00f3n inmediata en el grupo familiar. por Leopoldo Lage, Merlo, San Luis, Argentina. Marcela &hellip; <a href=\"https:\/\/animaweb.blog.pangea.org\/es\/un-cas-de-reencarnacio-immediata-en-el-grup-familiar-terapia-de-vides-passades\/\" class=\"more-link\">Continuar leyendo<span class=\"screen-reader-text\"> \u00abUn caso de reencarnaci\u00f3n inmediata en el grupo familiar. Terapia de Vidas Pasadas.\u00bb<\/span><\/a><\/p>\n","protected":false},"author":12345698,"featured_media":0,"parent":0,"menu_order":0,"comment_status":"closed","ping_status":"closed","template":"","meta":{"ngg_post_thumbnail":0,"footnotes":""},"class_list":["post-362","page","type-page","status-publish","hentry"],"_links":{"self":[{"href":"https:\/\/animaweb.blog.pangea.org\/es\/wp-json\/wp\/v2\/pages\/362","targetHints":{"allow":["GET"]}}],"collection":[{"href":"https:\/\/animaweb.blog.pangea.org\/es\/wp-json\/wp\/v2\/pages"}],"about":[{"href":"https:\/\/animaweb.blog.pangea.org\/es\/wp-json\/wp\/v2\/types\/page"}],"author":[{"embeddable":true,"href":"https:\/\/animaweb.blog.pangea.org\/es\/wp-json\/wp\/v2\/users\/12345698"}],"replies":[{"embeddable":true,"href":"https:\/\/animaweb.blog.pangea.org\/es\/wp-json\/wp\/v2\/comments?post=362"}],"version-history":[{"count":16,"href":"https:\/\/animaweb.blog.pangea.org\/es\/wp-json\/wp\/v2\/pages\/362\/revisions"}],"predecessor-version":[{"id":2240,"href":"https:\/\/animaweb.blog.pangea.org\/es\/wp-json\/wp\/v2\/pages\/362\/revisions\/2240"}],"wp:attachment":[{"href":"https:\/\/animaweb.blog.pangea.org\/es\/wp-json\/wp\/v2\/media?parent=362"}],"curies":[{"name":"wp","href":"https:\/\/api.w.org\/{rel}","templated":true}]}}