{"id":34,"date":"2018-01-17T23:09:15","date_gmt":"2018-01-17T21:09:15","guid":{"rendered":"http:\/\/animaweb.blog.pangea.org\/?page_id=34"},"modified":"2023-02-15T20:26:51","modified_gmt":"2023-02-15T18:26:51","slug":"jose-luis-cabouli-vaig-voler-ser-un-cirurgia-danimes","status":"publish","type":"page","link":"https:\/\/animaweb.blog.pangea.org\/es\/jose-luis-cabouli-vaig-voler-ser-un-cirurgia-danimes\/","title":{"rendered":"Jos\u00e9 Luis Cabouli: \u00abQuise ser un cirujano de almas\u00bb."},"content":{"rendered":"<p class=\"western\" lang=\"es-ES\" align=\"center\"><span style=\"font-family: Times New Roman, serif\"><span style=\"font-size: x-large\"><b>Jos\u00e9 Luis Cabouli: \u00abQuise ser un cirujano de almas\u00bb.<\/b><\/span><\/span><\/p>\n<h3 class=\"western\" align=\"justify\"><span style=\"font-family: Times New Roman, serif\"><span style=\"font-size: large\">\u00abQuise ser un cirujano de almas\u00bb.<\/span><\/span><\/h3>\n<p class=\"western\" align=\"justify\"><em><span style=\"font-family: Times New Roman, serif\"><span style=\"font-size: large\"><span lang=\"es-ES\"><img loading=\"lazy\" decoding=\"async\" class=\"alignright wp-image-781 size-full\" title=\"La Naci\u00f3n. Logo.\" src=\"https:\/\/animaweb.cat\/files\/2020\/01\/La_Nacion_Logotip_72ppp_200x21px.png\" alt=\"La Naci\u00f3n. Logo.\" width=\"200\" height=\"21\" \/>Por Luis Aubele. Entrevista publicada en el diario \u00abLa Naci\u00f3n\u00bb, Buenos Aires, 22-03-2009.<\/span><\/span><\/span><\/em><\/p>\n<figure id=\"attachment_53\" aria-describedby=\"caption-attachment-53\" style=\"width: 200px\" class=\"wp-caption alignleft\"><img loading=\"lazy\" decoding=\"async\" class=\"wp-image-53 size-full\" title=\"Jos\u00e9 Luis Cabouli. Foto: La Naci\u00f3n.\" src=\"http:\/\/animaweb.blog.pangea.org\/files\/2018\/01\/Jose_Luis_Cabouli_La_Nacion.jpg\" alt=\"Jos\u00e9 Luis Cabouli. Foto: La Naci\u00f3n.\" width=\"200\" height=\"133\" \/><figcaption id=\"caption-attachment-53\" class=\"wp-caption-text\">Jos\u00e9 Luis Cabouli. Foto: La Naci\u00f3n.<\/figcaption><\/figure>\n<p class=\"western\" lang=\"es-ES\" align=\"justify\"><span style=\"font-family: Times New Roman, serif\"><span style=\"font-size: large\">\u00ab\u00bfQu\u00e9 fui antes de ser Jos\u00e9 Luis?\u00bb, comenz\u00f3 a preguntarse cuando ten\u00eda 8 a\u00f1os. Lo curioso es que entonces nunca hab\u00eda o\u00eddo hablar de reencarnaci\u00f3n; no s\u00f3lo no sab\u00eda qu\u00e9 era, sino que ni siquiera conoc\u00eda la palabra. \u00abS\u00f3lo unos a\u00f1os m\u00e1s tarde, entre los 15 y los 16, supe de qu\u00e9 se trataba. Pero tuvieron que pasar 20 a\u00f1os m\u00e1s, cuando ya era un cirujano pl\u00e1stico con a\u00f1os de ejercicio, para que entendiera que la reencarnaci\u00f3n pod\u00eda tener un fin terap\u00e9utico\u00bb, recuerda Jos\u00e9 Luis Cabouli, m\u00e9dico y terapeuta especializado en terapia de vidas pasadas.<\/span><\/span><\/p>\n<p class=\"western\" lang=\"es-ES\" align=\"justify\"><span style=\"font-family: Times New Roman, serif\"><span style=\"font-size: large\">\u00abEn realidad, nunca abandon\u00e9 el tema, segu\u00ed estudi\u00e1ndolo, siempre como algo interesante, pero paralelo a mi vida profesional. Es que, contra lo que se suele creer, los cirujanos tenemos profundas preocupaciones espirituales. Estamos permanentemente en contacto con cosas trascendentes como son la vida y la muerte de los seres humanos\u00bb, apunta.<\/span><\/span><\/p>\n<p class=\"western\" align=\"justify\"><span style=\"font-family: Times New Roman, serif\"><span style=\"font-size: large\"><span lang=\"es-ES\">Cabouli dicta seminarios en el pa\u00eds, Chile, Uruguay, M\u00e9xico y Espa\u00f1a. Es autor de varios libros, entre otros <\/span><\/span><\/span><span style=\"font-family: Times New Roman, serif\"><span style=\"font-size: large\"><span lang=\"es-ES\"><i>La vida antes de nacer<\/i><\/span><\/span><\/span><span style=\"font-family: Times New Roman, serif\"><span style=\"font-size: large\"><span lang=\"es-ES\">, <\/span><\/span><\/span><span style=\"font-family: Times New Roman, serif\"><span style=\"font-size: large\"><span lang=\"es-ES\"><i>El trabajo del alma<\/i><\/span><\/span><\/span><span style=\"font-family: Times New Roman, serif\"><span style=\"font-size: large\"><span lang=\"es-ES\">, <\/span><\/span><\/span><span style=\"font-family: Times New Roman, serif\"><span style=\"font-size: large\"><span lang=\"es-ES\"><i>El viaje del alma<\/i><\/span><\/span><\/span><span style=\"font-family: Times New Roman, serif\"><span style=\"font-size: large\"><span lang=\"es-ES\"> y <\/span><\/span><\/span><span style=\"font-family: Times New Roman, serif\"><span style=\"font-size: large\"><span lang=\"es-ES\"><i>Terapias de vidas pasadas<\/i><\/span><\/span><\/span><span style=\"font-family: Times New Roman, serif\"><span style=\"font-size: large\"><span lang=\"es-ES\">.<\/span><\/span><\/span><\/p>\n<p class=\"western\" align=\"justify\">\u2013<span style=\"font-family: Times New Roman, serif\"><span style=\"font-size: large\"><span lang=\"es-ES\"><b>\u00bfC\u00f3mo llega a dejar la cirug\u00eda por la terapia de vidas pasadas?\u2013<\/b><\/span><\/span><\/span><\/p>\n<p class=\"western\" align=\"justify\">\u2013<span style=\"font-family: Times New Roman, serif\"><span style=\"font-size: large\"><span lang=\"es-ES\">En 1988 tuve un problema laboral, un desentendimiento, y no quise luchar por un puesto que ya no me importaba. Renunci\u00e9 y me sent\u00ed liberado, con m\u00e1s tiempo para m\u00ed, y decid\u00ed pasar unos d\u00edas de vacaciones en la playa de Ostende (Argentina). Una noche, despu\u00e9s de comer, tom\u00e9 una reposera y fui a meditar debajo de las estrellas. Recuerdo que estaba cerca de una casilla que Arturo Frondizi hab\u00eda construido en su juventud con su padre y hermanos. Y de pronto, no puedo describir exactamente qu\u00e9 ocurri\u00f3, sent\u00ed que mi profesi\u00f3n de cirujano ya no me interesaba y que ante m\u00ed se abr\u00eda otro camino y decid\u00ed dedicarme a la terapia, quise ser un cirujano de almas. No recuerdo m\u00e1s detalles, pero en un instante decid\u00ed cambiar totalmente el rumbo de mi vida. Esto me llev\u00f3 a comprender que cuando uno no hace lo que tiene que hacer, la vida lo fuerza a hacer lo que tiene que hacer.\u2013<\/span><\/span><\/span><\/p>\n<p class=\"western\" align=\"justify\">\u2013<span style=\"font-family: Times New Roman, serif\"><span style=\"font-size: large\"><span lang=\"es-ES\"><b>\u00bfQu\u00e9 es la terapia de vidas pasadas?\u2013<\/b><\/span><\/span><\/span><\/p>\n<p class=\"western\" align=\"justify\">\u2013<span style=\"font-family: Times New Roman, serif\"><span style=\"font-size: large\"><span lang=\"es-ES\">Consiste en traer a la conciencia episodios traum\u00e1ticos que est\u00e1n reprimidos en el inconsciente y que provocan desajustes en la vida cotidiana. Traerlos y revivirlos con todos los sentimientos que desencadenaron, no simplemente contarlos. El primer paso para comprender la terapia de vidas pasadas es entender que el tiempo no existe. El tiempo lineal, cronol\u00f3gico, medible, es una convenci\u00f3n, un acuerdo que hemos hecho para poder manejarnos. En realidad, nunca nadie tuvo un segundo en su mano. Incluso hay distintos calendarios: maya, hebreo, etc\u00e9tera. Y no lo invent\u00e9 yo, lo dice el mism\u00edsimo Sigmund Freud cuando sostiene que el inconsciente es atemporal. Pero hay algo m\u00e1s.\u2013<\/span><\/span><\/span><\/p>\n<p class=\"western\" align=\"justify\">\u2013<span style=\"font-family: Times New Roman, serif\"><span style=\"font-size: large\"><span lang=\"es-ES\"><b>\u00bfPor ejemplo?\u2013<\/b><\/span><\/span><\/span><\/p>\n<p class=\"western\" align=\"justify\">\u2013<span style=\"font-family: Times New Roman, serif\"><span style=\"font-size: large\"><span lang=\"es-ES\">La segunda cosa que hay que entender es lo que se denomina atrapamiento de la conciencia. Cuando reaccionamos sin poder evitarlo ante determinada situaci\u00f3n, es porque en un nivel inconsciente se est\u00e1 reviviendo una experiencia sin resolver que qued\u00f3 atrapada y que se activ\u00f3 por su similitud con la situaci\u00f3n presente. Imaginemos una mujer que tiene terror de subir a un barco, porque todav\u00eda est\u00e1 atrapada y lucha en las aguas heladas en la noche del 14 de abril de 1912, cuando se hundi\u00f3 el Titanic. O alguien que no puede subir a un ascensor porque siente claustrofobia y en el pasado fue enterrado vivo, algo bastante com\u00fan en una \u00e9poca, o muri\u00f3 en el derrumbe de una mina.\u2013<\/span><\/span><\/span><\/p>\n<p class=\"western\" align=\"justify\">\u2013<span style=\"font-family: Times New Roman, serif\"><span style=\"font-size: large\"><span lang=\"es-ES\"><b>\u00bfC\u00f3mo un profesional de formaci\u00f3n cient\u00edfica llega a interesarse por una terapia tan fuera de lo com\u00fan?\u2013<\/b><\/span><\/span><\/span><\/p>\n<p class=\"western\" align=\"justify\">\u2013<span style=\"font-family: Times New Roman, serif\"><span style=\"font-size: large\"><span lang=\"es-ES\">Es que en ning\u00fan momento abandon\u00e9 el m\u00e9todo cient\u00edfico, el camino de los tres pilares: observaci\u00f3n, experimentaci\u00f3n y comprobaci\u00f3n. Observar el fen\u00f3meno y hacer las experiencias necesarias para comprobar su verdad. La terapia de vidas pasadas tiene muchos puntos en com\u00fan con la psicolog\u00eda cl\u00e1sica. En ambos casos se trata de hacer consciente el inconsciente, como tambi\u00e9n recalcaba Freud. Con la diferencia de que la terapia de vidas pasadas busca ampliar el horizonte trascendiendo la infancia, el nacimiento o el estado fetal, y llegando a encarnaciones anteriores.\u2013<\/span><\/span><\/span><\/p>\n<p class=\"western\" align=\"justify\">\u2013<span style=\"font-family: Times New Roman, serif\"><span style=\"font-size: large\"><span lang=\"es-ES\"><b>\u00bfCasos que recuerde?\u2013<\/b><\/span><\/span><\/span><\/p>\n<p class=\"western\" align=\"justify\">\u2013<span style=\"font-family: Times New Roman, serif\"><span style=\"font-size: large\"><span lang=\"es-ES\">En Espa\u00f1a atend\u00ed a una mujer que les ten\u00eda terror a las serpientes. No se pod\u00eda ni nombrarlas en su presencia porque comenzaba a gritar desesperadamente. En la terapia revivi\u00f3 que hab\u00eda sido una chica que iba por un camino con su madre cuando apareci\u00f3 una serpiente venenosa, una cobra que se balanceaba delante de ellas con lengua amenazante. La madre trataba de distraer a la v\u00edbora movi\u00e9ndose hacia un lado, pero entonces, al quedar la ni\u00f1a sola, la serpiente la pic\u00f3 y la chica muri\u00f3. Revivir ese momento liber\u00f3 a la mujer y al d\u00eda siguiente me llam\u00f3 para contarme que hab\u00eda perdido el miedo a los reptiles, que pensaba ir al zool\u00f3gico y que har\u00eda algo que nunca hubiera imaginado: visitar el serpentario.\u2013<\/span><\/span><\/span><\/p>\n<p class=\"western\" align=\"justify\">\u2013<span style=\"font-family: Times New Roman, serif\"><span style=\"font-size: large\"><span lang=\"es-ES\"><b>\u00bfAlg\u00fan otro?\u2013<\/b><\/span><\/span><\/span><\/p>\n<p class=\"western\" align=\"justify\">\u2013<span style=\"font-family: Times New Roman, serif\"><span style=\"font-size: large\"><span lang=\"es-ES\">Una mujer al revivir su nacimiento exclam\u00f3: \u00a1Pero \u00e9sta no es mi madre! No sab\u00eda que era adoptada. Hay casos en los que el paciente descubre ser la reencarnaci\u00f3n de un hermano mayor, que muri\u00f3 al nacer.\u2013<\/span><\/span><\/span><\/p>\n<p class=\"western\" align=\"justify\">\u2013<span style=\"font-family: Times New Roman, serif\"><span style=\"font-size: large\"><span lang=\"es-ES\"><b>\u00bfQu\u00e9 es para usted la reencarnaci\u00f3n?\u2013<\/b><\/span><\/span><\/span><\/p>\n<p class=\"western\" align=\"justify\">\u2013<span style=\"font-family: Times New Roman, serif\"><span style=\"font-size: large\"><span lang=\"es-ES\">Para m\u00ed es una realidad, una experiencia, aunque comprendo perfectamente que haya gente que no piense lo mismo.\u2013<\/span><\/span><\/span><\/p>\n<p class=\"western\" lang=\"es-ES\" align=\"justify\"><span style=\"font-family: Times New Roman, serif\"><span style=\"font-size: large\">Enlace de la entrevista original en castellano dentro del sitio web de \u00abTerapia de Vidas Pasadas\u00bb:<\/span><\/span><\/p>\n<p class=\"western\" align=\"justify\"><span style=\"color: #000080\"><span lang=\"zxx\"><u><a href=\"https:\/\/www.vidaspasadas.com.ar\/articulos\/entrevista2.html\"><span style=\"font-family: Times New Roman, serif\"><span style=\"font-size: large\"><span lang=\"es-ES\">https:\/\/www.vidaspasadas.com.ar\/articulos\/entrevista2.html<\/span><\/span><\/span><\/a><\/u><\/span><\/span><\/p>","protected":false},"excerpt":{"rendered":"<p>Jos\u00e9 Luis Cabouli: \u00abQuise ser un cirujano de almas\u00bb. \u00abQuise ser un cirujano de almas\u00bb. Por Luis Aubele. Entrevista publicada en el diario \u00abLa Naci\u00f3n\u00bb, Buenos Aires, 22-03-2009. \u00ab\u00bfQu\u00e9 fui &hellip; <a href=\"https:\/\/animaweb.blog.pangea.org\/es\/jose-luis-cabouli-vaig-voler-ser-un-cirurgia-danimes\/\" class=\"more-link\">Continuar leyendo<span class=\"screen-reader-text\"> \u00abJos\u00e9 Luis Cabouli: \u00abQuise ser un cirujano de almas\u00bb.\u00bb<\/span><\/a><\/p>\n","protected":false},"author":12345698,"featured_media":0,"parent":0,"menu_order":0,"comment_status":"closed","ping_status":"closed","template":"","meta":{"ngg_post_thumbnail":0,"footnotes":""},"class_list":["post-34","page","type-page","status-publish","hentry"],"_links":{"self":[{"href":"https:\/\/animaweb.blog.pangea.org\/es\/wp-json\/wp\/v2\/pages\/34","targetHints":{"allow":["GET"]}}],"collection":[{"href":"https:\/\/animaweb.blog.pangea.org\/es\/wp-json\/wp\/v2\/pages"}],"about":[{"href":"https:\/\/animaweb.blog.pangea.org\/es\/wp-json\/wp\/v2\/types\/page"}],"author":[{"embeddable":true,"href":"https:\/\/animaweb.blog.pangea.org\/es\/wp-json\/wp\/v2\/users\/12345698"}],"replies":[{"embeddable":true,"href":"https:\/\/animaweb.blog.pangea.org\/es\/wp-json\/wp\/v2\/comments?post=34"}],"version-history":[{"count":10,"href":"https:\/\/animaweb.blog.pangea.org\/es\/wp-json\/wp\/v2\/pages\/34\/revisions"}],"predecessor-version":[{"id":2400,"href":"https:\/\/animaweb.blog.pangea.org\/es\/wp-json\/wp\/v2\/pages\/34\/revisions\/2400"}],"wp:attachment":[{"href":"https:\/\/animaweb.blog.pangea.org\/es\/wp-json\/wp\/v2\/media?parent=34"}],"curies":[{"name":"wp","href":"https:\/\/api.w.org\/{rel}","templated":true}]}}