{"id":292,"date":"2018-09-10T15:12:51","date_gmt":"2018-09-10T13:12:51","guid":{"rendered":"https:\/\/animaweb.cat\/?page_id=292"},"modified":"2022-12-08T20:21:30","modified_gmt":"2022-12-08T18:21:30","slug":"a-la-comprensio-per-lexperiencia","status":"publish","type":"page","link":"https:\/\/animaweb.blog.pangea.org\/es\/a-la-comprensio-per-lexperiencia\/","title":{"rendered":"A la comprensi\u00f3n por la experiencia."},"content":{"rendered":"<p class=\"western\" lang=\"es-ES\" align=\"center\"><span style=\"font-family: Times New Roman, serif\"><span style=\"font-size: x-large\"><b>A la comprensi\u00f3n por la experiencia.<\/b><\/span><\/span><\/p>\n<p class=\"western\" lang=\"es-ES\" align=\"justify\"><span style=\"font-family: Times New Roman, serif\"><span style=\"font-size: large\"><img loading=\"lazy\" decoding=\"async\" class=\"alignleft wp-image-208 size-full\" title=\"A trav\u00e9s del tiempo. 1993.\" src=\"https:\/\/animaweb.cat\/files\/2018\/02\/Doctor_Brian_Weiss_A_traves_del_tiempo_portada_castellano_200x323px.png\" alt=\"A trav\u00e9s del tiempo. 1993.\" width=\"200\" height=\"323\" srcset=\"https:\/\/animaweb.blog.pangea.org\/files\/2018\/02\/Doctor_Brian_Weiss_A_traves_del_tiempo_portada_castellano_200x323px.png 200w, https:\/\/animaweb.blog.pangea.org\/files\/2018\/02\/Doctor_Brian_Weiss_A_traves_del_tiempo_portada_castellano_200x323px-186x300.png 186w\" sizes=\"auto, (max-width: 200px) 85vw, 200px\" \/>El Doctor en Psiquiatr\u00eda Brian Weiss relata sus investigaciones iniciales en busca de referencias sobre la reencarnaci\u00f3n tras sus primeros pasos en la t\u00e9cnica de la terapia de vidas pasadas.<\/span><\/span><\/p>\n<p class=\"western\" align=\"justify\"><span style=\"font-family: Times New Roman, serif\"><span style=\"font-size: large\"><span lang=\"es-ES\">Tras su excepticismo inicial empieza a investigar si otros terapeutas en el pasado llegaron al mismo descubrimiento. Tambi\u00e9n investiga acerca del tratamiento que sobre la reencarnaci\u00f3n hacen las diferentes religiones y c\u00f3mo los principales credos monote\u00edstas no la han mantenido en su doctrina a pesar de que algunos de sus practicantes comparten esta evidencia.<\/span><\/span><\/span><\/p>\n<hr \/>\n<p class=\"western\" lang=\"es-ES\" align=\"center\"><span style=\"font-family: Times New Roman, serif\"><span style=\"font-size: large\"><b>A la comprensi\u00f3n por la experiencia.<\/b><\/span><\/span><\/p>\n<blockquote class=\"western\" lang=\"es-ES\">\n<p style=\"text-align: justify\"><span style=\"font-family: Times New Roman, serif\"><span style=\"font-size: large\">A menudo un paciente nuevo o un asistente a mis talleres de trabajo me confiesa:<\/span><\/span><\/p>\n<\/blockquote>\n<blockquote class=\"western\">\n<p style=\"text-align: justify\">\u2013<span style=\"font-family: Times New Roman, serif\"><span style=\"font-size: large\"><span lang=\"es-ES\">Me interesa mucho experimentar la regresi\u00f3n a vidas pasadas, doctor Weiss, per\u00f2 me resulta dif\u00edcil aceptar el concepto de reencarnaci\u00f3n.<\/span><\/span><\/span><\/p>\n<\/blockquote>\n<blockquote class=\"western\" lang=\"es-ES\">\n<p style=\"text-align: justify\"><span style=\"font-family: Times New Roman, serif\"><span style=\"font-size: large\">Si usted piensa lo mismo, no es el \u00fanico. Muchas de estas personas necesitan aclarar ese tema antes de iniciar el proceso de regresi\u00f3n; en estos casos suele ser una parte preliminar de la terapia y se convierte en un tema habitual para preguntas y respuestas en mis conferencias y talleres de trabajo. Antes de mis extraordinarias experiencias con Catherine, yo mismo era muy esc\u00e9ptico sobre el concepto de la reencarnaci\u00f3n y el poder curativo de la regresi\u00f3n a vidas anteriores. Incluso despu\u00e9s tard\u00e9 varios a\u00f1os m\u00e1s en decidirme a sacar a la luz mis nuevas creencias y experiencias.<\/span><\/span><\/p>\n<\/blockquote>\n<blockquote class=\"western\" lang=\"es-ES\">\n<p style=\"text-align: justify\"><span style=\"font-family: Times New Roman, serif\"><span style=\"font-size: large\">Aunque la terapia de Catherine hab\u00eda cambiado radicalmente mi modo de comprender la naturaleza de la vida y de la curaci\u00f3n, dudaba en comunicar a otros estas profundas experiencias, pues tem\u00eda que mis amigos y colegas me consideraran \u00abchiflado\u00bb o \u00abraro\u00bb.<\/span><\/span><\/p>\n<\/blockquote>\n<blockquote class=\"western\">\n<p style=\"text-align: justify\"><span style=\"font-family: Times New Roman, serif\"><span style=\"font-size: large\"><span lang=\"es-ES\">Por otra parte, hab\u00eda recibido una nueva confirmaci\u00f3n de lo eficaz que resultaba la terapia de vidas pasadas al haberla aplicado con \u00e9xito a otros pacientes. Sab\u00eda que era necesario aliviar mi malestar, resolver ese asunto, de modo que fui a la biblioteca m\u00e9dica para ver si pod\u00eda obtener m\u00e1s informaci\u00f3n. Como m\u00e9dico l\u00f3gico y acostumbrado a usar la mitad izquierda del cerebro, me agradaba esa soluci\u00f3n al problema y esperaba que existiera dicha confirmaci\u00f3n de mis experiencias. Si yo hab\u00eda hallado por casualidad ese recuerdo de vidas pasadas, estaba seguro de que otros psiquiatras que tambi\u00e9n utilizaban las t\u00e9cnicas de hipnosis deb\u00edan de haber tenido experiencias similares. Tal vez alguno de ellos hubiera tenido la valent\u00eda de explicarlas.<\/span><\/span><\/span><\/p>\n<\/blockquote>\n<blockquote class=\"western\">\n<p style=\"text-align: justify\"><span style=\"font-family: Times New Roman, serif\"><span style=\"font-size: large\"><span lang=\"es-ES\">Me desilusion\u00f3 encontrar publicadas muy pocas informes sobre el tema, aunque excelentes. Descubr\u00ed, por ejemplo, la documentaci\u00f3n del doctor Ian Stevenson sobre casos de ni\u00f1os que parec\u00edan recordar detalles de vidas precedentes. Muchos de esos detalles fueron corroborados por investigaciones posteriores. Esto era muy importante, pues ayudaba a proporcionar una prueba v\u00e1lida del concepto de la reencarnaci\u00f3n. Pero hab\u00eda poco m\u00e1s que ver y casi nada, por cierto, sobre el valor terap\u00e9utico de la regresi\u00f3n a vidas pasadas.<\/span><\/span><\/span><\/p>\n<\/blockquote>\n<blockquote class=\"western\" lang=\"es-ES\">\n<p style=\"text-align: justify\"><span style=\"font-family: Times New Roman, serif\"><span style=\"font-size: large\">Sal\u00ed de la biblioteca a\u00fan m\u00e1s frustrado que cuando entr\u00e9. \u00bfC\u00f3mo era posible? Mi experiencia personal ya me hab\u00eda permitido elaborar la hip\u00f3tesis de que el recuerdo de vidas pasadas pod\u00eda ser un instrumento terap\u00e9utico \u00fatil para varios s\u00edntomas psicol\u00f3gicos y f\u00edsicos.<\/span><\/span><\/p>\n<\/blockquote>\n<blockquote class=\"western\" lang=\"es-ES\">\n<p style=\"text-align: justify\"><span style=\"font-family: Times New Roman, serif\"><span style=\"font-size: large\">\u00bfPor qu\u00e9 nadie m\u00e1s informaba sobre su propia experiencia? M\u00e1s a\u00fan: \u00bfpor qu\u00e9 la bibliograf\u00eda profesional casi no menciona experiencias de vidas pasadas que hubieran surgido durante la hipnoterapia cl\u00ednica? Parec\u00eda improbable que s\u00f3lo yo las hubiera tenido. Sin duda a otros terapeutas les habr\u00eda pasado lo mismo.<\/span><\/span><\/p>\n<\/blockquote>\n<blockquote class=\"western\" lang=\"es-ES\">\n<p style=\"text-align: justify\"><span style=\"font-family: Times New Roman, serif\"><span style=\"font-size: large\">Mirando hacia atr\u00e1s me doy cuenta de lo que deseaba en realidad: que alguien hubiera hecho ya el trabajo que yo iba a emprender. Por entonces s\u00f3lo pod\u00eda preguntarme si otros psicoterapeutas dudaban tanto como yo en investigar m\u00e1s sobre ese tema. Una vez revisada toda la bibliograf\u00eda, me sent\u00ed dividido entre la intensidad y la realidad de mis propias experiencias directas y el temor de que mis nuevas creencias sobre la vida despu\u00e9s de la muerte y el contacto con maestros-gu\u00eda no fuera, personal y profesionalmente, \u00abapropiado\u00bb.<\/span><\/span><\/p>\n<\/blockquote>\n<blockquote class=\"western\">\n<p style=\"text-align: justify\"><span style=\"font-family: Times New Roman, serif\"><span style=\"font-size: large\"><span lang=\"es-ES\">Decid\u00ed consultar otra disciplina. De mi curso de religiones en la universidad de Columbia, record\u00e9 que las grandes tradiciones de Oriente, el hinduismo y el budismo, ten\u00edan la reencarnaci\u00f3n como dogma central y aceptaban el concepto de vidas pasadas como aspecto b\u00e1sico de la realidad. Tambi\u00e9n hab\u00eda aprendido que la doctrina suf\u00ed del Islam ten\u00eda bell\u00edsimas tradiciones de reencarnaci\u00f3n expresadas en poes\u00eda, danza y canto.<\/span><\/span><\/span><\/p>\n<\/blockquote>\n<blockquote class=\"western\">\n<p style=\"text-align: justify\"><span style=\"font-family: Times New Roman, serif\"><span style=\"font-size: large\"><span lang=\"es-ES\">En realidad no pod\u00eda creer que, durante los milenios de historia de las religiones occidentales, nadie hubiera escrito sobre experiencias como la m\u00eda. No pod\u00eda ser que yo fuera primero en recibir esa informaci\u00f3n. M\u00e1s adelante descubr\u00ed que tanto en el juda\u00edsmo como en el cristianismo las ra\u00edces de le creencia en la reencarnaci\u00f3n son muy profundas.<\/span><\/span><\/span><\/p>\n<\/blockquote>\n<blockquote class=\"western\">\n<p style=\"text-align: justify\"><span style=\"font-family: Times New Roman, serif\"><span style=\"font-size: large\"><span lang=\"es-ES\">En el juda\u00edsmo existe, desde hace miles de a\u00f1os, una creencia fundamental en la reencarnaci\u00f3n o <\/span><\/span><\/span><span style=\"font-family: Times New Roman, serif\"><span style=\"font-size: large\"><span lang=\"es-ES\"><i>gilgul<\/i><\/span><\/span><\/span><span style=\"font-family: Times New Roman, serif\"><span style=\"font-size: large\"><span lang=\"es-ES\">. Esta creencia fue piedra angular de la fe jud\u00eda aproximadamente hasta el a\u00f1o 1800 o 1850, \u00e9poca en que las comunidades jud\u00edas de la Europa oriental tuvieron que transformarse ante la necesidad de \u00abmodernizarse\u00bb y de ser aceptadas por la sociedad occidental, m\u00e1s cient\u00edfica. Sin embargo, la creencia en la reencarnaci\u00f3n hab\u00eda sido fundamental y com\u00fan hasta esta \u00e9poca, hace menos de dos siglos. En las comunidades ortodoxa y jas\u00eddica, la fe en la reencarnaci\u00f3n contin\u00faa inc\u00f3lume hasta hoy. La c\u00e1bala, literatura jud\u00eda m\u00edstica que data de muchos milenios atr\u00e1s, est\u00e1 llena de referencias a la reencarnaci\u00f3n. El rabino Moshe Chaim Luzzatto, uno de los m\u00e1s brillantes eruditos jud\u00edos de los \u00faltimos siglos, resume as\u00ed la <\/span><\/span><\/span><span style=\"font-family: Times New Roman, serif\"><span style=\"font-size: large\"><span lang=\"es-ES\"><i>gilgul<\/i><\/span><\/span><\/span><span style=\"font-family: Times New Roman, serif\"><span style=\"font-size: large\"><span lang=\"es-ES\"> en su libro <\/span><\/span><\/span><span style=\"font-family: Times New Roman, serif\"><span style=\"font-size: large\"><span lang=\"es-ES\"><i>The Way of God<\/i><\/span><\/span><\/span><span style=\"font-family: Times New Roman, serif\"><span style=\"font-size: large\"><span lang=\"es-ES\"> (\u00ab<\/span><\/span><\/span><span style=\"font-family: Times New Roman, serif\"><span style=\"font-size: large\"><span lang=\"es-ES\"><i>El Camino de Dios<\/i><\/span><\/span><\/span><span style=\"font-family: Times New Roman, serif\"><span style=\"font-size: large\"><span lang=\"es-ES\">\u00bb): \u00ab<\/span><\/span><\/span><span style=\"font-family: Times New Roman, serif\"><span style=\"font-size: large\"><span lang=\"es-ES\"><i>Una sola alma puede reencarnarse varias veces en diferentes cuerpos y, de esta manera, rectificar el da\u00f1o hecho en encarnaciones anteriores. De modo similar, tambi\u00e9n puede alcanzar la perfecci\u00f3n que no alcanz\u00f3 en encarnaciones anteriores<\/i><\/span><\/span><\/span><span style=\"font-family: Times New Roman, serif\"><span style=\"font-size: large\"><span lang=\"es-ES\">\u00bb.<\/span><\/span><\/span><\/p>\n<\/blockquote>\n<blockquote class=\"western\" lang=\"es-ES\">\n<p style=\"text-align: justify\"><span style=\"font-family: Times New Roman, serif\"><span style=\"font-size: large\">Cuando investigu\u00e9 la historia del cristianismo, descubr\u00ed que le emperador Constantino en el siglo IV hab\u00eda borrado del Nuevo Testamento antiguas referencias a la reencarnaci\u00f3n cuando el cristianismo se convirti\u00f3 en religi\u00f3n oficial del imperio romano. Al parecer, el emperador consider\u00f3 que el concepto de la reencarnaci\u00f3n amenazaba la estabilidad del imperio. Si los ciudadanos cre\u00edan que tendr\u00edan otra oportunidad de vivir, pod\u00edan mostrarse menos obedientes y respetuosos de la ley que quienes cre\u00edan en un \u00fanico Juicio Final para todos.<\/span><\/span><\/p>\n<\/blockquote>\n<blockquote class=\"western\" lang=\"es-ES\">\n<p style=\"text-align: justify\"><span style=\"font-family: Times New Roman, serif\"><span style=\"font-size: large\">En el siglo VI, el II Concilio de Constantinopla repald\u00f3 el acto de Constantino declarando oficialmente que la reencarnaci\u00f3n era una herej\u00eda. Como Constantino, la Iglesia tem\u00eda que la idea de varias vidas anteriores debilitara y socavara su creciente poder, brindando a los seguidores demasiado tiempo para buscar la salvaci\u00f3n. Estaban de acuerdo en que era necesario el l\u00e1tigo del Juicio Final para asegurar las actitudes y la conducta correctas.<\/span><\/span><\/p>\n<\/blockquote>\n<blockquote class=\"western\">\n<p style=\"text-align: justify\"><span style=\"font-family: Times New Roman, serif\"><span style=\"font-size: large\"><span lang=\"es-ES\">Durante la misma era cristiana primitiva que llev\u00f3 al Concilio de Constantinopla, otros padres de la Iglesia, como Or\u00edgenes, Clemente de Alejandr\u00eda y san Jer\u00f3nimo, aceptaban la reencarnaci\u00f3n y cre\u00edan en ella, al igual que los gn\u00f3sticos. A\u00fan en el siglo XII, los c\u00e1taros cristianos de Italia y del sur de Francia (Occitania) fueron sometidos a toda clase de brutalidades por su creencia en la reencarnaci\u00f3n.<\/span><\/span><\/span><\/p>\n<\/blockquote>\n<blockquote class=\"western\">\n<p style=\"text-align: justify\"><span style=\"font-family: Times New Roman, serif\"><span style=\"font-size: large\"><span lang=\"es-ES\">Mientras reflexionaba sobre la nueva informaci\u00f3n recogida, comprend\u00ed que los c\u00e1taros, los gn\u00f3sticos y los cabalistas ten\u00edan, aparte de su creencia en la reencarnaci\u00f3n, otro principio en com\u00fan: que la experiencia personal directa, m\u00e1s all\u00e1 de lo que vemos y conocemos con nuestra mente racional o lo que nos ense\u00f1a una religi\u00f3n determinada, es una gran fuente de sabidur\u00eda espiritual. Y esta experiencia personal directa fomenta poderosamente el crecimiento espiritual y personal. Lamentablemente, como pod\u00edan ser seriamente castigados por las creencias no ortodoxas, esos grupos aprendieron a mantenerlas en secreto. La represi\u00f3n de las ense\u00f1anzas sobre vidas anteriores no ha sido espiritual, sino pol\u00edtica<strong><sup><a href=\"#nota1\" name=\"cnota1\">1<\/a><\/sup><\/strong>.<\/span><\/span><\/span><\/p>\n<\/blockquote>\n<blockquote class=\"western\">\n<p style=\"text-align: justify\"><span style=\"font-family: Times New Roman, serif\"><span style=\"font-size: large\"><span lang=\"es-ES\">As\u00ed empec\u00e9 a comprender los porqu\u00e9s. A m\u00ed tambi\u00e9n me preocupa la posibilidad de ser castigado por mis creencias si las hac\u00eda p\u00fablicas. Sin embargo, s\u00e9 que la gente tiene derecho a gozar de los instrumentos de crecimiento y curaci\u00f3n, y he visto por experiencia m\u00e9dica propia que la regresi\u00f3n a vidas pasadas puede curar y transformar la vida. Tambi\u00e9n s\u00e9 que los pacientes se vuelven mejores y m\u00e1s \u00fatiles como miembros de una sociedad y una familia, con mucho m\u00e1s que ofrecer.<\/span><\/span><\/span><\/p>\n<\/blockquote>\n<blockquote class=\"western\">\n<p style=\"text-align: justify\"><span style=\"font-family: Times New Roman, serif\"><span style=\"font-size: large\"><span lang=\"es-ES\">Pero incluso despu\u00e9s de publicar <\/span><\/span><\/span><span style=\"font-family: Times New Roman, serif\"><span style=\"font-size: large\"><span lang=\"es-ES\"><i>Muchas vidas, muchos maestros<\/i><\/span><\/span><\/span><span style=\"font-family: Times New Roman, serif\"><span style=\"font-size: large\"><span lang=\"es-ES\">, yo segu\u00eda esperando una reacci\u00f3n negativa. Esperaba que los m\u00e9dicos me pusieran en rid\u00edculo, que mi reputaci\u00f3n se viera manchada e incluso quiz\u00e1 que mi familia tuviera que sufrir por ello. Mis temores eran infundados. Aunque s\u00e9 que uno o dos colegas han comentado que \u00abel pobre Brian, que est\u00e1 perdiendo la chaveta\u00bb, en lugar de perder amigos y colegas, gan\u00e9 otros nuevos. Tambi\u00e9n comenc\u00e9 a recibir cartas, cartas maravillosas, de psiquiatras y psic\u00f3logos de todo el pa\u00eds, que hab\u00edan tenido experiencias como las m\u00edas pero no se hab\u00edan atrevido a hacerlas p\u00fablicas.<\/span><\/span><\/span><\/p>\n<\/blockquote>\n<blockquote class=\"western\" lang=\"es-ES\">\n<p style=\"text-align: justify\"><span style=\"font-family: Times New Roman, serif\"><span style=\"font-size: large\">Esto fue para m\u00ed una profunda lecci\u00f3n. Hab\u00eda corrido el riesgo de documentar y presentar mis experiencias al p\u00fablico y al mundo profesional; mi recompensa era conocimiento, validaci\u00f3n y aceptaci\u00f3n. Por a\u00f1adidura, hab\u00eda aprendido que el conocimiento no siempre comienza con la lectura de estudios en las bibliotecas. Tambi\u00e9n se puede obtener conocimiento examinando la propia experiencia. La intuici\u00f3n puede guiarnos al intelecto. Los dos pueden nutrirse e inspirarse mutuamente. En mi caso, as\u00ed ha sido.<\/span><\/span><\/p>\n<\/blockquote>\n<blockquote class=\"western\" lang=\"es-ES\">\n<p style=\"text-align: justify\"><span style=\"font-family: Times New Roman, serif\"><span style=\"font-size: large\">Cuento todo esto porque sus preocupaciones, el tira y afloja entre su conocimiento intelectual y su experiencia, pueden ser esencialmente similares a los m\u00edos. Muchas personas han tenido las mismas experiencias y creencias que usted, tal vez muchas m\u00e1s de las que se imagina. Y muchas de estas personas se resisten a comunicar sus experiencias por los mismos motivos que usted. Otros quiz\u00e1 las expresen, pero en privado. Es importante mantener la mente abierta, confiar en la experiencia propia. No deje que el dogma y las creencias ajenas resten validez a su experiencia personal y a su percepci\u00f3n de la realidad (&#8230;).<\/span><\/span><\/p>\n<\/blockquote>\n<p class=\"western\" align=\"justify\"><span style=\"font-family: Times New Roman, serif\"><span style=\"font-size: large\"><span lang=\"es-ES\">Doctor Brian Weiss. <\/span><\/span><\/span><span style=\"font-family: Times New Roman, serif\"><span style=\"font-size: large\"><span lang=\"es-ES\"><i>A trav\u00e9s del tiempo<\/i><\/span><\/span><\/span><span style=\"font-family: Times New Roman, serif\"><span style=\"font-size: large\"><span lang=\"es-ES\">. Primera edici\u00f3n castellana en r\u00fastica de la Editorial Vergara. P\u00e1ginas 45 a 50.<br \/>\n<\/span><\/span><\/span><b><span style=\"font-family: Times New Roman, serif\"><span style=\"font-size: large\"><span lang=\"es-ES\">Correcci\u00f3n respecto la versi\u00f3n inglesa original: Loto Perrella.<\/span><\/span><\/span><\/b><\/p>\n<hr \/>\n<p class=\"western\" style=\"text-align: justify\" align=\"justify\"><b><span style=\"font-family: Times New Roman, serif\"><span style=\"font-size: large\"><span lang=\"es-ES\">Nota:<\/span><\/span><\/span><\/b><\/p>\n<blockquote class=\"western\">\n<p style=\"text-align: justify\"><span style=\"font-family: Times New Roman, serif\"><span style=\"font-size: large\"><span lang=\"es-ES\"><strong><sup><a href=\"#cnota1\"><img loading=\"lazy\" decoding=\"async\" class=\"alignright wp-image-1136 size-medium\" title=\"Joseph Head and S. L. Cranston. Reincarnation: The Phoenix Fire Mystery (Reencarnaci\u00f3n: el misterio del fuego del ave f\u00e9nix). Portada.\" src=\"https:\/\/animaweb.cat\/files\/2021\/02\/Joseph_Head_and_S_L_Cranston_Reincarnation_The_Phoenix_Fire_Mystery_Cover-199x300.jpg\" alt=\"Joseph Head and S. L. Cranston. Reincarnation: The Phoenix Fire Mystery (Reencarnaci\u00f3n: el misterio del fuego del ave f\u00e9nix). Portada.\" width=\"199\" height=\"300\" srcset=\"https:\/\/animaweb.blog.pangea.org\/files\/2021\/02\/Joseph_Head_and_S_L_Cranston_Reincarnation_The_Phoenix_Fire_Mystery_Cover-199x300.jpg 199w, https:\/\/animaweb.blog.pangea.org\/files\/2021\/02\/Joseph_Head_and_S_L_Cranston_Reincarnation_The_Phoenix_Fire_Mystery_Cover-680x1024.jpg 680w, https:\/\/animaweb.blog.pangea.org\/files\/2021\/02\/Joseph_Head_and_S_L_Cranston_Reincarnation_The_Phoenix_Fire_Mystery_Cover-768x1156.jpg 768w, https:\/\/animaweb.blog.pangea.org\/files\/2021\/02\/Joseph_Head_and_S_L_Cranston_Reincarnation_The_Phoenix_Fire_Mystery_Cover-1021x1536.jpg 1021w, https:\/\/animaweb.blog.pangea.org\/files\/2021\/02\/Joseph_Head_and_S_L_Cranston_Reincarnation_The_Phoenix_Fire_Mystery_Cover-1361x2048.jpg 1361w, https:\/\/animaweb.blog.pangea.org\/files\/2021\/02\/Joseph_Head_and_S_L_Cranston_Reincarnation_The_Phoenix_Fire_Mystery_Cover-1200x1806.jpg 1200w, https:\/\/animaweb.blog.pangea.org\/files\/2021\/02\/Joseph_Head_and_S_L_Cranston_Reincarnation_The_Phoenix_Fire_Mystery_Cover.jpg 1701w\" sizes=\"auto, (max-width: 199px) 85vw, 199px\" \/><\/a><a href=\"#cnota1\" name=\"nota1\">1<\/a><\/sup><\/strong>V\u00e9ase: <\/span><\/span><\/span><span style=\"font-family: Times New Roman, serif\"><span style=\"font-size: large\"><span lang=\"es-ES\"><i>Reincarnation: The Phoenix Fire Mystery <\/i><\/span><\/span><\/span><span style=\"font-family: Times New Roman, serif\"><span style=\"font-size: large\"><span lang=\"es-ES\">(Reencarnaci\u00f3n: el misterio del fuego del ave f\u00e9nix), de Cranston &amp; Head, un estudio excelente de la historia de la interpretaci\u00f3n pol\u00edtica y social de la idea de la reencarnaci\u00f3n en occidente.<\/span><\/span><\/span><\/p>\n<\/blockquote>","protected":false},"excerpt":{"rendered":"<p>A la comprensi\u00f3n por la experiencia. El Doctor en Psiquiatr\u00eda Brian Weiss relata sus investigaciones iniciales en busca de referencias sobre la reencarnaci\u00f3n tras sus primeros pasos en la t\u00e9cnica &hellip; <a href=\"https:\/\/animaweb.blog.pangea.org\/es\/a-la-comprensio-per-lexperiencia\/\" class=\"more-link\">Continuar leyendo<span class=\"screen-reader-text\"> \u00abA la comprensi\u00f3n por la experiencia.\u00bb<\/span><\/a><\/p>\n","protected":false},"author":12345698,"featured_media":0,"parent":0,"menu_order":0,"comment_status":"closed","ping_status":"closed","template":"","meta":{"ngg_post_thumbnail":0,"footnotes":""},"class_list":["post-292","page","type-page","status-publish","hentry"],"_links":{"self":[{"href":"https:\/\/animaweb.blog.pangea.org\/es\/wp-json\/wp\/v2\/pages\/292","targetHints":{"allow":["GET"]}}],"collection":[{"href":"https:\/\/animaweb.blog.pangea.org\/es\/wp-json\/wp\/v2\/pages"}],"about":[{"href":"https:\/\/animaweb.blog.pangea.org\/es\/wp-json\/wp\/v2\/types\/page"}],"author":[{"embeddable":true,"href":"https:\/\/animaweb.blog.pangea.org\/es\/wp-json\/wp\/v2\/users\/12345698"}],"replies":[{"embeddable":true,"href":"https:\/\/animaweb.blog.pangea.org\/es\/wp-json\/wp\/v2\/comments?post=292"}],"version-history":[{"count":36,"href":"https:\/\/animaweb.blog.pangea.org\/es\/wp-json\/wp\/v2\/pages\/292\/revisions"}],"predecessor-version":[{"id":2198,"href":"https:\/\/animaweb.blog.pangea.org\/es\/wp-json\/wp\/v2\/pages\/292\/revisions\/2198"}],"wp:attachment":[{"href":"https:\/\/animaweb.blog.pangea.org\/es\/wp-json\/wp\/v2\/media?parent=292"}],"curies":[{"name":"wp","href":"https:\/\/api.w.org\/{rel}","templated":true}]}}