{"id":278,"date":"2018-09-10T12:30:48","date_gmt":"2018-09-10T10:30:48","guid":{"rendered":"https:\/\/animaweb.cat\/?page_id=278"},"modified":"2022-12-16T20:25:42","modified_gmt":"2022-12-16T18:25:42","slug":"respectar-els-individus-de-les-altres-condicions-el-testimoni-develyn","status":"publish","type":"page","link":"https:\/\/animaweb.blog.pangea.org\/es\/respectar-els-individus-de-les-altres-condicions-el-testimoni-develyn\/","title":{"rendered":"Respetar los individuos de las otras condiciones. El testimonio de Evelyn."},"content":{"rendered":"<p lang=\"es-ES\" align=\"center\"><span style=\"font-family: Times New Roman, serif\"><span style=\"font-size: x-large\"><b>Respetar los individuos de otras condiciones. El testimonio de Evelyn.<\/b><\/span><\/span><\/p>\n<p lang=\"es-ES\" align=\"justify\"><span style=\"font-family: Times New Roman, serif\"><span style=\"font-size: large\"><img loading=\"lazy\" decoding=\"async\" class=\"alignleft wp-image-214 size-full\" title=\"Muchos cuerpos, una misma alma. 2006.\" src=\"https:\/\/animaweb.cat\/files\/2018\/02\/Doctor_Brian_Weiss_Muchos_cuerpos_una_misma_alma_portada_castellano_200x318px.png\" alt=\"Muchos cuerpos, una misma alma. 2006.\" width=\"200\" height=\"318\" srcset=\"https:\/\/animaweb.blog.pangea.org\/files\/2018\/02\/Doctor_Brian_Weiss_Muchos_cuerpos_una_misma_alma_portada_castellano_200x318px.png 200w, https:\/\/animaweb.blog.pangea.org\/files\/2018\/02\/Doctor_Brian_Weiss_Muchos_cuerpos_una_misma_alma_portada_castellano_200x318px-189x300.png 189w\" sizes=\"auto, (max-width: 200px) 85vw, 200px\" \/>Este caso del Doctor Brian Weiss pertenece a una paciente que aqu\u00ed toma el nombre de Evelyn, donde se evidencia la necesidad de aprender a respetar a las personas que pertenecen a un colectivo ajeno.<\/span><\/span><\/p>\n<p lang=\"es-ES\" align=\"justify\"><span style=\"font-family: Times New Roman, serif\"><span style=\"font-size: large\">Seg\u00fan el Doctor Weiss, es frecuente que los individuos que han odiado a personas de otra condici\u00f3n se reencarnen posteriormente en personas que pertenecen justamente a esta condici\u00f3n.<\/span><\/span><\/p>\n<p lang=\"es-ES\" align=\"justify\"><span style=\"font-family: Times New Roman, serif\"><span style=\"font-size: large\">La labor del terapeuta en este caso consiste en ayudar a identificar, mediante la t\u00e9cnica de la regresi\u00f3n, el origen del conflicto, que fue descubierto en una vida pasada. M\u00e1s adelante, sugiere realizar progresiones a hipot\u00e9ticas encarnaciones futuras, el resultado de las cuales var\u00eda en funci\u00f3n de la actitud del paciente ante el reto planteado.<\/span><\/span><\/p>\n<hr \/>\n<p lang=\"es-ES\" align=\"center\"><span style=\"font-family: Times New Roman, serif\"><span style=\"font-size: large\"><b>El testimonio de Evelyn.<\/b><\/span><\/span><\/p>\n<blockquote><p><em><span style=\"color: #000000\"><span style=\"font-family: Times New Roman, serif\"><span style=\"font-size: large\"><span lang=\"es-ES\">Evelyn se dedicaba a las fusiones y las adquisiciones; es decir, que su trabajo consist\u00eda en ayudar a dos empresas a unirse o a una de ellas a comprar la otra. Cuando las compa\u00f1\u00edas eran grandes, las ofertas sol\u00edan ser de cientos de millones de d\u00f3lares, y los honorarios que cobraba la empresa para la que trabajaba Evelyn ten\u00edan por lo general siete cifras. Ella recib\u00eda un sueldo considerable que, muchas veces, quedaba doblado o triplicado al sumarle las bonificaciones de final de a\u00f1o, con las que le recompensaban haber aumentado la facturaci\u00f3n.<\/span><\/span><\/span><\/span><\/em><\/p><\/blockquote>\n<blockquote><p><em><span style=\"color: #000000\"><span style=\"font-family: Times New Roman, serif\"><span style=\"font-size: large\"><span lang=\"es-ES\">Tendr\u00eda unos treinta y cinco a\u00f1os, era delgada y f\u00edsicamente atractiva, con el pelo negro y muy corto, casi el estereotipo de una ejecutiva joven. Cuando acudi\u00f3 a verme, su ropa reflejaba el nivel de su \u00e9xito: traje chaqueta y bolso de Chanel, pa\u00f1uelo de Herm\u00e8s, zapatos de Gucci, reloj Rolex y collar de diamantes. Sin embargo, cuando la mir\u00e9 a los ojos (cosa que no resultaba f\u00e1cil, ya que los apartaba en cuanto se percataba de que la observaba) detect\u00e9 tristeza; la luz proced\u00eda de los diamantes que rodeaban su cuello, no de su expresi\u00f3n.<\/span><\/span><\/span><\/span><\/em><\/p><\/blockquote>\n<blockquote><p><em><span style=\"color: #000000\">\u2013<\/span><\/em><em><span style=\"color: #000000\"><span style=\"font-family: Times New Roman, serif\"><span style=\"font-size: large\"><span lang=\"es-ES\">Necesito ayuda,\u2013 me pidi\u00f3 en el momento en que nos saludamos.<\/span><\/span><\/span><\/span><\/em><\/p><\/blockquote>\n<blockquote><p><em><span style=\"color: #000000\"><span style=\"font-family: Times New Roman, serif\"><span style=\"font-size: large\"><span lang=\"es-ES\">Se sent\u00f3 y empez\u00f3 a retorcer sus manos nerviosas en el regazo. Enseguida me di cuenta de que ten\u00eda tendencia a hablar con oraciones afirmativas sencillas enunciadas en voz alta que quedaba poco natural.<\/span><\/span><\/span><\/span><\/em><\/p><\/blockquote>\n<blockquote><p><em><span style=\"color: #000000\">\u2013<\/span><\/em><em><span style=\"color: #000000\"><span style=\"font-family: Times New Roman, serif\"><span style=\"font-size: large\"><span lang=\"es-ES\">Soy infeliz.<\/span><\/span><\/span><\/span><\/em><\/p><\/blockquote>\n<blockquote><p><em><span style=\"color: #000000\"><span style=\"font-family: Times New Roman, serif\"><span style=\"font-size: large\"><span lang=\"es-ES\">Se hizo el silencio.<\/span><\/span><\/span><\/span><\/em> <em><span style=\"color: #000000\"><span style=\"font-family: Times New Roman, serif\"><span style=\"font-size: large\">\u2013<\/span><\/span><\/span><\/em><em><span style=\"color: #000000\"><span style=\"font-family: Times New Roman, serif\"><span style=\"font-size: large\"><span lang=\"es-ES\">Siga,\u2013 le rogu\u00e9.<\/span><\/span><\/span><\/span><\/em><\/p><\/blockquote>\n<blockquote><p><em><span style=\"color: #000000\">\u2013<\/span><\/em><em><span style=\"color: #000000\"><span style=\"font-family: Times New Roman, serif\"><span style=\"font-size: large\"><span lang=\"es-ES\">\u00daltimamente he perdido toda mi alegr\u00eda.<\/span><\/span><\/span><\/span><\/em><\/p><\/blockquote>\n<blockquote><p><em><span style=\"color: #000000\"><span style=\"font-family: Times New Roman, serif\"><span style=\"font-size: large\"><span lang=\"es-ES\">La frase sonaba extra\u00f1amente formal. Record\u00e9 que era una cita de Hamlet. A veces los pacientes utilizan palabras prestadas para no tener que recurrir a las suyas propias. Es un mecanismo de defensa, una forma de ocultar los sentimientos. Esper\u00e9 a que siguiera.<\/span><\/span><\/span><\/span><\/em><\/p><\/blockquote>\n<blockquote><p><em><span style=\"color: #000000\"><span style=\"font-family: Times New Roman, serif\"><span style=\"font-size: large\"><span lang=\"es-ES\">Tard\u00f3 un rato.<\/span><\/span><\/span><\/span><\/em><\/p><\/blockquote>\n<blockquote><p><em><span style=\"color: #000000\">\u2013<\/span><\/em><em><span style=\"color: #000000\"><span style=\"font-family: Times New Roman, serif\"><span style=\"font-size: large\"><span lang=\"es-ES\">Antes me encantaba mi trabajo. Ahora no lo soporto. Antes quer\u00eda a mi marido. Ahora estamos divorciados. Cuando tengo que verle, apenas logro mirarle a la cara.<\/span><\/span><\/span><\/span><\/em><\/p><\/blockquote>\n<blockquote><p><em><span style=\"color: #000000\">\u2013<\/span><\/em><em><span style=\"color: #000000\"><span style=\"font-family: Times New Roman, serif\"><span style=\"font-size: large\"><span lang=\"es-ES\">\u00bfCu\u00e1ndo se inici\u00f3 ese cambio?\u2013 pregunt\u00e9.<\/span><\/span><\/span><\/span><\/em><\/p><\/blockquote>\n<blockquote><p><em><span style=\"color: #000000\">\u2013<\/span><\/em><em><span style=\"color: #000000\"><span style=\"font-family: Times New Roman, serif\"><span style=\"font-size: large\"><span lang=\"es-ES\">Cuando empezaron los atentados suicidas en Israel.<\/span><\/span><\/span><\/span><\/em><\/p><\/blockquote>\n<blockquote><p><em><span style=\"color: #000000\"><span style=\"font-family: Times New Roman, serif\"><span style=\"font-size: large\"><span lang=\"es-ES\">Aquella respuesta absolutamente inesperada me dej\u00f3 aturdido. A veces, los cambios de humor que suponen el paso de la felicidad a la depresi\u00f3n tienen su origen en el fallecimiento de uno de los padres (el de Evelyn, seg\u00fan supe despu\u00e9s, hab\u00eda muerto siendo ella una ni\u00f1a), la p\u00e9rdida del trabajo (desde luego, \u00e9se no era su problema) o las secuelas de una larga enfermedad (ella disfrutaba de excelente salud f\u00edsica). Los atentados suicidas, a no ser que uno fuera atacado directamente, eran, por decir algo, un detonante poco habitual.<\/span><\/span><\/span><\/span><\/em><\/p><\/blockquote>\n<blockquote><p><em><span style=\"color: #000000\"><span style=\"font-family: Times New Roman, serif\"><span style=\"font-size: large\"><span lang=\"es-ES\">Se ech\u00f3 a llorar.<\/span><\/span><\/span><\/span><\/em><\/p><\/blockquote>\n<blockquote><p><em><span style=\"color: #000000\">\u2013<\/span><\/em><em><span style=\"color: #000000\"><span style=\"font-family: Times New Roman, serif\"><span style=\"font-size: large\"><span lang=\"es-ES\">Pobres jud\u00edos. Pobres jud\u00edos. \u2013Tom\u00f3 aire y las l\u00e1grimas cesaron\u2013. \u00a1Los \u00e1rabes son unos cabrones!<\/span><\/span><\/span><\/span><\/em><\/p><\/blockquote>\n<blockquote><p><em><span style=\"color: #000000\"><span style=\"font-family: Times New Roman, serif\"><span style=\"font-size: large\"><span lang=\"es-ES\">Me pareci\u00f3 algo an\u00f3malo que una palabra as\u00ed saliera de su boca, y daba una idea de la rabia que hab\u00eda detr\u00e1s.<\/span><\/span><\/span><\/span><\/em><\/p><\/blockquote>\n<blockquote><p><em><span style=\"color: #000000\">\u2013<\/span><\/em><em><span style=\"color: #000000\"><span style=\"font-family: Times New Roman, serif\"><span style=\"font-size: large\"><span lang=\"es-ES\">\u00bfUsted es jud\u00eda, pues?\u2013 pregunt\u00e9.<\/span><\/span><\/span><\/span><\/em><\/p><\/blockquote>\n<blockquote><p><em><span style=\"color: #000000\">\u2013<\/span><\/em><em><span style=\"color: #000000\"><span style=\"font-family: Times New Roman, serif\"><span style=\"font-size: large\"><span lang=\"es-ES\">De los pies a la cabeza.<\/span><\/span><\/span><\/span><\/em><\/p><\/blockquote>\n<blockquote><p><em><span style=\"color: #000000\">\u2013<\/span><\/em><em><span style=\"color: #000000\"><span style=\"font-family: Times New Roman, serif\"><span style=\"font-size: large\"><span lang=\"es-ES\">\u00bfY sus padres? \u00bfEran tan fervorosos como usted?<\/span><\/span><\/span><\/span><\/em><\/p><\/blockquote>\n<blockquote><p><em><span style=\"color: #000000\">\u2013<\/span><\/em><em><span style=\"color: #000000\"><span style=\"font-family: Times New Roman, serif\"><span style=\"font-size: large\"><span lang=\"es-ES\">No. No eran muy religiosos. Yo tampoco, la verdad. Y no les importaba Israel. Para m\u00ed, es el \u00fanico pa\u00eds que importa. Los \u00e1rabes est\u00e1n empe\u00f1ados en destruirlo.<\/span><\/span><\/span><\/span><\/em><\/p><\/blockquote>\n<blockquote><p><em><span style=\"color: #000000\">\u2013<\/span><\/em><em><span style=\"color: #000000\"><span style=\"font-family: Times New Roman, serif\"><span style=\"font-size: large\"><span lang=\"es-ES\">\u00bfY su esposo?<\/span><\/span><\/span><\/span><\/em><\/p><\/blockquote>\n<blockquote><p><em><span style=\"color: #000000\">\u2013<\/span><\/em><em><span style=\"color: #000000\"><span style=\"font-family: Times New Roman, serif\"><span style=\"font-size: large\"><span lang=\"es-ES\">Bueno, dice que es jud\u00edo, pero Israel tambi\u00e9n le trae sin cuidado. Es una de las razones por las que le odio.\u2013 Se qued\u00f3 mir\u00e1ndome con hostilidad, quiz\u00e1 porque mantuve la calma pese a la vehemencia de su pasi\u00f3n. \u2013Mire, he perdido el apetito. No me apetece la comida, ni el sexo, ni el amor, ni el trabajo. Me siento frustrada e insatisfecha. No consigo dormir. Ahora necesito psicoterapia. Usted tiene buena reputaci\u00f3n. Ay\u00fademe.<\/span><\/span><\/span><\/span><\/em><\/p><\/blockquote>\n<blockquote><p><em><span style=\"color: #000000\">\u2013<\/span><\/em><em><span style=\"color: #000000\"><span style=\"font-family: Times New Roman, serif\"><span style=\"font-size: large\"><span lang=\"es-ES\">\u00bfPara descubrir de d\u00f3nde proceden la rabia y la ansiedad?<\/span><\/span><\/span><\/span><\/em><\/p><\/blockquote>\n<blockquote><p><em><span style=\"color: #000000\">\u2013<\/span><\/em><em><span style=\"color: #000000\"><span style=\"font-family: Times New Roman, serif\"><span style=\"font-size: large\"><span lang=\"es-ES\">Quiero recuperar la felicidad,\u2013 sentenci\u00f3, bajando la cabeza. \u2013Voy al cine. Voy de compras. Me voy a la cama. Y pienso en lo mucho que odio a los \u00e1rabes. Odio a la ONU. Ya s\u00e9 que han hecho cosas buenas, pero est\u00e1n dominados por antisemitas. Todos los votos van en contra de Israel. Soy consciente de que exagero. S\u00e9 que deber\u00edan importarme otras cosas, pero es que esos cabrones de los \u00e1rabes\u2026 \u00bfC\u00f3mo pueden matar a beb\u00e9s jud\u00edos? \u00bfC\u00f3mo van a importarme otras cosas?<\/span><\/span><\/span><\/span><\/em><\/p><\/blockquote>\n<p lang=\"es-ES\" align=\"center\"><span style=\"font-family: Times New Roman, serif\"><span style=\"font-size: large\">***<\/span><\/span><\/p>\n<blockquote><p><em><span style=\"color: #000000\"><span style=\"font-family: Times New Roman, serif\"><span style=\"font-size: large\"><span lang=\"es-ES\">Probamos la psicoterapia convencional, explorando su infancia en esta vida, pero las causas de la rabia y la ansiedad que sufr\u00eda no parec\u00edan estar ah\u00ed. Acept\u00f3 intentar una regresi\u00f3n.<\/span><\/span><\/span><\/span><\/em><\/p><\/blockquote>\n<blockquote><p><em><span style=\"color: #000000\">\u2013<\/span><\/em><em><span style=\"color: #000000\"><span style=\"font-family: Times New Roman, serif\"><span style=\"font-size: large\"><span lang=\"es-ES\">Vuelva al momento y al sitio en el que surgi\u00f3 por primera vez su ira,\u2013 requer\u00ed en cuanto entr\u00f3 en un estado hipn\u00f3tico profundo. No quise orientarla m\u00e1s. Ella misma elegir\u00eda el tiempo y el lugar.<\/span><\/span><\/span><\/span><\/em><\/p><\/blockquote>\n<blockquote><p><em><span style=\"color: #000000\">\u2013<\/span><\/em><em><span style=\"color: #000000\"><span style=\"font-family: Times New Roman, serif\"><span style=\"font-size: large\"><span lang=\"es-ES\">Estoy en la Segunda Guerra Mundial,\u2013 anunci\u00f3 con una voz grave y masculina, sentada muy erecta y con gesto de incredulidad. \u2013Soy un oficial nazi, miembro de las SS. Tengo un buen trabajo. Me dedico a supervisar la carga de jud\u00edos en los vagones de ganado que les llevar\u00e1n a Dachau, donde van a morir. Si alguno intenta huir, le pego un tiro. No me gusta hacerlo. No es que me importe matar a una de esas alima\u00f1as, sino que no me gusta nada perder una bala. Son caras. Nos han ordenado ahorrar munici\u00f3n siempre que sea posible.<\/span><\/span><\/span><\/span><\/em><\/p><\/blockquote>\n<blockquote><p><em><span style=\"color: #000000\"><span style=\"font-family: Times New Roman, serif\"><span style=\"font-size: large\"><span lang=\"es-ES\">Aquella despiadada letan\u00eda se contradec\u00eda con el horror mal disimulado de su voz y el ligero temblor que hab\u00eda hecho presa en su cuerpo. Como oficial alem\u00e1n, puede que no sintiera nada por la gente que mataba; como Evelyn, al recordarlo, sufr\u00eda un tormento.<\/span><\/span><\/span><\/span><\/em><\/p><\/blockquote>\n<blockquote><p><em><span style=\"color: #000000\"><span style=\"font-family: Times New Roman, serif\"><span style=\"font-size: large\"><span lang=\"es-ES\">He descubierto que la forma m\u00e1s segura de acabar reencarnado como miembro de un grupo concreto de personas (ya sea una religi\u00f3n, una raza, una nacionalidad o una cultura) es haberlo odiado en una vida anterior, haber demostrado prejuicios o violencia contra ese grupo. No me sorprendi\u00f3 que Evelyn hubiera sido nazi. Su vehemente postura proisrael\u00ed en esta vida era una compensaci\u00f3n por el antisemitismo de entonces que ella hab\u00eda acabado convirtiendo en una sobrecompensaci\u00f3n. El odio que hab\u00eda sentido por los jud\u00edos se hab\u00eda transformado en una animadversi\u00f3n igual de intensa hacia los \u00e1rabes. No era de extra\u00f1ar que se sintiera ansiosa, frustrada y deprimida. No hab\u00eda avanzado demasiado en su traves\u00eda hacia la salud.<\/span><\/span><\/span><\/span><\/em><\/p><\/blockquote>\n<p lang=\"es-ES\" align=\"center\"><span style=\"font-family: Times New Roman, serif\"><span style=\"font-size: large\">***<\/span><\/span><\/p>\n<blockquote><p><em><span style=\"color: #000000\"><span style=\"font-family: Times New Roman, serif\"><span style=\"font-size: large\"><span lang=\"es-ES\">Despu\u00e9s pas\u00f3 a otra parte de su vida como alem\u00e1n. El ej\u00e9rcito aliado hab\u00eda entrado en Polonia y ella hab\u00eda muerto en el frente durante una encarnizada batalla. En su evaluaci\u00f3n vital, tras morir en aquella existencia, sinti\u00f3 remordimientos y una culpa tremenda, pero necesitaba volver para confirmar que hab\u00eda aprendido la lecci\u00f3n y para resarcir a todos los que hab\u00eda perjudicado como oficial de las SS.<\/span><\/span><\/span><\/span><\/em><\/p><\/blockquote>\n<blockquote><p><em><span style=\"color: #000000\"><span style=\"font-family: Times New Roman, serif\"><span style=\"font-size: large\"><span lang=\"es-ES\">Todos somos almas, todos formamos parte del Alma \u00fanica, todos somos iguales, seamos alemanes o jud\u00edos, cristianos o \u00e1rabes, pero, al parecer, Evelyn no hab\u00eda aprendido esa lecci\u00f3n. Su odio no hab\u00eda desaparecido.<\/span><\/span><\/span><\/span><\/em><\/p><\/blockquote>\n<blockquote><p><em><span style=\"color: #000000\">\u2013<\/span><\/em><em><span style=\"color: #000000\"><span style=\"font-family: Times New Roman, serif\"><span style=\"font-size: large\"><span lang=\"es-ES\">Vamos a hacer un experimento,\u2013 propuse tras devolverla al presente. \u2013\u00bfSe anima?<\/span><\/span><\/span><\/span><\/em><\/p><\/blockquote>\n<blockquote><p><em><span style=\"color: #000000\"><span style=\"font-family: Times New Roman, serif\"><span style=\"font-size: large\"><span lang=\"es-ES\">Acept\u00f3 encantada.<\/span><\/span><\/span><\/span><\/em><\/p><\/blockquote>\n<blockquote><p><em><span style=\"color: #000000\"><span style=\"font-family: Times New Roman, serif\"><span style=\"font-size: large\"><span lang=\"es-ES\">Se puso c\u00f3moda, sus manos contuvieron su juego ansioso. Me mir\u00f3 con expectaci\u00f3n.<\/span><\/span><\/span><\/span><\/em><\/p><\/blockquote>\n<blockquote><p><em><span style=\"color: #000000\">\u2013<\/span><\/em><em><span style=\"color: #000000\"><span style=\"font-family: Times New Roman, serif\"><span style=\"font-size: large\"><span lang=\"es-ES\">Creo que somos capaces de influir en nuestras vidas futuras a trav\u00e9s de nuestras acciones en \u00e9sta,\u2013 empec\u00e9. \u2013En este mismo instante, usted est\u00e1 influyendo en su vida futura con la rabia que siente hacia los \u00e1rabes, del mismo modo que su antiguo odio por los jud\u00edos influy\u00f3 en la otra. Ahora, lo que quiero es que realice una progresi\u00f3n hasta la que probablemente ser\u00e1 su pr\u00f3xima vida si sigue el mismo rumbo de la actualidad, si sigue siendo la Evelyn de hoy, si la persona que vino a pedirme ayuda no cambia.<\/span><\/span><\/span><\/span><\/em><\/p><\/blockquote>\n<blockquote><p><em><span style=\"color: #000000\"><span style=\"font-family: Times New Roman, serif\"><span style=\"font-size: large\"><span lang=\"es-ES\">La llev\u00e9 hasta un estado hipn\u00f3tico profundo y al gui\u00e9 hasta una vida futura que tuviera conexiones con la vida del oficial alem\u00e1n y con la vida actual, marcada por sus ideas anti\u00e1rabes. Ten\u00eda los ojos cerrados, pero era evidente que ve\u00edan con total nitidez.<\/span><\/span><\/span><\/span><\/em><\/p><\/blockquote>\n<blockquote><p><em><span style=\"color: #000000\">\u2013<\/span><\/em><em><span style=\"color: #000000\"><span style=\"font-family: Times New Roman, serif\"><span style=\"font-size: large\"><span lang=\"es-ES\">Soy una chica musulmana. Soy \u00e1rabe. Una adolescente. Estoy en una chabola hecha de hojalata, como las de los beduinos. Vivo aqu\u00ed desde siempre.<\/span><\/span><\/span><\/span><\/em><\/p><\/blockquote>\n<blockquote><p><em><span style=\"color: #000000\">\u2013<\/span><\/em><em><span style=\"color: #000000\"><span style=\"font-family: Times New Roman, serif\"><span style=\"font-size: large\"><span lang=\"es-ES\">\u00bfD\u00f3nde est\u00e1 esa chabola?\u2013 pregunt\u00e9.<\/span><\/span><\/span><\/span><\/em><\/p><\/blockquote>\n<blockquote><p><em><span style=\"color: #000000\"><span style=\"font-family: Times New Roman, serif\"><span style=\"font-size: large\"><span lang=\"es-ES\">Frunci\u00f3 el entrecejo.<\/span><\/span><\/span><\/span><\/em><\/p><\/blockquote>\n<blockquote><p><em><span style=\"color: #000000\">\u2013<\/span><\/em><em><span style=\"color: #000000\"><span style=\"font-family: Times New Roman, serif\"><span style=\"font-size: large\"><span lang=\"es-ES\">En los territorios palestinos o en Jordania. No se ve con claridad. Las fronteras han cambiado.<\/span><\/span><\/span><\/span><\/em><\/p><\/blockquote>\n<blockquote><p><em><span style=\"color: #000000\">\u2013<\/span><\/em><em><span style=\"color: #000000\"><span style=\"font-family: Times New Roman, serif\"><span style=\"font-size: large\"><span lang=\"es-ES\">\u00bfCu\u00e1ndo ha sucedido eso?<\/span><\/span><\/span><\/span><\/em><\/p><\/blockquote>\n<blockquote><p><em><span style=\"color: #000000\">\u2013<\/span><\/em><em><span style=\"color: #000000\"><span style=\"font-family: Times New Roman, serif\"><span style=\"font-size: large\"><span lang=\"es-ES\">Cambian constantemente. Pero todo lo dem\u00e1s sigue igual. La guerra contra los jud\u00edos no se ha acabado. Siempre que hay un per\u00edodo de paz, los radicales la estropean. Y por eso somos pobres. Siempre seremos pobres\u2013. Su voz cobr\u00f3 un tono \u00e1spero. \u2013Es culpa de los jud\u00edos, que son ricos y no nos ayudan. Somos sus v\u00edctimas<\/span><\/span><\/span><\/span><\/em><span style=\"color: #000000\"><span style=\"font-family: Times New Roman, serif\"><span style=\"font-size: large\">.<\/span><\/span><\/span><\/p><\/blockquote>\n<blockquote><p><em><span style=\"color: #000000\"><span style=\"font-family: Times New Roman, serif\"><span style=\"font-size: large\"><span lang=\"es-ES\">Le ped\u00ed que avanzara en esa vida \u00e1rabe, pero muri\u00f3 poco despu\u00e9s \u00abde una enfermedad\u00bb y no fue capaz de a\u00f1adir nada m\u00e1s. En cambio, pudo vislumbrar la vida posterior a \u00e9sa. Era un hombre cristiano y viv\u00eda en el \u00c1frica oriental. Estaba muy enfadado por el aumento de la poblaci\u00f3n hind\u00fa en la regi\u00f3n. (Es incre\u00edble, pens\u00e9 entonces. Los prejuicios nunca mueren.) En su evaluaci\u00f3n vital, reconoci\u00f3 que siempre hab\u00eda habido y siempre iba a haber alguien a quien odiar, pero al menos en aquel momento se produjo, por fin, una epifan\u00eda.<\/span><\/span><\/span><\/span><\/em><\/p><\/blockquote>\n<blockquote><p><em><span style=\"color: #000000\">\u2013<\/span><\/em><em><span style=\"color: #000000\"><span style=\"font-family: Times New Roman, serif\"><span style=\"font-size: large\"><span lang=\"es-ES\">El amor y la compasi\u00f3n son los ant\u00eddotos contra el odio y la rabia,\u2013 asegur\u00f3 con una voz cargada de asombro.\u2013 La violencia s\u00f3lo sirve para perpetuar el sufrimiento.<\/span><\/span><\/span><\/span><\/em><\/p><\/blockquote>\n<blockquote><p><em><span style=\"color: #000000\"><span style=\"font-family: Times New Roman, serif\"><span style=\"font-size: large\"><span lang=\"es-ES\">Cuando la hice regresar al presente, hablamos de lo que hab\u00eda aprendido. Sab\u00eda que ten\u00eda que modificar sus ideas preconcebidas hacia otros pueblos y otras culturas. Ten\u00eda que cambiar el odio por la comprensi\u00f3n. Esos conceptos son f\u00e1ciles de entender mentalmente, pero no de asimilar como forma de conducta.<\/span><\/span><\/span><\/span><\/em><\/p><\/blockquote>\n<blockquote><p><em><span style=\"color: #000000\">\u2013<\/span><\/em><em><span style=\"color: #000000\"><span style=\"font-family: Times New Roman, serif\"><span style=\"font-size: large\"><span lang=\"es-ES\">Ha necesitado dos vidas posibles para interiorizarlo,\u2013se\u00f1al\u00e9, \u2013pero, \u00bfy si pudiera acelerar el cambio ahora que ha captado el concepto en el presente? \u00bfC\u00f3mo ser\u00edan entonces sus vidas futuras?<\/span><\/span><\/span><\/span><\/em><\/p><\/blockquote>\n<p lang=\"es-ES\" align=\"center\"><span style=\"font-family: Times New Roman, serif\"><span style=\"font-size: large\">***<\/span><\/span><\/p>\n<blockquote><p><em><span style=\"color: #000000\"><span style=\"font-family: Times New Roman, serif\"><span style=\"font-size: large\"><span lang=\"es-ES\">En nuestra siguiente sesi\u00f3n, Evelyn hizo una progresi\u00f3n hasta una vida futura que relacionaba la del oficial alem\u00e1n con su rabia actual.<\/span><\/span><\/span><\/span><\/em><\/p><\/blockquote>\n<blockquote><p><em><span style=\"color: #000000\">\u2013<\/span><\/em><em><span style=\"color: #000000\"><span style=\"font-family: Times New Roman, serif\"><span style=\"font-size: large\"><span lang=\"es-ES\">Esta vez vamos a probar algo distinto \u2013le plante\u00e9\u2013. Tiene que desligarse de todos los prejuicios de su existencia actual. Tiene que ver a todas las almas y a todas las personas como iguales, como seres conectados entre s\u00ed por la energ\u00eda espiritual del amor.<\/span><\/span><\/span><\/span><\/em><\/p><\/blockquote>\n<blockquote><p><em><span style=\"color: #000000\"><span style=\"font-family: Times New Roman, serif\"><span style=\"font-size: large\"><span lang=\"es-ES\">La invadi\u00f3 una gran calma. Por lo visto, su futuro hab\u00eda cambiado completamente. No encontr\u00f3 vidas en Palestina ni en \u00c1frica oriental, sino lo siguiente:<\/span><\/span><\/span><\/span><\/em><\/p><\/blockquote>\n<blockquote><p><em><span style=\"color: #000000\">\u2013<\/span><\/em><em><span style=\"color: #000000\"><span style=\"font-family: Times New Roman, serif\"><span style=\"font-size: large\"><span lang=\"es-ES\">Soy la directora de un hotel de Hawai. Tambi\u00e9n es balneario. Llevo un hotel y un balneario preciosos. Hay flores por todas partes. Los clientes proceden de todo el mundo, de pa\u00edses y culturas distintos. Vienen para encontrar una energ\u00eda regenerativa. No resulta dif\u00edcil, porque el balneario est\u00e1 muy bien administrado y el emplazamiento es espl\u00e9ndido\u2013. Se sonri\u00f3 ante la visi\u00f3n. \u2013Tengo mucha suerte, puedo disfrutar de las instalaciones todo el a\u00f1o.<\/span><\/span><\/span><\/span><\/em><\/p><\/blockquote>\n<blockquote><p><em><span style=\"color: #000000\"><span style=\"font-family: Times New Roman, serif\"><span style=\"font-size: large\"><span lang=\"es-ES\">Por descontado, imaginarse como director de un balneario fant\u00e1stico en un lugar precioso rodeado de aroma de hibisco es una fantas\u00eda muy agradable. Lo que vio Evelyn en ese viaje al futuro podr\u00eda haber sido perfectamente una ilusi\u00f3n, una proyecci\u00f3n, o una visualizaci\u00f3n de sus deseos. Cuando retrotraigo a alguien, a veces resulta complicado distinguir entre recuerdo real y met\u00e1fora, entre imaginaci\u00f3n y s\u00edmbolo. No obstante, en las vidas pasadas visualizadas se dispone de un indicio de autenticidad cuando una persona habla un idioma que nunca ha aprendido en \u00e9sta (fen\u00f3meno que se conoce como xenoglosia), lo cual indica que est\u00e1 ofreciendo detalles hist\u00f3ricos fieles. Otro indicio es que el recuerdo provoque una emoci\u00f3n intensa. En las progresiones, en cambio, las emociones intensas son muy habituales, pero la validaci\u00f3n resulta mucho m\u00e1s dif\u00edcil. Trabajo sobre la base de que, aunque una progresi\u00f3n no pueda comprobarse, no deja de ser una eficaz herramienta de curaci\u00f3n. S\u00ed, es posible que se den met\u00e1foras y fantas\u00edas, pero lo importante es que el paciente sane. Con las regresiones y las progresiones, los s\u00edntomas desaparecen, las enfermedades remiten, la ansiedad, la depresi\u00f3n y el miedo quedan mitigados.<\/span><\/span><\/span><\/span><\/em><\/p><\/blockquote>\n<blockquote><p><em><span style=\"color: #000000\"><span style=\"font-family: Times New Roman, serif\"><span style=\"font-size: large\"><span lang=\"es-ES\">Nadie ha encontrado a\u00fan una forma de confirmar que el futuro imaginado vaya a suceder realmente. Los pocos que han seguido mi estela en este campo de investigaci\u00f3n se encuentran de forma inevitable con esa ambig\u00fcedad. Es cierto que, si un paciente realiza una progresi\u00f3n hacia un momento futuro de su vida actual, lo que vea puede confirmarse cuando se cumpla, pero incluso en esos casos cabe la posibilidad de que, al haber vislumbrado el paciente su futuro, decida encaminar su vida en esa direcci\u00f3n concreta; el mero hecho de que una visi\u00f3n sea producto de la fantas\u00eda no impide que el sujeto pueda hacerla realidad.<\/span><\/span><\/span><\/span><\/em><\/p><\/blockquote>\n<blockquote><p><em><span style=\"color: #000000\"><span style=\"font-family: Times New Roman, serif\"><span style=\"font-size: large\"><span lang=\"es-ES\">Los pacientes se sientan ante m\u00ed con los ojos cerrados. Todo lo que les pasa por la cabeza, ya sea una met\u00e1fora, un s\u00edmbolo, una fantas\u00eda o un recuerdo real, contribuye al proceso de curaci\u00f3n. \u00c9sa es la base del psicoan\u00e1lisis y tambi\u00e9n del trabajo que realizo, aunque el espectro de mi actividad es m\u00e1s amplio, ya que abarca el pasado remoto y el futuro. Desde mi perspectiva de sanador, el hecho de que las visiones de Evelyn sobre lo sucedido en el pasado y lo que est\u00e1 por venir sean reales o no carece de importancia. Es probable que su vida como oficial alem\u00e1n fuera cierta, ya que su recuerdo fue acompa\u00f1ado de intensa emoci\u00f3n. Y s\u00e9 a ciencia cierta que sus visiones de existencias futuras tuvieron una fuerte influencia en su vida, ya que le transmitieron algo: si no cambias, vas a repetir este ciclo destructivo de agresor y de v\u00edctima, pero, si das un golpe de tim\u00f3n, puedes romperlo. Sus distintas visiones del futuro le ense\u00f1aron que pod\u00eda determinar su porvenir mediante el ejercicio del libre albedr\u00edo. Y que el momento de empezar a ponerlo en pr\u00e1ctica era el presente inmediato.<\/span><\/span><\/span><\/span><\/em><\/p><\/blockquote>\n<blockquote><p><em><span style=\"color: #000000\"><span style=\"font-family: Times New Roman, serif\"><span style=\"font-size: large\"><span lang=\"es-ES\">Evelyn decidi\u00f3 no esperar a su pr\u00f3xima vida para experimentar la curaci\u00f3n y para ofrec\u00e9rsela a los dem\u00e1s. A los pocos meses de nuestra \u00faltima sesi\u00f3n, dej\u00f3 su trabajo en la empresa y abri\u00f3 una casa de turismo rural en el estado de Vermont. Suele practicar yoga y meditaci\u00f3n. Tanto en apariencia como en su interior, profundamente se ha librado de la rabia y los prejuicios que la atenazaban. Las progresiones le permitieron alcanzar la felicidad que buscaba cuando recurri\u00f3 a m\u00ed. Y yo descubr\u00ed en ella un modelo de la fuerza de la progresi\u00f3n y una mayor seguridad para utilizarla como instrumento terap\u00e9utico.<\/span><\/span><\/span><\/span><\/em><\/p><\/blockquote>\n<p style=\"text-align: justify\" align=\"justify\"><span style=\"font-family: Times New Roman, serif\"><span style=\"font-size: large\"><span lang=\"es-ES\">Doctor Brian Weiss. <\/span><span lang=\"es-ES\"><i>Muchos cuerpos, una misma alma.<\/i><\/span> <span lang=\"es-ES\">Primera edici\u00f3n castellana en r\u00fastica de la Editorial Zeta. P\u00e1ginas 65 a 74.<br \/>\n<\/span><\/span><\/span><span style=\"font-family: Times New Roman, serif\"><span style=\"font-size: large\"><b>Correcci\u00f3n respecto la versi\u00f3n inglesa original: Loto Perrella.<\/b><\/span><\/span><\/p>","protected":false},"excerpt":{"rendered":"<p>Respetar los individuos de otras condiciones. El testimonio de Evelyn. Este caso del Doctor Brian Weiss pertenece a una paciente que aqu\u00ed toma el nombre de Evelyn, donde se evidencia &hellip; <a href=\"https:\/\/animaweb.blog.pangea.org\/es\/respectar-els-individus-de-les-altres-condicions-el-testimoni-develyn\/\" class=\"more-link\">Continuar leyendo<span class=\"screen-reader-text\"> \u00abRespetar los individuos de las otras condiciones. El testimonio de Evelyn.\u00bb<\/span><\/a><\/p>\n","protected":false},"author":12345698,"featured_media":0,"parent":0,"menu_order":0,"comment_status":"closed","ping_status":"closed","template":"","meta":{"ngg_post_thumbnail":0,"footnotes":""},"class_list":["post-278","page","type-page","status-publish","hentry"],"_links":{"self":[{"href":"https:\/\/animaweb.blog.pangea.org\/es\/wp-json\/wp\/v2\/pages\/278","targetHints":{"allow":["GET"]}}],"collection":[{"href":"https:\/\/animaweb.blog.pangea.org\/es\/wp-json\/wp\/v2\/pages"}],"about":[{"href":"https:\/\/animaweb.blog.pangea.org\/es\/wp-json\/wp\/v2\/types\/page"}],"author":[{"embeddable":true,"href":"https:\/\/animaweb.blog.pangea.org\/es\/wp-json\/wp\/v2\/users\/12345698"}],"replies":[{"embeddable":true,"href":"https:\/\/animaweb.blog.pangea.org\/es\/wp-json\/wp\/v2\/comments?post=278"}],"version-history":[{"count":33,"href":"https:\/\/animaweb.blog.pangea.org\/es\/wp-json\/wp\/v2\/pages\/278\/revisions"}],"predecessor-version":[{"id":2243,"href":"https:\/\/animaweb.blog.pangea.org\/es\/wp-json\/wp\/v2\/pages\/278\/revisions\/2243"}],"wp:attachment":[{"href":"https:\/\/animaweb.blog.pangea.org\/es\/wp-json\/wp\/v2\/media?parent=278"}],"curies":[{"name":"wp","href":"https:\/\/api.w.org\/{rel}","templated":true}]}}