{"id":26,"date":"2018-01-17T20:47:37","date_gmt":"2018-01-17T18:47:37","guid":{"rendered":"http:\/\/animaweb.blog.pangea.org\/?page_id=26"},"modified":"2023-01-19T06:53:01","modified_gmt":"2023-01-19T04:53:01","slug":"jose-luis-cabouli-lanima-es-el-xofer-el-cos-el-vehicle","status":"publish","type":"page","link":"https:\/\/animaweb.blog.pangea.org\/es\/jose-luis-cabouli-lanima-es-el-xofer-el-cos-el-vehicle\/","title":{"rendered":"Jos\u00e9 Luis Cabouli: \u00abEl alma es el ch\u00f3fer; el cuerpo, el veh\u00edculo\u00bb."},"content":{"rendered":"<h1 class=\"western\" align=\"center\"><span style=\"font-family: Times New Roman, serif\"><span style=\"font-size: x-large\">Jos\u00e9 Luis Cabouli: \u00abEl alma es el ch\u00f3fer; el cuerpo, el veh\u00edculo\u00bb.<\/span><\/span><\/h1>\n<p class=\"western\" lang=\"es-ES\" align=\"justify\"><span style=\"font-family: Times New Roman, serif\"><span style=\"font-size: large\"><b><img loading=\"lazy\" decoding=\"async\" class=\"alignright wp-image-773 size-full\" title=\"El Peri\u00f3dico de Catalunya. Logo.\" src=\"https:\/\/animaweb.cat\/files\/2020\/01\/El_Periodico_de_Catalunya_Logotip_72ppp_200x39px.png\" alt=\"El Peri\u00f3dico de Catalunya. Logo.\" width=\"200\" height=\"39\" \/>El Peri\u00f3dico de Catalunya. Mi\u00e9rcoles, 8 de octubre de 2008.<\/b><\/span><\/span><\/p>\n<p class=\"western\" lang=\"es-ES\" align=\"justify\"><span style=\"font-family: Times New Roman, serif\"><span style=\"font-size: large\"><i>Jos\u00e9 Luis Cabouli practica la Terapia de las Vidas Pasadas. Es m\u00e9dico y cirujano del alma. Asume que existe la reencarnaci\u00f3n y trabaja con pacientes que arrastran traumas de otras vidas.<\/i><\/span><\/span><\/p>\n<h1 class=\"western\" align=\"justify\"><span style=\"font-family: Times New Roman, serif\"><span style=\"font-size: large\">Jos\u00e9 Luis Cabouli: \u00abEl alma es el ch\u00f3fer; el cuerpo, el veh\u00edculo\u00bb.<\/span><\/span><\/h1>\n<p class=\"western\" lang=\"es-ES\" align=\"justify\"><span style=\"font-family: Times New Roman, serif\"><span style=\"font-size: large\">Gaspar Hern\u00e0ndez.<\/span><\/span><\/p>\n<figure id=\"attachment_27\" aria-describedby=\"caption-attachment-27\" style=\"width: 400px\" class=\"wp-caption alignnone\"><img loading=\"lazy\" decoding=\"async\" class=\"wp-image-27 size-full\" title=\"Jos\u00e9 Luis Cabouli. Foto: Elisenda Pons.\" src=\"http:\/\/animaweb.blog.pangea.org\/files\/2018\/01\/Jose_Luis_Cabouli_-_Foto_1_400x358px.png\" alt=\"Jos\u00e9 Luis Cabouli. Foto: Elisenda Pons.\" width=\"400\" height=\"358\" srcset=\"https:\/\/animaweb.blog.pangea.org\/files\/2018\/01\/Jose_Luis_Cabouli_-_Foto_1_400x358px.png 400w, https:\/\/animaweb.blog.pangea.org\/files\/2018\/01\/Jose_Luis_Cabouli_-_Foto_1_400x358px-300x269.png 300w\" sizes=\"auto, (max-width: 400px) 85vw, 400px\" \/><figcaption id=\"caption-attachment-27\" class=\"wp-caption-text\">Jos\u00e9 Luis Cabouli. Foto: Elisenda Pons.<\/figcaption><\/figure>\n<p class=\"western\" lang=\"es-ES\" align=\"justify\"><span style=\"font-family: Times New Roman, serif\"><span style=\"font-size: large\"><b><br \/>\nJos\u00e9 Luis Cabouli. Foto: Elisenda Pons.<\/b><\/span><\/span><\/p>\n<p class=\"western\" lang=\"es-ES\" align=\"justify\"><span style=\"font-family: Times New Roman, serif\"><span style=\"font-size: large\">Mi\u00e9rcoles, 08-10-2008 a las 0 horas. <\/span><\/span><\/p>\n<p class=\"western\" align=\"justify\">\u2013<span style=\"font-family: Times New Roman, serif\"><span style=\"font-size: large\"><span lang=\"es-ES\"><b>Usted dej\u00f3 la medicina. \u00bfPor qu\u00e9?\u2013<\/b><\/span><\/span><\/span><\/p>\n<p class=\"western\" align=\"justify\">\u2013<span style=\"font-family: Times New Roman, serif\"><span style=\"font-size: large\"><span lang=\"es-ES\">Fue el destino. Era cirujano pl\u00e1stico y en 1988 me tom\u00e9 vacaciones. Una noche, estando en una playa haciendo meditaci\u00f3n, me cambi\u00f3 la vida. Me vino claramente la certeza de que ten\u00eda que dejar la cirug\u00eda y dedicarme a la cirug\u00eda del alma.\u2013<\/span><\/span><\/span><\/p>\n<p class=\"western\" align=\"justify\">\u2013<span style=\"font-family: Times New Roman, serif\"><span style=\"font-size: large\"><span lang=\"es-ES\"><b>Inicialmente no pensaba dedicarse a ello.\u2013<\/b><\/span><\/span><\/span><\/p>\n<p class=\"western\" align=\"justify\">\u2013<span style=\"font-family: Times New Roman, serif\"><span style=\"font-size: large\"><span lang=\"es-ES\">Pero he aprendido que, cuando uno no hace lo que tiene que hacer, la vida te obliga a hacerlo.\u2013<\/span><\/span><\/span><\/p>\n<p class=\"western\" align=\"justify\">\u2013<span style=\"font-family: Times New Roman, serif\"><span style=\"font-size: large\"><span lang=\"es-ES\"><b>\u00bfQu\u00e9 es la Terapia de las Vidas Pasadas?\u2013<\/b><\/span><\/span><\/span><\/p>\n<p class=\"western\" align=\"justify\">\u2013<span style=\"font-family: Times New Roman, serif\"><span style=\"font-size: large\"><span lang=\"es-ES\">Consiste en traer a la consciencia f\u00edsica episodios y eventos traum\u00e1ticos que est\u00e1n reprimidos en el inconsciente, y que por eso provocan desajustes en el d\u00eda a d\u00eda.\u2013<\/span><\/span><\/span><\/p>\n<p class=\"western\" align=\"justify\">\u2013<span style=\"font-family: Times New Roman, serif\"><span style=\"font-size: large\"><span lang=\"es-ES\"><b>\u00bfSon hechos que uno ha vivido?\u2013<\/b><\/span><\/span><\/span><\/p>\n<p class=\"western\" align=\"justify\">\u2013<span style=\"font-family: Times New Roman, serif\"><span style=\"font-size: large\"><span lang=\"es-ES\">S\u00ed que los hemos vivido, pero en otras vidas. Hay relaciones directas entre traumas de vidas pasadas y el conflicto emocional actual de una persona.\u2013<\/span><\/span><\/span><\/p>\n<p class=\"western\" align=\"justify\">\u2013<span style=\"font-family: Times New Roman, serif\"><span style=\"font-size: large\"><span lang=\"es-ES\"><b>\u00bfY c\u00f3mo sabe que pertenecen a una vida pasada y no al inconsciente colectivo?\u2013<\/b><\/span><\/span><\/span><\/p>\n<p class=\"western\" align=\"justify\">\u2013<span style=\"font-family: Times New Roman, serif\"><span style=\"font-size: large\"><span lang=\"es-ES\">En primer lugar, no sabemos exactamente qu\u00e9 es el inconsciente colectivo. Y, si fuese tan f\u00e1cil obtener informaci\u00f3n del inconsciente colectivo, entonces har\u00edamos los ex\u00e1menes conect\u00e1ndonos con el inconsciente colectivo.\u2013<\/span><\/span><\/span><\/p>\n<p class=\"western\" align=\"justify\">\u2013<span style=\"font-family: Times New Roman, serif\"><span style=\"font-size: large\"><span lang=\"es-ES\"><b>Los pacientes que no creen en vidas pasadas, \u00bfse curan?\u2013<\/b><\/span><\/span><\/span><\/p>\n<p class=\"western\" align=\"justify\">\u2013<span style=\"font-family: Times New Roman, serif\"><span style=\"font-size: large\"><span lang=\"es-ES\">Desde el punto de vista terap\u00e9utico, no importa si las vidas pasadas existen o no existen. Todos tenemos experiencias en el subconsciente que no pertenecen al marco de esta vida. Ernesto S\u00e1bato defini\u00f3 el inconsciente como la realidad m\u00e1s verdadera que existe. Todo lo que tenemos en el inconsciente saldr\u00e1 a la vida cotidiana.\u2013<\/span><\/span><\/span><\/p>\n<p class=\"western\" align=\"justify\">\u2013<span style=\"font-family: Times New Roman, serif\"><span style=\"font-size: large\"><span lang=\"es-ES\"><b>Usted cree en la reencarnaci\u00f3n.\u2013<\/b><\/span><\/span><\/span><\/p>\n<p class=\"western\" align=\"justify\">\u2013<span style=\"font-family: Times New Roman, serif\"><span style=\"font-size: large\"><span lang=\"es-ES\">Cre\u00eda en ella, hasta que empec\u00e9 a trabajar con las vidas pasadas. Cuando empec\u00e9 a experimentar en m\u00ed mismo episodios de vidas anteriores, dej\u00e9 de creer en la reencarnaci\u00f3n para asumirla como una realidad, como una experiencia.\u2013<\/span><\/span><\/span><\/p>\n<p class=\"western\" align=\"justify\">\u2013<span style=\"font-family: Times New Roman, serif\"><span style=\"font-size: large\"><span lang=\"es-ES\"><b>\u00bfCu\u00e1ntas vidas pasadas ha tenido usted?\u2013<\/b><\/span><\/span><\/span><\/p>\n<p class=\"western\" align=\"justify\">\u2013<span style=\"font-family: Times New Roman, serif\"><span style=\"font-size: large\"><span lang=\"es-ES\">Imposible de saber. En el transcurso de un trabajo terap\u00e9utico puedes trabajar 12 o 20 vidas. Buda tuvo 500 vidas negativas y 500 positivas antes de alcanzar la iluminaci\u00f3n. Lo \u00fanico que aparece cuando uno trabaja es lo realmente trascendente para el alma.\u2013<\/span><\/span><\/span><\/p>\n<p class=\"western\" align=\"justify\">\u2013<span style=\"font-family: Times New Roman, serif\"><span style=\"font-size: large\"><span lang=\"es-ES\"><b>\u00bfCu\u00e1ntas vidas tiene el alma?\u2013<\/b><\/span><\/span><\/span><\/p>\n<p class=\"western\" align=\"justify\">\u2013<span style=\"font-family: Times New Roman, serif\"><span style=\"font-size: large\"><span lang=\"es-ES\">Una sola vida. Los cuerpos son instrumentos y veh\u00edculos para llevar a cabo las experiencias que el alma necesita para evolucionar. El alma es una entidad que mantiene su individualidad o su esencia permanentemente. T\u00fa has sido t\u00fa, y ser\u00e1s siempre el mismo.\u2013<\/span><\/span><\/span><\/p>\n<p class=\"western\" align=\"justify\">\u2013<span style=\"font-family: Times New Roman, serif\"><span style=\"font-size: large\"><span lang=\"es-ES\"><b>Aunque me muera.\u2013<\/b><\/span><\/span><\/span><\/p>\n<p class=\"western\" align=\"justify\">\u2013<span style=\"font-family: Times New Roman, serif\"><span style=\"font-size: large\"><span lang=\"es-ES\">Muere tu cuerpo, no tu alma. Necesitas un veh\u00edculo en este mundo, que es el cuerpo. Pero el cuerpo no aguanta para siempre, y el alma necesitar\u00e1 otros cuerpos para cumplir su plan.\u2013<\/span><\/span><\/span><\/p>\n<p class=\"western\" align=\"justify\">\u2013<span style=\"font-family: Times New Roman, serif\"><span style=\"font-size: large\"><span lang=\"es-ES\"><b>\u00bfEl alma tiene un plan?\u2013<\/b><\/span><\/span><\/span><\/p>\n<p class=\"western\" align=\"justify\">\u2013<span style=\"font-family: Times New Roman, serif\"><span style=\"font-size: large\"><span lang=\"es-ES\">S\u00ed, un trayecto. El alma es el ch\u00f3fer y el cuerpo es el veh\u00edculo. Y utilizamos este veh\u00edculo para concluir con las experiencias que necesitamos para crecer, para evolucionar, quien sabe hasta d\u00f3nde.\u2013<\/span><\/span><\/span><\/p>\n<p class=\"western\" align=\"justify\">\u2013<span style=\"font-family: Times New Roman, serif\"><span style=\"font-size: large\"><span lang=\"es-ES\"><b>\u00bfSeg\u00fan los designios de algo superior?\u2013<\/b><\/span><\/span><\/span><\/p>\n<p class=\"western\" align=\"justify\">\u2013<span style=\"font-family: Times New Roman, serif\"><span style=\"font-size: large\"><span lang=\"es-ES\">Yo creo que es un trabajo en equipo. Hay un arquitecto que dirige el plan del universo y, dentro de ese plan, cada alma tiene una funci\u00f3n a cumplir. Estamos aqu\u00ed para darnos cuenta de que somos uno: pertenecemos a un todo. Pero la ilusi\u00f3n de estar en un cuerpo nos hace creer que estamos separados y que somos entes individuales. Pero en realidad, cuando trascendemos eso, vemos que formamos parte de un solo ser.\u2013<\/span><\/span><\/span><\/p>\n<p class=\"western\" align=\"justify\">\u2013<span style=\"font-family: Times New Roman, serif\"><span style=\"font-size: large\"><span lang=\"es-ES\"><b>\u00bfC\u00f3mo puedo conectar con el recuerdo de una vida anterior?\u2013<\/b><\/span><\/span><\/span><\/p>\n<p class=\"western\" align=\"justify\">\u2013<span style=\"font-family: Times New Roman, serif\"><span style=\"font-size: large\"><span lang=\"es-ES\">Conectar con las vidas pasadas es bastante sencillo. En primer lugar, puede ocurrir espont\u00e1neamente o puede ser provocado. Espont\u00e1neamente suele ocurrir haciendo meditaci\u00f3n, en sue\u00f1os, cuando leemos un libro, vemos una pel\u00edcula o visitamos un lugar concreto, entonces recibimos un conocimiento instant\u00e1neo. Es frecuente que los ni\u00f1os de 2 a 6 a\u00f1os tengan recuerdos espont\u00e1neos de sus vidas anteriores, porque todav\u00eda no han actuado los mecanismos de censura de la intelectualidad. Sin embargo, los padres lo toman como una fantas\u00eda.\u2013<\/span><\/span><\/span><\/p>\n<p class=\"western\" align=\"justify\">\u2013<span style=\"font-family: Times New Roman, serif\"><span style=\"font-size: large\"><span lang=\"es-ES\"><b>Usted es m\u00e9dico, tiene formaci\u00f3n cient\u00edfica. \u00bfQu\u00e9 dir\u00eda a sus compa\u00f1eros que piensan que se ha vuelto loco?\u2013<\/b><\/span><\/span><\/span><\/p>\n<p class=\"western\" align=\"justify\">\u2013<span style=\"font-family: Times New Roman, serif\"><span style=\"font-size: large\"><span lang=\"es-ES\">Simplemente, que sigan los pilares del m\u00e9todo cient\u00edfico: la observaci\u00f3n, la experimentaci\u00f3n y la comprobaci\u00f3n. Observar el fen\u00f3meno, experimentar con ello y comprobarlo. Y mantener la mente abierta, sin prejuzgar a nadie. Si yo mantengo la mente abierta, delante de m\u00ed puede suceder cualquier cosa; pero si me cierro, el inconsciente de quien tengo delante tambi\u00e9n se cierra.\u2013<\/span><\/span><\/span><\/p>\n<p class=\"western\" lang=\"es-ES\" align=\"justify\"><span style=\"font-family: Times New Roman, serif\"><span style=\"font-size: large\"><b>Otra vida en Girona.<\/b> El doctor Jos\u00e9 Luis Cabouli (Buenos Aires, 1950) ejerci\u00f3 como cirujano pl\u00e1stico en la capital argentina hasta que un buen d\u00eda decidi\u00f3 dejar la profesi\u00f3n de m\u00e9dico y dedicarse a la denominada <i>Terapia de Vidas Pasadas<\/i> (<i>TVP<\/i>). Desde 1992, dirige el <i>Centro de Estudios TVP<\/i> y estos d\u00edas est\u00e1 impartiendo un seminario en Catalunya invitado por la librer\u00eda Epsilon. \u00c9l est\u00e1 convencido de que en otra vida habit\u00f3 en las comarcas de Girona. En esa zona, afirma, se siente como en casa.<\/span><\/span><\/p>\n<p class=\"western\" lang=\"es-ES\" align=\"justify\"><span style=\"font-family: Times New Roman, serif\"><span style=\"font-size: large\">Enlace de la entrevista original en castellano:<\/span><\/span><\/p>\n<p class=\"western\" align=\"justify\"><span style=\"color: #000080\"><span lang=\"zxx\"><u><a href=\"http:\/\/www.elperiodico.com\/es\/opinion\/20081008\/jose-luis-cabouli-el-alma-es-el-chofer-el-cuerpo-el-vehiculo-24269\"><span style=\"font-family: Times New Roman, serif\"><span style=\"font-size: large\"><span lang=\"es-ES\">http:\/\/www.elperiodico.com\/es\/opinion\/20081008\/jose-luis-cabouli-el-alma-es-el-chofer-el-cuerpo-el-vehiculo-24269<\/span><\/span><\/span><\/a><\/u><\/span><\/span><\/p>","protected":false},"excerpt":{"rendered":"<p>Jos\u00e9 Luis Cabouli: \u00abEl alma es el ch\u00f3fer; el cuerpo, el veh\u00edculo\u00bb. El Peri\u00f3dico de Catalunya. Mi\u00e9rcoles, 8 de octubre de 2008. Jos\u00e9 Luis Cabouli practica la Terapia de las &hellip; <a href=\"https:\/\/animaweb.blog.pangea.org\/es\/jose-luis-cabouli-lanima-es-el-xofer-el-cos-el-vehicle\/\" class=\"more-link\">Continuar leyendo<span class=\"screen-reader-text\"> \u00abJos\u00e9 Luis Cabouli: \u00abEl alma es el ch\u00f3fer; el cuerpo, el veh\u00edculo\u00bb.\u00bb<\/span><\/a><\/p>\n","protected":false},"author":12345698,"featured_media":0,"parent":0,"menu_order":0,"comment_status":"closed","ping_status":"closed","template":"","meta":{"ngg_post_thumbnail":0,"footnotes":""},"class_list":["post-26","page","type-page","status-publish","hentry"],"_links":{"self":[{"href":"https:\/\/animaweb.blog.pangea.org\/es\/wp-json\/wp\/v2\/pages\/26","targetHints":{"allow":["GET"]}}],"collection":[{"href":"https:\/\/animaweb.blog.pangea.org\/es\/wp-json\/wp\/v2\/pages"}],"about":[{"href":"https:\/\/animaweb.blog.pangea.org\/es\/wp-json\/wp\/v2\/types\/page"}],"author":[{"embeddable":true,"href":"https:\/\/animaweb.blog.pangea.org\/es\/wp-json\/wp\/v2\/users\/12345698"}],"replies":[{"embeddable":true,"href":"https:\/\/animaweb.blog.pangea.org\/es\/wp-json\/wp\/v2\/comments?post=26"}],"version-history":[{"count":12,"href":"https:\/\/animaweb.blog.pangea.org\/es\/wp-json\/wp\/v2\/pages\/26\/revisions"}],"predecessor-version":[{"id":2366,"href":"https:\/\/animaweb.blog.pangea.org\/es\/wp-json\/wp\/v2\/pages\/26\/revisions\/2366"}],"wp:attachment":[{"href":"https:\/\/animaweb.blog.pangea.org\/es\/wp-json\/wp\/v2\/media?parent=26"}],"curies":[{"name":"wp","href":"https:\/\/api.w.org\/{rel}","templated":true}]}}