{"id":1978,"date":"2022-08-24T08:42:06","date_gmt":"2022-08-24T06:42:06","guid":{"rendered":"https:\/\/animaweb.cat\/?page_id=1978"},"modified":"2023-01-23T23:32:15","modified_gmt":"2023-01-23T21:32:15","slug":"el-credit-cosmic-pel-doctor-jose-luis-cabouli-conferencia-en-castella-subtitulada-en-catala","status":"publish","type":"page","link":"https:\/\/animaweb.blog.pangea.org\/es\/el-credit-cosmic-pel-doctor-jose-luis-cabouli-conferencia-en-castella-subtitulada-en-catala\/","title":{"rendered":"\u00abEl cr\u00e9dito c\u00f3smico\u00bb por el Doctor Jos\u00e9 Lu\u00eds Cabouli. Conferencia en castellano subtitulada en castellano."},"content":{"rendered":"<p class=\"western\" align=\"center\"><span style=\"font-size: x-large\"><span style=\"font-family: Times New Roman, serif\"><b>\u00abEl cr\u00e9dito c\u00f3smico\u00bb por el Doctor Jos\u00e9 Lu\u00eds Cabouli. Conferencia en castellano subtitulada en ca<\/b><\/span><span style=\"color: #000000\"><span style=\"font-family: Times New Roman, serif\"><span lang=\"ca-ES\"><b>stellano<\/b><\/span><\/span><\/span><span style=\"font-family: Times New Roman, serif\"><b>.<\/b><\/span><\/span><\/p>\n<p align=\"justify\"><a href=\"https:\/\/odysee.com\/@conferencias-en-castellano:0\/Doctor_Jose_Luis_Cabouli_El_credito_cosmico_castellano_subtitulado_castellano:a\"><img loading=\"lazy\" decoding=\"async\" class=\"aligncenter wp-image-1980 size-full\" title=\"\u00abEl cr\u00e9dito c\u00f3smico\u00bb por el Doctor Jos\u00e9 Lu\u00eds Cabouli. Conferencia en castellano subtitulada en castellano.\" src=\"https:\/\/animaweb.cat\/files\/2022\/08\/Doctor_Jose_Luis_Cabouli_El_credito_cosmico_castellano_subtitulado_castellano_primer_fotograma_72ppp_800x450px_castellnoa_2.png\" alt=\"\u00abEl cr\u00e9dito c\u00f3smico\u00bb por el Doctor Jos\u00e9 Lu\u00eds Cabouli. Conferencia en castellano subtitulada en castellano.\" width=\"800\" height=\"450\" srcset=\"https:\/\/animaweb.blog.pangea.org\/files\/2022\/08\/Doctor_Jose_Luis_Cabouli_El_credito_cosmico_castellano_subtitulado_castellano_primer_fotograma_72ppp_800x450px_castellnoa_2.png 800w, https:\/\/animaweb.blog.pangea.org\/files\/2022\/08\/Doctor_Jose_Luis_Cabouli_El_credito_cosmico_castellano_subtitulado_castellano_primer_fotograma_72ppp_800x450px_castellnoa_2-300x169.png 300w, https:\/\/animaweb.blog.pangea.org\/files\/2022\/08\/Doctor_Jose_Luis_Cabouli_El_credito_cosmico_castellano_subtitulado_castellano_primer_fotograma_72ppp_800x450px_castellnoa_2-768x432.png 768w\" sizes=\"auto, (max-width: 800px) 85vw, 800px\" \/><\/a><\/p>\n<p class=\"western\" align=\"center\"><a href=\"https:\/\/odysee.com\/@conferencias-en-castellano:0\/Doctor_Jose_Luis_Cabouli_El_credito_cosmico_castellano_subtitulado_castellano:a\"><span style=\"font-family: Times New Roman, serif\"><span style=\"font-size: large\">https:\/\/odysee.com\/@conferencias-en-castellano:0\/Doctor_Jose_Luis_Cabouli_El_credito_cosmico_castellano_subtitulado_castellano:a<\/span><\/span><\/a><\/p>\n<p class=\"western\" align=\"justify\"><span style=\"font-family: Times New Roman, serif\"><span style=\"font-size: large\">Fragmento de la conferencia titulada \u00ab<\/span><\/span><span style=\"font-family: Times New Roman, serif\"><span style=\"font-size: large\"><i>La vida antes de nacer<\/i><\/span><\/span><span style=\"font-family: Times New Roman, serif\"><span style=\"font-size: large\">\u00bb del Doctor Jos\u00e9 Lu\u00eds Cabouli celebrada en la Sala Polivalente del Soler\u00e0s (Las Garrigues, Catalu\u00f1a) el s\u00e1bado, 29 de agosto del 2020.<\/span><\/span><\/p>\n<p class=\"western\" align=\"justify\"><span style=\"font-family: Times New Roman, serif\"><span style=\"font-size: large\">Esta conferencia presenta el libro del mismo t\u00edtulo escrito por el Doctor Cabouli y se basa en el di\u00e1logo con pacientes sometidos a terapia regresiva donde estos reviven experiencias, ya sea en vidas anteriores, en el periodo entre vidas, en su concepci\u00f3n, en su gestaci\u00f3n dentro del vientre de la madre o bien en su nacimiento. El objetivo es sanar fobias o traumas del pasado o bien asumir lecciones de vida pendientes de aprender.<\/span><\/span><\/p>\n<p class=\"western\" lang=\"es-ES\" align=\"justify\"><span style=\"font-family: Times New Roman, serif\"><span style=\"font-size: large\">En el presente pasaje, el Doctor Cabouli introduce a los asistentes en el acto en un concepto, \u00ab<i>El cr\u00e9dito c\u00f3smico<\/i>\u00bb, relativo en un estado compartido con el de \u00ab<i>karma<\/i>\u00bb o \u00ab<i>deuda<\/i>\u00bb pero de polaridad contraria. En virtud del saldo cualitativo del alma individual, se puede determinar cierta capacidad de elecci\u00f3n de parte suya. Por ejemplo, la capacidad de escoger algunas condiciones para su futura encarnaci\u00f3n.<\/span><\/span><\/p>\n<p class=\"western\" lang=\"es-ES\" align=\"justify\"><span style=\"font-family: Times New Roman, serif\"><span style=\"font-size: large\">Nos disculpamos porque, debido a las normas establecidas por la celebraci\u00f3n del evento, se ha tenido que establecer una separaci\u00f3n entre los diferentes asistentes y el requisito inc\u00f3modo de llevar mascarilla, m\u00e1s inc\u00f3modo todav\u00eda para aquellas mujeres asistentes que pueden haber estado preocupadas por su propia gestaci\u00f3n. Hac\u00eda falta que el acto fuese autorizado, hasta el momento de su celebraci\u00f3n no est\u00e1bamos seguros que el evento se pudiera hacer y si habr\u00eda una nueva oportunidad de poder hacer otro en los d\u00edas siguientes en las Tierras del Poniente catal\u00e1n.<\/span><\/span><\/p>\n<p class=\"western\" align=\"justify\"><span style=\"font-family: Times New Roman, serif\"><span style=\"font-size: large\"><span lang=\"es-ES\">Sabemos que hay expertos en ciencia y en medicina que cuestionan con argumentos no menospreciables la necesidad de estas medidas de control. Por otro lado, hay una necesidad perentoria de dar a conocer de manera p\u00fablica y presencial la <\/span><span lang=\"es-ES\"><i>Terapia de Vidas Pasadas (TVP)<\/i><\/span><span lang=\"es-ES\"> y la <\/span><span lang=\"es-ES\"><i>Terapia de la Posesi\u00f3n Espiritual (TPE)<\/i><\/span><span lang=\"es-ES\"> ante la posible enorme cantidad de muestras de sufrimiento humano acumuladas que calculamos hay pendientes de resolver entre todas las almas encarnadas y desencarnadas de la Humanidad, producidas a lo largo de su historia, que requiere que se conozca esta necesidad, sin m\u00e1s dilaci\u00f3n, entre toda la poblaci\u00f3n.<\/span><\/span><\/span><\/p>\n<p class=\"western\" align=\"justify\"><span style=\"font-family: Times New Roman, serif\"><span style=\"font-size: large\">Video original: Manuel Marsan. Colaboraci\u00f3n en los subt\u00edtulos: Xavier Climent. Edici\u00f3n subt\u00edtulos: Brauli Tamarit. Organiza: Asociaci\u00f3n Cultural de Mujeres Elaia. Colabora: Ayuntamiento del Sol<\/span><\/span><span style=\"color: #000000\"><span style=\"font-family: Times New Roman, serif\"><span style=\"font-size: large\"><span lang=\"ca-ES\">e<\/span><\/span><\/span><\/span><span style=\"font-family: Times New Roman, serif\"><span style=\"font-size: large\">r<\/span><\/span><span style=\"color: #000000\"><span style=\"font-family: Times New Roman, serif\"><span style=\"font-size: large\"><span lang=\"ca-ES\">\u00e0<\/span><\/span><\/span><\/span><span style=\"font-family: Times New Roman, serif\"><span style=\"font-size: large\">s.<\/span><\/span><\/p>\n<p class=\"western\" align=\"justify\"><span style=\"font-family: Times New Roman, serif\"><span style=\"font-size: large\">Perfil de publicaci\u00f3n de \u00ab<\/span><\/span><span style=\"font-family: Times New Roman, serif\"><span style=\"font-size: large\"><i>Odysee<\/i><\/span><\/span><span style=\"font-family: Times New Roman, serif\"><span style=\"font-size: large\">\u00bb: Animaweb. Conferencias en castellano. Fecha de publicaci\u00f3n <\/span><\/span><span style=\"color: #000000\"><span style=\"font-family: Times New Roman, serif\"><span style=\"font-size: large\"><span lang=\"ca-ES\">en<\/span><\/span><\/span><\/span><span style=\"font-family: Times New Roman, serif\"><span style=\"font-size: large\"> \u00ab<\/span><\/span><span style=\"font-family: Times New Roman, serif\"><span style=\"font-size: large\"><i>Odysee<\/i><\/span><\/span><span style=\"font-family: Times New Roman, serif\"><span style=\"font-size: large\">\u00bb: Domingo, 21 de agosto del 2022. Duraci\u00f3n del video: 3 minutos y 33 segundos. Idioma: voz en castellano con subt\u00edtulos en <\/span><\/span><span style=\"color: #000000\"><span style=\"font-family: Times New Roman, serif\"><span style=\"font-size: large\"><span lang=\"ca-ES\">castellano<\/span><\/span><\/span><\/span><span style=\"font-family: Times New Roman, serif\"><span style=\"font-size: large\">.<\/span><\/span><\/p>\n<p class=\"western\" align=\"justify\"><span style=\"font-family: Times New Roman, serif\"><span style=\"font-size: large\">F<\/span><\/span><span style=\"color: #000000\"><span style=\"font-family: Times New Roman, serif\"><span style=\"font-size: large\"><span lang=\"ca-ES\">uente<\/span><\/span><\/span><\/span><span style=\"font-family: Times New Roman, serif\"><span style=\"font-size: large\"> del v<\/span><\/span><span style=\"color: #000000\"><span style=\"font-family: Times New Roman, serif\"><span style=\"font-size: large\"><span lang=\"ca-ES\">\u00ed<\/span><\/span><\/span><\/span><span style=\"font-family: Times New Roman, serif\"><span style=\"font-size: large\">deo original:<\/span><\/span><\/p>\n<p class=\"western\" align=\"justify\"><span style=\"color: #000080\"><span lang=\"zxx\"><u><a href=\"https:\/\/www.youtube.com\/watch?v=WDqrLCJN9D4\"><span style=\"font-family: Times New Roman, serif\"><span style=\"font-size: large\">https:\/\/www.youtube.com\/watch?v=WDqrLCJN9D4<\/span><\/span><\/a><\/u><\/span><\/span><\/p>\n<p>&nbsp;","protected":false},"excerpt":{"rendered":"<p>\u00abEl cr\u00e9dito c\u00f3smico\u00bb por el Doctor Jos\u00e9 Lu\u00eds Cabouli. Conferencia en castellano subtitulada en castellano. https:\/\/odysee.com\/@conferencias-en-castellano:0\/Doctor_Jose_Luis_Cabouli_El_credito_cosmico_castellano_subtitulado_castellano:a Fragmento de la conferencia titulada \u00abLa vida antes de nacer\u00bb del Doctor Jos\u00e9 Lu\u00eds &hellip; <a href=\"https:\/\/animaweb.blog.pangea.org\/es\/el-credit-cosmic-pel-doctor-jose-luis-cabouli-conferencia-en-castella-subtitulada-en-catala\/\" class=\"more-link\">Continuar leyendo<span class=\"screen-reader-text\"> \u00ab\u00abEl cr\u00e9dito c\u00f3smico\u00bb por el Doctor Jos\u00e9 Lu\u00eds Cabouli. Conferencia en castellano subtitulada en castellano.\u00bb<\/span><\/a><\/p>\n","protected":false},"author":12345698,"featured_media":0,"parent":0,"menu_order":0,"comment_status":"closed","ping_status":"closed","template":"","meta":{"ngg_post_thumbnail":0,"footnotes":""},"class_list":["post-1978","page","type-page","status-publish","hentry"],"_links":{"self":[{"href":"https:\/\/animaweb.blog.pangea.org\/es\/wp-json\/wp\/v2\/pages\/1978","targetHints":{"allow":["GET"]}}],"collection":[{"href":"https:\/\/animaweb.blog.pangea.org\/es\/wp-json\/wp\/v2\/pages"}],"about":[{"href":"https:\/\/animaweb.blog.pangea.org\/es\/wp-json\/wp\/v2\/types\/page"}],"author":[{"embeddable":true,"href":"https:\/\/animaweb.blog.pangea.org\/es\/wp-json\/wp\/v2\/users\/12345698"}],"replies":[{"embeddable":true,"href":"https:\/\/animaweb.blog.pangea.org\/es\/wp-json\/wp\/v2\/comments?post=1978"}],"version-history":[{"count":33,"href":"https:\/\/animaweb.blog.pangea.org\/es\/wp-json\/wp\/v2\/pages\/1978\/revisions"}],"predecessor-version":[{"id":2389,"href":"https:\/\/animaweb.blog.pangea.org\/es\/wp-json\/wp\/v2\/pages\/1978\/revisions\/2389"}],"wp:attachment":[{"href":"https:\/\/animaweb.blog.pangea.org\/es\/wp-json\/wp\/v2\/media?parent=1978"}],"curies":[{"name":"wp","href":"https:\/\/api.w.org\/{rel}","templated":true}]}}