{"id":126,"date":"2018-01-19T20:41:42","date_gmt":"2018-01-19T18:41:42","guid":{"rendered":"http:\/\/animaweb.blog.pangea.org\/?page_id=126"},"modified":"2023-01-19T06:41:05","modified_gmt":"2023-01-19T04:41:05","slug":"jose-luis-cabouli-el-teu-ego-no-suporta-tota-la-veritat","status":"publish","type":"page","link":"https:\/\/animaweb.blog.pangea.org\/es\/jose-luis-cabouli-el-teu-ego-no-suporta-tota-la-veritat\/","title":{"rendered":"Jos\u00e9 Luis Cabouli: \u00abTu ego no soporta toda la verdad\u00bb."},"content":{"rendered":"<p lang=\"es-ES\" align=\"center\"><span style=\"font-family: Times New Roman, serif\"><span style=\"font-size: x-large\"><b>Jos\u00e9 Luis Cabouli: \u00abTu ego no soporta toda la verdad\u00bb.<\/b><\/span><\/span><\/p>\n<p lang=\"es-ES\" align=\"justify\"><span style=\"font-family: Times New Roman, serif\"><span style=\"font-size: large\"><b><img loading=\"lazy\" decoding=\"async\" class=\"alignright wp-image-774 size-full\" title=\"La Vanguardia. Logo.\" src=\"https:\/\/animaweb.cat\/files\/2020\/01\/La_Vanguardia_Logotip_72ppp_200x44px.png\" alt=\"La Vanguardia. Logo.\" width=\"200\" height=\"44\" \/>La Vanguardia. S\u00e1bado, 23 de Agosto de 2003. La Contra.<\/b><\/span><\/span><\/p>\n<p lang=\"es-ES\" align=\"justify\"><span style=\"font-family: Times New Roman, serif\"><span style=\"font-size: large\"><b>Jos\u00e9 Luis Cabouli: \u00abTu ego no soporta toda la verdad\u00bb.<\/b><\/span><\/span><\/p>\n<p lang=\"es-ES\" align=\"justify\"><span style=\"font-family: Times New Roman, serif\"><span style=\"font-size: large\">Tengo 52 a\u00f1os. Nac\u00ed en Buenos Aires. <b>Fui cirujano pl\u00e1stico, pero de los que no se hacen ricos, y hoy soy terapeuta regresivo.<\/b> Tengo un hijo de 10 meses y otro de 20 a\u00f1os. <b>Creo que en esta vida purgamos errores de vidas anteriores que debemos subsanar con amor y traumas terribles de los que debe librarse al recordarlos nuestra conciencia.<\/b><\/span><\/span><\/p>\n<figure id=\"attachment_127\" aria-describedby=\"caption-attachment-127\" style=\"width: 400px\" class=\"wp-caption aligncenter\"><img loading=\"lazy\" decoding=\"async\" class=\"wp-image-127 size-full\" title=\"Jos\u00e9 Luis Cabouli. Foto: Jos\u00e9 Mar\u00eda Alguersuari.\" src=\"http:\/\/animaweb.blog.pangea.org\/files\/2018\/01\/Jose_Luis_Cabouli_-_La_Contra_400x255px.png\" alt=\"Jos\u00e9 Luis Cabouli. Foto: Jos\u00e9 Mar\u00eda Alguersuari.\" width=\"400\" height=\"255\" srcset=\"https:\/\/animaweb.blog.pangea.org\/files\/2018\/01\/Jose_Luis_Cabouli_-_La_Contra_400x255px.png 400w, https:\/\/animaweb.blog.pangea.org\/files\/2018\/01\/Jose_Luis_Cabouli_-_La_Contra_400x255px-300x191.png 300w\" sizes=\"auto, (max-width: 400px) 85vw, 400px\" \/><figcaption id=\"caption-attachment-127\" class=\"wp-caption-text\">Jos\u00e9 Luis Cabouli. Foto: Jos\u00e9 Mar\u00eda Alguersuari.<\/figcaption><\/figure>\n<p lang=\"es-ES\" style=\"text-align: center\" align=\"justify\"><span style=\"font-family: Times New Roman, serif\"><span style=\"font-size: large\"><b>Jos\u00e9 Luis Cabouli. Foto: Jos\u00e9 Mar\u00eda Alguersuari.<\/b><\/span><\/span><\/p>\n<p lang=\"es-ES\" align=\"justify\"><span style=\"font-family: Times New Roman, serif\"><span style=\"font-size: large\">Terapeuta Regresivo.<\/span><\/span><\/p>\n<p lang=\"es-ES\" align=\"justify\"><span style=\"font-family: Times New Roman, serif\"><span style=\"font-size: large\">Un paciente me dec\u00eda que ten\u00eda un dolor de est\u00f3mago que se le acentuaba en discusiones de pareja por sus propios ataques de celos.<\/span><\/span><\/p>\n<p lang=\"es-ES\" align=\"justify\">\u2013<span style=\"font-family: Times New Roman, serif\"><span style=\"font-size: large\"><b>\u00bfQu\u00e9 le recomend\u00f3?\u2013<\/b><\/span><\/span><\/p>\n<p lang=\"es-ES\" align=\"justify\">\u2013<span style=\"font-family: Times New Roman, serif\"><span style=\"font-size: large\">Le ped\u00ed que me describiera el dolor y me dijo: \u00abEs como si tuviese un pu\u00f1al clavado en el est\u00f3mago\u00bb. Yo tom\u00e9 la frase de forma literal, como har\u00eda el propio subconsciente de mi paciente, y le interrogu\u00e9 hasta que lleg\u00f3 a la experiencia causante del s\u00edntoma.\u2013<\/span><\/span><\/p>\n<p lang=\"es-ES\" align=\"justify\">\u2013<span style=\"font-family: Times New Roman, serif\"><span style=\"font-size: large\"><b>\u00bfUna \u00falcera?\u2013<\/b><\/span><\/span><\/p>\n<p lang=\"es-ES\" align=\"justify\">\u2013<span style=\"font-family: Times New Roman, serif\"><span style=\"font-size: large\">Una pelea en una taberna en la que mi paciente acaba de descubrir que su mujer le ha sido infiel y el otro le apu\u00f1alaba.\u2013<\/span><\/span><\/p>\n<p lang=\"es-ES\" align=\"justify\">\u2013<span style=\"font-family: Times New Roman, serif\"><span style=\"font-size: large\"><b>Entonces es normal que le doliera&#8230;\u2013<\/b><\/span><\/span><\/p>\n<p lang=\"es-ES\" align=\"justify\">\u2013<span style=\"font-family: Times New Roman, serif\"><span style=\"font-size: large\">No, es que la pelea fue en una vida anterior. En la terapia revivi\u00f3 la rabia, el odio, la ira y la desconfianza hacia su mujer y se liber\u00f3. Porque cuando la muerte sucede en segundos, la conciencia se queda atrapada en el estupor antes de comprender que ha muerto.\u2013<\/span><\/span><\/p>\n<p lang=\"es-ES\" align=\"justify\">\u2013<span style=\"font-family: Times New Roman, serif\"><span style=\"font-size: large\"><b>\u00bfY c\u00f3mo recuerda ahora \u00e9l que fue otro?\u2013<\/b><\/span><\/span><\/p>\n<p lang=\"es-ES\" align=\"justify\">\u2013<span style=\"font-family: Times New Roman, serif\"><span style=\"font-size: large\">Al pasado s\u00f3lo se llega por la emoci\u00f3n, as\u00ed que intento que el paciente no razone, que evoque sensaciones y sentimientos.\u2013<\/span><\/span><\/p>\n<p lang=\"es-ES\" align=\"justify\">\u2013<span style=\"font-family: Times New Roman, serif\"><span style=\"font-size: large\"><b>Buf, vaya culebr\u00f3n.\u2013<\/b><\/span><\/span><\/p>\n<p lang=\"es-ES\" align=\"justify\">\u2013<span style=\"font-family: Times New Roman, serif\"><span style=\"font-size: large\">No crea si no quiere en la vida pasada, pero s\u00ed en el subconsciente que, como dec\u00eda S\u00e1bato, es m\u00e1s real que la realidad. Entonces intentaremos agotar todas esas sensaciones desagradables para que pueda liberar su conciencia congelada en el tiempo por el pasmo de la muerte s\u00fabita.\u2013<\/span><\/span><\/p>\n<p lang=\"es-ES\" align=\"justify\">\u2013<span style=\"font-family: Times New Roman, serif\"><span style=\"font-size: large\"><b>\u00bfY si el dolor es culpa de una \u00falcera?\u2013<\/b><\/span><\/span><\/p>\n<p lang=\"es-ES\" align=\"justify\">\u2013<span style=\"font-family: Times New Roman, serif\"><span style=\"font-size: large\">Entonces el paciente ya no hubiera llegado a mi consulta. Lo que le sucede es que cuando se encuentra frente a una situaci\u00f3n parecida a la de anteriores vidas, se reanuda el s\u00edntoma del dolor en el vientre, porque su conciencia est\u00e1 atrapada en ese instante. Yo intento que reviva intensamente todas aquellas emociones de rabia y dolor para que su conciencia puede desprenderse de ese cuerpo que ya no tiene nada que ver con \u00e9l.\u2013<\/span><\/span><\/p>\n<p lang=\"es-ES\" align=\"justify\">\u2013<span style=\"font-family: Times New Roman, serif\"><span style=\"font-size: large\"><b>\u00bfY si \u00e9l se ha inventado todo eso de la pelea o, sugestionado, lo saca de una pel\u00edcula?\u2013<\/b><\/span><\/span><\/p>\n<p lang=\"es-ES\" align=\"justify\">\u2013<span style=\"font-family: Times New Roman, serif\"><span style=\"font-size: large\">Ya le he dicho que hay quien cree que esos episodios revividos son meras fantas\u00edas del subconsciente: bueno, en cualquier caso para el subconsciente cualquier cosa que conoce es verdadera. As\u00ed que si agota ese dolor liberar\u00e1 al paciente de su propio fantasma. A la certidumbre de que su trauma sea anterior a su propia vida tal vez llegue m\u00e1s tarde.\u2013<\/span><\/span><\/p>\n<p lang=\"es-ES\" align=\"justify\">\u2013<span style=\"font-family: Times New Roman, serif\"><span style=\"font-size: large\"><b>\u00bfC\u00f3mo recordar\u00eda yo otras vidas?\u2013<\/b><\/span><\/span><\/p>\n<p lang=\"es-ES\" align=\"justify\">\u2013<span style=\"font-family: Times New Roman, serif\"><span style=\"font-size: large\">Para empezar, a la terapia regresiva no se puede ir por curiosidad, hay que llegar por necesidad por un s\u00edntoma inexplicable. Ese s\u00edntoma presente nos llevar\u00e1 al trauma pasado a trav\u00e9s de las emociones que se reviven. Y hay tres grandes momentos donde se expresan esos traumas anteriores: la muerte, la experiencia fetal y la primera infancia.\u2013<\/span><\/span><\/p>\n<p lang=\"es-ES\" align=\"justify\">\u2013<span style=\"font-family: Times New Roman, serif\"><span style=\"font-size: large\"><b>\u00bfUsted recuerda su nacimiento?\u2013<\/b><\/span><\/span><\/p>\n<p lang=\"es-ES\" align=\"justify\">\u2013<span style=\"font-family: Times New Roman, serif\"><span style=\"font-size: large\">S\u00ed. He revivido las emociones de querer salir, el fr\u00edo de la sala, sensaciones de compresi\u00f3n, de ahogo&#8230; Pero soy incapaz de evocar im\u00e1genes. Y he tenido una paciente que record\u00f3 su rabia por la ausencia de su madre&#8230;\u2013<\/span><\/span><\/p>\n<p lang=\"es-ES\" align=\"justify\">\u2013<span style=\"font-family: Times New Roman, serif\"><span style=\"font-size: large\"><b>\u00bfEn el parto?\u2013<\/b><\/span><\/span><\/p>\n<p lang=\"es-ES\" align=\"justify\">\u2013<span style=\"font-family: Times New Roman, serif\"><span style=\"font-size: large\">S\u00ed, su madre dorm\u00eda anestesiada y fue la hermana de su madre, su t\u00eda, quien en realidad la lav\u00f3 cuando naci\u00f3 y despu\u00e9s me explic\u00f3 que tuvo siempre una relaci\u00f3n muy especial con aquella t\u00eda suya y, en cambio, mantuvo cierta distancia con su madre. Lo curioso es que nadie le hab\u00eda explicado antes que su madre fue anestesiada en su alumbramiento.\u2013<\/span><\/span><\/p>\n<p lang=\"es-ES\" align=\"justify\">\u2013<span style=\"font-family: Times New Roman, serif\"><span style=\"font-size: large\"><b>Tal vez lo oy\u00f3 sin saberlo&#8230;\u2013<\/b><\/span><\/span><\/p>\n<p lang=\"es-ES\" align=\"justify\">\u2013<span style=\"font-family: Times New Roman, serif\"><span style=\"font-size: large\">Yo creo que lo vivi\u00f3 y lo puede recordar. \u00bfPor qu\u00e9 no? Adem\u00e1s, existe una analog\u00eda clara entre el trauma sufrido en vidas pasadas y el nacimiento. Por ejemplo, las muertes por ahorcamiento o de anoxia en otra vida suelen reflejarse en circulares de cord\u00f3n en el momento del parto en la vida actual.\u2013<\/span><\/span><\/p>\n<p lang=\"es-ES\" align=\"justify\">\u2013<span style=\"font-family: Times New Roman, serif\"><span style=\"font-size: large\"><b>\u00bfY no puede tratarse simplemente de un mal recuerdo de infancia?\u2013<\/b><\/span><\/span><\/p>\n<p lang=\"es-ES\" align=\"justify\">\u2013<span style=\"font-family: Times New Roman, serif\"><span style=\"font-size: large\">Yo fui cirujano antes de dedicarme a la terapia regresiva, tras familiarizarme con los trabajos del doctor Morris Netherton. Una de mis pacientes sufr\u00eda dolores continuados e inexplicables en la espalda con contracturas continuas&#8230;\u2013<\/span><\/span><\/p>\n<p lang=\"es-ES\" align=\"justify\">\u2013<span style=\"font-family: Times New Roman, serif\"><span style=\"font-size: large\"><b>\u00bfPostura incorrecta? \u00bfEstr\u00e9s?\u2013<\/b><\/span><\/span><\/p>\n<p lang=\"es-ES\" align=\"justify\">\u2013<span style=\"font-family: Times New Roman, serif\"><span style=\"font-size: large\">La intervinimos dos veces y le llegamos a quitar parte del hueso de la esc\u00e1pula sin resultado. Yo prob\u00e9 la terapia de Netherton y llegamos juntos a revivir una experiencia de tortura en la edad media.\u2013<\/span><\/span><\/p>\n<p lang=\"es-ES\" align=\"justify\">\u2013<span style=\"font-family: Times New Roman, serif\"><span style=\"font-size: large\"><b>\u00a1Vaya pel\u00edcula!\u2013<\/b><\/span><\/span><\/p>\n<p lang=\"es-ES\" align=\"justify\">\u2013<span style=\"font-family: Times New Roman, serif\"><span style=\"font-size: large\">Pues dio resultado. Y yo mismo sufr\u00eda una gastritis inexplicable hasta que reviv\u00ed una batalla en una vida anterior en la que me clavaron una lanza.\u2013<\/span><\/span><\/p>\n<p lang=\"es-ES\" align=\"justify\">\u2013<span style=\"font-family: Times New Roman, serif\"><span style=\"font-size: large\"><b>Pues yo prefiero la gastritis, oiga.\u2013<\/b><\/span><\/span><\/p>\n<p lang=\"es-ES\" align=\"justify\">\u2013<span style=\"font-family: Times New Roman, serif\"><span style=\"font-size: large\">El subconsciente te lleva all\u00ed donde la conciencia tiene que trabajar en liberarnos de una experiencia traum\u00e1tica.\u2013<\/span><\/span><\/p>\n<p lang=\"es-ES\" align=\"justify\">\u2013<span style=\"font-family: Times New Roman, serif\"><span style=\"font-size: large\"><b>\u00bfY las tremendas bacanales romanas no se pueden recordar?\u2013<\/b><\/span><\/span><\/p>\n<p lang=\"es-ES\" align=\"justify\">\u2013<span style=\"font-family: Times New Roman, serif\"><span style=\"font-size: large\">Los recuerdos agradables no dejan huella. Los traumas se superan al revivirlos y al compensar tus propios comportamientos mezquinos, ego\u00edstas o crueles con un nuevo amor que recupere el equilibrio universal.\u2013<\/span><\/span><\/p>\n<p lang=\"es-ES\" align=\"justify\">\u2013<span style=\"font-family: Times New Roman, serif\"><span style=\"font-size: large\"><b>\u00bfY si no puedo evocar ninguna vida anterior?\u2013<\/b><\/span><\/span><\/p>\n<p lang=\"es-ES\" align=\"justify\">\u2013<span style=\"font-family: Times New Roman, serif\"><span style=\"font-size: large\">El bloqueo en la terapia s\u00f3lo se produce cuando el paciente tiene algo que ocultar y emplea su energ\u00eda en que no aflore. Tu ego no soporta toda la verdad porque es demasiado humillante y tratas de ocultarla.\u2013<\/span><\/span><\/p>\n<p lang=\"es-ES\" align=\"justify\">\u2013<span style=\"font-family: Times New Roman, serif\"><span style=\"font-size: large\"><b>\u00bfY haber sido Cleopatra o Napole\u00f3n&#8230;?\u2013<\/b><\/span><\/span><\/p>\n<p lang=\"es-ES\" align=\"justify\">\u2013<span style=\"font-family: Times New Roman, serif\"><span style=\"font-size: large\">No he conocido nunca a ning\u00fan paciente que hubiera tenido una vida anterior c\u00e9lebre o glamourosa. Todos recuerdan vidas y muertes crueles de ignotos y desgraciados seres humanos.\u2013<\/span><\/span><\/p>\n<p lang=\"es-ES\" align=\"right\"><span style=\"font-family: Times New Roman, serif\"><span style=\"font-size: large\">Llu\u00eds Amiguet.<\/span><\/span><\/p>\n<p lang=\"es-ES\" align=\"justify\"><span style=\"font-family: Times New Roman, serif\"><span style=\"font-size: large\"><b>Un paso.<\/b><\/span><\/span><\/p>\n<p lang=\"es-ES\" align=\"justify\"><span style=\"font-family: Times New Roman, serif\"><span style=\"font-size: large\">Fue un paso muy peque\u00f1o para la humanidad, pero muy grande para m\u00ed, pero no consigo recordar el momento de mi nacimiento con nitidez a pesar de que me he dejado algunas horas en el trance, lo cual no impide que les invite (no hay peligro alguno) a intentarlo a partir, como dice Cabouli, de sensaciones: olores, fr\u00edo y calor, ruidos, luces&#8230; Y una vez descubiertos los misterios del propio parto, la eternidad. La metampsicosis o trasmigraci\u00f3n de las almas es un acto de fe com\u00fan a varias religiones y una posibilidad que acarici\u00f3 el psicoan\u00e1lisis jungiano. Ahora intento acercarme a la terapia regresiva con una creo que saludable distancia que les recomiendo, aunque no veo mayor riesgo en el lance que el que acecha a sus carteras. Y de \u00e9se aqu\u00ed sabemos cuidarnos.<\/span><\/span><\/p>","protected":false},"excerpt":{"rendered":"<p>Jos\u00e9 Luis Cabouli: \u00abTu ego no soporta toda la verdad\u00bb. La Vanguardia. S\u00e1bado, 23 de Agosto de 2003. La Contra. Jos\u00e9 Luis Cabouli: \u00abTu ego no soporta toda la verdad\u00bb. &hellip; <a href=\"https:\/\/animaweb.blog.pangea.org\/es\/jose-luis-cabouli-el-teu-ego-no-suporta-tota-la-veritat\/\" class=\"more-link\">Continuar leyendo<span class=\"screen-reader-text\"> \u00abJos\u00e9 Luis Cabouli: \u00abTu ego no soporta toda la verdad\u00bb.\u00bb<\/span><\/a><\/p>\n","protected":false},"author":12345698,"featured_media":0,"parent":0,"menu_order":0,"comment_status":"closed","ping_status":"closed","template":"","meta":{"ngg_post_thumbnail":0,"footnotes":""},"class_list":["post-126","page","type-page","status-publish","hentry"],"_links":{"self":[{"href":"https:\/\/animaweb.blog.pangea.org\/es\/wp-json\/wp\/v2\/pages\/126","targetHints":{"allow":["GET"]}}],"collection":[{"href":"https:\/\/animaweb.blog.pangea.org\/es\/wp-json\/wp\/v2\/pages"}],"about":[{"href":"https:\/\/animaweb.blog.pangea.org\/es\/wp-json\/wp\/v2\/types\/page"}],"author":[{"embeddable":true,"href":"https:\/\/animaweb.blog.pangea.org\/es\/wp-json\/wp\/v2\/users\/12345698"}],"replies":[{"embeddable":true,"href":"https:\/\/animaweb.blog.pangea.org\/es\/wp-json\/wp\/v2\/comments?post=126"}],"version-history":[{"count":31,"href":"https:\/\/animaweb.blog.pangea.org\/es\/wp-json\/wp\/v2\/pages\/126\/revisions"}],"predecessor-version":[{"id":2364,"href":"https:\/\/animaweb.blog.pangea.org\/es\/wp-json\/wp\/v2\/pages\/126\/revisions\/2364"}],"wp:attachment":[{"href":"https:\/\/animaweb.blog.pangea.org\/es\/wp-json\/wp\/v2\/media?parent=126"}],"curies":[{"name":"wp","href":"https:\/\/api.w.org\/{rel}","templated":true}]}}