{"id":6,"date":"2018-01-17T13:11:14","date_gmt":"2018-01-17T11:11:14","guid":{"rendered":"http:\/\/animaweb.blog.pangea.org\/?page_id=6"},"modified":"2022-12-16T19:55:32","modified_gmt":"2022-12-16T17:55:32","slug":"brian-weiss-som-animes-i-anem-de-cos-en-cos","status":"publish","type":"page","link":"https:\/\/animaweb.blog.pangea.org\/eo\/brian-weiss-som-animes-i-anem-de-cos-en-cos\/","title":{"rendered":"Brian Weiss: \u00abNi estas animoj kaj ni iras de korpo en korpon\u00bb."},"content":{"rendered":"<p class=\"western\" lang=\"eo\" align=\"center\"><span style=\"font-family: Times New Roman, serif\"><span style=\"font-size: x-large\"><b>Brian Weiss: \u00abNi estas animoj kaj ni iras de korpo en korpon\u00bb.<\/b><\/span><\/span><\/p>\n<p class=\"western\" lang=\"eo\" align=\"justify\"><strong><span style=\"color: #000000\"><span style=\"font-family: Times New Roman, serif\"><span style=\"font-size: large\"><span lang=\"eo\"><img loading=\"lazy\" decoding=\"async\" class=\"alignright wp-image-773 size-full\" title=\"El Peri\u00f3dico de Catalunya. Logo.\" src=\"https:\/\/animaweb.cat\/files\/2020\/01\/El_Periodico_de_Catalunya_Logotip_72ppp_200x39px.png\" alt=\"El Peri\u00f3dico de Catalunya. Logo.\" width=\"200\" height=\"39\" \/>El Peri\u00f3dico de Catalunya. Merkredo, 21 januaro 2009. Opinio. Pa\u011do 80.<\/span><\/span><\/span><\/span><\/strong><\/p>\n<p class=\"western\" lang=\"eo\" align=\"justify\"><strong><span style=\"color: #000000\"><span style=\"font-family: Times New Roman, serif\"><span style=\"font-size: large\"><span lang=\"eo\"><b>Traduko: Joan Inglada Roig.<\/b><\/span><\/span><\/span><\/span><\/strong><\/p>\n<p><span style=\"font-family: Times New Roman, serif\"><span style=\"font-size: large\"><i>La intervjuo kun Brian Weiss, Psikiatro pri regresa terapio.<\/i><\/span><\/span><\/p>\n<p class=\"western\" lang=\"es-ES\" align=\"justify\"><strong><span style=\"color: #000000\"><span style=\"font-family: Times New Roman, serif\"><span style=\"font-size: large\"><span lang=\"eo\"><i>En Usono, li priatentis preska\u016d 4.000 pacientojn, kiuj havas memorojn pri siaj pasintaj vivoj.<\/i><\/span><\/span><\/span><\/span><\/strong><\/p>\n<p class=\"western\" lang=\"eo\" align=\"justify\"><span style=\"font-family: Times New Roman, serif\"><span style=\"font-size: large\"><b>Brian Weiss: \u00abNi estas animoj kaj ni iras de korpo en korpon\u00bb.<\/b><\/span><\/span><\/p>\n<p class=\"western\" lang=\"es-ES\" align=\"justify\"><strong><span style=\"color: #000000\"><span style=\"font-family: Times New Roman, serif\"><span style=\"font-size: large\"><span lang=\"eo\">Gaspar Hern\u00e1ndez.<\/span><\/span><\/span><\/span><\/strong><\/p>\n<figure id=\"attachment_163\" aria-describedby=\"caption-attachment-163\" style=\"width: 400px\" class=\"wp-caption aligncenter\"><img loading=\"lazy\" decoding=\"async\" class=\"wp-image-163 size-full\" src=\"https:\/\/animaweb.cat\/files\/2018\/02\/Brian_Weiss_a_Barcelona_400x360px.png\" alt=\"Brian Weiss. Argazkia: Joan Cortadellas.\" width=\"400\" height=\"360\" srcset=\"https:\/\/animaweb.blog.pangea.org\/files\/2018\/02\/Brian_Weiss_a_Barcelona_400x360px.png 400w, https:\/\/animaweb.blog.pangea.org\/files\/2018\/02\/Brian_Weiss_a_Barcelona_400x360px-300x270.png 300w\" sizes=\"auto, (max-width: 400px) 85vw, 400px\" \/><figcaption id=\"caption-attachment-163\" class=\"wp-caption-text\">Brian Weiss. Argazkia: Joan Cortadellas.<\/figcaption><\/figure>\n<p class=\"western\" lang=\"es-ES\" align=\"justify\"><strong><span style=\"color: #000000\"><span style=\"font-family: Times New Roman, serif\"><span style=\"font-size: large\"><span lang=\"eo\">Brian Weiss. Foto: Joan Cortadellas.<\/span><\/span><\/span><\/span><\/strong><\/p>\n<p class=\"western\" lang=\"es-ES\" align=\"justify\">\u2013<span style=\"font-family: Times New Roman, serif\"><span style=\"font-size: large\"><span lang=\"eo\"><b>Multaj homoj en la scienca komunumo rifuzas viajn teoriojn.\u2013<\/b><\/span><\/span><\/span><\/p>\n<p class=\"western\" lang=\"es-ES\" align=\"justify\">\u2013<span style=\"font-family: Times New Roman, serif\"><span style=\"font-size: large\"><span lang=\"eo\">Jes, kaj tiu rifuzo estas defio por mi ekde la 80<\/span><\/span><\/span><strong><span style=\"color: #000000\"><span style=\"font-family: Times New Roman, serif\"><span style=\"font-size: large\"><span lang=\"eo\">-aj jaroj<\/span><\/span><\/span><\/span><\/strong><span style=\"font-family: Times New Roman, serif\"><span style=\"font-size: large\"><span lang=\"eo\">. Sciencistoj <\/span><\/span><\/span><strong><span style=\"color: #000000\"><span style=\"font-family: Times New Roman, serif\"><span style=\"font-size: large\"><span lang=\"eo\">postulas<\/span><\/span><\/span><\/span><\/strong><span style=\"font-family: Times New Roman, serif\"><span style=\"font-size: large\"><span lang=\"eo\"> studojn kaj mi laboras <\/span><\/span><\/span><strong><span style=\"color: #000000\"><span style=\"font-family: Times New Roman, serif\"><span style=\"font-size: large\"><span lang=\"eo\">kazon post kazo<\/span><\/span><\/span><\/span><\/strong><span style=\"font-family: Times New Roman, serif\"><span style=\"font-size: large\"><span lang=\"eo\">.\u2013<\/span><\/span><\/span><\/p>\n<p class=\"western\" lang=\"es-ES\" align=\"justify\">\u2013<span style=\"font-family: Times New Roman, serif\"><span style=\"font-size: large\"><span lang=\"eo\"><b>Kiel la reenkarni\u011do povas esti science pruvita?\u2013<\/b><\/span><\/span><\/span><\/p>\n<p class=\"western\" lang=\"es-ES\" align=\"justify\">\u2013<span style=\"font-family: Times New Roman, serif\"><span style=\"font-size: large\"><span lang=\"eo\">Unue, gardante <\/span><\/span><\/span><strong><span style=\"color: #000000\"><span style=\"font-family: Times New Roman, serif\"><span style=\"font-size: large\"><span lang=\"eo\">apertan<\/span><\/span><\/span><\/span><\/strong><span style=\"font-family: Times New Roman, serif\"><span style=\"font-size: large\"><span lang=\"eo\"> menson. <\/span><\/span><\/span><strong><span style=\"color: #000000\"><span style=\"font-family: Times New Roman, serif\"><span style=\"font-size: large\"><span lang=\"eo\">Oni devas<\/span><\/span><\/span><\/span><\/strong><span style=\"font-family: Times New Roman, serif\"><span style=\"font-size: large\"><span lang=\"eo\"> analizi kazon post kazo kaj elvolvi hipotezon. Estas multaj scienculoj, kiuj forgesis, ke la bazo de scienco estas havi apertan menson kaj ne \u0109irka\u016diri la mondon kun anta\u016dpensitaj ideoj. Mi rekomendas al miaj medicinaj kolegoj provi la regresan terapion, kaj ili vidos, kio okazas.\u2013<\/span><\/span><\/span><\/p>\n<p class=\"western\" lang=\"es-ES\" align=\"justify\">\u2013<span style=\"font-family: Times New Roman, serif\"><span style=\"font-size: large\"><span lang=\"eo\"><b>Kion vi nomas \u00abpasintan vivon\u00bb?\u2013<\/b><\/span><\/span><\/span><\/p>\n<p class=\"western\" lang=\"es-ES\" align=\"justify\">\u2013<span style=\"font-family: Times New Roman, serif\"><span style=\"font-size: large\"><span lang=\"eo\">La memoron, kiun vi havas pri vi mem, kie vi rekonas vin en alia korpo, en alia tempo, sed sciante sen dubo, ke li\/\u015di estas vi. Vi povas havi \u0109i tiun memoron per multaj manieroj, e\u0109 en son\u011doj, kaj \u011di e\u0109 povas klarigi timon pri la nuntempo.\u2013<\/span><\/span><\/span><\/p>\n<p class=\"western\" lang=\"es-ES\" align=\"justify\">\u2013<span style=\"font-family: Times New Roman, serif\"><span style=\"font-size: large\"><span lang=\"eo\"><b>Bonvolu doni ekzemplon, mi petas.\u2013<\/b><\/span><\/span><\/span><\/p>\n<p class=\"western\" lang=\"es-ES\" align=\"justify\">\u2013<span style=\"font-family: Times New Roman, serif\"><span style=\"font-size: large\"><span lang=\"eo\">Se vi dronis en pasinta vivo, vi eble nun sentas teruran timon pri akvo.\u2013<\/span><\/span><\/span><\/p>\n<p class=\"western\" lang=\"es-ES\" align=\"justify\">\u2013<span style=\"font-family: Times New Roman, serif\"><span style=\"font-size: large\"><span lang=\"eo\"><b>Kion signifas se mi timas altecojn?\u2013<\/b><\/span><\/span><\/span><\/p>\n<p class=\"western\" lang=\"es-ES\" align=\"justify\">\u2013<span style=\"font-family: Times New Roman, serif\"><span style=\"font-size: large\"><span lang=\"eo\">Povas esti, ke en pasinta vivo vi estis pelita de la supro de kastelo. Mi kutime laboras kun pacientoj, kiuj venas al mi kun similaj simptomoj.\u2013<\/span><\/span><\/span><\/p>\n<p class=\"western\" lang=\"es-ES\" align=\"justify\">\u2013<span style=\"font-family: Times New Roman, serif\"><span style=\"font-size: large\"><span lang=\"eo\"><b>Kion signifas se mi havas nek \u015dokojn, nek grandajn timojn?\u2013<\/b><\/span><\/span><\/span><\/p>\n<p class=\"western\" lang=\"es-ES\" align=\"justify\">\u2013<span style=\"font-family: Times New Roman, serif\"><span style=\"font-size: large\"><span lang=\"eo\">Mia virino laboras kun homoj kiel vi, homoj, kiuj havas memora\u0135ojn pri pasintaj vivoj, kiuj ne estas \u015dokaj, kaj nur scivolemas. En iliaj aliaj vivoj, \u0109i tiuj homoj suferis neniun \u015dokon. \u015ci nomas ilin \u00abturistojn de pasintaj vivoj.\u00bb\u2013<\/span><\/span><\/span><\/p>\n<p class=\"western\" lang=\"es-ES\" align=\"justify\">\u2013<span style=\"font-family: Times New Roman, serif\"><span style=\"font-size: large\"><span lang=\"eo\"><b>\u0108u nur turistoj? \u0108u ili faris nenion profitdonan?\u2013<\/b><\/span><\/span><\/span><\/p>\n<p class=\"western\" lang=\"es-ES\" align=\"justify\">\u2013<span style=\"font-family: Times New Roman, serif\"><span style=\"font-size: large\"><span lang=\"eo\">E\u0109 por la <\/span><\/span><\/span><span style=\"font-family: Times New Roman, serif\"><span style=\"font-size: large\"><span lang=\"eo\"><i>turisto<\/i><\/span><\/span><\/span><span style=\"font-family: Times New Roman, serif\"><span style=\"font-size: large\"><span lang=\"eo\">, havi memoron pri la pasinta vivo estas tre grava. \u011ci signifas, ke ni estas ne nur fizika korpo, sed animo, kiu iras de korpo en korpon.\u2013<\/span><\/span><\/span><\/p>\n<p class=\"western\" lang=\"es-ES\" align=\"justify\">\u2013<span style=\"font-family: Times New Roman, serif\"><span style=\"font-size: large\"><span lang=\"eo\"><b>Kaj kio pri la morto?\u2013<\/b><\/span><\/span><\/span><\/p>\n<p class=\"western\" lang=\"es-ES\" align=\"justify\">\u2013<span style=\"font-family: Times New Roman, serif\"><span style=\"font-size: large\"><span lang=\"eo\">La fakto, ke ni estas animoj, implicas, ke ni ne devas tiel timi morton. Kaj ni ne devus suferi periodon de funebro tiel longe kiel tiun, kiun ni gardas en nia socio, \u0109ar reale ni estas senmortaj kaj ni \u0109iam reunui\u011dos kun niaj amatoj.\u2013<\/span><\/span><\/span><\/p>\n<p class=\"western\" lang=\"es-ES\" align=\"justify\">\u2013<span style=\"font-family: Times New Roman, serif\"><span style=\"font-size: large\"><span lang=\"eo\"><b>Kiel bela. \u011ci \u015dajnas <\/b><\/span><\/span><\/span><span style=\"color: #000000\"><span style=\"font-family: Times New Roman, serif\"><span style=\"font-size: large\"><span lang=\"eo\"><b>fabelo<\/b><\/span><\/span><\/span><\/span><span style=\"font-family: Times New Roman, serif\"><span style=\"font-size: large\"><span lang=\"eo\"><b>.\u2013<\/b><\/span><\/span><\/span><\/p>\n<p class=\"western\" lang=\"es-ES\" align=\"justify\">\u2013<span style=\"font-family: Times New Roman, serif\"><span style=\"font-size: large\"><span lang=\"eo\">\u011ci estas bela, jes. Tamen ideo konsolanta ne signifas, ke \u011di estas vera. \u0108iuokaze, mi certigas al vi, ke tiel \u011di estas. Plej multaj religiaj tradicioj kredas je reenkarni\u011do. E\u0109 kristanismo akceptis reenkarni\u011don \u011dis sufi\u0109e multe post Kristo. En la Biblio estis, en la pasinteco, multaj referencoj pri \u011di.\u2013<\/span><\/span><\/span><\/p>\n<p class=\"western\" lang=\"es-ES\" align=\"justify\">\u2013<span style=\"font-family: Times New Roman, serif\"><span style=\"font-size: large\"><span lang=\"eo\"><b>Vi diras, ke ni estas animo reenkarni\u011dinta en malsamajn korpojn. Sed la monda lo\u011dantaro plii\u011das. Tiel mankas animoj, \u0109u ne?\u2013<\/b><\/span><\/span><\/span><\/p>\n<p class=\"western\" lang=\"es-ES\" align=\"justify\">\u2013<span style=\"font-family: Times New Roman, serif\"><span style=\"font-size: large\"><span lang=\"eo\">Kial ni supozu, ke la Tero estas la sola loko, kie animoj ekzistas?\u2013<\/span><\/span><\/span><\/p>\n<p class=\"western\" lang=\"es-ES\" align=\"justify\"><span style=\"color: #000000\">\u2013<span style=\"font-family: Times New Roman, serif\"><span style=\"font-size: large\"><span lang=\"eo\"><b>Ah, mi ne pripensis tion&#8230;\u2013<\/b><\/span><\/span><\/span><\/span><\/p>\n<p class=\"western\" lang=\"es-ES\" align=\"justify\">\u2013<span style=\"font-family: Times New Roman, serif\"><span style=\"font-size: large\"><span lang=\"eo\">Animoj ekzistas en multaj dimensioj kaj en multaj universoj. La Tero estas nur malgranda planedo inter milionoj da universoj.\u2013<\/span><\/span><\/span><\/p>\n<p class=\"western\" lang=\"es-ES\" align=\"justify\">\u2013<span style=\"font-family: Times New Roman, serif\"><span style=\"font-size: large\"><span lang=\"eo\"><b>Kaj kial animoj venas \u0109i tien?\u2013<\/b><\/span><\/span><\/span><\/p>\n<p class=\"western\" lang=\"es-ES\" align=\"justify\">\u2013<span style=\"font-family: Times New Roman, serif\"><span style=\"font-size: large\"><span lang=\"eo\">Ili estas altiritaj \u0109i tien \u0109ar ni lo\u011das en fizikaj korpoj, kaj ni sentas kaj vivas la\u016d certa maniero tra niaj sencoj. Sed la kvanto da animoj sur la Tero estas eta kompare kun tiu tra la universo. Kaj estas anka\u016d animoj, kiuj disi\u011das kaj havas pli ol unu sperton samtempe.\u2013<\/span><\/span><\/span><\/p>\n<p class=\"western\" lang=\"es-ES\" align=\"justify\">\u2013<span style=\"font-family: Times New Roman, serif\"><span style=\"font-size: large\"><span lang=\"eo\"><b>Vi faras regresan terapion per hipnoto, sed ekzistas aliaj manieroj.\u2013<\/b><\/span><\/span><\/span><\/p>\n<p class=\"western\" lang=\"es-ES\" align=\"justify\">\u2013<span style=\"font-family: Times New Roman, serif\"><span style=\"font-size: large\"><span lang=\"eo\">Estas multaj aliaj vojoj, kiel meditado, jogo a\u016d son\u011doj.\u2013<\/span><\/span><\/span><\/p>\n<p class=\"western\" lang=\"es-ES\" align=\"justify\"><span style=\"color: #000000\">\u2013<span style=\"font-family: Times New Roman, serif\"><span style=\"font-size: large\"><span lang=\"eo\"><b>Kaj tiuj <\/b><\/span><\/span><\/span><\/span><em><span style=\"font-family: Times New Roman, serif\"><span style=\"font-size: large\"><span lang=\"eo\"><b>d\u00e9j\u00e0 vu<\/b><\/span><\/span><\/span><\/em><em><span style=\"color: #000000\"><span style=\"font-family: Times New Roman, serif\"><span style=\"font-size: large\"><span lang=\"eo\"><b>&#8230;\u2013<\/b><\/span><\/span><\/span><\/span><\/em><\/p>\n<p class=\"western\" lang=\"es-ES\" align=\"justify\">\u2013<span style=\"font-family: Times New Roman, serif\"><span style=\"font-size: large\"><span lang=\"eo\">Jes, estas homoj, kiuj havas iun <\/span><\/span><\/span><span style=\"font-family: Times New Roman, serif\"><span style=\"font-size: large\"><span lang=\"eo\"><i>d\u00e9j\u00e0 vu<\/i><\/span><\/span><\/span><span style=\"font-family: Times New Roman, serif\"><span style=\"font-size: large\"><span lang=\"eo\"> (sento pri jam konita afero) kaj fakte havas memoron pri pasinta vivo. Ili iras al urbo por la unua fojo kaj rimarkas, ke ili scias trovi la stratojn: ili estis tie dum pasinta vivo. Multaj homoj spertis pasintan vivosperton, a\u016d eksterkorpan, kaj ne frenezas. Sed, \u0109ar ili legis nenion, li ne scias, kio okazas al ili. Raporti per via gazeto povas helpi multajn homojn ne senti sin strangajn.\u2013<\/span><\/span><\/span><\/p>\n<p class=\"western\" lang=\"es-ES\" align=\"justify\">\u2013<span style=\"font-family: Times New Roman, serif\"><span style=\"font-size: large\"><span lang=\"eo\"><b>Kion diras al vi viaj <\/b><\/span><\/span><\/span><span style=\"color: #000000\"><span style=\"font-family: Times New Roman, serif\"><span style=\"font-size: large\"><span lang=\"eo\"><b>mastroj<\/b><\/span><\/span><\/span><\/span><span style=\"font-family: Times New Roman, serif\"><span style=\"font-size: large\"><span lang=\"eo\"><b> de la transa mondo?\u2013<\/b><\/span><\/span><\/span><\/p>\n<p class=\"western\" lang=\"es-ES\" align=\"justify\">\u2013<span style=\"font-family: Times New Roman, serif\"><span style=\"font-size: large\"><span lang=\"eo\">La \u0109iaman samon, \u0109ar \u011di estas antikva sa\u011do. Mi havas du fontojn por ricevi informojn de miaj instruistoj: pere de miaj hipnotigitaj pacientoj kaj pere de mia meditado. La mesa\u011doj rilatas al la deziro de pli da paco kaj malpli da perforto sur \u0109i tiu planedo. Ni devas memori, ke ni estas spiritaj esta\u0135oj, ke \u0109i tio estas nia vera naturo. Ni estas \u0109i tie por lerni pri amo kaj kompato. Ni \u0109iuj estas interligitaj. Kiam ni vundas iun, ni vundas nin mem.\u2013<\/span><\/span><\/span><\/p>\n<p class=\"western\" lang=\"es-ES\" align=\"justify\"><span style=\"color: #000000\"><span style=\"font-family: Times New Roman, serif\"><span style=\"font-size: large\"><span lang=\"eo\"><b>\u0108efe<\/b><\/span><\/span><\/span><\/span><span style=\"font-family: Times New Roman, serif\"><span style=\"font-size: large\"><span lang=\"eo\"><b> meditu.<\/b><\/span><\/span><\/span><\/p>\n<p class=\"western\" lang=\"es-ES\" align=\"justify\"><span style=\"font-family: Times New Roman, serif\"><span style=\"font-size: large\"><span lang=\"eo\">D-ro Brian Weiss (Nov-Jorko, 1944) direktis la Sekcion de Psikiatrio \u0109e la Medicina Fakultato de Yale kaj nun estas honora prezidanto de la Departemento de Psikiatrio \u0109e Monto Sinajo en Miamo. Konsultis lin 4.000 pacientoj, kiuj kredas, ke ili reenkarni\u011dis. Li nun estas en Barcelono invitita de la Forumo de Ekscelenco. Li estas viro kun delikata aspekto, son\u011dema, kun <\/span><\/span><\/span><span style=\"font-family: Times New Roman, serif\"><span style=\"font-size: large\"><span lang=\"eo\"><i>jet lag<\/i><\/span><\/span><\/span> <span style=\"font-family: Times New Roman, serif\"><span style=\"font-size: large\"><span lang=\"eo\">(<\/span><\/span><\/span><span style=\"font-family: Times New Roman, serif\"><span style=\"font-size: large\"><span lang=\"eo\"><i>jetlaco<\/i><\/span><\/span><\/span><span style=\"font-family: Times New Roman, serif\"><span style=\"font-size: large\"><span lang=\"eo\">, laco pro multhora flugado)<\/span><\/span><\/span><span style=\"font-family: Times New Roman, serif\"><span style=\"font-size: large\"><span lang=\"eo\">. La unua afero, kiun li faris en la hotelo, estas mediti. Por li, meditado estas \u00abkiel dormi a\u016d man\u011di.\u00bb<\/span><\/span><\/span><\/p>","protected":false},"excerpt":{"rendered":"<p>Brian Weiss: \u00abNi estas animoj kaj ni iras de korpo en korpon\u00bb. El Peri\u00f3dico de Catalunya. Merkredo, 21 januaro 2009. Opinio. Pa\u011do 80. Traduko: Joan Inglada Roig. La intervjuo kun &hellip; <a href=\"https:\/\/animaweb.blog.pangea.org\/eo\/brian-weiss-som-animes-i-anem-de-cos-en-cos\/\" class=\"more-link\">Da\u016drigi legadon<span class=\"screen-reader-text\"> &#8220;Brian Weiss: \u00abNi estas animoj kaj ni iras de korpo en korpon\u00bb.&#8221;<\/span><\/a><\/p>\n","protected":false},"author":12345698,"featured_media":0,"parent":0,"menu_order":0,"comment_status":"closed","ping_status":"closed","template":"","meta":{"ngg_post_thumbnail":0,"footnotes":""},"class_list":["post-6","page","type-page","status-publish","hentry"],"_links":{"self":[{"href":"https:\/\/animaweb.blog.pangea.org\/eo\/wp-json\/wp\/v2\/pages\/6","targetHints":{"allow":["GET"]}}],"collection":[{"href":"https:\/\/animaweb.blog.pangea.org\/eo\/wp-json\/wp\/v2\/pages"}],"about":[{"href":"https:\/\/animaweb.blog.pangea.org\/eo\/wp-json\/wp\/v2\/types\/page"}],"author":[{"embeddable":true,"href":"https:\/\/animaweb.blog.pangea.org\/eo\/wp-json\/wp\/v2\/users\/12345698"}],"replies":[{"embeddable":true,"href":"https:\/\/animaweb.blog.pangea.org\/eo\/wp-json\/wp\/v2\/comments?post=6"}],"version-history":[{"count":27,"href":"https:\/\/animaweb.blog.pangea.org\/eo\/wp-json\/wp\/v2\/pages\/6\/revisions"}],"predecessor-version":[{"id":2236,"href":"https:\/\/animaweb.blog.pangea.org\/eo\/wp-json\/wp\/v2\/pages\/6\/revisions\/2236"}],"wp:attachment":[{"href":"https:\/\/animaweb.blog.pangea.org\/eo\/wp-json\/wp\/v2\/media?parent=6"}],"curies":[{"name":"wp","href":"https:\/\/api.w.org\/{rel}","templated":true}]}}