{"id":26,"date":"2018-01-17T20:47:37","date_gmt":"2018-01-17T18:47:37","guid":{"rendered":"http:\/\/animaweb.blog.pangea.org\/?page_id=26"},"modified":"2023-01-19T06:53:01","modified_gmt":"2023-01-19T04:53:01","slug":"jose-luis-cabouli-lanima-es-el-xofer-el-cos-el-vehicle","status":"publish","type":"page","link":"https:\/\/animaweb.blog.pangea.org\/de\/jose-luis-cabouli-lanima-es-el-xofer-el-cos-el-vehicle\/","title":{"rendered":"Jos\u00e9 Luis Cabouli: \u201eDie Seele ist der Fahrer; der K\u00f6rper, das Fahrzeug\u201c."},"content":{"rendered":"<p lang=\"de-DE\" align=\"center\"><span style=\"font-family: Times New Roman, serif\"><span style=\"font-size: x-large\"><b>Jos\u00e9 Luis Cabouli: \u201eDie Seele ist der Fahrer; der K\u00f6rper, das Fahrzeug\u201c.<\/b><\/span><\/span><\/p>\n<p lang=\"de-DE\" align=\"justify\"><span style=\"font-family: Times New Roman, serif\"><span style=\"font-size: large\"><b><img loading=\"lazy\" decoding=\"async\" class=\"alignright wp-image-773 size-full\" title=\"El Peri\u00f3dico de Catalunya. Logo.\" src=\"https:\/\/animaweb.cat\/files\/2020\/01\/El_Periodico_de_Catalunya_Logotip_72ppp_200x39px.png\" alt=\"El Peri\u00f3dico de Catalunya. Logo.\" width=\"200\" height=\"39\" \/>Die Zeitung \u00abEl Peri\u00f3dico de Catalunya\u00bb. Mittwoch, 8. Oktober 2008.<\/b><\/span><\/span><\/p>\n<p lang=\"de-DE\" align=\"justify\"><span style=\"font-family: Times New Roman, serif\"><span style=\"font-size: large\"><i>Jos\u00e9 Luis Cabouli praktiziert die Therapie vergangener Leben. Er ist Arzt und Chirurg der Seele. Er geht davon aus, dass Reinkarnation existiert und arbeitet mit Patienten, die die Last von Traumata aus anderen Leben tragen.<\/i><\/span><\/span><\/p>\n<p lang=\"de-DE\" align=\"justify\"><span style=\"font-family: Times New Roman, serif\"><span style=\"font-size: large\"><b>Jos\u00e9 Luis Cabouli: \u201eDie Seele ist der Fahrer; der K\u00f6rper, das Fahrzeug\u201c<\/b>.<\/span><\/span><\/p>\n<p lang=\"de-DE\" align=\"justify\"><span style=\"font-family: Times New Roman, serif\"><span style=\"font-size: large\">Gaspar Hern\u00e1ndez.<\/span><\/span><\/p>\n<figure id=\"attachment_27\" aria-describedby=\"caption-attachment-27\" style=\"width: 400px\" class=\"wp-caption alignnone\"><img loading=\"lazy\" decoding=\"async\" class=\"wp-image-27 size-full\" title=\"Jos\u00e9 Luis Cabouli. Foto: Elisenda Pons.\" src=\"https:\/\/animaweb.cat\/files\/2018\/01\/Jose_Luis_Cabouli_-_Foto_1_400x358px.png\" alt=\"Jos\u00e9 Luis Cabouli. Foto: Elisenda Pons.\" width=\"400\" height=\"358\" srcset=\"https:\/\/animaweb.blog.pangea.org\/files\/2018\/01\/Jose_Luis_Cabouli_-_Foto_1_400x358px.png 400w, https:\/\/animaweb.blog.pangea.org\/files\/2018\/01\/Jose_Luis_Cabouli_-_Foto_1_400x358px-300x269.png 300w\" sizes=\"auto, (max-width: 400px) 85vw, 400px\" \/><figcaption id=\"caption-attachment-27\" class=\"wp-caption-text\">Jos\u00e9 Luis Cabouli. Foto: Elisenda Pons.<\/figcaption><\/figure>\n<p lang=\"de-DE\" align=\"justify\"><span style=\"font-family: Times New Roman, serif\"><span style=\"font-size: large\"><b>Jos\u00e9 Luis Cabouli. Foto: Elisenda Pons.<\/b><\/span><\/span><\/p>\n<p lang=\"de-DE\" align=\"justify\"><span style=\"font-family: Times New Roman, serif\"><span style=\"font-size: large\">Mittwoch, 8.10.2008 um 0 Uhr.<\/span><\/span><\/p>\n<p lang=\"de-DE\" align=\"justify\">\u2013<span style=\"font-family: Times New Roman, serif\"><span style=\"font-size: large\"><b>Sie haben die Medizin aufgegeben. Warum?\u2013<\/b><\/span><\/span><\/p>\n<p lang=\"de-DE\" align=\"justify\">\u2013<span style=\"font-family: Times New Roman, serif\"><span style=\"font-size: large\">Es war das Schicksal. Ich war plastischer Chirurg und machte 1988 Urlaub. Eines Nachts, als ich an einem Strand meditierte, ver\u00e4nderte sich mein Leben. Mir erschien deutlich die Gewissheit, dass ich die Chirurgie aufgeben und mich der Seelenchirurgie widmen muss.\u2013<\/span><\/span><\/p>\n<p lang=\"de-DE\" align=\"justify\">\u2013<span style=\"font-family: Times New Roman, serif\"><span style=\"font-size: large\"><b>Anfangs hatten Sie nicht die Absicht, sich ihrer zu widmen.\u2013<\/b><\/span><\/span><\/p>\n<p lang=\"de-DE\" align=\"justify\">\u2013<span style=\"font-family: Times New Roman, serif\"><span style=\"font-size: large\">Aber ich habe gelernt, dass das Leben einen dazu zwingt, wenn man nicht tut, was man tun muss.\u2013<\/span><\/span><\/p>\n<p lang=\"de-DE\" align=\"justify\">\u2013<span style=\"font-family: Times New Roman, serif\"><span style=\"font-size: large\"><b>Was ist die Therapie vergangener Leben?\u2013<\/b><\/span><\/span><\/p>\n<p lang=\"de-DE\" align=\"justify\">\u2013<span style=\"font-family: Times New Roman, serif\"><span style=\"font-size: large\">Sie besteht darin, Episoden und traumatische Ereignisse ins k\u00f6rperliche Bewusstsein zu rufen, die verdr\u00e4ngt im Unbewussten liegen und daher Ungleichgewichte im Alltag verursachen.\u2013<\/span><\/span><\/p>\n<p lang=\"de-DE\" align=\"justify\">\u2013<span style=\"font-family: Times New Roman, serif\"><span style=\"font-size: large\"><b>Sind dasTatsachen, die jemand erlebt hat?\u2013<\/b><\/span><\/span><\/p>\n<p lang=\"de-DE\" align=\"justify\">\u2013<span style=\"font-family: Times New Roman, serif\"><span style=\"font-size: large\">Ja, sie wurden durchlebt, aber in anderen Leben. Es gibt direkte Beziehungen zwischen Traumata aus vergangenen Leben und dem aktuellen emotionalen Konflikt einer Person.\u2013<\/span><\/span><\/p>\n<p lang=\"de-DE\" align=\"justify\">\u2013<span style=\"font-family: Times New Roman, serif\"><span style=\"font-size: large\"><b>Und woher wissen Sie, dass sie zu einem vergangenen Leben geh\u00f6ren und nicht zum kollektiven Unbewussten?\u2013<\/b><\/span><\/span><\/p>\n<p lang=\"de-DE\" align=\"justify\">\u2013<span style=\"font-family: Times New Roman, serif\"><span style=\"font-size: large\">Erstens wissen wir nicht genau, was das kollektive Unbewusste ist. Und wenn es so einfach w\u00e4re, Informationen aus dem kollektiven Unbewussten zu erhalten, dann w\u00fcrden wir die Untersuchungen machen, die uns mit dem kollektiven Unbewussten verbinden.\u2013<\/span><\/span><\/p>\n<p lang=\"de-DE\" align=\"justify\">\u2013<span style=\"font-family: Times New Roman, serif\"><span style=\"font-size: large\"><b>Patienten, die nicht an vergangene Leben glauben, werden sie geheilt?\u2013<\/b><\/span><\/span><\/p>\n<p lang=\"de-DE\" align=\"justify\">\u2013<span style=\"font-family: Times New Roman, serif\"><span style=\"font-size: large\">Aus therapeutischer Sicht spielt es keine Rolle, ob vergangene Leben existieren oder nicht. Wir alle haben Erfahrungen im Unterbewusstsein, die nicht in den Rahmen dieses Lebens geh\u00f6ren. Ernesto S\u00e1bato definierte das Unbewusste als die wahrhaftigste Realit\u00e4t, die es gibt. Alles, was wir im Unbewussten haben, kommt im Alltag zum Vorschein.\u2013<\/span><\/span><\/p>\n<p lang=\"de-DE\" align=\"justify\">\u2013<span style=\"font-family: Times New Roman, serif\"><span style=\"font-size: large\"><b>Sie glauban an die Reinkarnation.\u2013<\/b><\/span><\/span><\/p>\n<p lang=\"de-DE\" align=\"justify\">\u2013<span style=\"font-family: Times New Roman, serif\"><span style=\"font-size: large\">Ich habe an sie geglaubt, bis ich anfing, mit den vergangenen Leben zu arbeiten. Als ich anfing, Episoden fr\u00fcherer Leben in mir selbst zu erleben, h\u00f6rte ich auf, an Reinkarnation zu glauben, um sie als Realit\u00e4t, als Erfahrung anzunehmen.\u2013<\/span><\/span><\/p>\n<p lang=\"de-DE\" align=\"justify\">\u2013<span style=\"font-family: Times New Roman, serif\"><span style=\"font-size: large\"><b>Wie viele vergangene Leben haben Sie gehabt?\u2013<\/b><\/span><\/span><\/p>\n<p lang=\"de-DE\" align=\"justify\">\u2013<span style=\"font-family: Times New Roman, serif\"><span style=\"font-size: large\">Unm\u00f6glich zu wissen. Im Laufe einer therapeutischen Arbeit kann man 12 oder 20 Leben bearbeiten. Buddha hatte 500 negative und 500 positive Leben, bevor er die Erleuchtung hatte. Das einzige, was bei der Arbeit erscheint, ist das, was f\u00fcr die Seele wirklich transzendent ist.\u2013<\/span><\/span><\/p>\n<p lang=\"de-DE\" align=\"justify\">\u2013<span style=\"font-family: Times New Roman, serif\"><span style=\"font-size: large\"><b>Wie viele Leben hat die Seele?\u2013<\/b><\/span><\/span><\/p>\n<p lang=\"de-DE\" align=\"justify\">\u2013<span style=\"font-family: Times New Roman, serif\"><span style=\"font-size: large\">Nur ein Leben. Die K\u00f6rper sind Instrumente und Vehikel, um die Erfahrungen zu machen, die die Seele braucht, um sich zu entwickeln. Die Seele ist eine Wesenheit, die ihre Individualit\u00e4t oder ihr Wesen dauerhaft beh\u00e4lt. Du warst du, und du wirst immer derselbe sein.\u2013<\/span><\/span><\/p>\n<p lang=\"de-DE\" align=\"justify\">\u2013<span style=\"font-family: Times New Roman, serif\"><span style=\"font-size: large\"><b>Auch wenn ich sterbe.\u2013<\/b><\/span><\/span><\/p>\n<p lang=\"de-DE\" align=\"justify\">\u2013<span style=\"font-family: Times New Roman, serif\"><span style=\"font-size: large\">Es stirbt dein K\u00f6rper, nicht deine Seele. Du brauchst in dieser Welt ein Vehikel, und das ist der K\u00f6rper. Aber der K\u00f6rper kann nicht ewig bestehen, und die Seele wird andere K\u00f6rper brauchen, um ihren Plan zu erf\u00fcllen.\u2013<\/span><\/span><\/p>\n<p lang=\"de-DE\" align=\"justify\">\u2013<span style=\"font-family: Times New Roman, serif\"><span style=\"font-size: large\"><b>Hat die Seele einen Plan?\u2013<\/b><\/span><\/span><\/p>\n<p lang=\"de-DE\" align=\"justify\">\u2013<span style=\"font-family: Times New Roman, serif\"><span style=\"font-size: large\">Ja, eine Reise. Die Seele ist der Fahrer und der K\u00f6rper ist das Fahrzeug. Und wir nutzen dieses Fahrzeug, um mit den Erfahrungen abzuschlie\u00dfen, die wir brauchen, um zu wachsen, uns zu entwickeln, wer wei\u00df bis wohin.\u2013<\/span><\/span><\/p>\n<p lang=\"de-DE\" align=\"justify\">\u2013<span style=\"font-family: Times New Roman, serif\"><span style=\"font-size: large\"><b>Nach Entw\u00fcrfen von etwas H\u00f6herem?\u2013<\/b><\/span><\/span><\/p>\n<p lang=\"de-DE\" align=\"justify\">\u2013<span style=\"font-family: Times New Roman, serif\"><span style=\"font-size: large\">Ich denke, es ist eine Teamarbeit. Da ist ein Architekt, der den Plan des Universums leitet, und innerhalb dieses Plans hat jede Seele ihre Funktion auszuf\u00fchren. Wir sind hier, um zu erkennen, dass wir eins sind: wir geh\u00f6ren zu einem Ganzen. Aber die Illusion, in einem K\u00f6rper zu sein, l\u00e4sst uns glauben, dass wir getrennt und individuelle Einheiten sind. Aber in Wirklichkeit merken wir, wenn wir dar\u00fcber hinaus sehen, dass wir Teil eines einzigen Wesens sind.\u2013<\/span><\/span><\/p>\n<p lang=\"de-DE\" align=\"justify\">\u2013<span style=\"font-family: Times New Roman, serif\"><span style=\"font-size: large\"><b>Wie kann ich mich mit der Erinnerung an ein fr\u00fcheres Leben in Verbindung bringen?\u2013<\/b><\/span><\/span><\/p>\n<p lang=\"de-DE\" align=\"justify\">\u2013<span style=\"font-family: Times New Roman, serif\"><span style=\"font-size: large\">Sich mit vergangenen Leben zu verbinden ist ziemlich einfach. Zun\u00e4chst einmal kann es spontan passieren oder provoziert werden. Spontan passiert es normalerweise beim Meditieren, in Tr\u00e4umen, wenn wir ein Buch lesen, einen Film ansehen oder einen bestimmten Ort besuchen, dann erkennen wir das sofort. Es kommt \u00f6fters vor, dass Kinder zwischen 2 und 6 Jahren spontane Erinnerungen an ihre fr\u00fcheren Leben haben, weil die Zensurmechanismen der Intellektualit\u00e4t noch nicht eingegriffen haben. Die Eltern halten es dann jedoch f\u00fcr eine Fantasie.\u2013<\/span><\/span><\/p>\n<p lang=\"de-DE\" align=\"justify\">\u2013<span style=\"font-family: Times New Roman, serif\"><span style=\"font-size: large\"><b>Sie sind Arzt, haben wissenschaftliche Ausbildung. Was w\u00fcrden Sie Ihren Kollegen sagen, die denken, dass Sie verr\u00fcckt geworden sind?\u2013<\/b><\/span><\/span><\/p>\n<p lang=\"de-DE\" align=\"justify\">\u2013<span style=\"font-family: Times New Roman, serif\"><span style=\"font-size: large\">Ganz einfach, dass sie den St\u00fctzen der wissenschaftlichen Methode folgen: Beobachtung, Experimentation und \u00dcberpr\u00fcfung. Das Ph\u00e4nomen beobachten, damit experimentieren und es nachpr\u00fcfen. Und den Geist offen halten, ohne jemanden bevorzuurteilen. Wenn ich offen bleibe, kann alles vor mir geschehen; aber wenn ich mich schlie\u00dfe, schlie\u00dft sich auch das Unbewusste meines Gegen\u00fcbers.\u2013<\/span><\/span><\/p>\n<p lang=\"de-DE\" align=\"justify\"><span style=\"font-family: Times New Roman, serif\"><span style=\"font-size: large\"><b>Ein anderes Leben in Girona.<\/b> Docktor Jos\u00e9 Luis Cabouli (Buenos Aires, 1950) praktizierte als plastischer Chirurg in der argentinischen Hauptstadt, bis er eines sch\u00f6nen Tages beschloss, den Arztberuf aufzugeben und sich der sogenannten <i>Therapie vergangener Leben (TVP)<\/i> zu widmen. Seit 1992 leitet er <i>das TVP-Studienzentrum<\/i> und h\u00e4lt derzeit auf Einladung der Buchhandlung Epsilon ein Seminar in Katalonien. Er ist \u00fcberzeugt, dass er in einem anderen Leben in den Grafschaften von Girona gelebt hat. In dieser Gegend, sagt er, f\u00fchle er sich wie zu Hause.<\/span><\/span><\/p>\n<p lang=\"de-DE\" align=\"justify\"><span style=\"font-family: Times New Roman, serif\"><span style=\"font-size: large\">Link zum Originalinterview auf Spanisch:<\/span><\/span><\/p>\n<p align=\"justify\"><span style=\"color: #000080\"><span lang=\"zxx\"><u><a href=\"http:\/\/www.elperiodico.com\/es\/opinion\/20081008\/jose-luis-cabouli-el-alma-es-el-chofer-el-cuerpo-el-vehiculo-24269\"><span style=\"font-family: Times New Roman, serif\"><span style=\"font-size: large\"><span lang=\"de-DE\">http:\/\/www.elperiodico.com\/es\/opinion\/20081008\/jose-luis-cabouli-el-alma-es-el-chofer-el-cuerpo-el-vehiculo-24269<\/span><\/span><\/span><\/a><\/u><\/span><\/span><\/p>","protected":false},"excerpt":{"rendered":"<p>Jos\u00e9 Luis Cabouli: \u201eDie Seele ist der Fahrer; der K\u00f6rper, das Fahrzeug\u201c. Die Zeitung \u00abEl Peri\u00f3dico de Catalunya\u00bb. Mittwoch, 8. Oktober 2008. Jos\u00e9 Luis Cabouli praktiziert die Therapie vergangener Leben. &hellip; <a href=\"https:\/\/animaweb.blog.pangea.org\/de\/jose-luis-cabouli-lanima-es-el-xofer-el-cos-el-vehicle\/\" class=\"more-link\"><span class=\"screen-reader-text\">\u201eJos\u00e9 Luis Cabouli: \u201eDie Seele ist der Fahrer; der K\u00f6rper, das Fahrzeug\u201c.\u201c <\/span>weiterlesen<\/a><\/p>\n","protected":false},"author":12345698,"featured_media":0,"parent":0,"menu_order":0,"comment_status":"closed","ping_status":"closed","template":"","meta":{"ngg_post_thumbnail":0,"footnotes":""},"class_list":["post-26","page","type-page","status-publish","hentry"],"_links":{"self":[{"href":"https:\/\/animaweb.blog.pangea.org\/de\/wp-json\/wp\/v2\/pages\/26","targetHints":{"allow":["GET"]}}],"collection":[{"href":"https:\/\/animaweb.blog.pangea.org\/de\/wp-json\/wp\/v2\/pages"}],"about":[{"href":"https:\/\/animaweb.blog.pangea.org\/de\/wp-json\/wp\/v2\/types\/page"}],"author":[{"embeddable":true,"href":"https:\/\/animaweb.blog.pangea.org\/de\/wp-json\/wp\/v2\/users\/12345698"}],"replies":[{"embeddable":true,"href":"https:\/\/animaweb.blog.pangea.org\/de\/wp-json\/wp\/v2\/comments?post=26"}],"version-history":[{"count":12,"href":"https:\/\/animaweb.blog.pangea.org\/de\/wp-json\/wp\/v2\/pages\/26\/revisions"}],"predecessor-version":[{"id":2366,"href":"https:\/\/animaweb.blog.pangea.org\/de\/wp-json\/wp\/v2\/pages\/26\/revisions\/2366"}],"wp:attachment":[{"href":"https:\/\/animaweb.blog.pangea.org\/de\/wp-json\/wp\/v2\/media?parent=26"}],"curies":[{"name":"wp","href":"https:\/\/api.w.org\/{rel}","templated":true}]}}